


{"id":7152,"date":"2019-11-20T12:07:06","date_gmt":"2019-11-20T11:07:06","guid":{"rendered":"https:\/\/www.tauroessiccatori.com\/?post_type=tauro_recipe&#038;p=7152"},"modified":"2019-11-20T14:52:09","modified_gmt":"2019-11-20T13:52:09","slug":"i-grandi-ostici-albicocche","status":"publish","type":"tauro_recipe","link":"https:\/\/stor51.tauroessiccatori.com\/sv\/ricetta\/de-stora-gisslan-apricots\/","title":{"rendered":"Torkning av aprikoser"},"content":{"rendered":"<div class=\"tauro-banners\"><div class=\"banner-00\" style=\"background-color: #852035\">\r\n<div class=\"ix-xmas-box-other\" style=\"font-size: 18px;padding: 7px 0;margin: 0 auto 0px auto\" align=\"center\"><b style=\"color: #fff;font-size: 18px\">L\u00e4gg en BIOSEC under tr\u00e4det. <a style=\"color: #f8cc89;font-weight: bold;text-decoration: none;font-size: 18px\" href=\"https:\/\/www.tauroessiccatori.com\/christmas-2024\/\">UPPT\u00c4CK H\u00c4R<\/a> Julkampanjer!<\/b><\/div>\r\n<\/div><div class=\"banner-00\" style=\"background-color: #000\">\r\n<div class=\"ix-xmas-box-other\" style=\"font-size: 18px;padding: 7px 0;margin: 0 auto 0px auto\" align=\"center\"><b style=\"color: #fff\"> Black Friday-rabatterna \u00e4r h\u00e4r! \u00a0 <a style=\"color: #f77209;font-weight: bold;text-decoration: none\" href=\"https:\/\/www.tauroessiccatori.com\/black-friday-2024\/\"> Klicka f\u00f6r att inte missa dem \u2192. <\/a>\r\n<\/b><\/div>\r\n<\/div><\/div><p>Att torka aprikoser \u00e4r inte l\u00e4tt! Ta bara h\u00e4nsyn till tv\u00e5 grundl\u00e4ggande aspekter som storlek och temperatur och n\u00e4r de har torkats har du goda snacks som \u00e4r praktiska att ta med och \u00e4ta n\u00e4r som helst p\u00e5 dagen.<\/p>\n<p><strong>Ingredienser<\/strong><br \/>\nAprikoser i massor (medelstorlek och bra mognadspunkt)<\/p>\n<p><strong>F\u00f6rfarande<\/strong><br \/>\nOm den l\u00e4ngsta sidan p\u00e5 aprikosen \u00e4r mer \u00e4n 4 cm kommer aprikosen att f\u00f6rst\u00f6ras innan den torkas, s\u00e5 det \u00e4r b\u00e4st att l\u00e5ta bli (om du inte vill skiva dem i 5 mm tunna skivor eller sm\u00e5 bitar, d\u00e5 \u00e4r det OK). Aprikoser av normal storlek ska \u00f6ppnas p\u00e5 mitten, k\u00e4rnas ur och placeras med magen upp\u00e5t i torkens korgar (utan bakpl\u00e5tspapper eller Drysilk).<\/p>\n<p><strong>Program<\/strong><br \/>\nV\u00e4lj ett program runt 50\u00b0 (eller mer om det beh\u00f6vs), t4 eller t5 under 48\/60 h.<br \/>\nDet \u00e4r tillr\u00e5dligt att kontrollera dem d\u00e5 och d\u00e5, f\u00f6r om de \u00e4ndrar utseende mellan kontrollerna betyder det att de fortfarande har vatten att driva ut. Det 9:e testet: kl\u00e4m p\u00e5 aprikosens mage, den m\u00e5ste vara h\u00e5rd.<br \/>\nF\u00f6rvara dem sedan i en hermetiskt tillsluten glasburk.<\/p>","protected":false},"excerpt":{"rendered":"<p>Uno dei grandi ostici dell&#8217;essiccazione, difficili da preparare ma squisite da gustare. Se avete delle buone albicocche potrete goderne per tutto l&#8217;anno con i nostri essiccatori.<\/p>","protected":false},"featured_media":7153,"template":"","class_list":["post-7152","tauro_recipe","type-tauro_recipe","status-publish","has-post-thumbnail","hentry"],"acf":[],"yoast_head":"<!-- This site is optimized with the Yoast SEO plugin v20.10 - https:\/\/yoast.com\/wordpress\/plugins\/seo\/ -->\n<title>Essiccare le albicocche - Tauro Essiccatori<\/title>\n<meta name=\"robots\" content=\"noindex, follow, max-snippet:-1, max-image-preview:large, max-video-preview:-1\" \/>\n<meta property=\"og:locale\" content=\"sv_SE\" \/>\n<meta property=\"og:type\" content=\"article\" \/>\n<meta property=\"og:title\" content=\"Essiccare le albicocche - Tauro Essiccatori\" \/>\n<meta property=\"og:description\" content=\"Uno dei grandi ostici dell&#039;essiccazione, difficili da preparare ma squisite da gustare. Se avete delle buone albicocche potrete goderne per tutto l&#039;anno con i nostri essiccatori.\" \/>\n<meta property=\"og:url\" content=\"https:\/\/stor51.tauroessiccatori.com\/sv\/ricetta\/de-stora-gisslan-apricots\/\" \/>\n<meta property=\"og:site_name\" content=\"Tauro Essiccatori\" \/>\n<meta property=\"article:publisher\" content=\"https:\/\/www.facebook.com\/TauroEssiccatori\/\" \/>\n<meta property=\"article:modified_time\" content=\"2019-11-20T13:52:09+00:00\" \/>\n<meta property=\"og:image\" content=\"https:\/\/stor51.tauroessiccatori.com\/wp-assets\/uploads\/2019\/11\/albicocche.jpg\" \/>\n\t<meta property=\"og:image:width\" content=\"920\" \/>\n\t<meta property=\"og:image:height\" content=\"530\" \/>\n\t<meta property=\"og:image:type\" content=\"image\/jpeg\" \/>\n<meta name=\"twitter:card\" content=\"summary_large_image\" \/>\n<meta name=\"twitter:label1\" content=\"Est. reading time\" \/>\n\t<meta name=\"twitter:data1\" content=\"1 minut\" \/>\n<script type=\"application\/ld+json\" class=\"yoast-schema-graph\">{\"@context\":\"https:\/\/schema.org\",\"@graph\":[{\"@type\":\"WebPage\",\"@id\":\"https:\/\/stor51.tauroessiccatori.com\/ricetta\/i-grandi-ostici-albicocche\/\",\"url\":\"https:\/\/stor51.tauroessiccatori.com\/ricetta\/i-grandi-ostici-albicocche\/\",\"name\":\"Essiccare le albicocche - Tauro Essiccatori\",\"isPartOf\":{\"@id\":\"https:\/\/stor51.tauroessiccatori.com\/#website\"},\"datePublished\":\"2019-11-20T11:07:06+00:00\",\"dateModified\":\"2019-11-20T13:52:09+00:00\",\"breadcrumb\":{\"@id\":\"https:\/\/stor51.tauroessiccatori.com\/ricetta\/i-grandi-ostici-albicocche\/#breadcrumb\"},\"inLanguage\":\"sv-SE\",\"potentialAction\":[{\"@type\":\"ReadAction\",\"target\":[\"https:\/\/stor51.tauroessiccatori.com\/ricetta\/i-grandi-ostici-albicocche\/\"]}]},{\"@type\":\"BreadcrumbList\",\"@id\":\"https:\/\/stor51.tauroessiccatori.com\/ricetta\/i-grandi-ostici-albicocche\/#breadcrumb\",\"itemListElement\":[{\"@type\":\"ListItem\",\"position\":1,\"name\":\"Home\",\"item\":\"https:\/\/stor51.tauroessiccatori.com\/\"},{\"@type\":\"ListItem\",\"position\":2,\"name\":\"Essiccare le albicocche\"}]},{\"@type\":\"WebSite\",\"@id\":\"https:\/\/stor51.tauroessiccatori.com\/#website\",\"url\":\"https:\/\/stor51.tauroessiccatori.com\/\",\"name\":\"Tauro Essiccatori\",\"description\":\"Welcome to Tauro Essiccatori online shop\",\"publisher\":{\"@id\":\"https:\/\/stor51.tauroessiccatori.com\/#organization\"},\"potentialAction\":[{\"@type\":\"SearchAction\",\"target\":{\"@type\":\"EntryPoint\",\"urlTemplate\":\"https:\/\/stor51.tauroessiccatori.com\/?s={search_term_string}\"},\"query-input\":\"required name=search_term_string\"}],\"inLanguage\":\"sv-SE\"},{\"@type\":\"Organization\",\"@id\":\"https:\/\/stor51.tauroessiccatori.com\/#organization\",\"name\":\"Tauro Essiccatori\",\"url\":\"https:\/\/stor51.tauroessiccatori.com\/\",\"logo\":{\"@type\":\"ImageObject\",\"inLanguage\":\"sv-SE\",\"@id\":\"https:\/\/stor51.tauroessiccatori.com\/#\/schema\/logo\/image\/\",\"url\":\"https:\/\/www.tauroessiccatori.com\/wp-assets\/uploads\/2017\/07\/logo_tauro_500x109px.png\",\"contentUrl\":\"https:\/\/www.tauroessiccatori.com\/wp-assets\/uploads\/2017\/07\/logo_tauro_500x109px.png\",\"width\":500,\"height\":109,\"caption\":\"Tauro Essiccatori\"},\"image\":{\"@id\":\"https:\/\/stor51.tauroessiccatori.com\/#\/schema\/logo\/image\/\"},\"sameAs\":[\"https:\/\/www.facebook.com\/TauroEssiccatori\/\",\"https:\/\/www.instagram.com\/tauro_essiccatori\/\",\"https:\/\/it.linkedin.com\/company\/tauro-essiccatori\",\"https:\/\/www.youtube.com\/user\/tauroessiccatori\"]}]}<\/script>\n<!-- \/ Yoast SEO plugin. -->","yoast_head_json":{"title":"Essiccare le albicocche - Tauro Essiccatori","robots":{"index":"noindex","follow":"follow","max-snippet":"max-snippet:-1","max-image-preview":"max-image-preview:large","max-video-preview":"max-video-preview:-1"},"og_locale":"sv_SE","og_type":"article","og_title":"Essiccare le albicocche - Tauro Essiccatori","og_description":"Uno dei grandi ostici dell'essiccazione, difficili da preparare ma squisite da gustare. Se avete delle buone albicocche potrete goderne per tutto l'anno con i nostri essiccatori.","og_url":"https:\/\/stor51.tauroessiccatori.com\/sv\/ricetta\/de-stora-gisslan-apricots\/","og_site_name":"Tauro Essiccatori","article_publisher":"https:\/\/www.facebook.com\/TauroEssiccatori\/","article_modified_time":"2019-11-20T13:52:09+00:00","og_image":[{"width":920,"height":530,"url":"https:\/\/stor51.tauroessiccatori.com\/wp-assets\/uploads\/2019\/11\/albicocche.jpg","type":"image\/jpeg"}],"twitter_card":"summary_large_image","twitter_misc":{"Est. reading time":"1 minut"},"schema":{"@context":"https:\/\/schema.org","@graph":[{"@type":"WebPage","@id":"https:\/\/stor51.tauroessiccatori.com\/ricetta\/i-grandi-ostici-albicocche\/","url":"https:\/\/stor51.tauroessiccatori.com\/ricetta\/i-grandi-ostici-albicocche\/","name":"Essiccare le albicocche - Tauro Essiccatori","isPartOf":{"@id":"https:\/\/stor51.tauroessiccatori.com\/#website"},"datePublished":"2019-11-20T11:07:06+00:00","dateModified":"2019-11-20T13:52:09+00:00","breadcrumb":{"@id":"https:\/\/stor51.tauroessiccatori.com\/ricetta\/i-grandi-ostici-albicocche\/#breadcrumb"},"inLanguage":"sv-SE","potentialAction":[{"@type":"ReadAction","target":["https:\/\/stor51.tauroessiccatori.com\/ricetta\/i-grandi-ostici-albicocche\/"]}]},{"@type":"BreadcrumbList","@id":"https:\/\/stor51.tauroessiccatori.com\/ricetta\/i-grandi-ostici-albicocche\/#breadcrumb","itemListElement":[{"@type":"ListItem","position":1,"name":"Home","item":"https:\/\/stor51.tauroessiccatori.com\/"},{"@type":"ListItem","position":2,"name":"Essiccare le albicocche"}]},{"@type":"WebSite","@id":"https:\/\/stor51.tauroessiccatori.com\/#website","url":"https:\/\/stor51.tauroessiccatori.com\/","name":"Tauro Essiccatori","description":"Welcome to Tauro Essiccatori online shop","publisher":{"@id":"https:\/\/stor51.tauroessiccatori.com\/#organization"},"potentialAction":[{"@type":"SearchAction","target":{"@type":"EntryPoint","urlTemplate":"https:\/\/stor51.tauroessiccatori.com\/?s={search_term_string}"},"query-input":"required name=search_term_string"}],"inLanguage":"sv-SE"},{"@type":"Organization","@id":"https:\/\/stor51.tauroessiccatori.com\/#organization","name":"Tauro Essiccatori","url":"https:\/\/stor51.tauroessiccatori.com\/","logo":{"@type":"ImageObject","inLanguage":"sv-SE","@id":"https:\/\/stor51.tauroessiccatori.com\/#\/schema\/logo\/image\/","url":"https:\/\/www.tauroessiccatori.com\/wp-assets\/uploads\/2017\/07\/logo_tauro_500x109px.png","contentUrl":"https:\/\/www.tauroessiccatori.com\/wp-assets\/uploads\/2017\/07\/logo_tauro_500x109px.png","width":500,"height":109,"caption":"Tauro Essiccatori"},"image":{"@id":"https:\/\/stor51.tauroessiccatori.com\/#\/schema\/logo\/image\/"},"sameAs":["https:\/\/www.facebook.com\/TauroEssiccatori\/","https:\/\/www.instagram.com\/tauro_essiccatori\/","https:\/\/it.linkedin.com\/company\/tauro-essiccatori","https:\/\/www.youtube.com\/user\/tauroessiccatori"]}]}},"_links":{"self":[{"href":"https:\/\/stor51.tauroessiccatori.com\/sv\/wp-json\/wp\/v2\/tauro_recipe\/7152"}],"collection":[{"href":"https:\/\/stor51.tauroessiccatori.com\/sv\/wp-json\/wp\/v2\/tauro_recipe"}],"about":[{"href":"https:\/\/stor51.tauroessiccatori.com\/sv\/wp-json\/wp\/v2\/types\/tauro_recipe"}],"wp:featuredmedia":[{"embeddable":true,"href":"https:\/\/stor51.tauroessiccatori.com\/sv\/wp-json\/wp\/v2\/media\/7153"}],"wp:attachment":[{"href":"https:\/\/stor51.tauroessiccatori.com\/sv\/wp-json\/wp\/v2\/media?parent=7152"}],"curies":[{"name":"wp","href":"https:\/\/api.w.org\/{rel}","templated":true}]}}