


{"id":5895,"date":"2019-11-06T18:44:45","date_gmt":"2019-11-06T17:44:45","guid":{"rendered":"https:\/\/www.tauroessiccatori.com\/?page_id=5895\/"},"modified":"2022-08-06T17:34:28","modified_gmt":"2022-08-06T15:34:28","slug":"privacy-policy","status":"publish","type":"page","link":"https:\/\/stor51.tauroessiccatori.com\/sv\/integritetspolicy\/","title":{"rendered":"integritetspolicy"},"content":{"rendered":"<div class=\"tauro-banners\"><div class=\"banner-00\" style=\"background-color: #852035\">\r\n<div class=\"ix-xmas-box-other\" style=\"font-size: 18px;padding: 7px 0;margin: 0 auto 0px auto\" align=\"center\"><b style=\"color: #fff;font-size: 18px\">L\u00e4gg en BIOSEC under tr\u00e4det. <a style=\"color: #f8cc89;font-weight: bold;text-decoration: none;font-size: 18px\" href=\"https:\/\/www.tauroessiccatori.com\/christmas-2024\/\">UPPT\u00c4CK H\u00c4R<\/a> Julkampanjer!<\/b><\/div>\r\n<\/div><div class=\"banner-00\" style=\"background-color: #000\">\r\n<div class=\"ix-xmas-box-other\" style=\"font-size: 18px;padding: 7px 0;margin: 0 auto 0px auto\" align=\"center\"><b style=\"color: #fff\"> Black Friday-rabatterna \u00e4r h\u00e4r! \u00a0 <a style=\"color: #f77209;font-weight: bold;text-decoration: none\" href=\"https:\/\/www.tauroessiccatori.com\/black-friday-2024\/\"> Klicka f\u00f6r att inte missa dem \u2192. <\/a>\r\n<\/b><\/div>\r\n<\/div><\/div><div class=\"ix-container-inner\">\n<div class=\"uk-grid uk-grid-medium\">\n<div class=\"uk-width-large-1-3\">\n           \n    <div class=\"ix-help-menu\">\n\n     <ul>\n       <li class=\"ix-help-menu-title\">kundservice<\/li>\n       <li class=\"ix-link-help-li\"><a class=\"ix-link-help ix-help-link-active\" href=\"https:\/\/www.tauroessiccatori.com\/servizio-clienti\/condizioni-di-vendita\">F\u00f6rs\u00e4ljningsvillkor<\/a><\/li>\n       <li class=\"ix-link-help-li\"><a class=\"ix-link-help\" href=\"https:\/\/www.tauroessiccatori.com\/servizio-clienti\/consegna-e-reso\/\">leverans och retur<\/a><\/li>\n       <li class=\"ix-link-help-li\"><a class=\"ix-link-help\" href=\"https:\/\/www.tauroessiccatori.com\/servizio-clienti\/estensione-di-garanzia\/\">garantif\u00f6rl\u00e4ngning<\/a><\/li>\n       <li class=\"ix-link-help-li\"><a class=\"ix-link-help\" href=\"https:\/\/www.tauroessiccatori.com\/servizio-clienti\/pagamento\/\">betalningar<\/a><\/li>\n<!--       <li class=\"ix-link-help-li\"><a class=\"ix-link-help \" href=\"https:\/\/www.tauroessiccatori.com\/servizio-clienti\/mio-account\/#\">il mio account<\/a><\/li>-->\n     <\/ul>\n\n     <ul>\n       <li class=\"ix-help-menu-title\">anv\u00e4ndbara l\u00e4nkar<\/li>\n       <li class=\"ix-link-useful-li\"><a class=\"ix-link-help-link-useful\" href=\"https:\/\/www.tauroessiccatori.com\/i-nostri-tutorial\/\">Handledning<\/a><\/li>\n       <li class=\"ix-link-useful-li\"><a class=\"ix-link-help-link-useful\" href=\"https:\/\/www.tauroessiccatori.com\/servizio-clienti\/domande-frequenti\/\">Vanliga fr\u00e5gor och svar<\/a><\/li>\n     <\/ul>\n\n     <div class=\"ix-help-button-contact-us\">\n       <a class=\"ix-button-grey\" style=\"width:180px; line-height:40px;\" href=\"https:\/\/www.tauroessiccatori.com\/contatti\/\">Kontakta oss<\/a>\n     <\/div>\n\n      <\/div>   \n    <\/div>\n<div class=\"uk-width-large-2-3\">\n<div class=\"ix-help-right-box\">\n<p><!-- 2022-08-03 italix: kevin: was:h2 add:ix-h1--><\/p>\n<h1 class=\"ix-help-h2 ix-h1\" style=\"text-align: left !important;\">integritetspolicy<\/h1>\n<div class=\"ix-help-p\">\n<h3>INFORMATIONSMEDDELANDE I ENLIGHET MED ARTIKLARNA 13-14 I GDPR (ALLM\u00c4N DATASKYDDSF\u00d6RORDNING) 2016\/679<\/h3>\n<p>I enlighet med den lagstiftning som anges kommer denna behandling att baseras p\u00e5 principerna om korrekthet, laglighet, \u00f6ppenhet och skydd av din integritet och dina r\u00e4ttigheter.<\/p>\n<p>I enlighet med artikel 13 i GDPR 2016\/679 ger vi dig d\u00e4rf\u00f6r f\u00f6ljande information:<\/p>\n<p>&nbsp;<\/p>\n<p>A - Personuppgifter (namn, efternamn, uppgifter om identitetshandlingar och kopia av dessa, telefonnummer, e-postadress etc.) kommer att tillhandah\u00e5llas vid tidpunkten f\u00f6r medlemskapet beroende p\u00e5 vilken typ av f\u00f6rening som beg\u00e4rs<\/p>\n<p>TAURO ESSICCATORI SRL, som registeransvarig f\u00f6r dina personuppgifter, informerar dig om deras anv\u00e4ndning och dina r\u00e4ttigheter, s\u00e5 att du medvetet kan uttrycka ditt samtycke, d\u00e4r s\u00e5 kr\u00e4vs, och ut\u00f6va de r\u00e4ttigheter som f\u00f6reskrivs i den allm\u00e4nna dataskyddsf\u00f6rordningen (europeisk f\u00f6rordning 679\/2016, nedan: f\u00f6rordningen). Dina personuppgifter (som du tillhandah\u00e5ller oss, som tillhandah\u00e5lls av tredje part eller som, inom lagens gr\u00e4nser, h\u00e4rr\u00f6r fr\u00e5n offentliga f\u00f6rteckningar) f\u00e5r behandlas f\u00f6r f\u00f6ljande uttryckligen angivna \u00e4ndam\u00e5l: 1) Fullg\u00f6ra en avtalsf\u00f6rpliktelse (f\u00f6rs\u00e4ljning av varor och tj\u00e4nster); 2) Fullg\u00f6ra r\u00e4ttsliga skyldigheter och best\u00e4mmelser, inklusive s\u00e5dana av skattem\u00e4ssig karakt\u00e4r (fakturor, skattedeklarationer, skattebetalningar), social trygghet (anst\u00e4lldas h\u00e4lsoskydd, f\u00f6rs\u00e4kring och skattem\u00e4ssiga skyldigheter); 3) F\u00f6resl\u00e5 tj\u00e4nster eller varor till den registrerade (dvs. aktiviteter innan ett avtal ing\u00e5s med en tredje part); 4) Utf\u00f6ra profilering f\u00f6r att f\u00f6resl\u00e5 direkt eller indirekt marknadsf\u00f6ring; 5) F\u00f6r att skicka periodiska kommersiella, informativa, pedagogiska meddelanden, nyhetsbrev.<\/p>\n<p>Den r\u00e4ttsliga grunden f\u00f6r behandlingen utg\u00f6rs av: A R\u00e4ttslig f\u00f6rpliktelse eller f\u00f6rordning, B Avtal med den registrerade eller fullg\u00f6rande av avtal, C Personuppgiftsansvarigs eller tredje parts ber\u00e4ttigade intresse, E Den registrerades uttryckliga samtycke<\/p>\n<p>Nedan anger vi betydelsen av de olika typerna av \u00e4ndam\u00e5l:<\/p>\n<ol>\n<li>enligt lag: dvs. f\u00f6r att uppfylla skyldigheter som fastst\u00e4lls i lag, f\u00f6rordning, Europeiska unionens lagstiftning samt best\u00e4mmelser som utf\u00e4rdats av myndigheter som har befogenhet att g\u00f6ra detta enligt lag eller av beh\u00f6riga tillsyns- eller kontrollorgan (i detta fall \u00e4r ditt samtycke inte n\u00f6dv\u00e4ndigt eftersom behandlingen av uppgifterna \u00e4r relaterad till efterlevnaden av s\u00e5dana skyldigheter\/best\u00e4mmelser). Bland de uppgifter som behandlas enligt lag finns de som r\u00f6r skatteregler eller register f\u00f6r bek\u00e4mpning av penningtv\u00e4tt.<\/li>\n<li>Avtals\u00e4ndam\u00e5l och, mer allm\u00e4nt, administrativa och redovisningsm\u00e4ssiga \u00e4ndam\u00e5l, dvs. f\u00f6r att fullg\u00f6ra skyldigheter som f\u00f6ljer av avtal i vilka du \u00e4r part eller f\u00f6r att, innan avtalet ing\u00e5s, uppfylla dina specifika \u00f6nskem\u00e5l, \u00e4ven med hj\u00e4lp av tekniker f\u00f6r distanskommunikation, inklusive ett s\u00e4rskilt callcenter (i vilket fall ditt samtycke inte kr\u00e4vs, eftersom behandlingen av uppgifterna \u00e4r funktionell f\u00f6r f\u00f6rvaltningen av f\u00f6rh\u00e5llandet eller genomf\u00f6randet av f\u00f6rfr\u00e5gningarna). S\u00e5dan behandling omfattar \u00e4ven syftet att skydda \u00f6msesidiga intressen i domstol och f\u00f6r skatte\u00e4ndam\u00e5l eller f\u00f6r andra r\u00e4ttsliga skyldigheter som t.ex. att f\u00f6ra register mot penningtv\u00e4tt i till\u00e4mpliga fall.<\/li>\n<li>Direktreklam: Databehandling som syftar till att ge dig information och skicka dig informativt, kommersiellt och reklammaterial (\u00e4ven med hj\u00e4lp av tekniker f\u00f6r distanskommunikation som, men inte begr\u00e4nsat till, post, telefonsamtal, \u00e4ven genom automatiserade samtalssystem, telefax, e-post, SMS eller MMS eller annat) om produkter, tj\u00e4nster eller initiativ fr\u00e5n f\u00f6retaget, f\u00f6r att fr\u00e4mja dessa, genomf\u00f6ra direktf\u00f6rs\u00e4ljning, utf\u00f6ra marknadsunders\u00f6kningar, kontrollera kvaliteten p\u00e5 produkter eller tj\u00e4nster som erbjuds dig (\u00e4ven genom telefonsamtal eller utskick av fr\u00e5geformul\u00e4r). Behandlingen av s\u00e5dana uppgifter kan utf\u00f6ras med ditt frivilliga samtycke eller p\u00e5 grundval av f\u00f6retagets legitima intresse d\u00e4r det anses och utv\u00e4rderas att det inte st\u00e5r i konflikt med dina r\u00e4ttigheter.<\/li>\n<li>Profilering: databehandling som syftar till att optimera det kommersiella erbjudandet (\u00e4ven med hj\u00e4lp av riktade och utvalda analyser), f\u00f6r att genomf\u00f6ra riktad kommersiell kommunikation, f\u00f6r att utf\u00f6ra statistisk forskning, f\u00f6r att till\u00e4mpa en eller flera profiler p\u00e5 dig (i syfte att fatta l\u00e4mpliga kommersiella beslut eller f\u00f6r att analysera eller f\u00f6ruts\u00e4ga, \u00e5terigen f\u00f6r kommersiella \u00e4ndam\u00e5l, dina personliga preferenser, beteende och attityder). (I detta fall \u00e4r ditt samtycke frivilligt och p\u00e5verkar inte uppr\u00e4tth\u00e5llandet av relationerna med f\u00f6retaget).<\/li>\n<li>indirekt kommersiell verksamhet: dvs. genom att l\u00e4mna ut dina uppgifter till tredje part f\u00f6r att de ska kunna bedriva sin egen sj\u00e4lvst\u00e4ndiga kommersiella verksamhet enligt punkt 3 ovan (i detta fall \u00e4r ditt samtycke frivilligt och p\u00e5verkar inte uppr\u00e4tth\u00e5llandet av f\u00f6rbindelserna med f\u00f6retaget)<\/li>\n<li>Postkommersiellt: dvs. f\u00f6r att, efter att relationen med f\u00f6retaget har avslutats eller upph\u00f6rt, unders\u00f6ka orsakerna till avbrottet i relationen. (I detta fall \u00e4r ditt samtycke frivilligt och p\u00e5verkar inte uppr\u00e4tth\u00e5llandet av relationerna med f\u00f6retaget)<\/li>\n<\/ol>\n<p>S\u00e4rskilda fall av data:<\/p>\n<ol>\n<li>S\u00e4rskilda\" \u00e4ven kallade \"k\u00e4nsliga\" uppgifter, dvs. personuppgifter som avsl\u00f6jar ras eller etniskt ursprung, politiska \u00e5sikter, religi\u00f6s eller filosofisk \u00f6vertygelse eller medlemskap i fackf\u00f6rening, genetiska uppgifter, biometriska uppgifter f\u00f6r att entydigt identifiera en fysisk person, uppgifter om h\u00e4lsa eller sexualliv eller sexuell l\u00e4ggning f\u00f6r personen (artikel 9 i f\u00f6rordningen) eller om brottm\u00e5lsdomar och \u00f6vertr\u00e4delser eller d\u00e4rmed sammanh\u00e4ngande s\u00e4kerhets\u00e5tg\u00e4rder (artikel 10 i f\u00f6rordningen). S\u00e5dana uppgifter f\u00e5r endast behandlas med ditt uttryckliga skriftliga samtycke om ett av de sk\u00e4l som anges i artikel 9.2 och artikel 10 i f\u00f6rordningen \u00e4r till\u00e4mpligt. Samtycket \u00e4r fritt och frivilligt, men v\u00e4gran att ge samtycke kan \u00e4ventyra utf\u00f6randet av en eller flera aktiviteter som du har beg\u00e4rt fr\u00e5n f\u00f6retaget och som specifikt r\u00f6r fakta f\u00f6r vilka det \u00e4r n\u00f6dv\u00e4ndigt att behandla denna typ av uppgifter.<\/li>\n<li>Samtycke till behandling av dina uppgifter kan vara bindande f\u00f6r att ing\u00e5 avtal med den personuppgiftsansvarige eller tredje part. Endast uppgifter vars behandling \u00e4r n\u00f6dv\u00e4ndig f\u00f6r att ing\u00e5 ett avtal kan vara bindande f\u00f6r ing\u00e5endet av avtalet, medan du fritt kan ge eller neka samtycke f\u00f6r uppgifter som inte \u00e4r n\u00f6dv\u00e4ndiga, och i synnerhet f\u00f6r profilering, kommersiell kommunikation och marknadsf\u00f6ring.<\/li>\n<li>Dina uppgifter kan komma att \u00f6verf\u00f6ras till tredje part f\u00f6r de \u00e4ndam\u00e5l som anges av den personuppgiftsansvarige. I synnerhet kan de \u00f6verf\u00f6ras till tredjel\u00e4nder som omfattas av ett beslut om adekvat skyddsniv\u00e5 eller, om s\u00e5 inte \u00e4r fallet, med ditt uttryckliga samtycke.<\/li>\n<\/ol>\n<p>&nbsp;<\/p>\n<p>B - METODER F\u00d6R DATABEHANDLING.<\/p>\n<p>Behandlingen av dina uppgifter sker med hj\u00e4lp av manuella arkiv eller pappersarkiv och med hj\u00e4lp av elektroniska och automatiserade instrument, p\u00e5 ett s\u00e4tt som \u00e4r strikt kopplat till de ovan n\u00e4mnda \u00e4ndam\u00e5len. Om du har gett ditt samtycke kan behandlingen ocks\u00e5 ske med hj\u00e4lp av profilering eller j\u00e4mf\u00f6relse av uppgifter. Bolaget har vidtagit tekniska och organisatoriska \u00e5tg\u00e4rder f\u00f6r att f\u00f6rebygga och begr\u00e4nsa risken f\u00f6r f\u00f6rlust, f\u00f6rs\u00e4mring eller f\u00f6rskingring av dina uppgifter och f\u00f6r att s\u00e4kerst\u00e4lla att de \u00e5terst\u00e4lls inom en rimlig tidsram i h\u00e4ndelse av ett dataintr\u00e5ng.<\/p>\n<p>Behandlingen sker p\u00e5 ett s\u00e5dant s\u00e4tt att s\u00e4kerheten, skyddet och sekretessen f\u00f6r dina uppgifter garanteras.<\/p>\n<p>Inom f\u00f6retaget kan dina personuppgifter komma till den personuppgiftsansvariges eller personuppgiftsbitr\u00e4dets k\u00e4nnedom:<\/p>\n<ul>\n<li>anst\u00e4llda, chefer och styrelseledam\u00f6ter eller partners i f\u00f6retaget som har eller innehar enligt lag eller f\u00f6retagets stadgar administrativa, samarbetsm\u00e4ssiga eller kommersiella roller som omfattas av egenf\u00f6retagaravtal som verkar inom f\u00f6retagsstrukturen. S\u00e5dan personal har f\u00e5tt adekvat utbildning och instruktioner av f\u00f6retaget f\u00f6r att skydda lagring, underh\u00e5ll, uppdatering och s\u00e4kerhet och sekretess f\u00f6r dina uppgifter. Samtycke till behandling av s\u00e5dan personal kr\u00e4vs inte eftersom det \u00e4r inneboende i de n\u00f6dv\u00e4ndiga modaliteter som f\u00f6reskrivs i lag.<\/li>\n<li>Utanf\u00f6r f\u00f6retaget kan dina uppgifter behandlas av:<\/li>\n<li>medarbetare med anst\u00e4llningsavtal som inte g\u00e4ller anst\u00e4llda och som verkar utanf\u00f6r f\u00f6retagets anl\u00e4ggningar<\/li>\n<li>kommersiella anst\u00e4llda med ett icke-anst\u00e4llningsavtal som arbetar utanf\u00f6r f\u00f6retagets anl\u00e4ggningar<\/li>\n<li>Konsulter av alla slag (advokater, auktoriserade revisorer, ingenj\u00f6rer, arkitekter, arbetskonsulter eller andra yrkesut\u00f6vare som \u00e4r registrerade eller inte registrerade i yrkesregister) som utf\u00f6r tekniska uppgifter, st\u00f6dtj\u00e4nster (s\u00e4rskilt juridiska tj\u00e4nster, IT-tj\u00e4nster, frakt) och uppgifter som r\u00f6r aff\u00e4rsstyrning p\u00e5 f\u00f6retagets v\u00e4gnar.<\/li>\n<li>F\u00f6r att uppn\u00e5 ovanst\u00e5ende syften f\u00e5r bolaget kommunicera eller p\u00e5 annat s\u00e4tt \u00f6verf\u00f6ra<\/li>\n<li>Dina uppgifter till vissa personer, inklusive utl\u00e4ndska, som kommer att anv\u00e4nda de mottagna uppgifterna som sj\u00e4lvst\u00e4ndiga medansvariga, s\u00e5vida de inte har utsetts av f\u00f6retaget som \"ansvariga personer\" f\u00f6r behandling f\u00f6r deras specifika kompetens. Du har r\u00e4tt att beg\u00e4ra och erh\u00e5lla en f\u00f6rteckning \u00f6ver de tredje parter till vilka s\u00e5dana uppgifter \u00f6verf\u00f6rs.<\/li>\n<li>Offentliga organ eller f\u00f6rvaltningar f\u00f6r att uppfylla r\u00e4ttsliga skyldigheter<\/li>\n<\/ul>\n<p>Det \u00e4r m\u00f6jligt att den personuppgiftsansvarige delegerar behandlingen av dina uppgifter till andra underbitr\u00e4den, som i sin tur instrueras om hur uppgifterna ska behandlas p\u00e5 ett korrekt s\u00e4tt<\/p>\n<p>Eftersom de uppgifter du l\u00e4mnar kan best\u00e5 av s\u00e5 kallade \"s\u00e4rskilda\" uppgifter, \u00e4ven k\u00e4nda som \"k\u00e4nsliga\" uppgifter enligt artikel 9 i EU-f\u00f6rordningen, dvs. uppgifter om ras, h\u00e4lsa, sexuell l\u00e4ggning eller vanor, politiska, fackliga, religi\u00f6sa eller filosofiska \u00f6vertygelser eller brottm\u00e5lsdomar (artikel 10 i f\u00f6rordningen), f\u00e5r behandlingen ske med ditt f\u00f6reg\u00e5ende skriftliga samtycke och f\u00f6r de \u00e4ndam\u00e5l som anges i detta behandlingsformul\u00e4r, utom i fall av behandling som definieras som laglig enligt f\u00f6rordningen.<\/p>\n<p>Dina uppgifter kan bli f\u00f6rem\u00e5l f\u00f6r profilering, dvs. insamling och sammanst\u00e4llning av uppgifter om dig f\u00f6r att fatta l\u00e4mpliga aff\u00e4rsbeslut eller f\u00f6r att analysera eller f\u00f6ruts\u00e4ga dina personliga preferenser, beteenden och attityder. Profilering kan ske a) med ditt samtycke b) p\u00e5 grundval av v\u00e5rt f\u00f6retags ber\u00e4ttigade intresse. Underl\u00e5tenhet att ge samtycke till profilering p\u00e5verkar normalt inte den smidiga utvecklingen av det f\u00f6rh\u00e5llande enligt vilket dina uppgifter behandlas. Utf\u00f6randet av profileringsaktiviteter kan \u00e4ventyra dina r\u00e4ttigheter och m\u00f6jligheter med avseende p\u00e5 v\u00e5rt f\u00f6retags erbjudanden.<\/p>\n<p>Dina uppgifter kan komma att \u00f6verf\u00f6ras till ett annat land. Om detta sker inom Europeiska unionen kommer dina uppgifter att behandlas p\u00e5 samma s\u00e4tt som i Italien. Om de \u00f6verf\u00f6rs till l\u00e4nder utanf\u00f6r Europeiska unionen kommer de att behandlas i enlighet med dina r\u00e4ttigheter enligt den europeiska f\u00f6rordningen. Om dina uppgifter \u00f6verf\u00f6rs till ett land utanf\u00f6r EU kan de behandlas av enheter som garanterar respekten f\u00f6r de r\u00e4ttigheter som anges i den europeiska f\u00f6rordningen genom frivillig efterlevnad av samma allm\u00e4nna \u00e5tg\u00e4rder.<\/p>\n<p>Uppgifterna kommer under alla omst\u00e4ndigheter att \u00f6verf\u00f6ras p\u00e5 ett s\u00e4tt som garanterar att uppgifterna skyddas mot intr\u00e5ng fr\u00e5n tredje part.<\/p>\n<p>Dina uppgifter har samlats in direkt fr\u00e5n dig och vi ger dig d\u00e4rf\u00f6r f\u00f6ljande information i detta formul\u00e4r d\u00e4r det \u00e4r till\u00e4mpligt:<\/p>\n<ul>\n<li>uppgifter om innehavare och f\u00f6retr\u00e4dare<\/li>\n<li>Uppgifter om dataskyddsombudet<\/li>\n<li>\u00e4ndam\u00e5l och r\u00e4ttslig grund f\u00f6r behandlingen<\/li>\n<li>mottagare av uppgifter<\/li>\n<li>avsikt att \u00f6verf\u00f6ra uppgifter till utlandet<\/li>\n<li>Lagringsperiodens l\u00e4ngd eller kriterier f\u00f6r att fastst\u00e4lla l\u00e4ngden.<\/li>\n<li>r\u00e4tt till tillg\u00e5ng, r\u00e4ttelse, annullering, inv\u00e4ndning mot behandling, portabilitet<\/li>\n<li>r\u00e4tt att avbryta behandlingen om det \u00e4r m\u00f6jligt, utom n\u00e4r det kr\u00e4vs enligt lag<\/li>\n<li>m\u00f6jlighet att l\u00e4mna in klagom\u00e5l till myndigheten (Garante)<\/li>\n<li>Om uppgifterna \u00e4r obligatoriska f\u00f6r att fullg\u00f6ra ett avtal, eller enligt lag, och konsekvenserna om samtycke inte ges.<\/li>\n<li>Om uppgifterna \u00e4r eller kommer att bli f\u00f6rem\u00e5l f\u00f6r profilering och, om s\u00e5 \u00e4r fallet, logiken f\u00f6r profileringen.<\/li>\n<li>F\u00f6rekomsten av automatiserade beslutsprocesser och den registrerades r\u00e4tt att f\u00e5 beslut fattade efter m\u00e4nsklig inblandning.<\/li>\n<\/ul>\n<p>V\u00e5rt f\u00f6retag har erh\u00e5llit uppgifter om dig fr\u00e5n tredje part. Vi ger dig d\u00e4rf\u00f6r f\u00f6ljande information i detta formul\u00e4r, om det \u00e4r till\u00e4mpligt f\u00f6r dig:<\/p>\n<ul>\n<li>uppgifter om \u00e4gare och f\u00f6retr\u00e4dare<\/li>\n<li>Uppgifter om dataskyddsombudet (DPO) i till\u00e4mpliga fall<\/li>\n<li>\u00e4ndam\u00e5l och r\u00e4ttslig grund f\u00f6r behandlingen<\/li>\n<li>Kategorier av insamlade uppgifter.<\/li>\n<li>mottagare av uppgifter<\/li>\n<li>avsikt att \u00f6verf\u00f6ra uppgifter till utlandet<\/li>\n<li>lagringstid eller kriterier f\u00f6r att fastst\u00e4lla lagringstiden<\/li>\n<li>r\u00e4tt till tillg\u00e5ng, \u00e5terkallande, r\u00e4ttelse, radering, portabilitet, \u00e5terkallande av samtycke till behandling, begr\u00e4nsning<\/li>\n<li>m\u00f6jlighet till reklamation till borgensmannen<\/li>\n<li>k\u00e4llan till era uppgifter, som \u00e4r f\u00f6ljande:<\/li>\n<li>_________________________________________________________<\/li>\n<li>_________________________________________________________<\/li>\n<li>F\u00f6rekomsten av automatiserade beslutsprocesser och den registrerades r\u00e4tt att f\u00e5 beslut fattade efter m\u00e4nsklig inblandning.<\/li>\n<\/ul>\n<p>Dina uppgifter kommer att sparas av den personuppgiftsansvarige, med avseende p\u00e5 de avsedda \u00e4ndam\u00e5len, s\u00e5 l\u00e4nge som det \u00e4r n\u00f6dv\u00e4ndigt f\u00f6r att fullg\u00f6ra den befintliga relationen med dig och f\u00f6r att kunna garantera \u00f6msesidigt skydd av dina r\u00e4ttigheter i domstol samt f\u00f6r att uppfylla r\u00e4ttsliga skyldigheter, inklusive skattem\u00e4ssiga skyldigheter. Uppgifter som inte \u00e4r n\u00f6dv\u00e4ndiga f\u00f6r de senare \u00e4ndam\u00e5len kommer att tas bort inom den maximala tidsperiod som anges i r\u00e4tten att bli bortgl\u00f6md, vilket anges l\u00e4ngre fram i detta informationsmeddelande, eller, p\u00e5 din beg\u00e4ran, \u00e4ven inom en kortare tidsperiod om detta inte strider mot den personuppgiftsansvariges r\u00e4ttigheter.<\/p>\n<p>Uppgifter om den registrerade som inte beh\u00f6ver lagras p\u00e5 grund av en specifik r\u00e4ttslig skyldighet kommer att raderas inom 10 \u00e5r<\/p>\n<p>N\u00e4r det g\u00e4ller profileringslogik f\u00f6rklarar f\u00f6retaget f\u00f6ljande: profilering utf\u00f6rs f\u00f6r att f\u00f6rb\u00e4ttra surfupplevelsen, f\u00f6r anonymiserade statistiska analys\u00e4ndam\u00e5l, f\u00f6r kommersiella \u00e4ndam\u00e5l eller f\u00f6r att anpassa allt reklaminneh\u00e5ll som f\u00f6resl\u00e5s online eller skickas.<\/p>\n<p>&nbsp;<\/p>\n<p>C - DEN REGISTRERADES R\u00c4TTIGHETER<\/p>\n<p>Du kan n\u00e4r som helst ut\u00f6va f\u00f6ljande r\u00e4ttigheter som uttryckligen erk\u00e4nns i f\u00f6rordningen:<\/p>\n<ul>\n<li>Du har r\u00e4tt att n\u00e4r som helst l\u00e4mna in ett klagom\u00e5l till den nationella myndigheten (Garante per la protezione dei dati personali) om du anser att dina r\u00e4ttigheter har kr\u00e4nkts<\/li>\n<li>Du har r\u00e4tt att se till att dina uppgifter alltid \u00e4r korrekta och uppdaterade och du kan d\u00e4rf\u00f6r n\u00e4r som helst rapportera eller beg\u00e4ra att de uppdateras<\/li>\n<li>Du har r\u00e4tt att \u00e5terkalla ditt samtycke till behandling av dina uppgifter om detta inte f\u00f6rhindras av r\u00e4ttsliga best\u00e4mmelser eller behovet av att skydda innehavarens r\u00e4ttigheter, inklusive i domstol. I vilket fall som helst ger beg\u00e4ran om \u00e5terkallelse upphov till r\u00e4tten till begr\u00e4nsning av behandlingen.<\/li>\n<li>Du har r\u00e4tt att f\u00e5 tillg\u00e5ng till dina uppgifter som behandlas av den personuppgiftsansvarige genom en skriftlig beg\u00e4ran, \u00e4ven i elektronisk form. Det \u00e4r n\u00f6dv\u00e4ndigt att du kan styrka din identitet, eventuellt ocks\u00e5 genom att f\u00e5 tillg\u00e5ng till v\u00e5ra databaser med hj\u00e4lp av inloggningsuppgifter som unikt kan kopplas till dig. Du har r\u00e4tt till kostnadsfri tillg\u00e5ng f\u00f6r en enda g\u00e5ng, medan du kan debiteras en avgift f\u00f6r efterf\u00f6ljande f\u00f6rfr\u00e5gningar. Du har r\u00e4tt att f\u00e5 ett svar inom 30 dagar efter din beg\u00e4ran. Du har r\u00e4tt att f\u00e5 dina uppgifter i utskrivbart format.<\/li>\n<li>Du har r\u00e4tt att f\u00e5 dina uppgifter korrigerade och uppdaterade, och du kan n\u00e4r som helst be oss att uppdatera och korrigera dem om du uppt\u00e4cker att de uppgifter vi har \u00e4r inaktuella eller felaktiga. F\u00f6r att s\u00e4kerst\u00e4lla att uppgifterna \u00e4r aktuella ber vi dig att meddela oss om eventuella anv\u00e4ndbara \u00e4ndringar.<\/li>\n<li>Du har r\u00e4tt att f\u00e5 uppgifter om dig raderade, f\u00f6rutsatt att det inte r\u00f6r sig om uppgifter som den personuppgiftsansvarige m\u00e5ste spara f\u00f6r att uppfylla s\u00e4rskilda r\u00e4ttsliga skyldigheter, t.ex. skyldigheter som f\u00f6ljer av skatteregler, bek\u00e4mpning av penningtv\u00e4tt eller f\u00f6r att skydda den personuppgiftsansvariges r\u00e4ttigheter i tvistem\u00e5l.<\/li>\n<li>Om du bestrider att dina uppgifter \u00e4r korrekta, att behandlingen \u00e4r laglig eller att den registeransvarige har r\u00e4tt att radera dina uppgifter, eller om du inv\u00e4nder mot behandlingen av dina uppgifter och den registeransvarige bestrider din inv\u00e4ndning, har du r\u00e4tt att f\u00e5 dina uppgifter lagrade men inte behandlade utom i den utstr\u00e4ckning som \u00e4r n\u00f6dv\u00e4ndig f\u00f6r att l\u00f6sa tvisten om uppgifterna.<\/li>\n<li>Om den personuppgiftsansvarige \u00e4ndrar eller raderar alla eller delar av dina uppgifter har du r\u00e4tt att bli informerad och att inv\u00e4nda mot \u00e4ndringen och raderingen<\/li>\n<li>Du har r\u00e4tt att \u00f6verf\u00f6ra dina uppgifter - lagrade och behandlade elektroniskt - till en annan operat\u00f6r, inom de gr\u00e4nser som anges i f\u00f6rordningen, och f\u00f6rutsatt att det \u00e4r tekniskt genomf\u00f6rbart, p\u00e5 ett s\u00e5dant s\u00e4tt att de l\u00e4tt kan l\u00e4sas och f\u00f6rv\u00e4rvas av tredje part. De uppgifter som du har r\u00e4tt att \u00f6verf\u00f6ra (portabilitet) omfattar \u00e4ven uppgifter som h\u00e4rr\u00f6r fr\u00e5n automatisk observation av din verksamhet genom den personuppgiftsansvariges IT-tj\u00e4nster, s\u00e5som s\u00f6kningar och historik \u00f6ver utf\u00f6rda aktiviteter.<\/li>\n<li>Du har r\u00e4tt att inv\u00e4nda mot behandlingen av dina uppgifter, mot profilering, mot anv\u00e4ndning av dina uppgifter f\u00f6r direkt marknadsf\u00f6ring, mot profilering av allm\u00e4nt intresse eller f\u00f6r vetenskapliga eller historiska forsknings\u00e4ndam\u00e5l eller statistiska \u00e4ndam\u00e5l.<\/li>\n<li>F\u00f6retaget kan under vissa omst\u00e4ndigheter anv\u00e4nda automatiserade f\u00f6rfaranden f\u00f6r att fatta beslut som r\u00f6r dig och i synnerhet f\u00f6r att besluta om och p\u00e5 vilka villkor avtal ska ing\u00e5s med dig direkt eller via tredje part. I detta fall har du r\u00e4tt att beg\u00e4ra att din st\u00e5ndpunkt, innan ett bindande beslut fattas, i alla h\u00e4ndelser granskas av en m\u00e4nsklig operat\u00f6r som utf\u00f6r en materiell bed\u00f6mning. Anv\u00e4ndningen av automatiserade beslutsf\u00f6rfaranden kan leda till att du utesluts fr\u00e5n vissa f\u00f6rslag, erbjudanden eller r\u00e4tten att ing\u00e5 avtal eller dra nytta av s\u00e4rskilda kampanjer.<\/li>\n<li>Eftersom dina uppgifter kan komma att behandlas i syfte att genomf\u00f6ra e-handelsaktiviteter har du r\u00e4tt att f\u00e5 dina uppgifter behandlade i enlighet med de b\u00e4sta och modernaste IT-f\u00f6rfarandena. F\u00f6r detta \u00e4ndam\u00e5l kan dina uppgifter \u00f6verf\u00f6ras till tredje part f\u00f6r att, helt eller delvis, utf\u00f6ra tekniska och IT-f\u00f6rfaranden f\u00f6r ing\u00e5ende av avtalet och genomf\u00f6randet av avtalet, s\u00e5som till exempel tredje parts servrar, logistik- och transporttj\u00e4nstleverant\u00f6rer. Ditt samtycke f\u00f6r detta \u00e4ndam\u00e5l \u00e4r alltid n\u00f6dv\u00e4ndigt och om du inte samtycker till behandlingen av de uppgifter som kr\u00e4vs f\u00f6r att ing\u00e5 transaktioner kan f\u00f6retaget kanske inte f\u00f6rse dig med de beg\u00e4rda tj\u00e4nsterna. Samtycke till behandling av n\u00f6dv\u00e4ndiga uppgifter m\u00e5ste vara skilt fr\u00e5n samtycke till insamling av uppgifter som inte \u00e4r n\u00f6dv\u00e4ndiga eller f\u00f6r andra \u00e4ndam\u00e5l \u00e4n de som \u00e4r relaterade till ing\u00e5endet av e-handelsavtal.<\/li>\n<li>F\u00f6retaget kan, under vissa omst\u00e4ndigheter, behandla dina uppgifter f\u00f6r att kommunicera med dig om kommersiella eller informativa eller utbildningsinitiativ (s\u00e5 kallade nyhetsbrev). I detta fall m\u00e5ste ditt samtycke, om n\u00f6dv\u00e4ndigt, vara uttryckligt och separat fr\u00e5n andra former av samtycke och du kan n\u00e4r som helst \u00e5terkalla ditt samtycke f\u00f6r detta \u00e4ndam\u00e5l.<\/li>\n<li>Du har r\u00e4tt att r\u00e5dfr\u00e5gas vid bed\u00f6mningen av s\u00e4kerhetsf\u00f6rfaranden f\u00f6r behandling och skydd av dina uppgifter.<\/li>\n<\/ul>\n<p>&nbsp;<\/p>\n<p>D - ANGIVELSE AV DE PERSONER SOM \u00c4R DELTAGNA I BEHANDLINGEN Dina uppgifter kan komma att behandlas av f\u00f6ljande personer:<\/p>\n<ol>\n<li>[\u00e4gare] Tauro Essiccatori srl - Via del Lavoro, 6 36043 - Camisano Vicentino (VI) - C.F. och P.IVA 03977800246<\/li>\n<li>[gemensamma innehavare] Inga<\/li>\n<li>[representant] Ej till\u00e4mpligt<\/li>\n<li>[ansvarig]. <a href=\"https:\/\/stor51.tauroessiccatori.com\/sv\/integritet-policy-ansvarsfull-extern-behandling-av-personuppgifter\/\">F\u00f6lj denna l\u00e4nk f\u00f6r listan \u00f6ver externa personuppgiftsbitr\u00e4den<\/a><\/li>\n<li>[RDP\/DPO] Inget behov av m\u00f6te<\/li>\n<\/ol>\n<p>&nbsp;<\/p>\n<p>E - HUR DU UT\u00d6VAR DINA R\u00c4TTIGHETER<\/p>\n<p>Dina \u00f6nskem\u00e5l kan framf\u00f6ras skriftligen till f\u00f6retagets adress VIA DEL LAVORO 6, CAMISANO VICENTINO(VI) eller till e-postadressen <a href=\"mailto:info@tauroessiccatori.com\">info@tauroessiccatori.com<\/a>eller, om till\u00e4mpligt, sj\u00e4lvst\u00e4ndigt inom det personliga omr\u00e5de som gjorts tillg\u00e4ngligt f\u00f6r dig elektroniskt med hj\u00e4lp av en unik identifierare.<\/p>\n<\/div>\n<\/div>\n<\/div>\n<\/div>\n<\/div>","protected":false},"excerpt":{"rendered":"<p>Metti un BIOSEC sotto l&#8217;Albero. SCOPRI QUI le promozioni di Natale! Gli sconti Black Friday sono qui! \u00a0 Clicca\u00a0per\u00a0non perderli \u2192 privacy policy INFORMATIVA RESA AI SENSI DEGLI ART. 13-14 DEL GDPR (GENERAL DATA PROTECTION REGULATION) 2016\/679 Secondo la normativa indicata, tale trattamento sar\u00e0 improntato ai principi di correttezza, liceit\u00e0, trasparenza e di tutela della [&hellip;]<\/p>","protected":false},"author":1,"featured_media":0,"parent":0,"menu_order":0,"comment_status":"closed","ping_status":"closed","template":"","meta":{"footnotes":""},"tags":[],"class_list":["post-5895","page","type-page","status-publish","hentry"],"acf":[],"yoast_head":"<!-- This site is optimized with the Yoast SEO plugin v20.10 - https:\/\/yoast.com\/wordpress\/plugins\/seo\/ -->\n<title>privacy policy - Tauro Essiccatori<\/title>\n<meta name=\"robots\" content=\"noindex, follow, max-snippet:-1, max-image-preview:large, max-video-preview:-1\" \/>\n<meta property=\"og:locale\" content=\"sv_SE\" \/>\n<meta property=\"og:type\" content=\"article\" \/>\n<meta property=\"og:title\" content=\"privacy policy - Tauro Essiccatori\" \/>\n<meta property=\"og:description\" content=\"Metti un BIOSEC sotto l&#039;Albero. SCOPRI QUI le promozioni di Natale! Gli sconti Black Friday sono qui! \u00a0 Clicca\u00a0per\u00a0non perderli \u2192 privacy policy INFORMATIVA RESA AI SENSI DEGLI ART. 13-14 DEL GDPR (GENERAL DATA PROTECTION REGULATION) 2016\/679 Secondo la normativa indicata, tale trattamento sar\u00e0 improntato ai principi di correttezza, liceit\u00e0, trasparenza e di tutela della [&hellip;]\" \/>\n<meta property=\"og:url\" content=\"https:\/\/stor51.tauroessiccatori.com\/sv\/integritetspolicy\/\" \/>\n<meta property=\"og:site_name\" content=\"Tauro Essiccatori\" \/>\n<meta property=\"article:publisher\" content=\"https:\/\/www.facebook.com\/TauroEssiccatori\/\" \/>\n<meta property=\"article:modified_time\" content=\"2022-08-06T15:34:28+00:00\" \/>\n<meta name=\"twitter:card\" content=\"summary_large_image\" \/>\n<meta name=\"twitter:label1\" content=\"Est. reading time\" \/>\n\t<meta name=\"twitter:data1\" content=\"15 minuter\" \/>\n<script type=\"application\/ld+json\" class=\"yoast-schema-graph\">{\"@context\":\"https:\/\/schema.org\",\"@graph\":[{\"@type\":\"WebPage\",\"@id\":\"https:\/\/stor51.tauroessiccatori.com\/privacy-policy\/\",\"url\":\"https:\/\/stor51.tauroessiccatori.com\/privacy-policy\/\",\"name\":\"privacy policy - Tauro Essiccatori\",\"isPartOf\":{\"@id\":\"https:\/\/stor51.tauroessiccatori.com\/#website\"},\"datePublished\":\"2019-11-06T17:44:45+00:00\",\"dateModified\":\"2022-08-06T15:34:28+00:00\",\"breadcrumb\":{\"@id\":\"https:\/\/stor51.tauroessiccatori.com\/privacy-policy\/#breadcrumb\"},\"inLanguage\":\"sv-SE\",\"potentialAction\":[{\"@type\":\"ReadAction\",\"target\":[\"https:\/\/stor51.tauroessiccatori.com\/privacy-policy\/\"]}]},{\"@type\":\"BreadcrumbList\",\"@id\":\"https:\/\/stor51.tauroessiccatori.com\/privacy-policy\/#breadcrumb\",\"itemListElement\":[{\"@type\":\"ListItem\",\"position\":1,\"name\":\"Home\",\"item\":\"https:\/\/stor51.tauroessiccatori.com\/\"},{\"@type\":\"ListItem\",\"position\":2,\"name\":\"privacy policy\"}]},{\"@type\":\"WebSite\",\"@id\":\"https:\/\/stor51.tauroessiccatori.com\/#website\",\"url\":\"https:\/\/stor51.tauroessiccatori.com\/\",\"name\":\"Tauro Essiccatori\",\"description\":\"Welcome to Tauro Essiccatori online shop\",\"publisher\":{\"@id\":\"https:\/\/stor51.tauroessiccatori.com\/#organization\"},\"potentialAction\":[{\"@type\":\"SearchAction\",\"target\":{\"@type\":\"EntryPoint\",\"urlTemplate\":\"https:\/\/stor51.tauroessiccatori.com\/?s={search_term_string}\"},\"query-input\":\"required name=search_term_string\"}],\"inLanguage\":\"sv-SE\"},{\"@type\":\"Organization\",\"@id\":\"https:\/\/stor51.tauroessiccatori.com\/#organization\",\"name\":\"Tauro Essiccatori\",\"url\":\"https:\/\/stor51.tauroessiccatori.com\/\",\"logo\":{\"@type\":\"ImageObject\",\"inLanguage\":\"sv-SE\",\"@id\":\"https:\/\/stor51.tauroessiccatori.com\/#\/schema\/logo\/image\/\",\"url\":\"https:\/\/www.tauroessiccatori.com\/wp-assets\/uploads\/2017\/07\/logo_tauro_500x109px.png\",\"contentUrl\":\"https:\/\/www.tauroessiccatori.com\/wp-assets\/uploads\/2017\/07\/logo_tauro_500x109px.png\",\"width\":500,\"height\":109,\"caption\":\"Tauro Essiccatori\"},\"image\":{\"@id\":\"https:\/\/stor51.tauroessiccatori.com\/#\/schema\/logo\/image\/\"},\"sameAs\":[\"https:\/\/www.facebook.com\/TauroEssiccatori\/\",\"https:\/\/www.instagram.com\/tauro_essiccatori\/\",\"https:\/\/it.linkedin.com\/company\/tauro-essiccatori\",\"https:\/\/www.youtube.com\/user\/tauroessiccatori\"]}]}<\/script>\n<!-- \/ Yoast SEO plugin. -->","yoast_head_json":{"title":"privacy policy - Tauro Essiccatori","robots":{"index":"noindex","follow":"follow","max-snippet":"max-snippet:-1","max-image-preview":"max-image-preview:large","max-video-preview":"max-video-preview:-1"},"og_locale":"sv_SE","og_type":"article","og_title":"privacy policy - Tauro Essiccatori","og_description":"Metti un BIOSEC sotto l'Albero. SCOPRI QUI le promozioni di Natale! Gli sconti Black Friday sono qui! \u00a0 Clicca\u00a0per\u00a0non perderli \u2192 privacy policy INFORMATIVA RESA AI SENSI DEGLI ART. 13-14 DEL GDPR (GENERAL DATA PROTECTION REGULATION) 2016\/679 Secondo la normativa indicata, tale trattamento sar\u00e0 improntato ai principi di correttezza, liceit\u00e0, trasparenza e di tutela della [&hellip;]","og_url":"https:\/\/stor51.tauroessiccatori.com\/sv\/integritetspolicy\/","og_site_name":"Tauro Essiccatori","article_publisher":"https:\/\/www.facebook.com\/TauroEssiccatori\/","article_modified_time":"2022-08-06T15:34:28+00:00","twitter_card":"summary_large_image","twitter_misc":{"Est. reading time":"15 minuter"},"schema":{"@context":"https:\/\/schema.org","@graph":[{"@type":"WebPage","@id":"https:\/\/stor51.tauroessiccatori.com\/privacy-policy\/","url":"https:\/\/stor51.tauroessiccatori.com\/privacy-policy\/","name":"privacy policy - Tauro Essiccatori","isPartOf":{"@id":"https:\/\/stor51.tauroessiccatori.com\/#website"},"datePublished":"2019-11-06T17:44:45+00:00","dateModified":"2022-08-06T15:34:28+00:00","breadcrumb":{"@id":"https:\/\/stor51.tauroessiccatori.com\/privacy-policy\/#breadcrumb"},"inLanguage":"sv-SE","potentialAction":[{"@type":"ReadAction","target":["https:\/\/stor51.tauroessiccatori.com\/privacy-policy\/"]}]},{"@type":"BreadcrumbList","@id":"https:\/\/stor51.tauroessiccatori.com\/privacy-policy\/#breadcrumb","itemListElement":[{"@type":"ListItem","position":1,"name":"Home","item":"https:\/\/stor51.tauroessiccatori.com\/"},{"@type":"ListItem","position":2,"name":"privacy policy"}]},{"@type":"WebSite","@id":"https:\/\/stor51.tauroessiccatori.com\/#website","url":"https:\/\/stor51.tauroessiccatori.com\/","name":"Tauro Essiccatori","description":"Welcome to Tauro Essiccatori online shop","publisher":{"@id":"https:\/\/stor51.tauroessiccatori.com\/#organization"},"potentialAction":[{"@type":"SearchAction","target":{"@type":"EntryPoint","urlTemplate":"https:\/\/stor51.tauroessiccatori.com\/?s={search_term_string}"},"query-input":"required name=search_term_string"}],"inLanguage":"sv-SE"},{"@type":"Organization","@id":"https:\/\/stor51.tauroessiccatori.com\/#organization","name":"Tauro Essiccatori","url":"https:\/\/stor51.tauroessiccatori.com\/","logo":{"@type":"ImageObject","inLanguage":"sv-SE","@id":"https:\/\/stor51.tauroessiccatori.com\/#\/schema\/logo\/image\/","url":"https:\/\/www.tauroessiccatori.com\/wp-assets\/uploads\/2017\/07\/logo_tauro_500x109px.png","contentUrl":"https:\/\/www.tauroessiccatori.com\/wp-assets\/uploads\/2017\/07\/logo_tauro_500x109px.png","width":500,"height":109,"caption":"Tauro Essiccatori"},"image":{"@id":"https:\/\/stor51.tauroessiccatori.com\/#\/schema\/logo\/image\/"},"sameAs":["https:\/\/www.facebook.com\/TauroEssiccatori\/","https:\/\/www.instagram.com\/tauro_essiccatori\/","https:\/\/it.linkedin.com\/company\/tauro-essiccatori","https:\/\/www.youtube.com\/user\/tauroessiccatori"]}]}},"_links":{"self":[{"href":"https:\/\/stor51.tauroessiccatori.com\/sv\/wp-json\/wp\/v2\/pages\/5895"}],"collection":[{"href":"https:\/\/stor51.tauroessiccatori.com\/sv\/wp-json\/wp\/v2\/pages"}],"about":[{"href":"https:\/\/stor51.tauroessiccatori.com\/sv\/wp-json\/wp\/v2\/types\/page"}],"author":[{"embeddable":true,"href":"https:\/\/stor51.tauroessiccatori.com\/sv\/wp-json\/wp\/v2\/users\/1"}],"replies":[{"embeddable":true,"href":"https:\/\/stor51.tauroessiccatori.com\/sv\/wp-json\/wp\/v2\/comments?post=5895"}],"version-history":[{"count":7,"href":"https:\/\/stor51.tauroessiccatori.com\/sv\/wp-json\/wp\/v2\/pages\/5895\/revisions"}],"predecessor-version":[{"id":165070,"href":"https:\/\/stor51.tauroessiccatori.com\/sv\/wp-json\/wp\/v2\/pages\/5895\/revisions\/165070"}],"wp:attachment":[{"href":"https:\/\/stor51.tauroessiccatori.com\/sv\/wp-json\/wp\/v2\/media?parent=5895"}],"wp:term":[{"taxonomy":"post_tag","embeddable":true,"href":"https:\/\/stor51.tauroessiccatori.com\/sv\/wp-json\/wp\/v2\/tags?post=5895"}],"curies":[{"name":"wp","href":"https:\/\/api.w.org\/{rel}","templated":true}]}}