


{"id":5801,"date":"2019-11-02T10:19:08","date_gmt":"2019-11-02T09:19:08","guid":{"rendered":"https:\/\/www.tauroessiccatori.com\/?page_id=5801\/"},"modified":"2022-08-06T17:17:50","modified_gmt":"2022-08-06T15:17:50","slug":"chef","status":"publish","type":"page","link":"https:\/\/stor51.tauroessiccatori.com\/sv\/inspiration\/varfor-torkning\/kock\/","title":{"rendered":"Varf\u00f6r torka om du \u00e4r kock?"},"content":{"rendered":"<div class=\"tauro-banners\"><div class=\"banner-00\" style=\"background-color: #852035\">\r\n<div class=\"ix-xmas-box-other\" style=\"font-size: 18px;padding: 7px 0;margin: 0 auto 0px auto\" align=\"center\"><b style=\"color: #fff;font-size: 18px\">L\u00e4gg en BIOSEC under tr\u00e4det. <a style=\"color: #f8cc89;font-weight: bold;text-decoration: none;font-size: 18px\" href=\"https:\/\/www.tauroessiccatori.com\/christmas-2024\/\">UPPT\u00c4CK H\u00c4R<\/a> Julkampanjer!<\/b><\/div>\r\n<\/div><div class=\"banner-00\" style=\"background-color: #000\">\r\n<div class=\"ix-xmas-box-other\" style=\"font-size: 18px;padding: 7px 0;margin: 0 auto 0px auto\" align=\"center\"><b style=\"color: #fff\"> Black Friday-rabatterna \u00e4r h\u00e4r! \u00a0 <a style=\"color: #f77209;font-weight: bold;text-decoration: none\" href=\"https:\/\/www.tauroessiccatori.com\/black-friday-2024\/\"> Klicka f\u00f6r att inte missa dem \u2192. <\/a>\r\n<\/b><\/div>\r\n<\/div><\/div><p><!-- 2022-08-03 italix: kevin: was:h2 add:ix-h1--><\/p>\n<h1 class=\"ix-h1\">varf\u00f6r torka om du \u00e4r kock<\/h1>\n<p><a name=\"approfondimenti\"><\/a><\/p>\n<div class=\"p1 ix-intestazione-azienda\">Ov\u00e4ntade konsistenser, ov\u00e4ntade kontraster, intensiva f\u00e4rger, koncentrerade smaker, smakexplosioner. Och sedan ark, chips, dekorationer... Sl\u00e4pp loss din kreativitet och s\u00e4rskilj dina f\u00f6rslag med torkningens magi.<\/div>\n<div style=\"background-color: #ffeebf; margin: 70px 0;\">\n<div class=\"ix-chef-1st-banner\">\n<div class=\"uk-grid uk-grid-medium\">\n<div class=\"uk-width-large-1-3\"><\/div>\n<div class=\"uk-width-large-2-3\">\n<h2 class=\"ix-azienda-1st-banner-h2\">torkning blir konst<\/h2>\n<div class=\"p1 ix-azienda-1st-banner-text\">Bli igenk\u00e4nd, bli ih\u00e5gkommen. Uppt\u00e4ck hur torkade produkter ger innovation och smak, sl\u00e4pper loss kreativiteten och f\u00f6rnyar ditt erbjudande. Det \u00e4r bara fantasin som s\u00e4tter gr\u00e4nser: med Tauro kan du omvandla och anv\u00e4nda alla livsmedel och skapa nya smakrika, h\u00e4lsosamma och originella l\u00f6sningar.<\/div>\n<\/p><\/div>\n<\/p><\/div>\n<\/p><\/div>\n<\/div>\n<div style=\"background-color: #fad0c3; margin: 70px 0;\">\n<div class=\"ix-chef-2nd-banner\">\n<div class=\"uk-grid uk-grid-medium\">\n<div class=\"uk-width-large-2-3\">\n<h2 class=\"ix-why-dry-chef-h2\">Italiensk kvalitet, professionell teknik<\/h2>\n<div class=\"p1 ix-azienda-2nd-banner-text\">Modellerna i de professionella serierna Biosec Pro och B.Master, men \u00e4ven v\u00e5r Biosec De Luxe helt i rostfritt st\u00e5l, \u00e4r utformade f\u00f6r att ge de b\u00e4sta resultaten, med full respekt f\u00f6r maten, snabbt och med minskad f\u00f6rbrukning. T\u00f6m ugnen och s\u00e4tt p\u00e5 torkningen!<\/div>\n<\/p><\/div>\n<div class=\"uk-width-large-1-3\"><\/div>\n<\/p><\/div>\n<\/p><\/div>\n<\/div>\n<p><a name=\"clienti\"><\/a><\/p>\n<h2 class=\"ix-h2-azienda\">De arbetar med oss<\/h2>\n<div class=\"p1 ix-intestazione-azienda\">S\u00e5 m\u00e5nga kockar v\u00e4ljer Tauros kvalitet och garanti varje dag. Ta reda p\u00e5 varf\u00f6r och f\u00e5 inspiration till din n\u00e4sta kreation.<\/div>\n<div class=\"ix-max-box-medium ix-double-box\">\n<div class=\"uk-grid uk-grid-medium\">\n<div class=\"uk-width-large-1-2\">\n<div class=\"uk-grid uk-grid-collapse\">\n<div class=\"uk-width-1-1 uk-width-large-1-1\"><img loading=\"lazy\" decoding=\"async\" class=\"ix-aziende-tauro-image alignnone\" src=\"https:\/\/stor51.tauroessiccatori.com\/wp-assets\/uploads\/2019\/11\/Paolo-Dalicandro-Tauro-Essiccatori.jpg\" alt=\"paolo dalicandro tauro kock torkar professionell torkning\" width=\"1500\" height=\"752\" \/><\/div>\n<div class=\"uk-width-1-1 uk-width-large-1-1\">\n<div class=\"ix-aziente-tauro-grey-container\">\n<div class=\"ix-aziende-tauro-h3\">\n<h3 class=\"ix-aziende-tauro-nome\">Kock Paolo Dalicandro<\/h3>\n<h3 class=\"ix-aziende-tauro-luogo\">Rom<\/h3>\n<\/p><\/div>\n<div class=\"ix-aziende-tauro-underline\"><\/div>\n<div class=\"p2 ix-aziende-tauro-txt\">Efter flera \u00e5rs samarbete har Paolo nu blivit Tauros officiella kock. Han \u00e4r k\u00e4nd f\u00f6r sina utbildningar i hela Italien, videohandledningar och de \u00f6verraskande underverk han lyckas f\u00e5 fram ur sin Biosec, fr\u00e5n papper till sylt, fr\u00e5n salt till kanderad frukt.<\/div>\n<\/p><\/div>\n<\/p><\/div>\n<\/p><\/div>\n<\/p><\/div>\n<div class=\"uk-width-large-1-2\">\n<div class=\"uk-grid uk-grid-collapse\">\n<div class=\"uk-width-1-1 uk-width-large-1-1\"><img loading=\"lazy\" decoding=\"async\" class=\"ix-aziende-tauro-image alignnone\" src=\"https:\/\/stor51.tauroessiccatori.com\/wp-assets\/uploads\/2019\/11\/igles-corelli-tauro-essiccatori.jpg\" alt=\"Igles Corelli kock torktumlare Tauro professionell kvalitet\" width=\"1145\" height=\"574\" \/><\/div>\n<div class=\"uk-width-1-1 uk-width-large-1-1\">\n<div class=\"ix-aziente-tauro-grey-container\">\n<div class=\"ix-aziende-tauro-h3\">\n<h3 class=\"ix-aziende-tauro-nome\">Igles Corelli<\/h3>\n<h3 class=\"ix-aziende-tauro-luogo\">Rom<\/h3>\n<\/p><\/div>\n<div class=\"ix-aziende-tauro-underline\"><\/div>\n<div class=\"p2 ix-aziende-tauro-txt\">Corelli \u00e4r en m\u00e5ngstj\u00e4rnig kock med ett smittsamt leende, uppfinnaren av det \"cirkul\u00e4ra k\u00f6ket\" och en pionj\u00e4r inom bl\u00e5sning med tork, vilket han ocks\u00e5 talar om p\u00e5 Gambero Rosso-kanalen. I k\u00f6ket p\u00e5 hans restauranger \u00e4r Biosec alltid i drift.<\/div>\n<\/p><\/div>\n<\/p><\/div>\n<\/p><\/div>\n<\/p><\/div>\n<\/p><\/div>\n<\/div>\n<h2 class=\"ix-h2-azienda\">professionella torktumlare<\/h2>\n<div class=\"p1 ix-intestazione-azienda\">Bra id\u00e9er f\u00f6r bra anv\u00e4ndning. Uppt\u00e4ck v\u00e5ra professionella linjer: h\u00f6gteknologiska torkar, utformade och designade f\u00f6r dem som har tydliga m\u00e5l och g\u00f6r kvalitet och \u00e4kthet till sin verksamhet.<\/div>\n<div class=\"ix-container-inner\">\n<div style=\"margin: 90px auto; font-family: Poppins; font-size: 14px;\">\n<div class=\"uk-grid uk-grid-medium\">\n<div class=\"uk-width-large-1-3\">\n<div class=\"ix-icon-container\">\n<div class=\"icon-1\"><img loading=\"lazy\" decoding=\"async\" class=\"alignnone\" style=\"width: 100%;\" src=\"https:\/\/stor2.tauroessiccatori.com\/wp-assets\/uploads\/2019\/09\/img-01.jpg\" alt=\"kvalitet tillverkad i italien tauro torkar\" width=\"443\" height=\"321\" \/><\/div>\n<div class=\"icon-title-1\">\n<h3>Tillverkad i Italien kvalitet i 30 \u00e5r<\/h3>\n<p class=\"p2 p-icon-1\">V\u00e5ra torkar \u00e4r handgjorda av italienskt rostfritt st\u00e5l f\u00f6r att garantera h\u00e5llbarhet och styrka<\/p>\n<\/p><\/div>\n<\/p><\/div>\n<\/p><\/div>\n<div class=\"uk-width-large-1-3\">\n<div class=\"ix-icon-container\">\n<div class=\"icon-1\"><img loading=\"lazy\" decoding=\"async\" class=\"alignnone\" style=\"width: 100%;\" src=\"https:\/\/stor2.tauroessiccatori.com\/wp-assets\/uploads\/2019\/09\/img-02.jpg\" alt=\"Tauro torkar kundservice\" width=\"443\" height=\"321\" \/><\/div>\n<div class=\"icon-title-1\">\n<h3>garanterat st\u00f6d<\/h3>\n<p class=\"p2 p-icon-1\">Vi f\u00f6rklarar hur du b\u00e4st torkar alla produkter: vi st\u00e5r alltid till ditt f\u00f6rfogande<\/p>\n<\/p><\/div>\n<\/p><\/div>\n<\/p><\/div>\n<div class=\"uk-width-large-1-3\">\n<div class=\"ix-icon-container\">\n<div class=\"icon-1\"><img loading=\"lazy\" decoding=\"async\" class=\"alignnone\" style=\"width: 100%;\" src=\"https:\/\/stor2.tauroessiccatori.com\/wp-assets\/uploads\/2019\/09\/img-03.jpg\" alt=\"kvalitetsgaranti tillverkad i italien tauro torkar\" width=\"443\" height=\"321\" \/><\/div>\n<div class=\"icon-title-1\">\n<h3>Europeisk garanti p\u00e5 installationen<\/h3>\n<p class=\"p2 p-icon-1\">Alla Tauro-implantat omfattas av en ett\u00e5rig europeisk garanti<\/p>\n<\/p><\/div>\n<\/p><\/div>\n<\/p><\/div>\n<\/p><\/div>\n<\/p><\/div>\n<\/div>\n<div class=\"ix-home-dryer-related-products-title\">\n<h2>relaterade produkter<\/h2>\n<\/div>\n<div class=\"ix-max-box-medium ix-essiccare-box-stex-altezze\" style=\"\">\n<div class=\"uk-grid uk-grid-medium\">\n<div class=\"uk-width-1-1 uk-width-large-1-3\">\n         <a href=\"https:\/\/stor51.tauroessiccatori.com\/sv\/p\/biosec-pro-2\/\" class=\"ix-product-perche-essiccare\"><\/p>\n<div style=\"background-color: #f3f3f3; padding-bottom: 40px; border: solid 2px #f3f3f3;\">\n            <img loading=\"lazy\" decoding=\"async\" class=\"alignnone\" style=\"width: 100%;\" src=\"https:\/\/stor51.tauroessiccatori.com\/wp-assets\/uploads\/2019\/12\/good01_VMR_9237_OK-min.jpg\" alt=\"tauro Biosec Pro professionella torktumlare kockkvalitet\" width=\"1618\" height=\"1000\" \/><\/p>\n<h3 style=\"margin-top: 20px; text-align: center;\">Biosec Pro<\/h3>\n<div class=\"p5\" style=\"width: 100%; padding-top: 10px; padding-bottom: 30px; text-align: center;\">3m\u00b2 torkyta<br \/>\n               12 hyllplan i rostfritt st\u00e5l\n            <\/div>\n<div>\n<p class=\"p4 ix-product-scopri ix-category-link\"><span>uppt\u00e4cka<\/span><\/p>\n<\/p><\/div>\n<\/p><\/div>\n<p>         <\/a>\n      <\/div>\n<div class=\"uk-width-1-1 uk-width-large-1-3\">\n         <a href=\"https:\/\/stor51.tauroessiccatori.com\/sv\/p\/biosec-de-luxe-b6\/\" class=\"ix-product-perche-essiccare\"><\/p>\n<div style=\"background-color: #f3f3f3; padding-bottom: 40px; border: solid 2px #f3f3f3;\">\n            <img loading=\"lazy\" decoding=\"async\" class=\"alignnone\" style=\"width: 100%;\" src=\"https:\/\/stor51.tauroessiccatori.com\/wp-assets\/uploads\/2017\/04\/de_luxe_b6_posteriore.jpg\" alt=\"Tauro Biosec B6 professionella torkar i rostfritt st\u00e5l\" width=\"2048\" height=\"1266\" \/><\/p>\n<h3 style=\"margin-top: 20px; text-align: center;\">Biosec De Luxe B6<\/h3>\n<div class=\"p5\" style=\"width: 100%; padding-top: 10px; padding-bottom: 30px; text-align: center;\">Tunnel och 6 korgar<br \/>\n               rostfritt st\u00e5l\n            <\/div>\n<div>\n<p class=\"p4 ix-product-scopri ix-category-link\"><span>uppt\u00e4cka<\/span><\/p>\n<\/p><\/div>\n<\/p><\/div>\n<p>         <\/a>\n      <\/div>\n<div class=\"uk-width-1-1 uk-width-large-1-3\">\n         <a href=\"https:\/\/stor51.tauroessiccatori.com\/sv\/p\/biosec-de-luxe-b12\/\" class=\"ix-product-perche-essiccare\"><\/p>\n<div style=\"background-color: #f3f3f3; padding-bottom: 40px; border: solid 2px #f3f3f3;\">\n            <img loading=\"lazy\" decoding=\"async\" class=\"alignnone\" style=\"width: 100%;\" src=\"https:\/\/stor51.tauroessiccatori.com\/wp-assets\/uploads\/2017\/04\/de_luxe_b12_posteriore.jpg\" alt=\"Tauro professionella torktumlare kvalitet Biosec DeLuxe B12 kock st\u00e5l\" width=\"2048\" height=\"1266\" \/><\/p>\n<h3 style=\"margin-top: 20px; text-align: center;\">Biosec De Luxe B12<\/h3>\n<div class=\"p5\" style=\"width: 100%; padding-top: 10px; padding-bottom: 30px; text-align: center;\">Tunnel och 12 korgar<br \/>\n               rostfritt st\u00e5l\n            <\/div>\n<div>\n<p class=\"p4 ix-product-scopri ix-category-link\"><span>uppt\u00e4cka<\/span><\/p>\n<\/p><\/div>\n<\/p><\/div>\n<p>         <\/a>\n      <\/div>\n<\/p><\/div>\n<\/div>","protected":false},"excerpt":{"rendered":"<p>Metti un BIOSEC sotto l&#8217;Albero. SCOPRI QUI le promozioni di Natale! Gli sconti Black Friday sono qui! \u00a0 Clicca\u00a0per\u00a0non perderli \u2192 perch\u00e9 essiccare se sei uno chef Consistenze impreviste, contrasti inaspettati, colori intensi, sapori concentrati, esplosioni di gusto. E poi sfoglie, chips, decorazioni&#8230; Libera la creativit\u00e0 e distingui le tue proposte con la magia dell&#8217;essiccazione. [&hellip;]<\/p>","protected":false},"author":1,"featured_media":0,"parent":5794,"menu_order":0,"comment_status":"closed","ping_status":"closed","template":"","meta":{"footnotes":""},"tags":[],"class_list":["post-5801","page","type-page","status-publish","hentry"],"acf":[],"yoast_head":"<!-- This site is optimized with the Yoast SEO plugin v20.10 - https:\/\/yoast.com\/wordpress\/plugins\/seo\/ -->\n<title>Perch\u00e9 essiccare se sei uno chef? - Tauro Essiccatori<\/title>\n<meta name=\"description\" content=\"Consistenze impreviste, sapori inaspettati, colori intensi, qualit\u00e0 concentrata. Creativit\u00e0 ed essiccazione professionale per chef all&#039;avanguardia.\" \/>\n<meta name=\"robots\" content=\"noindex, follow, max-snippet:-1, max-image-preview:large, max-video-preview:-1\" \/>\n<meta property=\"og:locale\" content=\"sv_SE\" \/>\n<meta property=\"og:type\" content=\"article\" \/>\n<meta property=\"og:title\" content=\"Perch\u00e9 essiccare se sei uno chef? - Tauro Essiccatori\" \/>\n<meta property=\"og:description\" content=\"Consistenze impreviste, sapori inaspettati, colori intensi, qualit\u00e0 concentrata. Creativit\u00e0 ed essiccazione professionale per chef all&#039;avanguardia.\" \/>\n<meta property=\"og:url\" content=\"https:\/\/stor51.tauroessiccatori.com\/sv\/inspiration\/varfor-torkning\/kock\/\" \/>\n<meta property=\"og:site_name\" content=\"Tauro Essiccatori\" \/>\n<meta property=\"article:publisher\" content=\"https:\/\/www.facebook.com\/TauroEssiccatori\/\" \/>\n<meta property=\"article:modified_time\" content=\"2022-08-06T15:17:50+00:00\" \/>\n<meta property=\"og:image\" content=\"https:\/\/stor51.tauroessiccatori.com\/wp-assets\/uploads\/2019\/11\/Paolo-Dalicandro-Tauro-Essiccatori.jpg\" \/>\n<meta name=\"twitter:card\" content=\"summary_large_image\" \/>\n<meta name=\"twitter:label1\" content=\"Est. reading time\" \/>\n\t<meta name=\"twitter:data1\" content=\"2 minuter\" \/>\n<script type=\"application\/ld+json\" class=\"yoast-schema-graph\">{\"@context\":\"https:\/\/schema.org\",\"@graph\":[{\"@type\":\"WebPage\",\"@id\":\"https:\/\/stor51.tauroessiccatori.com\/ispirazioni\/perche-essiccare\/chef\/\",\"url\":\"https:\/\/stor51.tauroessiccatori.com\/ispirazioni\/perche-essiccare\/chef\/\",\"name\":\"Perch\u00e9 essiccare se sei uno chef? - Tauro Essiccatori\",\"isPartOf\":{\"@id\":\"https:\/\/stor51.tauroessiccatori.com\/#website\"},\"datePublished\":\"2019-11-02T09:19:08+00:00\",\"dateModified\":\"2022-08-06T15:17:50+00:00\",\"description\":\"Consistenze impreviste, sapori inaspettati, colori intensi, qualit\u00e0 concentrata. Creativit\u00e0 ed essiccazione professionale per chef all'avanguardia.\",\"breadcrumb\":{\"@id\":\"https:\/\/stor51.tauroessiccatori.com\/ispirazioni\/perche-essiccare\/chef\/#breadcrumb\"},\"inLanguage\":\"sv-SE\",\"potentialAction\":[{\"@type\":\"ReadAction\",\"target\":[\"https:\/\/stor51.tauroessiccatori.com\/ispirazioni\/perche-essiccare\/chef\/\"]}]},{\"@type\":\"BreadcrumbList\",\"@id\":\"https:\/\/stor51.tauroessiccatori.com\/ispirazioni\/perche-essiccare\/chef\/#breadcrumb\",\"itemListElement\":[{\"@type\":\"ListItem\",\"position\":1,\"name\":\"Home\",\"item\":\"https:\/\/stor51.tauroessiccatori.com\/\"},{\"@type\":\"ListItem\",\"position\":2,\"name\":\"Ispirazioni\",\"item\":\"https:\/\/stor51.tauroessiccatori.com\/ispirazioni\/\"},{\"@type\":\"ListItem\",\"position\":3,\"name\":\"Perch\u00e9 essiccare?\",\"item\":\"https:\/\/stor51.tauroessiccatori.com\/ispirazioni\/perche-essiccare\/\"},{\"@type\":\"ListItem\",\"position\":4,\"name\":\"Perch\u00e9 essiccare se sei uno chef?\"}]},{\"@type\":\"WebSite\",\"@id\":\"https:\/\/stor51.tauroessiccatori.com\/#website\",\"url\":\"https:\/\/stor51.tauroessiccatori.com\/\",\"name\":\"Tauro Essiccatori\",\"description\":\"Welcome to Tauro Essiccatori online shop\",\"publisher\":{\"@id\":\"https:\/\/stor51.tauroessiccatori.com\/#organization\"},\"potentialAction\":[{\"@type\":\"SearchAction\",\"target\":{\"@type\":\"EntryPoint\",\"urlTemplate\":\"https:\/\/stor51.tauroessiccatori.com\/?s={search_term_string}\"},\"query-input\":\"required name=search_term_string\"}],\"inLanguage\":\"sv-SE\"},{\"@type\":\"Organization\",\"@id\":\"https:\/\/stor51.tauroessiccatori.com\/#organization\",\"name\":\"Tauro Essiccatori\",\"url\":\"https:\/\/stor51.tauroessiccatori.com\/\",\"logo\":{\"@type\":\"ImageObject\",\"inLanguage\":\"sv-SE\",\"@id\":\"https:\/\/stor51.tauroessiccatori.com\/#\/schema\/logo\/image\/\",\"url\":\"https:\/\/www.tauroessiccatori.com\/wp-assets\/uploads\/2017\/07\/logo_tauro_500x109px.png\",\"contentUrl\":\"https:\/\/www.tauroessiccatori.com\/wp-assets\/uploads\/2017\/07\/logo_tauro_500x109px.png\",\"width\":500,\"height\":109,\"caption\":\"Tauro Essiccatori\"},\"image\":{\"@id\":\"https:\/\/stor51.tauroessiccatori.com\/#\/schema\/logo\/image\/\"},\"sameAs\":[\"https:\/\/www.facebook.com\/TauroEssiccatori\/\",\"https:\/\/www.instagram.com\/tauro_essiccatori\/\",\"https:\/\/it.linkedin.com\/company\/tauro-essiccatori\",\"https:\/\/www.youtube.com\/user\/tauroessiccatori\"]}]}<\/script>\n<!-- \/ Yoast SEO plugin. -->","yoast_head_json":{"title":"Perch\u00e9 essiccare se sei uno chef? - Tauro Essiccatori","description":"Consistenze impreviste, sapori inaspettati, colori intensi, qualit\u00e0 concentrata. Creativit\u00e0 ed essiccazione professionale per chef all'avanguardia.","robots":{"index":"noindex","follow":"follow","max-snippet":"max-snippet:-1","max-image-preview":"max-image-preview:large","max-video-preview":"max-video-preview:-1"},"og_locale":"sv_SE","og_type":"article","og_title":"Perch\u00e9 essiccare se sei uno chef? - Tauro Essiccatori","og_description":"Consistenze impreviste, sapori inaspettati, colori intensi, qualit\u00e0 concentrata. Creativit\u00e0 ed essiccazione professionale per chef all'avanguardia.","og_url":"https:\/\/stor51.tauroessiccatori.com\/sv\/inspiration\/varfor-torkning\/kock\/","og_site_name":"Tauro Essiccatori","article_publisher":"https:\/\/www.facebook.com\/TauroEssiccatori\/","article_modified_time":"2022-08-06T15:17:50+00:00","og_image":[{"url":"https:\/\/stor51.tauroessiccatori.com\/wp-assets\/uploads\/2019\/11\/Paolo-Dalicandro-Tauro-Essiccatori.jpg"}],"twitter_card":"summary_large_image","twitter_misc":{"Est. reading time":"2 minuter"},"schema":{"@context":"https:\/\/schema.org","@graph":[{"@type":"WebPage","@id":"https:\/\/stor51.tauroessiccatori.com\/ispirazioni\/perche-essiccare\/chef\/","url":"https:\/\/stor51.tauroessiccatori.com\/ispirazioni\/perche-essiccare\/chef\/","name":"Perch\u00e9 essiccare se sei uno chef? - Tauro Essiccatori","isPartOf":{"@id":"https:\/\/stor51.tauroessiccatori.com\/#website"},"datePublished":"2019-11-02T09:19:08+00:00","dateModified":"2022-08-06T15:17:50+00:00","description":"Consistenze impreviste, sapori inaspettati, colori intensi, qualit\u00e0 concentrata. Creativit\u00e0 ed essiccazione professionale per chef all'avanguardia.","breadcrumb":{"@id":"https:\/\/stor51.tauroessiccatori.com\/ispirazioni\/perche-essiccare\/chef\/#breadcrumb"},"inLanguage":"sv-SE","potentialAction":[{"@type":"ReadAction","target":["https:\/\/stor51.tauroessiccatori.com\/ispirazioni\/perche-essiccare\/chef\/"]}]},{"@type":"BreadcrumbList","@id":"https:\/\/stor51.tauroessiccatori.com\/ispirazioni\/perche-essiccare\/chef\/#breadcrumb","itemListElement":[{"@type":"ListItem","position":1,"name":"Home","item":"https:\/\/stor51.tauroessiccatori.com\/"},{"@type":"ListItem","position":2,"name":"Ispirazioni","item":"https:\/\/stor51.tauroessiccatori.com\/ispirazioni\/"},{"@type":"ListItem","position":3,"name":"Perch\u00e9 essiccare?","item":"https:\/\/stor51.tauroessiccatori.com\/ispirazioni\/perche-essiccare\/"},{"@type":"ListItem","position":4,"name":"Perch\u00e9 essiccare se sei uno chef?"}]},{"@type":"WebSite","@id":"https:\/\/stor51.tauroessiccatori.com\/#website","url":"https:\/\/stor51.tauroessiccatori.com\/","name":"Tauro Essiccatori","description":"Welcome to Tauro Essiccatori online shop","publisher":{"@id":"https:\/\/stor51.tauroessiccatori.com\/#organization"},"potentialAction":[{"@type":"SearchAction","target":{"@type":"EntryPoint","urlTemplate":"https:\/\/stor51.tauroessiccatori.com\/?s={search_term_string}"},"query-input":"required name=search_term_string"}],"inLanguage":"sv-SE"},{"@type":"Organization","@id":"https:\/\/stor51.tauroessiccatori.com\/#organization","name":"Tauro Essiccatori","url":"https:\/\/stor51.tauroessiccatori.com\/","logo":{"@type":"ImageObject","inLanguage":"sv-SE","@id":"https:\/\/stor51.tauroessiccatori.com\/#\/schema\/logo\/image\/","url":"https:\/\/www.tauroessiccatori.com\/wp-assets\/uploads\/2017\/07\/logo_tauro_500x109px.png","contentUrl":"https:\/\/www.tauroessiccatori.com\/wp-assets\/uploads\/2017\/07\/logo_tauro_500x109px.png","width":500,"height":109,"caption":"Tauro Essiccatori"},"image":{"@id":"https:\/\/stor51.tauroessiccatori.com\/#\/schema\/logo\/image\/"},"sameAs":["https:\/\/www.facebook.com\/TauroEssiccatori\/","https:\/\/www.instagram.com\/tauro_essiccatori\/","https:\/\/it.linkedin.com\/company\/tauro-essiccatori","https:\/\/www.youtube.com\/user\/tauroessiccatori"]}]}},"_links":{"self":[{"href":"https:\/\/stor51.tauroessiccatori.com\/sv\/wp-json\/wp\/v2\/pages\/5801"}],"collection":[{"href":"https:\/\/stor51.tauroessiccatori.com\/sv\/wp-json\/wp\/v2\/pages"}],"about":[{"href":"https:\/\/stor51.tauroessiccatori.com\/sv\/wp-json\/wp\/v2\/types\/page"}],"author":[{"embeddable":true,"href":"https:\/\/stor51.tauroessiccatori.com\/sv\/wp-json\/wp\/v2\/users\/1"}],"replies":[{"embeddable":true,"href":"https:\/\/stor51.tauroessiccatori.com\/sv\/wp-json\/wp\/v2\/comments?post=5801"}],"version-history":[{"count":43,"href":"https:\/\/stor51.tauroessiccatori.com\/sv\/wp-json\/wp\/v2\/pages\/5801\/revisions"}],"predecessor-version":[{"id":165061,"href":"https:\/\/stor51.tauroessiccatori.com\/sv\/wp-json\/wp\/v2\/pages\/5801\/revisions\/165061"}],"up":[{"embeddable":true,"href":"https:\/\/stor51.tauroessiccatori.com\/sv\/wp-json\/wp\/v2\/pages\/5794"}],"wp:attachment":[{"href":"https:\/\/stor51.tauroessiccatori.com\/sv\/wp-json\/wp\/v2\/media?parent=5801"}],"wp:term":[{"taxonomy":"post_tag","embeddable":true,"href":"https:\/\/stor51.tauroessiccatori.com\/sv\/wp-json\/wp\/v2\/tags?post=5801"}],"curies":[{"name":"wp","href":"https:\/\/api.w.org\/{rel}","templated":true}]}}