


{"id":5797,"date":"2019-11-02T10:13:30","date_gmt":"2019-11-02T09:13:30","guid":{"rendered":"https:\/\/www.tauroessiccatori.com\/?page_id=5797\/"},"modified":"2023-02-17T18:33:22","modified_gmt":"2023-02-17T17:33:22","slug":"lifestyle","status":"publish","type":"page","link":"https:\/\/stor51.tauroessiccatori.com\/ro\/inspiratii\/stil-de-viata\/","title":{"rendered":"Stil de via\u021b\u0103"},"content":{"rendered":"<div class=\"tauro-banners\"><div class=\"banner-00\" style=\"background-color: #852035\">\r\n<div class=\"ix-xmas-box-other\" style=\"font-size: 18px;padding: 7px 0;margin: 0 auto 0px auto\" align=\"center\"><b style=\"color: #fff;font-size: 18px\">Pune\u021bi un BIOSEC sub copac. <a style=\"color: #f8cc89;font-weight: bold;text-decoration: none;font-size: 18px\" href=\"https:\/\/www.tauroessiccatori.com\/christmas-2024\/\">DESCOPER\u0102 AICI<\/a> Promo\u021bii de Cr\u0103ciun!<\/b><\/div>\r\n<\/div><div class=\"banner-00\" style=\"background-color: #000\">\r\n<div class=\"ix-xmas-box-other\" style=\"font-size: 18px;padding: 7px 0;margin: 0 auto 0px auto\" align=\"center\"><b style=\"color: #fff\"> Reducerile de Black Friday sunt aici! \u00a0 <a style=\"color: #f77209;font-weight: bold;text-decoration: none\" href=\"https:\/\/www.tauroessiccatori.com\/black-friday-2024\/\"> Face\u021bi clic pentru a nu le pierde \u2192 <\/a>\r\n<\/b><\/div>\r\n<\/div><\/div><div class=\"ix-lifestyle-banner-1\">\n<div class=\"ix-home-d-background-lifestyle\">\n<div class=\"ix-home-d-background-top ix-lifestyle-1st-banner-top\">\n<div class=\"uk-grid uk-grid-collapse\">\n<div class=\"uk-width-large-2-5 uk-width-1-1\">\n<div>\n<div class=\"uk-grid uk-grid-collapse\">\n<div class=\"uk-width-1-1 uk-width-large-1-1\">\n<!-- 2022-08-03 italix: kevin: was: h2 --><\/p>\n<h1 class=\"ix-2nd-h2 ix-cosa-essiccare-1st-h2 ix-h1\" style=\"margin:0 !important; text-align:left !important;\">fiecare stil are o re\u021bet\u0103 proprie<\/h1>\n<\/div>\n<div class=\"uk-width-1-1 uk-width-large-1-1\">\n<p class=\"p1 ix-box-idee-cucina\">Sportiv\u0103? Crudist? P\u0103rinte? Pasionat de alimente s\u0103n\u0103toase? Oricare ar fi motivul pentru care dori\u021bi s\u0103 descoperi\u021bi lumea usc\u0103ciunii, aici ve\u021bi g\u0103si informa\u021bii, idei \u0219i experien\u021be de prim\u0103 m\u00e2n\u0103 de la cei care au \u00eencercat-o \u00eenaintea dumneavoastr\u0103!<\/p>\n<\/div>\n<\/div>\n<\/div>\n<\/div>\n<div class=\"uk-width-large-3-5 uk-width-1-1\">\n<table class=\"ix-table-no-border ix-cosa-essiccare-1st-table\">\n<tbody>\n<tr>\n<td><a class=\"ix-link-table\" href=\"#\" onclick=\"ix_scroll_to('mangiare-sano')\">alimenta\u021bie s\u0103n\u0103toas\u0103<\/a><\/td>\n<td><a class=\"ix-link-table\" href=\"#\" onclick=\"ix_scroll_to('sport-trekking')\">sport &amp; trekking<\/a><\/td>\n<\/tr>\n<tr>\n<td><a class=\"ix-link-table\" href=\"#\" onclick=\"ix_scroll_to('vegan')\">vegan<\/a><\/td>\n<td><a class=\"ix-link-table\" href=\"#\" onclick=\"ix_scroll_to('raw')\">brut<\/a><\/td>\n<\/tr>\n<tr>\n<td><a class=\"ix-link-table\" href=\"#\" onclick=\"ix_scroll_to('cibo-animali')\">hran\u0103 pentru animale de companie<\/a><\/td>\n<td><a class=\"ix-link-table\" href=\"#\" onclick=\"ix_scroll_to('baby-food')\">alimente pentru copii<\/a><\/td>\n<\/tr>\n<\/tbody>\n<\/table>\n<\/div>\n<\/div>\n<\/div>\n<\/div>\n<\/div>\n<p><a id=\"mangiare-sano\" name=\"mangiare-sano\"><\/a><\/p>\n<div class=\"ix-container-inner\">\n<h2 class=\"ix-home-d-h2-title\">alimenta\u021bie s\u0103n\u0103toas\u0103<\/h2>\n<div class=\"ix-max-box-medium\">\n<div class=\"uk-grid uk-grid-medium\">\n        <div class=\"uk-width-large-1-3\">\n            <a href=\"https:\/\/www.essiccare.com\/2019\/09\/19\/oggi-pappa-al-pomodoro-secco-e-bello-dentro\/\" target=\"_blank\" class=\"ix-recipes-a\">\n            <img decoding=\"async\"  style=\"width: 100%\" src=\"https:\/\/stor51.tauroessiccatori.com\/wp-assets\/uploads\/2019\/11\/21_pappa_ricetta.jpg\">\n            <div class=\"uk-grid\">\n                <div class=\"uk-width-4-5 uk-width-large-1-1\">\n                    <h3 class=\"ix-home-d-fruit-h3\">Ast\u0103zi pappa al pomodoro! Uscat este frumos (\u00een interior)!<\/h3>\n                    <div class=\"ix-home-d-fruit-underline\"><\/div>\n                    <div class=\"p2 ix-home-d-fruit-txt\">O sup\u0103 de ro\u0219ii mereu preg\u0103tit\u0103 \u00een dulap, chiar \u0219i atunci c\u00e2nd ro\u0219iile din sezon sunt o amintire \u00eendep\u0103rtat\u0103! S\u0103 o preg\u0103tim \u00een avans, datorit\u0103 utiliz\u0103rii produselor noastre Biosec...<\/div>\n                 <\/div>\n                 <div>\n                    <span class=\"ix-arrow-dx\">&gt;<\/span>\n                 <\/div>\n            <\/div>\n            <\/a>\n       <\/div>\n        <div class=\"uk-width-large-1-3\">\n            <a href=\"https:\/\/www.essiccare.com\/2017\/09\/13\/la-granola-superfood-per-pasti-veloci-ma-equilibrati\/\" target=\"_blank\" class=\"ix-recipes-a\">\n            <img decoding=\"async\"  style=\"width: 100%\" src=\"https:\/\/d3uc6ry8rbiyhd.cloudfront.net\/wp-assets\/uploads\/2019\/11\/22_granola_ricetta.jpg\">\n            <div class=\"uk-grid\">\n                <div class=\"uk-width-4-5 uk-width-large-1-1\">\n                    <h3 class=\"ix-home-d-fruit-h3\">Granola cu superalimente pentru mese rapide, dar echilibrate<\/h3>\n                    <div class=\"ix-home-d-fruit-underline\"><\/div>\n                    <div class=\"p2 ix-home-d-fruit-txt\">Cum s\u0103 prepari un superaliment de lung\u0103 durat\u0103 pe care s\u0103-l p\u0103strezi \u00een c\u0103mar\u0103 pentru vremuri de nevoie \u0219i nu numai. Granola energetic\u0103 este foarte practic\u0103 pentru a fi consumat\u0103 cu un iaurt \u0219i c\u00e2teva fructe, de exemplu...<\/div>\n                 <\/div>\n                 <div>\n                    <span class=\"ix-arrow-dx\">&gt;<\/span>\n                 <\/div>\n            <\/div>\n            <\/a>\n       <\/div>\n        <div class=\"uk-width-large-1-3\">\n            <a href=\"https:\/\/www.essiccare.com\/2017\/05\/17\/gallette-essiccate-amaranto-glutenfree\/\" target=\"_blank\" class=\"ix-recipes-a\">\n            <img decoding=\"async\"  style=\"width: 100%\" src=\"https:\/\/d3uc6ry8rbiyhd.cloudfront.net\/wp-assets\/uploads\/2019\/11\/23_gallette_ricetta.jpg\">\n            <div class=\"uk-grid\">\n                <div class=\"uk-width-4-5 uk-width-large-1-1\">\n                    <h3 class=\"ix-home-d-fruit-h3\">Pr\u0103jituri de amarant uscate, nutritive \u0219i f\u0103r\u0103 gluten<\/h3>\n                    <div class=\"ix-home-d-fruit-underline\"><\/div>\n                    <div class=\"p2 ix-home-d-fruit-txt\">Preg\u0103tim biscui\u021bi dulci, care sunt foarte versatili at\u00e2t pentru micul dejun, c\u00e2t \u0219i ca o gustare. \u00cen varianta s\u0103rat\u0103, cu legume sau condimente, pot \u00eenlocui p\u00e2inea sau biscui\u021bii \u00een alimenta\u021bia zilnic\u0103...<\/div>\n                 <\/div>\n                 <div>\n                    <span class=\"ix-arrow-dx\">&gt;<\/span>\n                 <\/div>\n            <\/div>\n            <\/a>\n       <\/div>\n<p><a id=\"vegan\" name=\"vegan\"><\/a><\/p>\n<\/div>\n<\/div>\n<\/div>\n<div class=\"ix-banner-color-verdura ix-banner-vegan-container\">\n<div class=\"ix-what-to-dry-vegan\">\n<div class=\"uk-grid uk-grid-medium\">\n<div class=\"uk-width-large-1-3\"><\/div>\n<div class=\"uk-width-large-2-3\">\n<h2 class=\"ix-verdure-h2\">vegan<\/h2>\n<div class=\"ix-what-to-dry-vegan-right-box\">\n<div class=\"uk-grid uk-grid-medium\">\n        <div class=\"uk-width-large-1-2 ix-verdura-small\">\n            <a href=\"https:\/\/www.essiccare.com\/2019\/05\/30\/formaggi-veg-fermentati-in-essiccatore\/\" target=\"_blank\" class=\"ix-recipes-a\">\n            <img decoding=\"async\"  style=\"width: 100%\" src=\"https:\/\/d3uc6ry8rbiyhd.cloudfront.net\/wp-assets\/uploads\/2019\/11\/24_formaggi_ricetta.jpg\">\n            <div class=\"uk-grid\">\n                <div class=\"uk-width-4-5 uk-width-large-1-1\">\n                    <h3 class=\"ix-home-d-fruit-h3\">Br\u00e2nz\u0103 vegetal\u0103 fermentat\u0103 \u00eentr-un desicator: frumoas\u0103 \u0219i delicioas\u0103!<\/h3>\n                    <div class=\"ix-home-d-fruit-underline\"><\/div>\n                    <div class=\"p2 ix-home-d-fruit-txt\" style=\"color:#4d4d4d; opacity:1;\">Br\u00e2nzeturi vegetale uscate pentru cei care au intoleran\u021b\u0103 la lapte, pentru cei care vor s\u0103 \u00eencerce un gust diferit, pentru cei care sunt mereu curio\u0219i s\u0103 descopere lucruri noi \u0219i descoper\u0103 \u0219i faptul c\u0103 sunt foarte u\u0219or de f\u0103cut!<\/div>\n                 <\/div>\n            <div class=\"uk-width-1-5 uk-width-large-1-1\">\n                 <span class=\"ix-arrow-dx\">&gt;<\/span>\n            <\/div>\n            <\/div>\n            <\/a>\n        <\/div>\n        <div class=\"uk-width-large-1-2 ix-verdura-small\">\n            <a href=\"https:\/\/www.essiccare.com\/2018\/06\/14\/magnesio-girandoline-banane-melassa-cannella\/\" target=\"_blank\" class=\"ix-recipes-a\">\n            <img decoding=\"async\"  style=\"width: 100%\" src=\"https:\/\/d3uc6ry8rbiyhd.cloudfront.net\/wp-assets\/uploads\/2019\/11\/25_girandoline_ricetta.jpg\">\n            <div class=\"uk-grid\">\n                <div class=\"uk-width-4-5 uk-width-large-1-1\">\n                    <h3 class=\"ix-home-d-fruit-h3\">Girandoles de banane uscate cu melas\u0103 \u0219i scor\u021bi\u0219oar\u0103<\/h3>\n                    <div class=\"ix-home-d-fruit-underline\"><\/div>\n                    <div class=\"p2 ix-home-d-fruit-txt\" style=\"color:#4d4d4d; opacity:1;\">Preg\u0103ti\u021bi aceste girande pentru micul dejun sau pentru o gustare la jum\u0103tatea dimine\u021bii, atunci c\u00e2nd organismul nostru are cea mai mare nevoie de energie care arde rapid. De asemenea, perfect \u00eenainte de un antrenament sportiv!<\/div>\n                 <\/div>\n            <div class=\"uk-width-1-5 uk-width-large-1-1\">\n                 <span class=\"ix-arrow-dx\">&gt;<\/span>\n            <\/div>\n            <\/div>\n            <\/a>\n        <\/div>\n<\/div>\n<\/div>\n<\/div>\n<p><a id=\"cibo-animali\" name=\"cibo-animali\"><\/a><\/p>\n<\/div>\n<\/div>\n<\/div>\n<div class=\"ix-container-inner ix-cosa-essiccare-container-no-margin\">\n<h2 class=\"ix-home-d-h2-title\">hran\u0103 pentru animale de companie<\/h2>\n<div class=\"ix-max-box-erbe-medium\">\n<div class=\"uk-grid uk-grid-medium\">\n        <div class=\"uk-width-large-1-3\">\n            <a href=\"https:\/\/www.essiccare.com\/2019\/02\/27\/i-fabbisogni-energetici-del-cane-e-del-gatto-nutriamo-la-loro-energia\/\" target=\"_blank\" class=\"ix-recipes-a\">\n            <img decoding=\"async\"  style=\"width: 100%\" src=\"https:\/\/d3uc6ry8rbiyhd.cloudfront.net\/wp-assets\/uploads\/2019\/11\/26_carne_ricetta.jpg\">\n            <div class=\"uk-grid\">\n                <div class=\"uk-width-4-5 uk-width-large-1-1\">\n                    <h3 class=\"ix-home-d-fruit-h3\">Carne uscat\u0103 pentru a hr\u0103ni nevoile energetice ale animalelor de companie!<\/h3>\n                    <div class=\"ix-home-d-fruit-underline\"><\/div>\n                    <div class=\"p2 ix-home-d-fruit-txt\">Ne p\u0103str\u0103m animalele de companie s\u0103n\u0103toase \u0219i avem grij\u0103 de alimenta\u021bia lor, preg\u0103tindu-le gust\u0103ri uscate pe care s\u0103 le ofere ca suplimente de energie sau mici recompense.<\/div>\n                 <\/div>\n                 <div>\n                    <span class=\"ix-arrow-dx\">&gt;<\/span>\n                 <\/div>\n            <\/div>\n            <\/a>\n       <\/div>\n        <div class=\"uk-width-large-1-3\">\n            <a href=\"https:\/\/www.essiccare.com\/2019\/04\/24\/gli-snack-per-cani-una-parte-della-dieta-da-non-sottovalutare\/\" target=\"_blank\" class=\"ix-recipes-a\">\n            <img decoding=\"async\"  style=\"width: 100%\" src=\"https:\/\/d3uc6ry8rbiyhd.cloudfront.net\/wp-assets\/uploads\/2019\/11\/27_snack_ricetta.jpg\">\n            <div class=\"uk-grid\">\n                <div class=\"uk-width-4-5 uk-width-large-1-1\">\n                    <h3 class=\"ix-home-d-fruit-h3\">Gust\u0103rile uscate pentru c\u00e2ini: o parte a dietei care trebuie apreciat\u0103!<\/h3>\n                    <div class=\"ix-home-d-fruit-underline\"><\/div>\n                    <div class=\"p2 ix-home-d-fruit-txt\">Odat\u0103 uscate, urechile \u0219i coaja de porc pot deveni gust\u0103ri gustoase care stimuleaz\u0103 instinctele naturale de mestecat ale c\u00e2inelui \u0219i promoveaz\u0103 o igien\u0103 oral\u0103 temeinic\u0103.<\/div>\n                 <\/div>\n                 <div>\n                    <span class=\"ix-arrow-dx\">&gt;<\/span>\n                 <\/div>\n            <\/div>\n            <\/a>\n       <\/div>\n        <div class=\"uk-width-large-1-3\">\n            <a href=\"https:\/\/www.essiccare.com\/2019\/06\/26\/sovrappeso-e-obesita-prevenire-e-meglio-che-curare\/\" target=\"_blank\" class=\"ix-recipes-a\">\n            <img decoding=\"async\"  style=\"width: 100%\" src=\"https:\/\/d3uc6ry8rbiyhd.cloudfront.net\/wp-assets\/uploads\/2019\/11\/28_pets_ricetta.jpg\">\n            <div class=\"uk-grid\">\n                <div class=\"uk-width-4-5 uk-width-large-1-1\">\n                    <h3 class=\"ix-home-d-fruit-h3\">Supraponderabilitatea la animalele noastre de companie: prevenirea este mai bun\u0103 dec\u00e2t vindecarea!<\/h3>\n                    <div class=\"ix-home-d-fruit-underline\"><\/div>\n                    <div class=\"p2 ix-home-d-fruit-txt\">\u0218ni\u021belele sunt legumele deosebit de populare printre prietenii no\u0219tri cu patru picioare \u0219i sunt, de asemenea, s\u0103race \u00een calorii! Odat\u0103 uscate, acestea pot deveni gust\u0103ri gustoase \u0219i s\u0103n\u0103toase pentru gust\u0103ri.<\/div>\n                 <\/div>\n                 <div>\n                    <span class=\"ix-arrow-dx\">&gt;<\/span>\n                 <\/div>\n            <\/div>\n            <\/a>\n       <\/div>\n<p><a id=\"sport-trekking\" name=\"sport-trekking\"><\/a><\/p>\n<\/div>\n<\/div>\n<\/div>\n<div style=\"background-color: #f3f3f3; margin: 70px 0;\">\n<div class=\"ix-what-to-dry-sport-trekking\">\n<div class=\"uk-grid uk-grid-medium\">\n<div class=\"uk-width-large-2-3\">\n<h2 class=\"ix-erbe-h2\">sport &amp; trekking<\/h2>\n<div class=\"ix-what-to-dry-sport-trekking-left\">\n<div class=\"uk-grid uk-grid-medium\">\n        <div class=\"uk-width-large-1-2 ix-verdura-small\">\n            <a href=\"https:\/\/www.essiccare.com\/2019\/07\/03\/barrette-energetiche-semi-essiccate-biosec\/\" target=\"_blank\" class=\"ix-recipes-a\">\n            <img decoding=\"async\"  style=\"width: 100%\" src=\"https:\/\/d3uc6ry8rbiyhd.cloudfront.net\/wp-assets\/uploads\/2019\/11\/29_barrette_ricetta.jpg\">\n            <div class=\"uk-grid\">\n                <div class=\"uk-width-4-5 uk-width-large-1-1\">\n                    <h3 class=\"ix-home-d-fruit-h3\">Batoane energetice din semin\u021be, uscate cu Biosec!<\/h3>\n                    <div class=\"ix-home-d-fruit-underline\"><\/div>\n                    <div class=\"p2 ix-home-d-fruit-txt\" style=\"color:#4d4d4d; opacity:1;\">Batoane energizante uscate, cu eliberare lent\u0103, pentru a ob\u021bine energie din gr\u0103simi \u0219i proteine \u0219i mai pu\u021bin din carbohidra\u021bi: o strategie excelent\u0103 pentru a v\u0103 men\u021bine un v\u00e2rf glicemic sc\u0103zut \u00een timpul antrenamentului.<\/div>\n                 <\/div>\n            <div class=\"uk-width-1-5 uk-width-large-1-1\">\n                 <span class=\"ix-arrow-dx\">&gt;<\/span>\n            <\/div>\n            <\/div>\n            <\/a>\n        <\/div>\n        <div class=\"uk-width-large-1-2 ix-verdura-small\">\n            <a href=\"https:\/\/www.essiccare.com\/2019\/06\/19\/primi-caldi-beviamoci-una-cotoletta-essiccata-e-bella-dentro\/\" target=\"_blank\" class=\"ix-recipes-a\">\n            <img decoding=\"async\"  style=\"width: 100%\" src=\"https:\/\/d3uc6ry8rbiyhd.cloudfront.net\/wp-assets\/uploads\/2019\/11\/30_beviamoci_ricetta.jpg\">\n            <div class=\"uk-grid\">\n                <div class=\"uk-width-4-5 uk-width-large-1-1\">\n                    <h3 class=\"ix-home-d-fruit-h3\">Paste fierbin\u021bi? S\u0103 avem \u00een\u0103untru un schnitzel frumos \u0219i uscat!<\/h3>\n                    <div class=\"ix-home-d-fruit-underline\"><\/div>\n                    <div class=\"p2 ix-home-d-fruit-txt\" style=\"color:#4d4d4d; opacity:1;\">Castrave\u021bi usca\u021bi, l\u0103m\u00e2ie \u0219i praf de ghimbir pentru a ob\u021bine o b\u0103utur\u0103 r\u0103coritoare, f\u0103r\u0103 zah\u0103r, care ne va potoli setea cu gust \u0219i originalitate! Pare o nebunie, dar se poate face! B\u0103ie\u021bii de la Bella Dentro ne explic\u0103 cum...<\/div>\n                 <\/div>\n            <div class=\"uk-width-1-5 uk-width-large-1-1\">\n                 <span class=\"ix-arrow-dx\">&gt;<\/span>\n            <\/div>\n            <\/div>\n            <\/a>\n        <\/div>\n<\/div>\n<\/div>\n<div class=\"uk-width-large-1-3\"><\/div>\n<p><a id=\"raw\" name=\"raw\"><\/a><\/p>\n<\/div>\n<\/div>\n<\/div>\n<\/div>\n<div class=\"ix-container-inner\">\n<h2 class=\"ix-home-d-h2-title\">brut<\/h2>\n<div class=\"ix-max-box-medium\">\n<div class=\"uk-grid uk-grid-medium\">\n        <div class=\"uk-width-large-1-3\">\n            <a href=\"https:\/\/www.essiccare.com\/2019\/01\/10\/cannoli-crudisti-essiccati-con-ricotta-di-frutta\/\" target=\"_blank\" class=\"ix-recipes-a\">\n            <img decoding=\"async\"  style=\"width: 100%\" src=\"https:\/\/d3uc6ry8rbiyhd.cloudfront.net\/wp-assets\/uploads\/2019\/11\/31_cannoli_ricetta.jpg\">\n            <div class=\"uk-grid\">\n                <div class=\"uk-width-4-5 uk-width-large-1-1\">\n                    <h3 class=\"ix-home-d-fruit-h3\">Cannoli crud uscate umplute cu br\u00e2nz\u0103 ricotta de fructe<\/h3>\n                    <div class=\"ix-home-d-fruit-underline\"><\/div>\n                    <div class=\"p2 ix-home-d-fruit-txt\">Dup\u0103 marile chefuri de Cr\u0103ciun, este de notorietate faptul c\u0103 se \u00eencearc\u0103 revenirea la o diet\u0103 ceva mai u\u0219oar\u0103 \u0219i mai atent\u0103 (\u00een a\u0219teptarea Carnavalului care nu va \u00eent\u00e2rzia s\u0103 vin\u0103...<\/div>\n                 <\/div>\n                 <div>\n                    <span class=\"ix-arrow-dx\">&gt;<\/span>\n                 <\/div>\n            <\/div>\n            <\/a>\n       <\/div>\n        <div class=\"uk-width-large-1-3\">\n            <a href=\"https:\/\/www.essiccare.com\/2019\/10\/03\/coloranti-naturali-in-polvere\/\" target=\"_blank\" class=\"ix-recipes-a\">\n            <img decoding=\"async\"  style=\"width: 100%\" src=\"https:\/\/d3uc6ry8rbiyhd.cloudfront.net\/wp-assets\/uploads\/2019\/11\/32_coloranti_ricetta.jpg\">\n            <div class=\"uk-grid\">\n                <div class=\"uk-width-4-5 uk-width-large-1-1\">\n                    <h3 class=\"ix-home-d-fruit-h3\">Coloran\u021bi naturali sub form\u0103 de pulbere: o not\u0103 de culoare \u0219i arom\u0103<\/h3>\n                    <div class=\"ix-home-d-fruit-underline\"><\/div>\n                    <div class=\"p2 ix-home-d-fruit-txt\">Cu Biosec, pulberile perfect colorate sunt preparate din fructe \u0219i mai ales din legume. Pigmen\u021bi \u00een aluaturi, supe etc., atunci c\u00e2nd sunt ad\u0103uga\u021bi sub form\u0103 de pulbere.<\/div>\n                 <\/div>\n                 <div>\n                    <span class=\"ix-arrow-dx\">&gt;<\/span>\n                 <\/div>\n            <\/div>\n            <\/a>\n       <\/div>\n        <div class=\"uk-width-large-1-3\">\n            <a href=\"https:\/\/www.essiccare.com\/2018\/07\/26\/burger-raw-essiccato-di-cipolle-e-peperoni-alle-erbe-mediterranee\/\" target=\"_blank\" class=\"ix-recipes-a\">\n            <img decoding=\"async\"  style=\"width: 100%\" src=\"https:\/\/d3uc6ry8rbiyhd.cloudfront.net\/wp-assets\/uploads\/2019\/11\/33_burger_ricetta.jpg\">\n            <div class=\"uk-grid\">\n                <div class=\"uk-width-4-5 uk-width-large-1-1\">\n                    <h3 class=\"ix-home-d-fruit-h3\">Burgeri cruzi usca\u021bi cu legume, cu ierburi mediteraneene!<\/h3>\n                    <div class=\"ix-home-d-fruit-underline\"><\/div>\n                    <div class=\"p2 ix-home-d-fruit-txt\">Iat\u0103 o re\u021bet\u0103 rapid\u0103, u\u0219oar\u0103 \u0219i salvatoare pentru cin\u0103, cu simple legume de gr\u0103din\u0103 tocate \u0219i ierburi proaspete! Ve\u021bi ob\u021bine burgeri care sunt comozi de p\u0103strat \u00een c\u0103mar\u0103 \u0219i pl\u0103cu\u021bi pentru tineri \u0219i b\u0103tr\u00e2ni.<\/div>\n                 <\/div>\n                 <div>\n                    <span class=\"ix-arrow-dx\">&gt;<\/span>\n                 <\/div>\n            <\/div>\n            <\/a>\n       <\/div>\n<p><a id=\"baby-food\" name=\"baby-food\"><\/a><\/p>\n<\/div>\n<\/div>\n<\/div>\n<div class=\"ix-banner-color-verdura\">\n<div class=\"ix-what-to-dry-baby-food\">\n<div class=\"uk-grid uk-grid-medium\">\n<div class=\"uk-width-large-1-3\"><\/div>\n<div class=\"uk-width-large-2-3\">\n<h2 class=\"ix-verdure-h2\">alimente pentru copii<\/h2>\n<div class=\"ix-what-to-dry-baby-food-right-box\">\n<div class=\"uk-grid uk-grid-medium\">\n        <div class=\"uk-width-large-1-2 ix-verdura-small\">\n            <a href=\"https:\/\/www.essiccare.com\/2019\/04\/18\/baby-food-essiccato-viaggio\/\" target=\"_blank\" class=\"ix-recipes-a\">\n            <img decoding=\"async\"  style=\"width: 100%\" src=\"https:\/\/d3uc6ry8rbiyhd.cloudfront.net\/wp-assets\/uploads\/2019\/11\/34_babyfood_ricetta.jpg\">\n            <div class=\"uk-grid\">\n                <div class=\"uk-width-4-5 uk-width-large-1-1\">\n                    <h3 class=\"ix-home-d-fruit-h3\">Alimente uscate pentru copii pentru c\u0103l\u0103torie<br \/>\n<\/h3>\n                    <div class=\"ix-home-d-fruit-underline\"><\/div>\n                    <div class=\"p2 ix-home-d-fruit-txt\" style=\"color:#4d4d4d; opacity:1;\">O re\u021bet\u0103 foarte u\u0219oar\u0103, care poate fi consumat\u0103 \u0219i \u00een afara casei! \u0218i vom avea grij\u0103 s\u0103 le d\u0103m copiilor no\u0219tri m\u00e2ncare s\u0103n\u0103toas\u0103, f\u0103cut\u0103 de noi, proasp\u0103t preparat\u0103, cu usc\u0103torul ca un mare aliat. Haide\u021bi s\u0103 afl\u0103m de ce...<br \/>\n<\/div>\n                 <\/div>\n            <div class=\"uk-width-1-5 uk-width-large-1-1\">\n                 <span class=\"ix-arrow-dx\">&gt;<\/span>\n            <\/div>\n            <\/div>\n            <\/a>\n        <\/div>\n        <div class=\"uk-width-large-1-2 ix-verdura-small\">\n            <a href=\"https:\/\/www.essiccare.com\/2012\/03\/22\/le-cioccomele\/\" target=\"_blank\" class=\"ix-recipes-a\">\n            <img decoding=\"async\"  style=\"width: 100%\" src=\"https:\/\/d3uc6ry8rbiyhd.cloudfront.net\/wp-assets\/uploads\/2019\/11\/35_cioccomele_ricetta.jpg\">\n            <div class=\"uk-grid\">\n                <div class=\"uk-width-4-5 uk-width-large-1-1\">\n                    <h3 class=\"ix-home-d-fruit-h3\">Ciocolat\u0103<br \/>\n<\/h3>\n                    <div class=\"ix-home-d-fruit-underline\"><\/div>\n                    <div class=\"p2 ix-home-d-fruit-txt\" style=\"color:#4d4d4d; opacity:1;\">O re\u021bet\u0103 istoric\u0103, u\u0219or de preparat \u0219i de ron\u021b\u0103it \u00een orice moment al zilei (sau al vie\u021bii, crede\u021bi-m\u0103!). Mere uscate \u00eenmuiate \u00een ciocolat\u0103 topit\u0103. Ce spune\u021bi? S\u0103 trecem la treab\u0103?<br \/>\n<\/div>\n                 <\/div>\n            <div class=\"uk-width-1-5 uk-width-large-1-1\">\n                 <span class=\"ix-arrow-dx\">&gt;<\/span>\n            <\/div>\n            <\/div>\n            <\/a>\n        <\/div>\n<\/div>\n<\/div>\n<\/div>\n<\/div>\n<\/div>\n<\/div>","protected":false},"excerpt":{"rendered":"<p>Metti un BIOSEC sotto l&#8217;Albero. SCOPRI QUI le promozioni di Natale! Gli sconti Black Friday sono qui! \u00a0 Clicca\u00a0per\u00a0non perderli \u2192 a ogni stile la sua ricetta Sportivo? Crudista? Genitore? Appassionato di alimentazione sana? Qualunque sia la ragione che ti ha fatto scoprire il mondo dell&#8217;essiccazione, qui troverai spunti, idee e l&#8217;esperienza diretta di chi [&hellip;]<\/p>","protected":false},"author":1,"featured_media":0,"parent":5792,"menu_order":0,"comment_status":"closed","ping_status":"closed","template":"","meta":{"footnotes":""},"tags":[],"class_list":["post-5797","page","type-page","status-publish","hentry"],"acf":[],"yoast_head":"<!-- This site is optimized with the Yoast SEO plugin v20.10 - https:\/\/yoast.com\/wordpress\/plugins\/seo\/ -->\n<title>Ricette, Ingredienti e Idee per l&#039;essiccazione - Tauro Essiccatori<\/title>\n<meta name=\"description\" content=\"Lifestyle: qualunque sia il tuo stile, scopri cosa essiccare: ricette, ingredienti, idee per tutti, dallo sport al crudismo, dalle prime pappe al per food.\" \/>\n<meta name=\"robots\" content=\"noindex, follow, max-snippet:-1, max-image-preview:large, max-video-preview:-1\" \/>\n<meta property=\"og:locale\" content=\"ro_RO\" \/>\n<meta property=\"og:type\" content=\"article\" \/>\n<meta property=\"og:title\" content=\"Ricette, Ingredienti e Idee per l&#039;essiccazione - Tauro Essiccatori\" \/>\n<meta property=\"og:description\" content=\"Lifestyle: qualunque sia il tuo stile, scopri cosa essiccare: ricette, ingredienti, idee per tutti, dallo sport al crudismo, dalle prime pappe al per food.\" \/>\n<meta property=\"og:url\" content=\"https:\/\/stor51.tauroessiccatori.com\/ro\/inspiratii\/stil-de-viata\/\" \/>\n<meta property=\"og:site_name\" content=\"Tauro Essiccatori\" \/>\n<meta property=\"article:publisher\" content=\"https:\/\/www.facebook.com\/TauroEssiccatori\/\" \/>\n<meta property=\"article:modified_time\" content=\"2023-02-17T17:33:22+00:00\" \/>\n<meta name=\"twitter:card\" content=\"summary_large_image\" \/>\n<meta name=\"twitter:label1\" content=\"Est. reading time\" \/>\n\t<meta name=\"twitter:data1\" content=\"5 minute\" \/>\n<script type=\"application\/ld+json\" class=\"yoast-schema-graph\">{\"@context\":\"https:\/\/schema.org\",\"@graph\":[{\"@type\":\"WebPage\",\"@id\":\"https:\/\/stor51.tauroessiccatori.com\/ispirazioni\/lifestyle\/\",\"url\":\"https:\/\/stor51.tauroessiccatori.com\/ispirazioni\/lifestyle\/\",\"name\":\"Ricette, Ingredienti e Idee per l'essiccazione - Tauro Essiccatori\",\"isPartOf\":{\"@id\":\"https:\/\/stor51.tauroessiccatori.com\/#website\"},\"datePublished\":\"2019-11-02T09:13:30+00:00\",\"dateModified\":\"2023-02-17T17:33:22+00:00\",\"description\":\"Lifestyle: qualunque sia il tuo stile, scopri cosa essiccare: ricette, ingredienti, idee per tutti, dallo sport al crudismo, dalle prime pappe al per food.\",\"breadcrumb\":{\"@id\":\"https:\/\/stor51.tauroessiccatori.com\/ispirazioni\/lifestyle\/#breadcrumb\"},\"inLanguage\":\"ro-RO\",\"potentialAction\":[{\"@type\":\"ReadAction\",\"target\":[\"https:\/\/stor51.tauroessiccatori.com\/ispirazioni\/lifestyle\/\"]}]},{\"@type\":\"BreadcrumbList\",\"@id\":\"https:\/\/stor51.tauroessiccatori.com\/ispirazioni\/lifestyle\/#breadcrumb\",\"itemListElement\":[{\"@type\":\"ListItem\",\"position\":1,\"name\":\"Home\",\"item\":\"https:\/\/stor51.tauroessiccatori.com\/\"},{\"@type\":\"ListItem\",\"position\":2,\"name\":\"Ispirazioni\",\"item\":\"https:\/\/stor51.tauroessiccatori.com\/ispirazioni\/\"},{\"@type\":\"ListItem\",\"position\":3,\"name\":\"Lifestyle\"}]},{\"@type\":\"WebSite\",\"@id\":\"https:\/\/stor51.tauroessiccatori.com\/#website\",\"url\":\"https:\/\/stor51.tauroessiccatori.com\/\",\"name\":\"Tauro Essiccatori\",\"description\":\"Welcome to Tauro Essiccatori online shop\",\"publisher\":{\"@id\":\"https:\/\/stor51.tauroessiccatori.com\/#organization\"},\"potentialAction\":[{\"@type\":\"SearchAction\",\"target\":{\"@type\":\"EntryPoint\",\"urlTemplate\":\"https:\/\/stor51.tauroessiccatori.com\/?s={search_term_string}\"},\"query-input\":\"required name=search_term_string\"}],\"inLanguage\":\"ro-RO\"},{\"@type\":\"Organization\",\"@id\":\"https:\/\/stor51.tauroessiccatori.com\/#organization\",\"name\":\"Tauro Essiccatori\",\"url\":\"https:\/\/stor51.tauroessiccatori.com\/\",\"logo\":{\"@type\":\"ImageObject\",\"inLanguage\":\"ro-RO\",\"@id\":\"https:\/\/stor51.tauroessiccatori.com\/#\/schema\/logo\/image\/\",\"url\":\"https:\/\/www.tauroessiccatori.com\/wp-assets\/uploads\/2017\/07\/logo_tauro_500x109px.png\",\"contentUrl\":\"https:\/\/www.tauroessiccatori.com\/wp-assets\/uploads\/2017\/07\/logo_tauro_500x109px.png\",\"width\":500,\"height\":109,\"caption\":\"Tauro Essiccatori\"},\"image\":{\"@id\":\"https:\/\/stor51.tauroessiccatori.com\/#\/schema\/logo\/image\/\"},\"sameAs\":[\"https:\/\/www.facebook.com\/TauroEssiccatori\/\",\"https:\/\/www.instagram.com\/tauro_essiccatori\/\",\"https:\/\/it.linkedin.com\/company\/tauro-essiccatori\",\"https:\/\/www.youtube.com\/user\/tauroessiccatori\"]}]}<\/script>\n<!-- \/ Yoast SEO plugin. -->","yoast_head_json":{"title":"Ricette, Ingredienti e Idee per l'essiccazione - Tauro Essiccatori","description":"Lifestyle: qualunque sia il tuo stile, scopri cosa essiccare: ricette, ingredienti, idee per tutti, dallo sport al crudismo, dalle prime pappe al per food.","robots":{"index":"noindex","follow":"follow","max-snippet":"max-snippet:-1","max-image-preview":"max-image-preview:large","max-video-preview":"max-video-preview:-1"},"og_locale":"ro_RO","og_type":"article","og_title":"Ricette, Ingredienti e Idee per l'essiccazione - Tauro Essiccatori","og_description":"Lifestyle: qualunque sia il tuo stile, scopri cosa essiccare: ricette, ingredienti, idee per tutti, dallo sport al crudismo, dalle prime pappe al per food.","og_url":"https:\/\/stor51.tauroessiccatori.com\/ro\/inspiratii\/stil-de-viata\/","og_site_name":"Tauro Essiccatori","article_publisher":"https:\/\/www.facebook.com\/TauroEssiccatori\/","article_modified_time":"2023-02-17T17:33:22+00:00","twitter_card":"summary_large_image","twitter_misc":{"Est. reading time":"5 minute"},"schema":{"@context":"https:\/\/schema.org","@graph":[{"@type":"WebPage","@id":"https:\/\/stor51.tauroessiccatori.com\/ispirazioni\/lifestyle\/","url":"https:\/\/stor51.tauroessiccatori.com\/ispirazioni\/lifestyle\/","name":"Ricette, Ingredienti e Idee per l'essiccazione - Tauro Essiccatori","isPartOf":{"@id":"https:\/\/stor51.tauroessiccatori.com\/#website"},"datePublished":"2019-11-02T09:13:30+00:00","dateModified":"2023-02-17T17:33:22+00:00","description":"Lifestyle: qualunque sia il tuo stile, scopri cosa essiccare: ricette, ingredienti, idee per tutti, dallo sport al crudismo, dalle prime pappe al per food.","breadcrumb":{"@id":"https:\/\/stor51.tauroessiccatori.com\/ispirazioni\/lifestyle\/#breadcrumb"},"inLanguage":"ro-RO","potentialAction":[{"@type":"ReadAction","target":["https:\/\/stor51.tauroessiccatori.com\/ispirazioni\/lifestyle\/"]}]},{"@type":"BreadcrumbList","@id":"https:\/\/stor51.tauroessiccatori.com\/ispirazioni\/lifestyle\/#breadcrumb","itemListElement":[{"@type":"ListItem","position":1,"name":"Home","item":"https:\/\/stor51.tauroessiccatori.com\/"},{"@type":"ListItem","position":2,"name":"Ispirazioni","item":"https:\/\/stor51.tauroessiccatori.com\/ispirazioni\/"},{"@type":"ListItem","position":3,"name":"Lifestyle"}]},{"@type":"WebSite","@id":"https:\/\/stor51.tauroessiccatori.com\/#website","url":"https:\/\/stor51.tauroessiccatori.com\/","name":"Tauro Essiccatori","description":"Welcome to Tauro Essiccatori online shop","publisher":{"@id":"https:\/\/stor51.tauroessiccatori.com\/#organization"},"potentialAction":[{"@type":"SearchAction","target":{"@type":"EntryPoint","urlTemplate":"https:\/\/stor51.tauroessiccatori.com\/?s={search_term_string}"},"query-input":"required name=search_term_string"}],"inLanguage":"ro-RO"},{"@type":"Organization","@id":"https:\/\/stor51.tauroessiccatori.com\/#organization","name":"Tauro Essiccatori","url":"https:\/\/stor51.tauroessiccatori.com\/","logo":{"@type":"ImageObject","inLanguage":"ro-RO","@id":"https:\/\/stor51.tauroessiccatori.com\/#\/schema\/logo\/image\/","url":"https:\/\/www.tauroessiccatori.com\/wp-assets\/uploads\/2017\/07\/logo_tauro_500x109px.png","contentUrl":"https:\/\/www.tauroessiccatori.com\/wp-assets\/uploads\/2017\/07\/logo_tauro_500x109px.png","width":500,"height":109,"caption":"Tauro Essiccatori"},"image":{"@id":"https:\/\/stor51.tauroessiccatori.com\/#\/schema\/logo\/image\/"},"sameAs":["https:\/\/www.facebook.com\/TauroEssiccatori\/","https:\/\/www.instagram.com\/tauro_essiccatori\/","https:\/\/it.linkedin.com\/company\/tauro-essiccatori","https:\/\/www.youtube.com\/user\/tauroessiccatori"]}]}},"_links":{"self":[{"href":"https:\/\/stor51.tauroessiccatori.com\/ro\/wp-json\/wp\/v2\/pages\/5797"}],"collection":[{"href":"https:\/\/stor51.tauroessiccatori.com\/ro\/wp-json\/wp\/v2\/pages"}],"about":[{"href":"https:\/\/stor51.tauroessiccatori.com\/ro\/wp-json\/wp\/v2\/types\/page"}],"author":[{"embeddable":true,"href":"https:\/\/stor51.tauroessiccatori.com\/ro\/wp-json\/wp\/v2\/users\/1"}],"replies":[{"embeddable":true,"href":"https:\/\/stor51.tauroessiccatori.com\/ro\/wp-json\/wp\/v2\/comments?post=5797"}],"version-history":[{"count":70,"href":"https:\/\/stor51.tauroessiccatori.com\/ro\/wp-json\/wp\/v2\/pages\/5797\/revisions"}],"predecessor-version":[{"id":167427,"href":"https:\/\/stor51.tauroessiccatori.com\/ro\/wp-json\/wp\/v2\/pages\/5797\/revisions\/167427"}],"up":[{"embeddable":true,"href":"https:\/\/stor51.tauroessiccatori.com\/ro\/wp-json\/wp\/v2\/pages\/5792"}],"wp:attachment":[{"href":"https:\/\/stor51.tauroessiccatori.com\/ro\/wp-json\/wp\/v2\/media?parent=5797"}],"wp:term":[{"taxonomy":"post_tag","embeddable":true,"href":"https:\/\/stor51.tauroessiccatori.com\/ro\/wp-json\/wp\/v2\/tags?post=5797"}],"curies":[{"name":"wp","href":"https:\/\/api.w.org\/{rel}","templated":true}]}}