


{"id":5895,"date":"2019-11-06T18:44:45","date_gmt":"2019-11-06T17:44:45","guid":{"rendered":"https:\/\/www.tauroessiccatori.com\/?page_id=5895\/"},"modified":"2022-08-06T17:34:28","modified_gmt":"2022-08-06T15:34:28","slug":"privacy-policy","status":"publish","type":"page","link":"https:\/\/stor51.tauroessiccatori.com\/hu\/adatvedelmi-politika\/","title":{"rendered":"adatv\u00e9delmi politika"},"content":{"rendered":"<div class=\"tauro-banners\"><div class=\"banner-00\" style=\"background-color: #852035\">\r\n<div class=\"ix-xmas-box-other\" style=\"font-size: 18px;padding: 7px 0;margin: 0 auto 0px auto\" align=\"center\"><b style=\"color: #fff;font-size: 18px\">Helyezzen egy BIOSEC-et a fa al\u00e1. <a style=\"color: #f8cc89;font-weight: bold;text-decoration: none;font-size: 18px\" href=\"https:\/\/www.tauroessiccatori.com\/christmas-2024\/\">FEDEZZE MEG ITT<\/a> Kar\u00e1csonyi akci\u00f3k!<\/b><\/div>\r\n<\/div><div class=\"banner-00\" style=\"background-color: #000\">\r\n<div class=\"ix-xmas-box-other\" style=\"font-size: 18px;padding: 7px 0;margin: 0 auto 0px auto\" align=\"center\"><b style=\"color: #fff\"> Itt vannak a fekete p\u00e9nteki kedvezm\u00e9nyek! \u00a0 <a style=\"color: #f77209;font-weight: bold;text-decoration: none\" href=\"https:\/\/www.tauroessiccatori.com\/black-friday-2024\/\"> Kattints, hogy ne hagyd ki \u0151ket \u2192 <\/a>\r\n<\/b><\/div>\r\n<\/div><\/div><div class=\"ix-container-inner\">\n<div class=\"uk-grid uk-grid-medium\">\n<div class=\"uk-width-large-1-3\">\n           \n    <div class=\"ix-help-menu\">\n\n     <ul>\n       <li class=\"ix-help-menu-title\">\u00fcgyf\u00e9lszolg\u00e1lat<\/li>\n       <li class=\"ix-link-help-li\"><a class=\"ix-link-help ix-help-link-active\" href=\"https:\/\/www.tauroessiccatori.com\/servizio-clienti\/condizioni-di-vendita\">\u00e9rt\u00e9kes\u00edt\u00e9si felt\u00e9telek<\/a><\/li>\n       <li class=\"ix-link-help-li\"><a class=\"ix-link-help\" href=\"https:\/\/www.tauroessiccatori.com\/servizio-clienti\/consegna-e-reso\/\">sz\u00e1ll\u00edt\u00e1s \u00e9s visszak\u00fcld\u00e9s<\/a><\/li>\n       <li class=\"ix-link-help-li\"><a class=\"ix-link-help\" href=\"https:\/\/www.tauroessiccatori.com\/servizio-clienti\/estensione-di-garanzia\/\">garancia kiterjeszt\u00e9se<\/a><\/li>\n       <li class=\"ix-link-help-li\"><a class=\"ix-link-help\" href=\"https:\/\/www.tauroessiccatori.com\/servizio-clienti\/pagamento\/\">kifizet\u00e9sek<\/a><\/li>\n<!--       <li class=\"ix-link-help-li\"><a class=\"ix-link-help \" href=\"https:\/\/www.tauroessiccatori.com\/servizio-clienti\/mio-account\/#\">il mio account<\/a><\/li>-->\n     <\/ul>\n\n     <ul>\n       <li class=\"ix-help-menu-title\">hasznos linkek<\/li>\n       <li class=\"ix-link-useful-li\"><a class=\"ix-link-help-link-useful\" href=\"https:\/\/www.tauroessiccatori.com\/i-nostri-tutorial\/\">Tutorial<\/a><\/li>\n       <li class=\"ix-link-useful-li\"><a class=\"ix-link-help-link-useful\" href=\"https:\/\/www.tauroessiccatori.com\/servizio-clienti\/domande-frequenti\/\">Gyakran ism\u00e9telt k\u00e9rd\u00e9sek<\/a><\/li>\n     <\/ul>\n\n     <div class=\"ix-help-button-contact-us\">\n       <a class=\"ix-button-grey\" style=\"width:180px; line-height:40px;\" href=\"https:\/\/www.tauroessiccatori.com\/contatti\/\">kapcsolatfelv\u00e9tel<\/a>\n     <\/div>\n\n      <\/div>   \n    <\/div>\n<div class=\"uk-width-large-2-3\">\n<div class=\"ix-help-right-box\">\n<p><!-- 2022-08-03 italix: kevin: was:h2 add:ix-h1--><\/p>\n<h1 class=\"ix-help-h2 ix-h1\" style=\"text-align: left !important;\">adatv\u00e9delmi politika<\/h1>\n<div class=\"ix-help-p\">\n<h3>AZ \u00c1LTAL\u00c1NOS ADATV\u00c9DELMI RENDELET (2016\/679) 13-14. CIKKEI SZERINTI T\u00c1J\u00c9KOZTAT\u00c1S<\/h3>\n<p>A jelzett jogszab\u00e1lyokkal \u00f6sszhangban ez a feldolgoz\u00e1s a helyess\u00e9g, a jogszer\u0171s\u00e9g, az \u00e1tl\u00e1that\u00f3s\u00e1g, valamint az \u00d6n mag\u00e1n\u00e9let\u00e9nek \u00e9s jogainak v\u00e9delm\u00e9re vonatkoz\u00f3 elvek alapj\u00e1n t\u00f6rt\u00e9nik.<\/p>\n<p>A GDPR 2016\/679 13. cikke \u00e9rtelm\u00e9ben ez\u00e9rt az al\u00e1bbi inform\u00e1ci\u00f3kat ny\u00fajtjuk \u00d6nnek:<\/p>\n<p>&nbsp;<\/p>\n<p>A - A szem\u00e9lyes adatokat (n\u00e9v, vezet\u00e9kn\u00e9v, szem\u00e9lyazonos\u00edt\u00f3 okm\u00e1nyok adatai \u00e9s azok m\u00e1solata, telefonsz\u00e1m, e-mail c\u00edm stb.) a tags\u00e1g id\u0151pontj\u00e1ban kell megadni, a k\u00e9rt egyes\u00fclet t\u00edpus\u00e1t\u00f3l f\u00fcgg\u0151en.<\/p>\n<p>A TAURO ESSICCATORI SRL, mint az \u00d6n szem\u00e9lyes adatainak adatkezel\u0151je, t\u00e1j\u00e9koztatja \u00d6nt azok felhaszn\u00e1l\u00e1s\u00e1r\u00f3l \u00e9s az \u00d6n jogair\u00f3l, hogy sz\u00fcks\u00e9g eset\u00e9n tudatosan kifejezhesse hozz\u00e1j\u00e1rul\u00e1s\u00e1t, \u00e9s gyakorolhassa az \u00e1ltal\u00e1nos adatv\u00e9delmi rendelet (679\/2016 eur\u00f3pai rendelet, a tov\u00e1bbiakban: Rendelet) \u00e1ltal biztos\u00edtott jogait. Az \u00d6n szem\u00e9lyes adatait (amelyeket \u00d6n, harmadik f\u00e9l vagy - a t\u00f6rv\u00e9nyes keretek k\u00f6z\u00f6tt - nyilv\u00e1nos list\u00e1kb\u00f3l sz\u00e1rmaz\u00f3 adatok szolg\u00e1ltatnak nek\u00fcnk) a k\u00f6vetkez\u0151, kifejezetten meghat\u00e1rozott c\u00e9lokb\u00f3l kezelhetj\u00fck: 1) Szerz\u0151d\u00e9ses k\u00f6telezetts\u00e9g teljes\u00edt\u00e9se (\u00e1ruk \u00e9s szolg\u00e1ltat\u00e1sok \u00e9rt\u00e9kes\u00edt\u00e9se); 2) Jogi k\u00f6telezetts\u00e9gek \u00e9s el\u0151\u00edr\u00e1sok teljes\u00edt\u00e9se, bele\u00e9rtve az ad\u00f3\u00fcgyi jelleg\u0171 k\u00f6telezetts\u00e9geket (sz\u00e1ml\u00e1k, ad\u00f3bevall\u00e1sok, ad\u00f3fizet\u00e9sek), t\u00e1rsadalombiztos\u00edt\u00e1si (munkav\u00e1llal\u00f3k eg\u00e9szs\u00e9gv\u00e9delme, biztos\u00edt\u00e1si \u00e9s ad\u00f3k\u00f6telezetts\u00e9gek); 3) Szolg\u00e1ltat\u00e1sok vagy \u00e1ruk aj\u00e1nl\u00e1sa az \u00e9rintettnek (azaz harmadik f\u00e9llel val\u00f3 szerz\u0151d\u00e9sk\u00f6t\u00e9st megel\u0151z\u0151 tev\u00e9kenys\u00e9gek); 4) Profilalkot\u00e1s k\u00f6zvetlen vagy k\u00f6zvetett marketingtev\u00e9kenys\u00e9gek aj\u00e1nl\u00e1sa c\u00e9lj\u00e1b\u00f3l; 5) Rendszeres kereskedelmi, t\u00e1j\u00e9koztat\u00f3, oktat\u00e1si c\u00e9l\u00fa k\u00f6zlem\u00e9nyek, h\u00edrlevelek k\u00fcld\u00e9se c\u00e9lj\u00e1b\u00f3l.<\/p>\n<p>A feldolgoz\u00e1s jogalapj\u00e1t a k\u00f6vetkez\u0151k k\u00e9pezik: A jogi k\u00f6telezetts\u00e9g vagy rendelet, B az \u00e9rintettel k\u00f6t\u00f6tt szerz\u0151d\u00e9s vagy szerz\u0151d\u00e9s teljes\u00edt\u00e9se, C az adatkezel\u0151 vagy harmadik f\u00e9l jogos \u00e9rdeke, E az \u00e9rintett kifejezett hozz\u00e1j\u00e1rul\u00e1sa.<\/p>\n<p>Az al\u00e1bbiakban meghat\u00e1rozzuk a c\u00e9lt\u00edpusok jelent\u00e9s\u00e9t:<\/p>\n<ol>\n<li>jogszab\u00e1ly alapj\u00e1n: azaz a t\u00f6rv\u00e9nyben, rendeletben, az Eur\u00f3pai Uni\u00f3 jogszab\u00e1lyaiban, valamint a t\u00f6rv\u00e9ny \u00e1ltal felhatalmazott hat\u00f3s\u00e1gok vagy az illet\u00e9kes fel\u00fcgyeleti vagy ellen\u0151rz\u0151 szervek \u00e1ltal kiadott rendelkez\u00e9sekben meghat\u00e1rozott k\u00f6telezetts\u00e9gek teljes\u00edt\u00e9se \u00e9rdek\u00e9ben (ebben az esetben az \u00d6n hozz\u00e1j\u00e1rul\u00e1sa nem sz\u00fcks\u00e9ges, mivel az adatok feldolgoz\u00e1sa az ilyen k\u00f6telezetts\u00e9geknek\/rendelkez\u00e9seknek val\u00f3 megfelel\u00e9shez kapcsol\u00f3dik). A t\u00f6rv\u00e9ny \u00e1ltal feldolgozott adatok k\u00f6z\u00f6tt szerepelnek az ad\u00f3z\u00e1si szab\u00e1lyokkal vagy a p\u00e9nzmos\u00e1s elleni nyilv\u00e1ntart\u00e1sokkal kapcsolatos adatok.<\/li>\n<li>szerz\u0151d\u00e9ses \u00e9s \u00e1ltal\u00e1nosabban adminisztrat\u00edv-sz\u00e1mviteli c\u00e9lokra, azaz az \u00d6n \u00e1ltal k\u00f6t\u00f6tt szerz\u0151d\u00e9sekb\u0151l ered\u0151 k\u00f6telezetts\u00e9gek teljes\u00edt\u00e9s\u00e9re vagy a szerz\u0151d\u00e9s megk\u00f6t\u00e9s\u00e9t megel\u0151z\u0151en az \u00d6n konkr\u00e9t k\u00e9r\u00e9seinek teljes\u00edt\u00e9s\u00e9re, ak\u00e1r t\u00e1vk\u00f6zl\u00e9si technik\u00e1k seg\u00edts\u00e9g\u00e9vel, bele\u00e9rtve egy erre a c\u00e9lra l\u00e9trehozott telefonos h\u00edv\u00e1sk\u00f6zpontot is (ebben az esetben nincs sz\u00fcks\u00e9g az \u00d6n hozz\u00e1j\u00e1rul\u00e1s\u00e1ra, mivel az adatok feldolgoz\u00e1sa a kapcsolat kezel\u00e9s\u00e9hez vagy a k\u00e9r\u00e9sek teljes\u00edt\u00e9s\u00e9hez sz\u00fcks\u00e9ges). Az ilyen feldolgoz\u00e1s mag\u00e1ban foglalja a k\u00f6lcs\u00f6n\u00f6s \u00e9rdekek b\u00edr\u00f3s\u00e1gi \u00e9s ad\u00f3z\u00e1si c\u00e9l\u00fa v\u00e9delm\u00e9b\u0151l vagy m\u00e1s jogi k\u00f6telezetts\u00e9gekb\u0151l, p\u00e9ld\u00e1ul adott esetben a p\u00e9nzmos\u00e1s elleni nyilv\u00e1ntart\u00e1sok vezet\u00e9s\u00e9b\u0151l ered\u0151 c\u00e9lokat is.<\/li>\n<li>k\u00f6zvetlen kereskedelmi: olyan adatfeldolgoz\u00e1si tev\u00e9kenys\u00e9gek, amelyek c\u00e9lja az \u00d6n t\u00e1j\u00e9koztat\u00e1sa \u00e9s t\u00e1j\u00e9koztat\u00f3, kereskedelmi \u00e9s rekl\u00e1manyagok k\u00fcld\u00e9se (t\u00f6bbek k\u00f6z\u00f6tt t\u00e1vk\u00f6zl\u00e9si technik\u00e1k, p\u00e9ld\u00e1ul postai lev\u00e9l, telefonh\u00edv\u00e1s, t\u00f6bbek k\u00f6z\u00f6tt automatiz\u00e1lt h\u00edv\u00f3rendszerek, telefax, elektronikus lev\u00e9l, SMS- vagy MMS-\u00fczenetek vagy m\u00e1s m\u00f3don) a v\u00e1llalat term\u00e9keir\u0151l, szolg\u00e1ltat\u00e1sair\u00f3l vagy kezdem\u00e9nyez\u00e9seir\u0151l, ezek n\u00e9pszer\u0171s\u00edt\u00e9se, k\u00f6zvetlen \u00e9rt\u00e9kes\u00edt\u00e9si tev\u00e9kenys\u00e9gek v\u00e9grehajt\u00e1sa, piackutat\u00e1s, az \u00d6nnek k\u00edn\u00e1lt term\u00e9kek vagy szolg\u00e1ltat\u00e1sok min\u0151s\u00e9g\u00e9nek ellen\u0151rz\u00e9se (t\u00f6bbek k\u00f6z\u00f6tt telefonh\u00edv\u00e1sok vagy k\u00e9rd\u0151\u00edvek k\u00fcld\u00e9se \u00fatj\u00e1n). Az ilyen adatok feldolgoz\u00e1sa az \u00d6n \u00f6nk\u00e9ntes hozz\u00e1j\u00e1rul\u00e1s\u00e1val vagy a v\u00e1llalat jogos \u00e9rdeke alapj\u00e1n t\u00f6rt\u00e9nhet, amennyiben \u00fagy \u00edt\u00e9lik meg \u00e9s \u00e9rt\u00e9kelik, hogy az nem ellent\u00e9tes az \u00d6n jogaival.<\/li>\n<li>Profilalkot\u00e1s: olyan adatfeldolgoz\u00e1si tev\u00e9kenys\u00e9gek, amelyek c\u00e9lja a kereskedelmi aj\u00e1nlat optimaliz\u00e1l\u00e1sa (c\u00e9lzott \u00e9s szelekt\u00edv elemz\u00e9sek r\u00e9v\u00e9n is), c\u00e9lzott kereskedelmi kommunik\u00e1ci\u00f3 v\u00e9grehajt\u00e1sa, statisztikai kutat\u00e1sok elv\u00e9gz\u00e9se, egy vagy t\u00f6bb profil alkalmaz\u00e1sa \u00d6nre (megfelel\u0151 kereskedelmi d\u00f6nt\u00e9sek meghozatala, illetve az \u00d6n szem\u00e9lyes preferenci\u00e1inak, viselked\u00e9s\u00e9nek \u00e9s attit\u0171djeinek - szint\u00e9n kereskedelmi c\u00e9l\u00fa - elemz\u00e9se vagy el\u0151rejelz\u00e9se \u00e9rdek\u00e9ben). (Ebben az esetben az \u00d6n hozz\u00e1j\u00e1rul\u00e1sa nem k\u00f6telez\u0151, \u00e9s nem \u00e9rinti a v\u00e1llalattal val\u00f3 kapcsolattart\u00e1st).<\/li>\n<li>k\u00f6zvetett kereskedelmi: azaz az \u00d6n adatainak harmadik f\u00e9llel val\u00f3 k\u00f6zl\u00e9se, hogy azok a fenti 3. pontban eml\u00edtettek szerint saj\u00e1t \u00f6n\u00e1ll\u00f3 kereskedelmi tev\u00e9kenys\u00e9get folytassanak (ebben az esetben az \u00d6n hozz\u00e1j\u00e1rul\u00e1sa nem k\u00f6telez\u0151, \u00e9s nem s\u00e9rti a v\u00e1llalattal val\u00f3 kapcsolat fenntart\u00e1s\u00e1t).<\/li>\n<li>ut\u00f3lagos: azaz a T\u00e1rsas\u00e1ggal val\u00f3 kapcsolat megsz\u0171n\u00e9s\u00e9t vagy visszavon\u00e1s\u00e1t k\u00f6vet\u0151en a kapcsolat megszakad\u00e1s\u00e1nak okainak kivizsg\u00e1l\u00e1sa \u00e9rdek\u00e9ben. (Ebben az esetben az \u00d6n hozz\u00e1j\u00e1rul\u00e1sa nem k\u00f6telez\u0151, \u00e9s nem s\u00e9rti a v\u00e1llalattal val\u00f3 kapcsolat fenntart\u00e1s\u00e1t.)<\/li>\n<\/ol>\n<p>Az adatok k\u00fcl\u00f6nleges esetei:<\/p>\n<ol>\n<li>K\u00fcl\u00f6nleges\" vagy \"\u00e9rz\u00e9keny\" adatok, azaz a faji vagy etnikai sz\u00e1rmaz\u00e1sra, politikai v\u00e9lem\u00e9nyre, vall\u00e1si vagy vil\u00e1gn\u00e9zeti meggy\u0151z\u0151d\u00e9sre vagy szakszervezeti tags\u00e1gra utal\u00f3 szem\u00e9lyes adatok, genetikai adatok, a term\u00e9szetes szem\u00e9ly egyedi azonos\u00edt\u00e1s\u00e1ra szolg\u00e1l\u00f3 biometrikus adatok, az egy\u00e9n eg\u00e9szs\u00e9g\u00e9re, szexu\u00e1lis \u00e9let\u00e9re vagy szexu\u00e1lis ir\u00e1nyults\u00e1g\u00e1ra vonatkoz\u00f3 adatok (a rendelet 9. cikke), illetve a b\u00fcntet\u0151\u00edt\u00e9letekre \u00e9s b\u0171ncselekm\u00e9nyekre vagy a kapcsol\u00f3d\u00f3 biztons\u00e1gi int\u00e9zked\u00e9sekre vonatkoz\u00f3 adatok (a rendelet 10. cikke). Az ilyen adatok csak az \u00d6n kifejezett \u00edr\u00e1sbeli hozz\u00e1j\u00e1rul\u00e1s\u00e1val dolgozhat\u00f3k fel, ha a rendelet 9. cikk\u00e9nek (2) bekezd\u00e9s\u00e9ben \u00e9s 10. cikk\u00e9ben eml\u00edtett okok valamelyike fenn\u00e1ll. A hozz\u00e1j\u00e1rul\u00e1s ingyenes \u00e9s v\u00e1laszthat\u00f3, de a hozz\u00e1j\u00e1rul\u00e1s megtagad\u00e1sa vesz\u00e9lyeztetheti egy vagy t\u00f6bb olyan, az \u00d6n \u00e1ltal a t\u00e1rsas\u00e1gt\u00f3l k\u00e9rt tev\u00e9kenys\u00e9g elv\u00e9gz\u00e9s\u00e9t, amely kifejezetten olyan t\u00e9nyekre vonatkozik, amelyekhez elengedhetetlen az ilyen t\u00edpus\u00fa adatok feldolgoz\u00e1sa.<\/li>\n<li>Az \u00d6n adatainak feldolgoz\u00e1s\u00e1hoz val\u00f3 hozz\u00e1j\u00e1rul\u00e1s k\u00f6telez\u0151 \u00e9rv\u00e9ny\u0171 lehet az Adatkezel\u0151vel vagy harmadik felekkel val\u00f3 szerz\u0151d\u00e9sk\u00f6t\u00e9s c\u00e9lj\u00e1b\u00f3l. Csak azok az adatok lehetnek k\u00f6telez\u0151ek a szerz\u0151d\u00e9s megk\u00f6t\u00e9s\u00e9hez, amelyek feldolgoz\u00e1sa elengedhetetlen\u00fcl sz\u00fcks\u00e9ges a szerz\u0151d\u00e9s megk\u00f6t\u00e9s\u00e9hez, m\u00edg a nem elengedhetetlen\u00fcl sz\u00fcks\u00e9ges adatokhoz, k\u00fcl\u00f6n\u00f6sen profilalkot\u00e1s, kereskedelmi kommunik\u00e1ci\u00f3, marketing c\u00e9lj\u00e1b\u00f3l \u00d6n szabadon adhat vagy megtagadhat hozz\u00e1j\u00e1rul\u00e1st.<\/li>\n<li>az \u00d6n adatai az Adatkezel\u0151 \u00e1ltal meghat\u00e1rozott c\u00e9lb\u00f3l harmadik f\u00e9lnek tov\u00e1bb\u00edthat\u00f3k. K\u00fcl\u00f6n\u00f6sen a megfelel\u0151s\u00e9g meg\u00e1llap\u00edt\u00e1s\u00e1t\u00f3l, vagy ennek hi\u00e1ny\u00e1ban az \u00d6n kifejezett hozz\u00e1j\u00e1rul\u00e1s\u00e1t\u00f3l f\u00fcgg\u0151en tov\u00e1bb\u00edthat\u00f3k harmadik orsz\u00e1gokba.<\/li>\n<\/ol>\n<p>&nbsp;<\/p>\n<p>B - ADATFELDOLGOZ\u00c1SI M\u00d3DSZEREK.<\/p>\n<p>Az \u00d6n adatainak feldolgoz\u00e1sa k\u00e9zi\/pap\u00edralap\u00fa iktat\u00f3eszk\u00f6z\u00f6kkel, valamint elektronikus \u00e9s automatiz\u00e1lt eszk\u00f6z\u00f6kkel t\u00f6rt\u00e9nik, szigor\u00faan a fent eml\u00edtett c\u00e9lokhoz kapcsol\u00f3d\u00f3 m\u00f3don. Amennyiben \u00d6n beleegyez\u00e9s\u00e9t adta, az adatkezel\u00e9s profilalkot\u00e1s vagy adat\u00f6sszehasonl\u00edt\u00e1s \u00fatj\u00e1n is t\u00f6rt\u00e9nhet. A T\u00e1rsas\u00e1g olyan technikai \u00e9s szervez\u00e9si int\u00e9zked\u00e9seket fogadott el, amelyek c\u00e9lja az \u00d6n adatainak elveszt\u00e9se, s\u00e9r\u00fcl\u00e9se vagy eltulajdon\u00edt\u00e1sa kock\u00e1zat\u00e1nak megel\u0151z\u00e9se \u00e9s korl\u00e1toz\u00e1sa, valamint annak biztos\u00edt\u00e1sa, hogy az adatok s\u00e9r\u00fcl\u00e9se eset\u00e9n \u00e9sszer\u0171 id\u0151n bel\u00fcl helyre\u00e1ll\u00edts\u00e1k azokat.<\/p>\n<p>A feldolgoz\u00e1st \u00fagy v\u00e9gezz\u00fck, hogy garant\u00e1ljuk az \u00d6n adatainak biztons\u00e1g\u00e1t, v\u00e9delm\u00e9t \u00e9s bizalmas jelleg\u00e9t.<\/p>\n<p>A v\u00e1llalaton bel\u00fcl az \u00d6n szem\u00e9lyes adatai az adatkezel\u0151 vagy az adatfeldolgoz\u00f3 tudom\u00e1s\u00e1ra juthatnak:<\/p>\n<ul>\n<li>a t\u00e1rsas\u00e1g azon alkalmazottai, vezet\u0151i, igazgat\u00f3i vagy partnerei, akik a t\u00f6rv\u00e9ny vagy a t\u00e1rsas\u00e1gi szab\u00e1lyzat \u00e9rtelm\u00e9ben adminisztrat\u00edv, egy\u00fcttm\u0171k\u00f6d\u00e9si vagy kereskedelmi feladatokat l\u00e1tnak el vagy l\u00e1tnak el, amelyek a t\u00e1rsas\u00e1gi strukt\u00far\u00e1n bel\u00fcl m\u0171k\u00f6d\u0151 \u00f6n\u00e1ll\u00f3 v\u00e1llalkoz\u00f3i szerz\u0151d\u00e9s hat\u00e1lya al\u00e1 tartoznak. Az ilyen szem\u00e9lyzetet a T\u00e1rsas\u00e1g megfelel\u0151 k\u00e9pz\u00e9sben \u00e9s utas\u00edt\u00e1sokban r\u00e9szes\u00edtette az \u00d6n adatainak t\u00e1rol\u00e1sa, karbantart\u00e1sa, friss\u00edt\u00e9se, biztons\u00e1ga \u00e9s bizalmas kezel\u00e9se \u00e9rdek\u00e9ben. Az ilyen szem\u00e9lyzet \u00e1ltali feldolgoz\u00e1shoz nem sz\u00fcks\u00e9ges hozz\u00e1j\u00e1rul\u00e1s, mivel az a t\u00f6rv\u00e9ny \u00e1ltal el\u0151\u00edrt sz\u00fcks\u00e9ges m\u00f3dozatok velej\u00e1r\u00f3ja.<\/li>\n<li>A v\u00e1llalaton k\u00edv\u00fcl az \u00d6n adatait a k\u00f6vetkez\u0151k kezelhetik:<\/li>\n<li>a v\u00e1llalat l\u00e9tes\u00edtm\u00e9nyein k\u00edv\u00fcl m\u0171k\u00f6d\u0151, nem alkalmazotti munkaszerz\u0151d\u00e9sek alapj\u00e1n dolgoz\u00f3 munkat\u00e1rsak<\/li>\n<li>a v\u00e1llalat l\u00e9tes\u00edtm\u00e9nyein k\u00edv\u00fcl m\u0171k\u00f6d\u0151, nem alkalmazotti munkaszerz\u0151d\u00e9ssel foglalkoztatott kereskedelmi alkalmazottak<\/li>\n<li>mindenf\u00e9le tan\u00e1csad\u00f3 (\u00fcgyv\u00e9dek, k\u00f6nyvvizsg\u00e1l\u00f3k, m\u00e9rn\u00f6k\u00f6k, \u00e9p\u00edt\u00e9szek, munka\u00fcgyi tan\u00e1csad\u00f3k vagy m\u00e1s, a szakmai nyilv\u00e1ntart\u00e1sba bejegyzett vagy be nem jegyzett szakemberek), akik a v\u00e1llalat nev\u00e9ben m\u0171szaki, t\u00e1mogat\u00f3 (k\u00fcl\u00f6n\u00f6sen: jogi szolg\u00e1ltat\u00e1sok, informatikai szolg\u00e1ltat\u00e1sok, sz\u00e1ll\u00edt\u00e1s) \u00e9s \u00fczleti ellen\u0151rz\u00e9si feladatokat l\u00e1tnak el.<\/li>\n<li>A fenti c\u00e9lok el\u00e9r\u00e9se \u00e9rdek\u00e9ben a t\u00e1rsas\u00e1g k\u00f6z\u00f6lheti vagy m\u00e1s m\u00f3don tov\u00e1bb\u00edthatja a k\u00f6vetkez\u0151ket<\/li>\n<li>az \u00d6n adatai bizonyos alanyoknak, bele\u00e9rtve a k\u00fclf\u00f6ldi alanyokat is, akik a kapott adatokat \u00f6n\u00e1ll\u00f3 t\u00e1rsfelel\u0151sk\u00e9nt haszn\u00e1lj\u00e1k fel, kiv\u00e9ve, ha a v\u00e1llalat a saj\u00e1t hat\u00e1sk\u00f6r\u00fckben a feldolgoz\u00e1s\u00e9rt \"felel\u0151s szem\u00e9lyk\u00e9nt\" jel\u00f6lte ki \u0151ket. \u00d6nnek joga van ahhoz, hogy k\u00e9rje \u00e9s megkapja azon harmadik felek list\u00e1j\u00e1t, akiknek ilyen adatokat tov\u00e1bb\u00edtanak.<\/li>\n<li>K\u00f6zint\u00e9zm\u00e9nyek vagy k\u00f6zigazgat\u00e1si szervek a jogi k\u00f6telezetts\u00e9gek teljes\u00edt\u00e9se \u00e9rdek\u00e9ben<\/li>\n<\/ul>\n<p>Lehets\u00e9ges, hogy az adatkezel\u0151 az \u00d6n adatainak feldolgoz\u00e1s\u00e1t m\u00e1s alfeldolgoz\u00f3kra b\u00edzza, akik viszont utas\u00edt\u00e1st kapnak az adatok helyes feldolgoz\u00e1s\u00e1ra.<\/p>\n<p>Mivel az \u00d6n \u00e1ltal megadott adatok tartalmazhatnak \u00fagynevezett \"k\u00fcl\u00f6nleges\" adatokat, amelyeket az eur\u00f3pai rendelet 9. cikke \u00e9rtelm\u00e9ben \"\u00e9rz\u00e9keny\" adatoknak is neveznek, azaz faji sz\u00e1rmaz\u00e1sra, eg\u00e9szs\u00e9gi \u00e1llapotra, szexu\u00e1lis ir\u00e1nyults\u00e1gra vagy szok\u00e1sokra, politikai, szakszervezeti, vall\u00e1si vagy vil\u00e1gn\u00e9zeti meggy\u0151z\u0151d\u00e9sre, illetve b\u00fcntet\u0151\u00edt\u00e9letre vonatkoz\u00f3 adatokat (a rendelet 10. cikke), az adatkezel\u00e9sre az \u00d6n el\u0151zetes \u00edr\u00e1sbeli hozz\u00e1j\u00e1rul\u00e1s\u00e1val \u00e9s az ezen adatkezel\u00e9si \u0171rlapon megjel\u00f6lt c\u00e9lokb\u00f3l ker\u00fclhet sor, kiv\u00e9ve a rendelet \u00e1ltal jogszer\u0171nek min\u0151s\u00edtett adatkezel\u00e9s eseteit.<\/p>\n<p>Az \u00d6n adatai profilalkot\u00e1s t\u00e1rgy\u00e1t k\u00e9pezhetik, azaz az \u00d6nre vonatkoz\u00f3 adatok gy\u0171jt\u00e9se \u00e9s \u00f6sszes\u00edt\u00e9se a megfelel\u0151 \u00fczleti d\u00f6nt\u00e9sek meghozatala, illetve az \u00d6n szem\u00e9lyes preferenci\u00e1inak, viselked\u00e9s\u00e9nek \u00e9s attit\u0171djeinek elemz\u00e9se vagy el\u0151rejelz\u00e9se \u00e9rdek\u00e9ben. A profilalkot\u00e1s a) az \u00d6n hozz\u00e1j\u00e1rul\u00e1s\u00e1val, b) v\u00e1llalatunk jogos \u00e9rdeke alapj\u00e1n t\u00f6rt\u00e9nhet. A profilalkot\u00e1si c\u00e9l\u00fa hozz\u00e1j\u00e1rul\u00e1s megad\u00e1s\u00e1nak elmulaszt\u00e1sa \u00e1ltal\u00e1ban nem befoly\u00e1solja annak a kapcsolatnak a zavartalan fejl\u0151d\u00e9s\u00e9t, amelynek keret\u00e9ben az \u00d6n adatait feldolgozz\u00e1k. A profilalkot\u00e1si tev\u00e9kenys\u00e9gek elv\u00e9gz\u00e9se vesz\u00e9lyeztetheti az \u00d6n jogait \u00e9s lehet\u0151s\u00e9geit v\u00e1llalatunk aj\u00e1nlatai tekintet\u00e9ben.<\/p>\n<p>Az \u00d6n adatai k\u00fclf\u00f6ldi orsz\u00e1gba ker\u00fclhetnek. Ha ez az Eur\u00f3pai Uni\u00f3n bel\u00fcl t\u00f6rt\u00e9nik, az \u00d6n adatait ugyan\u00fagy kezelj\u00fck, mint Olaszorsz\u00e1gban. Ha az adatokat az Eur\u00f3pai Uni\u00f3n k\u00edv\u00fcli orsz\u00e1gokba tov\u00e1bb\u00edtjuk, akkor azokat az eur\u00f3pai rendelet szerinti jogainak megfelel\u0151en dolgozzuk fel. Ha az \u00d6n adatait az EU-n k\u00edv\u00fcli orsz\u00e1gba tov\u00e1bb\u00edtj\u00e1k, azokat olyan szervezetek dolgozhatj\u00e1k fel, amelyek az eur\u00f3pai rendeletben el\u0151\u00edrt jogok tiszteletben tart\u00e1s\u00e1t az\u00e1ltal garant\u00e1lj\u00e1k, hogy \u00f6nk\u00e9ntes alapon betartj\u00e1k az \u00e1ltal\u00e1nos int\u00e9zked\u00e9seket.<\/p>\n<p>Az adatok tov\u00e1bb\u00edt\u00e1sa minden esetben olyan eszk\u00f6z\u00f6kkel t\u00f6rt\u00e9nik, amelyek garant\u00e1lj\u00e1k az ilyen adatok v\u00e9delm\u00e9t a harmadik felek behatol\u00e1s\u00e1val szemben.<\/p>\n<p>Az \u00d6n adatait k\u00f6zvetlen\u00fcl \u00d6nt\u0151l gy\u0171jt\u00f6tt\u00fck, ez\u00e9rt adott esetben az al\u00e1bbi inform\u00e1ci\u00f3kat adjuk meg \u00d6nnek ebben az \u0171rlapban:<\/p>\n<ul>\n<li>a jogosult \u00e9s a k\u00e9pvisel\u0151 adatai<\/li>\n<li>az adatv\u00e9delmi tisztvisel\u0151 adatai<\/li>\n<li>a feldolgoz\u00e1s c\u00e9lja \u00e9s jogalapja<\/li>\n<li>az adatok c\u00edmzettjei<\/li>\n<li>az adatok k\u00fclf\u00f6ldre t\u00f6rt\u00e9n\u0151 tov\u00e1bb\u00edt\u00e1s\u00e1nak sz\u00e1nd\u00e9ka<\/li>\n<li>a meg\u0151rz\u00e9si id\u0151szak id\u0151tartama vagy az id\u0151tartam meghat\u00e1roz\u00e1s\u00e1nak krit\u00e9riumai<\/li>\n<li>a hozz\u00e1f\u00e9r\u00e9shez, helyesb\u00edt\u00e9shez, t\u00f6rl\u00e9shez, az adatkezel\u00e9s elleni tiltakoz\u00e1shoz, hordozhat\u00f3s\u00e1ghoz val\u00f3 jog<\/li>\n<li>az adatkezel\u00e9st\u0151l val\u00f3 el\u00e1ll\u00e1s joga, amennyiben lehets\u00e9ges, kiv\u00e9ve, ha azt jogszab\u00e1ly \u00edrja el\u0151<\/li>\n<li>a hat\u00f3s\u00e1gn\u00e1l (Garante) t\u00f6rt\u00e9n\u0151 panaszbejelent\u00e9s lehet\u0151s\u00e9ge<\/li>\n<li>az adatok megad\u00e1sa k\u00f6telez\u0151-e szerz\u0151d\u00e9s teljes\u00edt\u00e9s\u00e9hez vagy jogszab\u00e1ly alapj\u00e1n, valamint a hozz\u00e1j\u00e1rul\u00e1s elmarad\u00e1s\u00e1nak k\u00f6vetkezm\u00e9nyei<\/li>\n<li>hogy az adatok profilalkot\u00e1s t\u00e1rgy\u00e1t k\u00e9pezik-e vagy fogj\u00e1k-e k\u00e9pezni, \u00e9s ha igen, akkor a profilalkot\u00e1s logik\u00e1ja<\/li>\n<li>az automatiz\u00e1lt d\u00f6nt\u00e9shozatali folyamatok l\u00e9tez\u00e9se \u00e9s az \u00e9rintettnek az emberi beavatkoz\u00e1st k\u00f6vet\u0151en meghozott d\u00f6nt\u00e9sekhez val\u00f3 joga.<\/li>\n<\/ul>\n<p>V\u00e1llalatunk harmadik felekt\u0151l kapott \u00d6nre vonatkoz\u00f3 adatokat. Ez\u00e9rt ebben a nyomtatv\u00e1nyban az al\u00e1bbi inform\u00e1ci\u00f3kat adjuk meg \u00d6nnek, amennyiben az \u00d6nre vonatkozik:<\/p>\n<ul>\n<li>tulajdonos \u00e9s reprezentat\u00edv adatok<\/li>\n<li>Adott esetben az adatv\u00e9delmi tisztvisel\u0151 (DPO) adatai<\/li>\n<li>a feldolgoz\u00e1s c\u00e9lja \u00e9s jogalapja<\/li>\n<li>az \u00f6sszegy\u0171jt\u00f6tt adatok kateg\u00f3ri\u00e1i<\/li>\n<li>az adatok c\u00edmzettjei<\/li>\n<li>az adatok k\u00fclf\u00f6ldre t\u00f6rt\u00e9n\u0151 tov\u00e1bb\u00edt\u00e1s\u00e1nak sz\u00e1nd\u00e9ka<\/li>\n<li>meg\u0151rz\u00e9si id\u0151szak vagy az id\u0151szak meghat\u00e1roz\u00e1s\u00e1nak krit\u00e9riumai<\/li>\n<li>a hozz\u00e1f\u00e9r\u00e9shez, a visszavon\u00e1shoz, a helyesb\u00edt\u00e9shez, a t\u00f6rl\u00e9shez, a hordozhat\u00f3s\u00e1ghoz, az adatkezel\u00e9shez val\u00f3 hozz\u00e1j\u00e1rul\u00e1s visszavon\u00e1s\u00e1hoz, a korl\u00e1toz\u00e1shoz val\u00f3 jog.<\/li>\n<li>a garanciav\u00e1llal\u00f3hoz int\u00e9zett panasz lehet\u0151s\u00e9ge<\/li>\n<li>az adatok forr\u00e1sa, amely a k\u00f6vetkez\u0151:<\/li>\n<li>_________________________________________________________<\/li>\n<li>_________________________________________________________<\/li>\n<li>az automatiz\u00e1lt d\u00f6nt\u00e9shozatali folyamatok l\u00e9tez\u00e9se \u00e9s az \u00e9rintettnek az emberi beavatkoz\u00e1st k\u00f6vet\u0151en meghozott d\u00f6nt\u00e9sekhez val\u00f3 joga<\/li>\n<\/ul>\n<p>Az \u00d6n adatait az Adatkezel\u0151 a tervezett c\u00e9lokra tekintettel addig \u0151rzi meg, ameddig az \u00d6nnel fenn\u00e1ll\u00f3 kapcsolat teljes\u00edt\u00e9s\u00e9hez sz\u00fcks\u00e9ges, valamint az \u00d6n jogainak k\u00f6lcs\u00f6n\u00f6s b\u00edr\u00f3s\u00e1gi v\u00e9delme, illetve a jogi k\u00f6telezetts\u00e9gek - ide\u00e9rtve az ad\u00f3k\u00f6telezetts\u00e9geket is - teljes\u00edt\u00e9se \u00e9rdek\u00e9ben. Az ut\u00f3bbi c\u00e9lokhoz nem sz\u00fcks\u00e9ges adatokat az elfeledtet\u00e9shez val\u00f3 jog \u00e1ltal biztos\u00edtott maxim\u00e1lis id\u0151tartamon bel\u00fcl elt\u00e1vol\u00edtjuk, ahogyan azt a jelen t\u00e1j\u00e9koztat\u00f3ban a tov\u00e1bbiakban jelezz\u00fck, vagy az \u00d6n k\u00e9r\u00e9s\u00e9re ak\u00e1r r\u00f6videbb id\u0151n bel\u00fcl is, ha ez nem \u00fctk\u00f6zik az Adatkezel\u0151 jogaiba.<\/p>\n<p>Az \u00e9rintett azon adatait, amelyeket nem kell meg\u0151rizni k\u00fcl\u00f6n jogi k\u00f6telezetts\u00e9g miatt, 10 \u00e9ven bel\u00fcl t\u00f6r\u00f6lni kell.<\/p>\n<p>A profilalkot\u00e1si logik\u00e1k tekintet\u00e9ben a v\u00e1llalat a k\u00f6vetkez\u0151ket nyilatkozza: a profilalkot\u00e1s a b\u00f6ng\u00e9sz\u00e9si \u00e9lm\u00e9ny jav\u00edt\u00e1sa \u00e9rdek\u00e9ben, anonimiz\u00e1lt statisztikai elemz\u00e9s c\u00e9lj\u00e1b\u00f3l, kereskedelmi c\u00e9lokb\u00f3l, illetve az online javasolt vagy k\u00fcld\u00f6tt rekl\u00e1mtartalmak szem\u00e9lyre szab\u00e1sa \u00e9rdek\u00e9ben t\u00f6rt\u00e9nik.<\/p>\n<p>&nbsp;<\/p>\n<p>C - AZ \u00c9RINTETT JOGAI<\/p>\n<p>\u00d6n b\u00e1rmikor \u00e9lhet a rendelet \u00e1ltal kifejezetten elismert al\u00e1bbi jogokkal:<\/p>\n<ul>\n<li>\u00d6n b\u00e1rmikor jogosult panaszt tenni a nemzeti hat\u00f3s\u00e1gn\u00e1l (Garante per la protezione dei dati personali), ha \u00fagy v\u00e9li, hogy jogait megs\u00e9rtett\u00e9k.<\/li>\n<li>\u00d6nnek joga van ahhoz, hogy adatai mindig pontosak \u00e9s naprak\u00e9szek legyenek, ez\u00e9rt b\u00e1rmikor bejelentheti vagy k\u00e9rheti azok friss\u00edt\u00e9s\u00e9t.<\/li>\n<li>\u00d6n jogosult arra, hogy visszavonja az adatai feldolgoz\u00e1s\u00e1hoz adott hozz\u00e1j\u00e1rul\u00e1s\u00e1t, ha ezt nem tiltj\u00e1k jogi rendelkez\u00e9sek vagy a jogosult jogainak v\u00e9delme \u00e9rdek\u00e9ben, t\u00f6bbek k\u00f6z\u00f6tt b\u00edr\u00f3s\u00e1gi \u00faton. A visszavon\u00e1s ir\u00e1nti k\u00e9relem minden esetben megalapozza az adatkezel\u00e9s korl\u00e1toz\u00e1s\u00e1hoz val\u00f3 jogot.<\/li>\n<li>\u00d6n jogosult arra, hogy az Adatkezel\u0151 \u00e1ltal kezelt adataihoz \u00edr\u00e1sbeli k\u00e9relem \u00fatj\u00e1n, elektronikus form\u00e1ban is hozz\u00e1f\u00e9rjen. Elengedhetetlen, hogy \u00d6n k\u00e9pes legyen igazolni szem\u00e9lyazonoss\u00e1g\u00e1t, esetleg az adatb\u00e1zisainkhoz val\u00f3 hozz\u00e1f\u00e9r\u00e9s r\u00e9v\u00e9n is, olyan hiteles\u00edt\u0151 adatokon kereszt\u00fcl, amelyek egy\u00e9rtelm\u0171en \u00d6nh\u00f6z k\u00f6thet\u0151k. \u00d6n csak egyszeri alkalommal jogosult ingyenes hozz\u00e1f\u00e9r\u00e9sre, m\u00edg a tov\u00e1bbi k\u00e9relmek\u00e9rt d\u00edjat sz\u00e1m\u00edthatnak fel. \u00d6n jogosult arra, hogy a k\u00e9r\u00e9s\u00e9t\u0151l sz\u00e1m\u00edtott 30 napon bel\u00fcl v\u00e1laszt kapjon. \u00d6n jogosult arra, hogy adatait nyomtathat\u00f3 form\u00e1tumban kapja meg.<\/li>\n<li>\u00d6nnek joga van adatai helyesb\u00edt\u00e9s\u00e9hez \u00e9s friss\u00edt\u00e9s\u00e9hez, \u00e9s b\u00e1rmikor k\u00e9rheti azok friss\u00edt\u00e9s\u00e9t \u00e9s helyesb\u00edt\u00e9s\u00e9t, ha \u00fagy tal\u00e1lja, hogy a birtokunkban l\u00e9v\u0151 adatok elavultak vagy helytelenek. Az adatok naprak\u00e9szs\u00e9g\u00e9nek biztos\u00edt\u00e1sa \u00e9rdek\u00e9ben k\u00e9rj\u00fck, hogy minden hasznos v\u00e1ltoz\u00e1sr\u00f3l \u00e9rtes\u00edtsen minket.<\/li>\n<li>\u00d6n jogosult az \u00d6nre vonatkoz\u00f3 adatok t\u00f6rl\u00e9s\u00e9re, felt\u00e9ve, hogy azok nem olyan adatok, amelyeket az Adatkezel\u0151nek meg kell \u0151riznie bizonyos jogi k\u00f6telezetts\u00e9gek miatt, mint p\u00e9ld\u00e1ul az ad\u00f3szab\u00e1lyokb\u00f3l ered\u0151 k\u00f6telezetts\u00e9gek, a p\u00e9nzmos\u00e1s elleni k\u00fczdelem vagy az Adatkezel\u0151 jogainak v\u00e9delme \u00e9rdek\u00e9ben a peres \u00fcgyekben.<\/li>\n<li>Ha \u00d6n vitatja adatai pontoss\u00e1g\u00e1t, vagy az adatkezel\u00e9s jogszer\u0171s\u00e9g\u00e9t, vagy az Adatkezel\u0151nek az adatai t\u00f6rl\u00e9s\u00e9re vonatkoz\u00f3 jog\u00e1t, vagy ha \u00d6n tiltakozik adatai kezel\u00e9se ellen, \u00e9s az Adatkezel\u0151 vitatja tiltakoz\u00e1s\u00e1t, akkor joga van ahhoz, hogy adatait t\u00e1rolj\u00e1k, de ne kezelj\u00e9k, kiv\u00e9ve az adattal kapcsolatos vita rendez\u00e9s\u00e9hez sz\u00fcks\u00e9ges m\u00e9rt\u00e9kben.<\/li>\n<li>Amennyiben az Adatkezel\u0151 megv\u00e1ltoztatja vagy t\u00f6rli az \u00d6n adatait vagy azok egy r\u00e9sz\u00e9t, \u00d6n jogosult arra, hogy t\u00e1j\u00e9koztat\u00e1st kapjon, \u00e9s tiltakozhasson a v\u00e1ltoztat\u00e1s \u00e9s t\u00f6rl\u00e9s ellen.<\/li>\n<li>\u00d6n jogosult arra, hogy az elektronikusan t\u00e1rolt \u00e9s feldolgozott adatait a rendeletben meghat\u00e1rozott hat\u00e1rokon bel\u00fcl, \u00e9s amennyiben ez technikailag megval\u00f3s\u00edthat\u00f3, egy m\u00e1sik \u00fczemeltet\u0151nek tov\u00e1bb\u00edtsa, oly m\u00f3don, hogy harmadik felek sz\u00e1m\u00e1ra k\u00f6nnyen olvashat\u00f3 \u00e9s megismerhet\u0151 legyen. A tov\u00e1bb\u00edt\u00e1sra (hordozhat\u00f3s\u00e1gra) jogosult adatok k\u00f6z\u00e9 tartoznak az \u00d6n tev\u00e9kenys\u00e9g\u00e9nek az Adatkezel\u0151 informatikai szolg\u00e1ltat\u00e1sain kereszt\u00fcl t\u00f6rt\u00e9n\u0151 automatikus megfigyel\u00e9s\u00e9b\u0151l sz\u00e1rmaz\u00f3 adatok is, mint p\u00e9ld\u00e1ul a keres\u00e9sek \u00e9s az elv\u00e9gzett tev\u00e9kenys\u00e9gek el\u0151zm\u00e9nyei.<\/li>\n<li>\u00d6n jogosult tiltakozni adatai feldolgoz\u00e1sa, profilalkot\u00e1s, adatainak k\u00f6zvetlen \u00fczletszerz\u00e9sre t\u00f6rt\u00e9n\u0151 felhaszn\u00e1l\u00e1sa, k\u00f6z\u00e9rdek\u0171, tudom\u00e1nyos vagy t\u00f6rt\u00e9nelmi kutat\u00e1s vagy statisztikai c\u00e9l\u00fa profilalkot\u00e1s ellen.<\/li>\n<li>A v\u00e1llalat bizonyos k\u00f6r\u00fclm\u00e9nyek k\u00f6z\u00f6tt automatiz\u00e1lt elj\u00e1r\u00e1sokat alkalmazhat az \u00d6nre vonatkoz\u00f3 d\u00f6nt\u00e9sek meghozatala \u00e9rdek\u00e9ben, k\u00fcl\u00f6n\u00f6sen annak eld\u00f6nt\u00e9se \u00e9rdek\u00e9ben, hogy k\u00f6zvetlen\u00fcl vagy harmadik felek \u00fatj\u00e1n szerz\u0151d\u00e9st k\u00f6ss\u00f6n-e \u00d6nnel, \u00e9s ha igen, milyen felt\u00e9telek mellett. Ebben az esetben \u00d6n jogosult k\u00e9rni, hogy a k\u00f6telez\u0151 erej\u0171 d\u00f6nt\u00e9s meghozatala el\u0151tt az \u00d6n helyzet\u00e9t minden esetben emberi szerepl\u0151 vizsg\u00e1lja meg, aki \u00e9rdemi \u00e9rt\u00e9kel\u00e9st v\u00e9gez. Az automatiz\u00e1lt d\u00f6nt\u00e9shozatali elj\u00e1r\u00e1sok alkalmaz\u00e1sa azt eredm\u00e9nyezheti, hogy \u00d6nt kiz\u00e1rj\u00e1k bizonyos aj\u00e1nlatokb\u00f3l, aj\u00e1nlatokb\u00f3l vagy a szerz\u0151d\u00e9sk\u00f6t\u00e9si jogb\u00f3l, illetve bizonyos prom\u00f3ci\u00f3kb\u00f3l.<\/li>\n<li>Mivel az \u00d6n adatai az e-kereskedelmi tev\u00e9kenys\u00e9gek v\u00e9gz\u00e9se c\u00e9lj\u00e1b\u00f3l feldolgoz\u00e1sra ker\u00fclhetnek, \u00d6n jogosult arra, hogy adatait a legjobb, legkorszer\u0171bb informatikai elj\u00e1r\u00e1soknak megfelel\u0151en dolgozz\u00e1k fel. Ebb\u0151l a c\u00e9lb\u00f3l az \u00d6n adatai tov\u00e1bb\u00edt\u00e1sra ker\u00fclhetnek harmadik f\u00e9lnek, hogy r\u00e9szben vagy eg\u00e9szben elv\u00e9gezz\u00e9k a szerz\u0151d\u00e9s megk\u00f6t\u00e9s\u00e9hez \u00e9s a szerz\u0151d\u00e9s teljes\u00edt\u00e9s\u00e9hez sz\u00fcks\u00e9ges technikai \u00e9s informatikai elj\u00e1r\u00e1sokat, p\u00e9ld\u00e1ul harmadik f\u00e9l szervereknek, logisztikai \u00e9s sz\u00e1ll\u00edt\u00e1si szolg\u00e1ltat\u00f3knak. Ehhez mindig sz\u00fcks\u00e9ges az \u00d6n hozz\u00e1j\u00e1rul\u00e1sa, \u00e9s amennyiben \u00d6n nem j\u00e1rul hozz\u00e1 az \u00fcgyletek megk\u00f6t\u00e9s\u00e9hez sz\u00fcks\u00e9ges adatok feldolgoz\u00e1s\u00e1hoz, a T\u00e1rsas\u00e1g nem biztos, hogy biztos\u00edtani tudja az \u00d6n \u00e1ltal k\u00e9rt szolg\u00e1ltat\u00e1sokat. A n\u00e9lk\u00fcl\u00f6zhetetlen adatok feldolgoz\u00e1s\u00e1hoz val\u00f3 hozz\u00e1j\u00e1rul\u00e1st el kell k\u00fcl\u00f6n\u00edteni a nem n\u00e9lk\u00fcl\u00f6zhetetlen adatok megszerz\u00e9s\u00e9hez vagy az e-kereskedelmi szerz\u0151d\u00e9sek megk\u00f6t\u00e9s\u00e9t\u0151l elt\u00e9r\u0151 c\u00e9l\u00fa adatgy\u0171jt\u00e9shez val\u00f3 hozz\u00e1j\u00e1rul\u00e1st\u00f3l.<\/li>\n<li>A v\u00e1llalat bizonyos k\u00f6r\u00fclm\u00e9nyek k\u00f6z\u00f6tt feldolgozhatja az \u00d6n adatait annak \u00e9rdek\u00e9ben, hogy kereskedelmi, inform\u00e1ci\u00f3s vagy oktat\u00e1si kezdem\u00e9nyez\u00e9sekr\u0151l kommunik\u00e1ljon \u00d6nnel (\u00fan. h\u00edrlevelek). Ebben az esetben az \u00d6n hozz\u00e1j\u00e1rul\u00e1s\u00e1nak - amennyiben sz\u00fcks\u00e9ges - kifejezetten \u00e9s m\u00e1s hozz\u00e1j\u00e1rul\u00e1si form\u00e1kt\u00f3l elk\u00fcl\u00f6n\u00edtve kell t\u00f6rt\u00e9nnie, \u00e9s \u00d6n b\u00e1rmikor visszavonhatja az erre vonatkoz\u00f3 hozz\u00e1j\u00e1rul\u00e1s\u00e1t.<\/li>\n<li>\u00d6nnek joga van ahhoz, hogy az adatai feldolgoz\u00e1s\u00e1ra \u00e9s v\u00e9delm\u00e9re vonatkoz\u00f3 biztons\u00e1gi elj\u00e1r\u00e1sok \u00e9rt\u00e9kel\u00e9se sor\u00e1n konzult\u00e1ljanak \u00d6nnel.<\/li>\n<\/ul>\n<p>&nbsp;<\/p>\n<p>D - A FELDOLGOZ\u00c1SBAN R\u00c9SZVEV\u0150 SZEM\u00c9LYEK MEGJELENT\u00c9SE Az \u00d6n adatait a k\u00f6vetkez\u0151 szem\u00e9lyek kezelhetik:<\/p>\n<ol>\n<li>[tulajdonos] Tauro Essiccatori srl - Via del Lavoro, 6 36043 - Camisano Vicentino (VI) - C.F. \u00e9s P.IVA 03977800246<\/li>\n<li>[k\u00f6z\u00f6s tulajdonosok] Nincs<\/li>\n<li>[k\u00e9pvisel\u0151] Nem alkalmazhat\u00f3<\/li>\n<li>[felel\u0151s]. <a href=\"https:\/\/stor51.tauroessiccatori.com\/hu\/adatvedelmi-szabalyzat-kulso-adatkezelok-szemelyes-adatok-feldolgozasa\/\">A k\u00fcls\u0151 adatfeldolgoz\u00f3k list\u00e1j\u00e1t ezen a linken tal\u00e1lja.<\/a><\/li>\n<li>[RDP\/DPO] Nincs sz\u00fcks\u00e9g kinevez\u00e9sre<\/li>\n<\/ol>\n<p>&nbsp;<\/p>\n<p>E - HOGYAN GYAKOROLHATJA JOGAIT<\/p>\n<p>Az \u00d6n k\u00e9r\u00e9s\u00e9t a T\u00e1rsas\u00e1g c\u00edm\u00e9re k\u00fcld\u00f6tt \u00edr\u00e1sos k\u00f6zlem\u00e9nyben teheti meg: VIA DEL LAVORO 6, CAMISANO VICENTINO(VI) vagy a k\u00f6vetkez\u0151 e-mail c\u00edmre k\u00fcld\u00f6tt lev\u00e9lben. <a href=\"mailto:info@tauroessiccatori.com\">info@tauroessiccatori.com<\/a>vagy adott esetben \u00f6n\u00e1ll\u00f3an, az \u00d6n sz\u00e1m\u00e1ra elektronikusan, egyedi azonos\u00edt\u00f3val el\u00e9rhet\u0151v\u00e9 tett szem\u00e9lyes ter\u00fcleten bel\u00fcl.<\/p>\n<\/div>\n<\/div>\n<\/div>\n<\/div>\n<\/div>","protected":false},"excerpt":{"rendered":"<p>Metti un BIOSEC sotto l&#8217;Albero. SCOPRI QUI le promozioni di Natale! Gli sconti Black Friday sono qui! \u00a0 Clicca\u00a0per\u00a0non perderli \u2192 privacy policy INFORMATIVA RESA AI SENSI DEGLI ART. 13-14 DEL GDPR (GENERAL DATA PROTECTION REGULATION) 2016\/679 Secondo la normativa indicata, tale trattamento sar\u00e0 improntato ai principi di correttezza, liceit\u00e0, trasparenza e di tutela della [&hellip;]<\/p>","protected":false},"author":1,"featured_media":0,"parent":0,"menu_order":0,"comment_status":"closed","ping_status":"closed","template":"","meta":{"footnotes":""},"tags":[],"class_list":["post-5895","page","type-page","status-publish","hentry"],"acf":[],"yoast_head":"<!-- This site is optimized with the Yoast SEO plugin v20.10 - https:\/\/yoast.com\/wordpress\/plugins\/seo\/ -->\n<title>privacy policy - Tauro Essiccatori<\/title>\n<meta name=\"robots\" content=\"noindex, follow, max-snippet:-1, max-image-preview:large, max-video-preview:-1\" \/>\n<meta property=\"og:locale\" content=\"hu_HU\" \/>\n<meta property=\"og:type\" content=\"article\" \/>\n<meta property=\"og:title\" content=\"privacy policy - Tauro Essiccatori\" \/>\n<meta property=\"og:description\" content=\"Metti un BIOSEC sotto l&#039;Albero. SCOPRI QUI le promozioni di Natale! Gli sconti Black Friday sono qui! \u00a0 Clicca\u00a0per\u00a0non perderli \u2192 privacy policy INFORMATIVA RESA AI SENSI DEGLI ART. 13-14 DEL GDPR (GENERAL DATA PROTECTION REGULATION) 2016\/679 Secondo la normativa indicata, tale trattamento sar\u00e0 improntato ai principi di correttezza, liceit\u00e0, trasparenza e di tutela della [&hellip;]\" \/>\n<meta property=\"og:url\" content=\"https:\/\/stor51.tauroessiccatori.com\/hu\/adatvedelmi-politika\/\" \/>\n<meta property=\"og:site_name\" content=\"Tauro Essiccatori\" \/>\n<meta property=\"article:publisher\" content=\"https:\/\/www.facebook.com\/TauroEssiccatori\/\" \/>\n<meta property=\"article:modified_time\" content=\"2022-08-06T15:34:28+00:00\" \/>\n<meta name=\"twitter:card\" content=\"summary_large_image\" \/>\n<meta name=\"twitter:label1\" content=\"Est. reading time\" \/>\n\t<meta name=\"twitter:data1\" content=\"15 perc\" \/>\n<script type=\"application\/ld+json\" class=\"yoast-schema-graph\">{\"@context\":\"https:\/\/schema.org\",\"@graph\":[{\"@type\":\"WebPage\",\"@id\":\"https:\/\/stor51.tauroessiccatori.com\/privacy-policy\/\",\"url\":\"https:\/\/stor51.tauroessiccatori.com\/privacy-policy\/\",\"name\":\"privacy policy - Tauro Essiccatori\",\"isPartOf\":{\"@id\":\"https:\/\/stor51.tauroessiccatori.com\/#website\"},\"datePublished\":\"2019-11-06T17:44:45+00:00\",\"dateModified\":\"2022-08-06T15:34:28+00:00\",\"breadcrumb\":{\"@id\":\"https:\/\/stor51.tauroessiccatori.com\/privacy-policy\/#breadcrumb\"},\"inLanguage\":\"hu\",\"potentialAction\":[{\"@type\":\"ReadAction\",\"target\":[\"https:\/\/stor51.tauroessiccatori.com\/privacy-policy\/\"]}]},{\"@type\":\"BreadcrumbList\",\"@id\":\"https:\/\/stor51.tauroessiccatori.com\/privacy-policy\/#breadcrumb\",\"itemListElement\":[{\"@type\":\"ListItem\",\"position\":1,\"name\":\"Home\",\"item\":\"https:\/\/stor51.tauroessiccatori.com\/\"},{\"@type\":\"ListItem\",\"position\":2,\"name\":\"privacy policy\"}]},{\"@type\":\"WebSite\",\"@id\":\"https:\/\/stor51.tauroessiccatori.com\/#website\",\"url\":\"https:\/\/stor51.tauroessiccatori.com\/\",\"name\":\"Tauro Essiccatori\",\"description\":\"Welcome to Tauro Essiccatori online shop\",\"publisher\":{\"@id\":\"https:\/\/stor51.tauroessiccatori.com\/#organization\"},\"potentialAction\":[{\"@type\":\"SearchAction\",\"target\":{\"@type\":\"EntryPoint\",\"urlTemplate\":\"https:\/\/stor51.tauroessiccatori.com\/?s={search_term_string}\"},\"query-input\":\"required name=search_term_string\"}],\"inLanguage\":\"hu\"},{\"@type\":\"Organization\",\"@id\":\"https:\/\/stor51.tauroessiccatori.com\/#organization\",\"name\":\"Tauro Essiccatori\",\"url\":\"https:\/\/stor51.tauroessiccatori.com\/\",\"logo\":{\"@type\":\"ImageObject\",\"inLanguage\":\"hu\",\"@id\":\"https:\/\/stor51.tauroessiccatori.com\/#\/schema\/logo\/image\/\",\"url\":\"https:\/\/www.tauroessiccatori.com\/wp-assets\/uploads\/2017\/07\/logo_tauro_500x109px.png\",\"contentUrl\":\"https:\/\/www.tauroessiccatori.com\/wp-assets\/uploads\/2017\/07\/logo_tauro_500x109px.png\",\"width\":500,\"height\":109,\"caption\":\"Tauro Essiccatori\"},\"image\":{\"@id\":\"https:\/\/stor51.tauroessiccatori.com\/#\/schema\/logo\/image\/\"},\"sameAs\":[\"https:\/\/www.facebook.com\/TauroEssiccatori\/\",\"https:\/\/www.instagram.com\/tauro_essiccatori\/\",\"https:\/\/it.linkedin.com\/company\/tauro-essiccatori\",\"https:\/\/www.youtube.com\/user\/tauroessiccatori\"]}]}<\/script>\n<!-- \/ Yoast SEO plugin. -->","yoast_head_json":{"title":"privacy policy - Tauro Essiccatori","robots":{"index":"noindex","follow":"follow","max-snippet":"max-snippet:-1","max-image-preview":"max-image-preview:large","max-video-preview":"max-video-preview:-1"},"og_locale":"hu_HU","og_type":"article","og_title":"privacy policy - Tauro Essiccatori","og_description":"Metti un BIOSEC sotto l'Albero. SCOPRI QUI le promozioni di Natale! Gli sconti Black Friday sono qui! \u00a0 Clicca\u00a0per\u00a0non perderli \u2192 privacy policy INFORMATIVA RESA AI SENSI DEGLI ART. 13-14 DEL GDPR (GENERAL DATA PROTECTION REGULATION) 2016\/679 Secondo la normativa indicata, tale trattamento sar\u00e0 improntato ai principi di correttezza, liceit\u00e0, trasparenza e di tutela della [&hellip;]","og_url":"https:\/\/stor51.tauroessiccatori.com\/hu\/adatvedelmi-politika\/","og_site_name":"Tauro Essiccatori","article_publisher":"https:\/\/www.facebook.com\/TauroEssiccatori\/","article_modified_time":"2022-08-06T15:34:28+00:00","twitter_card":"summary_large_image","twitter_misc":{"Est. reading time":"15 perc"},"schema":{"@context":"https:\/\/schema.org","@graph":[{"@type":"WebPage","@id":"https:\/\/stor51.tauroessiccatori.com\/privacy-policy\/","url":"https:\/\/stor51.tauroessiccatori.com\/privacy-policy\/","name":"privacy policy - Tauro Essiccatori","isPartOf":{"@id":"https:\/\/stor51.tauroessiccatori.com\/#website"},"datePublished":"2019-11-06T17:44:45+00:00","dateModified":"2022-08-06T15:34:28+00:00","breadcrumb":{"@id":"https:\/\/stor51.tauroessiccatori.com\/privacy-policy\/#breadcrumb"},"inLanguage":"hu","potentialAction":[{"@type":"ReadAction","target":["https:\/\/stor51.tauroessiccatori.com\/privacy-policy\/"]}]},{"@type":"BreadcrumbList","@id":"https:\/\/stor51.tauroessiccatori.com\/privacy-policy\/#breadcrumb","itemListElement":[{"@type":"ListItem","position":1,"name":"Home","item":"https:\/\/stor51.tauroessiccatori.com\/"},{"@type":"ListItem","position":2,"name":"privacy policy"}]},{"@type":"WebSite","@id":"https:\/\/stor51.tauroessiccatori.com\/#website","url":"https:\/\/stor51.tauroessiccatori.com\/","name":"Tauro Essiccatori","description":"Welcome to Tauro Essiccatori online shop","publisher":{"@id":"https:\/\/stor51.tauroessiccatori.com\/#organization"},"potentialAction":[{"@type":"SearchAction","target":{"@type":"EntryPoint","urlTemplate":"https:\/\/stor51.tauroessiccatori.com\/?s={search_term_string}"},"query-input":"required name=search_term_string"}],"inLanguage":"hu"},{"@type":"Organization","@id":"https:\/\/stor51.tauroessiccatori.com\/#organization","name":"Tauro Essiccatori","url":"https:\/\/stor51.tauroessiccatori.com\/","logo":{"@type":"ImageObject","inLanguage":"hu","@id":"https:\/\/stor51.tauroessiccatori.com\/#\/schema\/logo\/image\/","url":"https:\/\/www.tauroessiccatori.com\/wp-assets\/uploads\/2017\/07\/logo_tauro_500x109px.png","contentUrl":"https:\/\/www.tauroessiccatori.com\/wp-assets\/uploads\/2017\/07\/logo_tauro_500x109px.png","width":500,"height":109,"caption":"Tauro Essiccatori"},"image":{"@id":"https:\/\/stor51.tauroessiccatori.com\/#\/schema\/logo\/image\/"},"sameAs":["https:\/\/www.facebook.com\/TauroEssiccatori\/","https:\/\/www.instagram.com\/tauro_essiccatori\/","https:\/\/it.linkedin.com\/company\/tauro-essiccatori","https:\/\/www.youtube.com\/user\/tauroessiccatori"]}]}},"_links":{"self":[{"href":"https:\/\/stor51.tauroessiccatori.com\/hu\/wp-json\/wp\/v2\/pages\/5895"}],"collection":[{"href":"https:\/\/stor51.tauroessiccatori.com\/hu\/wp-json\/wp\/v2\/pages"}],"about":[{"href":"https:\/\/stor51.tauroessiccatori.com\/hu\/wp-json\/wp\/v2\/types\/page"}],"author":[{"embeddable":true,"href":"https:\/\/stor51.tauroessiccatori.com\/hu\/wp-json\/wp\/v2\/users\/1"}],"replies":[{"embeddable":true,"href":"https:\/\/stor51.tauroessiccatori.com\/hu\/wp-json\/wp\/v2\/comments?post=5895"}],"version-history":[{"count":7,"href":"https:\/\/stor51.tauroessiccatori.com\/hu\/wp-json\/wp\/v2\/pages\/5895\/revisions"}],"predecessor-version":[{"id":165070,"href":"https:\/\/stor51.tauroessiccatori.com\/hu\/wp-json\/wp\/v2\/pages\/5895\/revisions\/165070"}],"wp:attachment":[{"href":"https:\/\/stor51.tauroessiccatori.com\/hu\/wp-json\/wp\/v2\/media?parent=5895"}],"wp:term":[{"taxonomy":"post_tag","embeddable":true,"href":"https:\/\/stor51.tauroessiccatori.com\/hu\/wp-json\/wp\/v2\/tags?post=5895"}],"curies":[{"name":"wp","href":"https:\/\/api.w.org\/{rel}","templated":true}]}}