


{"id":5380,"date":"2019-10-18T18:08:39","date_gmt":"2019-10-18T16:08:39","guid":{"rendered":"https:\/\/www.tauroessiccatori.com\/?page_id=5380\/"},"modified":"2023-08-04T11:20:04","modified_gmt":"2023-08-04T09:20:04","slug":"domande-frequenti","status":"publish","type":"page","link":"https:\/\/stor51.tauroessiccatori.com\/hu\/ugyfelszolgalat\/kerdesek-gyakori-kerdesek\/","title":{"rendered":"gyakran ism\u00e9telt k\u00e9rd\u00e9sek"},"content":{"rendered":"<div class=\"tauro-banners\"><div class=\"banner-00\" style=\"background-color: #852035\">\r\n<div class=\"ix-xmas-box-other\" style=\"font-size: 18px;padding: 7px 0;margin: 0 auto 0px auto\" align=\"center\"><b style=\"color: #fff;font-size: 18px\">Helyezzen egy BIOSEC-et a fa al\u00e1. <a style=\"color: #f8cc89;font-weight: bold;text-decoration: none;font-size: 18px\" href=\"https:\/\/www.tauroessiccatori.com\/christmas-2024\/\">FEDEZZE MEG ITT<\/a> Kar\u00e1csonyi akci\u00f3k!<\/b><\/div>\r\n<\/div><div class=\"banner-00\" style=\"background-color: #000\">\r\n<div class=\"ix-xmas-box-other\" style=\"font-size: 18px;padding: 7px 0;margin: 0 auto 0px auto\" align=\"center\"><b style=\"color: #fff\"> Itt vannak a fekete p\u00e9nteki kedvezm\u00e9nyek! \u00a0 <a style=\"color: #f77209;font-weight: bold;text-decoration: none\" href=\"https:\/\/www.tauroessiccatori.com\/black-friday-2024\/\"> Kattints, hogy ne hagyd ki \u0151ket \u2192 <\/a>\r\n<\/b><\/div>\r\n<\/div><\/div><p><!-- 2022-08-03 italix: kevin: was:h2 add:ix-h1--><\/p>\n<h1 class=\"ix-fq-h2 ix-h1\">gyakran ism\u00e9telt k\u00e9rd\u00e9sek<\/h1>\n<div class=\"p1 ix-fq-p\">K\u00e9rd\u00e9sek, apr\u00f3s\u00e1gok, tippek \u00e9s magyar\u00e1zatok a sz\u00e1r\u00edt\u00f3 m\u00e9g egyszer\u0171bb, hat\u00e9konyabb \u00e9s biztons\u00e1gosabb haszn\u00e1lat\u00e1\u00e9rt.<\/div>\n<div class=\"ix-fq-accordion\">\n<div class=\"uk-accordion\" data-uk-accordion=\"\">\n<h3 class=\"uk-accordion-title ix-fq-accordion-title\" style=\"background-color: transparent; display:;\">Milyen gyorsan fogom megkapni a csomagomat?<\/p>\n<div style=\"display:none; float:right; width:15px; margin-right:10px;\">\n<img decoding=\"async\" style=\"width:100%;\" src=\"https:\/\/stor51.tauroessiccatori.com\/wp-assets\/uploads\/2019\/11\/Schermata-2019-11-26-alle-11.38.44.png\">\n<\/div>\n<\/h3>\n<div class=\"uk-accordion-content p1 ix-fq-accordion-description\">\n<div class=\"ix-fq-underline\"><\/div>\n<div class=\"ix-fq-accordion-description-single-block\">A csomagot \u00e1ltal\u00e1ban a megrendel\u00e9st\u0151l sz\u00e1m\u00edtott 2-3 munkanapon bel\u00fcl k\u00e9zbes\u00edtik Olaszorsz\u00e1g eg\u00e9sz ter\u00fclet\u00e9n.<\/div>\n<div class=\"ix-fq-grey-line\"><\/div>\n<\/p><\/div>\n<h3 class=\"uk-accordion-title ix-fq-accordion-title\" style=\"background-color: transparent\">Hogyan m\u0171k\u00f6dik a visszat\u00e9r\u00edt\u00e9s?<\/h3>\n<div class=\"uk-accordion-content p1 ix-fq-accordion-description\">\n<div class=\"ix-fq-underline\"><\/div>\n<div class=\"ix-fq-accordion-description-single-block\">A hat\u00e1lyos jogszab\u00e1lyok szerint az el\u00e1ll\u00e1si joggal a k\u00f6vetkez\u0151 felt\u00e9telek teljes\u00fcl\u00e9se eset\u00e9n lehet \u00e9lni.<\/p>\n<p>                Az \u00e1ru \u00e1tv\u00e9tel\u00e9t\u0151l sz\u00e1m\u00edtott 14 munkanapon bel\u00fcl \u00e9rtes\u00edteni kell minket arr\u00f3l, hogy \u00e9lni k\u00edv\u00e1nunk ezzel a joggal, lehet\u0151leg t\u00e9rtivev\u00e9nyes aj\u00e1nlott lev\u00e9lben, az al\u00e1bbi c\u00edmre:<\/p>\n<p>                Tauro Essiccatori Srl - via del lavoro 6 - 36043 Camisano Vicentino <\/p>\n<p>                A k\u00e9relemben fel kell t\u00fcntetni annak a bank- vagy postai sz\u00e1ml\u00e1nak az adatait, amelyre az esed\u00e9kes \u00f6sszeget j\u00f3v\u00e1\u00edrj\u00e1k.<\/p>\n<p>                Tov\u00e1bb\u00e1, ugyanezen hat\u00e1rid\u0151n bel\u00fcl a megv\u00e1s\u00e1rolt \u00e9s m\u00e1r nem k\u00edv\u00e1nt term\u00e9ket vissza kell k\u00fcldeni nek\u00fcnk. A k\u00e9sz\u00fcl\u00e9knek s\u00e9rtetlen\u00fcl \u00e9s hi\u00e1nytalanul, minden r\u00e9sz\u00e9vel egy\u00fctt kell lennie, bele\u00e9rtve a tartoz\u00e9kokat, a k\u00e9zik\u00f6nyveket \u00e9s a csomagban l\u00e9v\u0151 egy\u00e9b anyagokat, \u00e9s gondosan csomagolva kell lennie, hogy a sz\u00e1ll\u00edt\u00e1s sor\u00e1n ne s\u00e9r\u00fclj\u00f6n meg. K\u00e9rj\u00fck, csatolja az ad\u00f3igazol\u00e1s vagy a v\u00e1s\u00e1rl\u00e1si sz\u00e1mla m\u00e1solat\u00e1t is. A visszasz\u00e1ll\u00edt\u00e1si k\u00f6lts\u00e9gek a v\u00e1s\u00e1rl\u00f3t terhelik. Az \u00e1ru \u00e1tv\u00e9tel\u00e9t \u00e9s s\u00e9rtetlens\u00e9g\u00e9nek ellen\u0151rz\u00e9s\u00e9t k\u00f6vet\u0151en az \u00e1ru \u00e1r\u00e1t visszat\u00e9r\u00edtj\u00fck az azon a lev\u00e9lben megjel\u00f6lt foly\u00f3sz\u00e1ml\u00e1ra, amelyben \u00d6n az el\u00e1ll\u00e1si jog ig\u00e9nybev\u00e9tel\u00e9t k\u00e9rte.<\/p>\n<p>                A visszat\u00e9r\u00edt\u00e9s a term\u00e9kek sz\u00e1ll\u00edt\u00e1si k\u00f6lts\u00e9gekkel cs\u00f6kkentett \u00e1r\u00e1ra vonatkozik, \u00e9s az \u00e1ruk visszak\u00fcld\u00e9s\u00e9t\u0151l sz\u00e1m\u00edtott 30 napon bel\u00fcl t\u00f6rt\u00e9nik.<\/div>\n<div class=\"ix-fq-grey-line\"><\/div>\n<\/p><\/div>\n<h3 class=\"uk-accordion-title ix-fq-accordion-title\" style=\"background-color: transparent\">Mennyi a sz\u00e1ll\u00edt\u00e1si k\u00f6lts\u00e9g?<\/h3>\n<div class=\"uk-accordion-content p1 ix-fq-accordion-description\">\n<div class=\"ix-fq-underline\"><\/div>\n<div class=\"ix-fq-accordion-description-single-block\">A sz\u00e1ll\u00edt\u00e1si k\u00f6lts\u00e9g nulla Olaszorsz\u00e1gon bel\u00fcli sz\u00e1ll\u00edt\u00e1s eset\u00e9n minden 30 EUR feletti megrendel\u00e9s eset\u00e9n.<\/div>\n<div class=\"ix-fq-grey-line\"><\/div>\n<\/p><\/div>\n<h3 class=\"uk-accordion-title ix-fq-accordion-title\" style=\"background-color: transparent\">Fizethet k\u00f6zvetlen\u00fcl a fut\u00e1rnak?<\/h3>\n<div class=\"uk-accordion-content p1 ix-fq-accordion-description\">\n<div class=\"ix-fq-underline\"><\/div>\n<div class=\"ix-fq-accordion-description-single-block\">Igen, az ut\u00e1nv\u00e9tes fizet\u00e9s minden Olaszorsz\u00e1gon bel\u00fcli k\u00fcldem\u00e9ny eset\u00e9ben lehets\u00e9ges, a fut\u00e1r \u00e1ltal t\u00f6rt\u00e9n\u0151 fizet\u00e9s lebonyol\u00edt\u00e1s\u00e1\u00e9rt 4 eur\u00f3 plusz d\u00edjat kell fizetni.<\/div>\n<div class=\"ix-fq-grey-line\"><\/div>\n<\/p><\/div>\n<h3 class=\"uk-accordion-title ix-fq-accordion-title\" style=\"background-color: transparent\">Hogyan aktiv\u00e1l\u00f3dik a garancia?<\/h3>\n<div class=\"uk-accordion-content p1 ix-fq-accordion-description\">\n<div class=\"ix-fq-underline\"><\/div>\n<div class=\"ix-fq-accordion-description-single-block\">A garancia m\u00e1r a v\u00e1s\u00e1rl\u00e1skor akt\u00edv, de ingyenesen meghosszabb\u00edthat\u00f3 egy \u00e9vvel. Regisztr\u00e1lja a Biosec-et tov\u00e1bbi egy \u00e9v garanci\u00e1\u00e9rt, a csomagban minden utas\u00edt\u00e1st megtal\u00e1l!<\/div>\n<div class=\"ix-fq-grey-line\"><\/div>\n<\/p><\/div>\n<h3 class=\"uk-accordion-title ix-fq-accordion-title\" style=\"background-color: transparent\">Mik a Biosec dimenzi\u00f3i?<\/h3>\n<div class=\"uk-accordion-content p1 ix-fq-accordion-description\">\n<div class=\"ix-fq-underline\"><\/div>\n<div class=\"ix-fq-accordion-description-single-block\">A h\u00e1ztart\u00e1si sz\u00e1r\u00edt\u00f3 k\u00e9tf\u00e9le m\u00e9retben kaphat\u00f3:<br \/>\n            <br \/> 27x27x45 cm (a kis v\u00e1ltozatok, B5, B5S \u00e9s B6) vagy 27x27x82 cm (a nagy v\u00e1ltozatok, B10, B10S \u00e9s B12).<br \/>\n            <br \/> Az \u00fcres s\u00faly soha nem haladja meg a 10 kilogrammot.<\/div>\n<div class=\"ix-fq-grey-line\"><\/div>\n<\/p><\/div>\n<h3 class=\"uk-accordion-title ix-fq-accordion-title\" style=\"background-color: transparent\">Garant\u00e1lt a Biosec?<\/h3>\n<div class=\"uk-accordion-content p1 ix-fq-accordion-description\">\n<div class=\"ix-fq-underline\"><\/div>\n<div class=\"ix-fq-accordion-description-single-block\">Term\u00e9szetesen a hat\u00e1lyos el\u0151\u00edr\u00e1soknak megfelel\u0151en minden sz\u00e1r\u00edt\u00f3g\u00e9p\u00fcnkre 2 \u00e9v garanci\u00e1t v\u00e1llalunk mag\u00e1nszem\u00e9lyekt\u0151l t\u00f6rt\u00e9n\u0151 v\u00e1s\u00e1rl\u00e1s eset\u00e9n, illetve egy \u00e9v garanci\u00e1t \u00e1f\u00e1s v\u00e1s\u00e1rl\u00e1s eset\u00e9n, a sz\u00e1r\u00edt\u00f3g\u00e9p weboldalon t\u00f6rt\u00e9n\u0151 regisztr\u00e1ci\u00f3j\u00e1val pedig tov\u00e1bbi egy \u00e9v garancia ingyenesen j\u00e1r! B\u00e1rmilyen probl\u00e9ma eset\u00e9n c\u00e9g\u00fcnk megjav\u00edtja vagy kicser\u00e9li a s\u00e9r\u00fclt alkatr\u00e9szt, \u00e9s k\u00f6zvetlen\u00fcl az \u00d6n otthon\u00e1ba sz\u00e1ll\u00edtja.<\/div>\n<div class=\"ix-fq-grey-line\"><\/div>\n<\/p><\/div>\n<h3 class=\"uk-accordion-title ix-fq-accordion-title\" style=\"background-color: transparent\">Mi a k\u00fcl\u00f6nbs\u00e9g a m\u0171anyag \u00e9s az ac\u00e9l Biosecs k\u00f6z\u00f6tt?<\/h3>\n<div class=\"uk-accordion-content p1 ix-fq-accordion-description\">\n<div class=\"ix-fq-underline\"><\/div>\n<div class=\"ix-fq-accordion-description-single-block\">Minden Biosec modell ugyanazzal a motorral van felszerelve: ez garant\u00e1lja \u00d6nnek ugyanazt a hat\u00e9konys\u00e1got \u00e9s kiv\u00e1l\u00f3 eredm\u00e9nyt a term\u00e9kcsal\u00e1d b\u00e1rmelyik term\u00e9k\u00e9vel. Mind az \u00e9lelmiszeripari m\u0171anyag, mind a rozsdamentes ac\u00e9l modellek rendelkeznek CE tan\u00fas\u00edtv\u00e1nnyal \u00e9lelmiszeripari felhaszn\u00e1l\u00e1sra, de gyakran az \u00e9rt\u00e9kes\u00edt\u00e9sre t\u00f6rt\u00e9n\u0151 feldolgoz\u00e1sn\u00e1l az ASL kevesebb probl\u00e9m\u00e1t vet fel a rozsdamentes ac\u00e9lb\u00f3l k\u00e9sz\u00fclt g\u00e9pekkel kapcsolatban. A teljesen ac\u00e9lb\u00f3l k\u00e9sz\u00fclt De Luxe v\u00e1ltozatok r\u00e1ad\u00e1sul t\u00f6bb kosarat k\u00edn\u00e1lnak ugyanabban az alag\u00fatban: azonos alapter\u00fclet mellett teh\u00e1t 5 helyett 6 kos\u00e1rral, vagy 10 helyett 12-vel (a hossz\u00fa v\u00e1ltozatban). V\u00e9g\u00fcl, a rozsdamentes ac\u00e9l kosarak h\u00e1l\u00f3ja s\u0171r\u0171bb sz\u00f6v\u00e9s\u0171, ez\u00e9rt a nagyon kis m\u00e9ret\u0171 term\u00e9kek kezel\u00e9s\u00e9hez aj\u00e1nlott, amelyek a nagyobb lyukakkal rendelkez\u0151 m\u0171anyag v\u00e1ltozattal \u00e1tcs\u00faszhatnak egyik kos\u00e1rb\u00f3l a m\u00e1sikba.<\/div>\n<div class=\"ix-fq-grey-line\"><\/div>\n<\/p><\/div>\n<h3 class=\"uk-accordion-title ix-fq-accordion-title\" style=\"background-color: transparent\">Mennyit fogyaszt a Biosec?<\/h3>\n<div class=\"uk-accordion-content p1 ix-fq-accordion-description\">\n<div class=\"ix-fq-underline\"><\/div>\n<div class=\"ix-fq-accordion-description-single-block\">A Biosec motort kifejezetten \u00fagy tervezt\u00e9k, hogy minden k\u00f6r\u00fclm\u00e9nyek k\u00f6z\u00f6tt optimaliz\u00e1lja a fogyaszt\u00e1st, \u00e9s m\u00e9g egy k\u00fcl\u00f6n energiatakar\u00e9koss\u00e1gi programmal is rendelkezik. M\u00e1s sz\u00f3val, elfelejtheti, hogy be van kapcsolva, \u00e9s a t\u00f6bbi h\u00e1ztart\u00e1si k\u00e9sz\u00fcl\u00e9ket a szok\u00e1sos m\u00f3don haszn\u00e1lhatja. Az adatlapon megadottak szerint a Biosec motorja maximum 550 W-ot fogyaszt: ez azt jelenti, hogy a felt\u00fcntetett fogyaszt\u00e1s csak akkor val\u00f3sul meg, amikor a motor a legmagasabb \u00e9rt\u00e9kre melegszik (pl. 68\u00b0 a 4. programban), \u00e9s a ventil\u00e1tor el\u00e9ri a maxim\u00e1lis fordulatsz\u00e1mot. Minden m\u00e1s id\u0151pontban a Biosec a kiv\u00e1lasztott programt\u00f3l \u00e9s a program aktu\u00e1lis f\u00e1zis\u00e1t\u00f3l f\u00fcgg\u0151en kb. 15W-t\u00f3l 350W-ig v\u00e1ltoz\u00f3 mennyis\u00e9get fogyaszt.<\/div>\n<div class=\"ix-fq-grey-line\"><\/div>\n<\/p><\/div>\n<h3 class=\"uk-accordion-title ix-fq-accordion-title\" style=\"background-color: transparent\">Zajos a Biosec? Elsz\u00e1ll\u00edtja a h\u00e1zamban l\u00e9v\u0151 nedvess\u00e9get, ami pen\u00e9szesed\u00e9st okoz?<\/h3>\n<div class=\"uk-accordion-content p1 ix-fq-accordion-description\">\n<div class=\"ix-fq-underline\"><\/div>\n<div class=\"ix-fq-accordion-description-single-block\">A Biosec sokkal csendesebb, mint egy norm\u00e1l mosogat\u00f3g\u00e9p. Az elektromos s\u00fct\u0151kh\u00f6z hasonl\u00f3, s\u0151t n\u00e9ha m\u00e9g alacsonyabb zajszintet produk\u00e1l, \u00e9s egy speci\u00e1lis programmal rendelkezik, amely minimaliz\u00e1lja a zajkibocs\u00e1t\u00e1st, amikor el kell felejtenie a l\u00e9tez\u00e9s\u00e9t. Norm\u00e1l helyis\u00e9gszell\u0151z\u00e9si k\u00f6r\u00fclm\u00e9nyek k\u00f6z\u00f6tt a Biosec \u00e1ltal kibocs\u00e1tott v\u00edzmennyis\u00e9g nem okoz semmif\u00e9le probl\u00e9m\u00e1t a felgy\u00fcleml\u00e9s, a pen\u00e9sz vagy a ki\u00e1raml\u00f3 nedvess\u00e9g tekintet\u00e9ben.<\/div>\n<div class=\"ix-fq-grey-line\"><\/div>\n<\/p><\/div>\n<h3 class=\"uk-accordion-title ix-fq-accordion-title\" style=\"background-color: transparent\">Biztons\u00e1gosak \u00e9s tan\u00fas\u00edtottak a Biosec \u00e9p\u00edt\u0151anyagai? Tartalmaznak-e a m\u0171anyagok BPA-t vagy ftal\u00e1tokat?<\/h3>\n<div class=\"uk-accordion-content p1 ix-fq-accordion-description\">\n<div class=\"ix-fq-underline\"><\/div>\n<div class=\"ix-fq-accordion-description-single-block\">A Biosec a legjobb, \u00e9lelmiszeripari felhaszn\u00e1l\u00e1sra alkalmas anyagokb\u00f3l k\u00e9sz\u00fcl, a m\u0171anyagb\u00f3l k\u00e9sz\u00fclt modellek pedig nem tartalmaznak BPA-t \u00e9s ftal\u00e1tokat, amelyek a sz\u00e1r\u00edt\u00f3 m\u0171k\u00f6d\u00e9si h\u0151m\u00e9rs\u00e9klet\u00e9n egy\u00e9bk\u00e9nt sem v\u00e1lhatnak \u00e1rtalmass\u00e1. Minden alkatr\u00e9sz rendelkezik CE-tan\u00fas\u00edtv\u00e1nnyal \u00e9lelmiszeripari felhaszn\u00e1l\u00e1sra, \u00e9s irod\u00e1ink sz\u00edvesen elk\u00fcldik \u00d6nnek a dokument\u00e1ci\u00f3 m\u00e1solat\u00e1t, hogy megbizonyosodjon term\u00e9keink teljes biztons\u00e1g\u00e1r\u00f3l \u00e9s alkalmass\u00e1g\u00e1r\u00f3l.<\/div>\n<div class=\"ix-fq-grey-line\"><\/div>\n<\/p><\/div>\n<h3 class=\"uk-accordion-title ix-fq-accordion-title\" style=\"background-color: transparent\">Mi\u00e9rt dolgozik a Biosec v\u00edzszintes \u00e1raml\u00e1s\u00fa leveg\u0151vel?<\/h3>\n<div class=\"uk-accordion-content p1 ix-fq-accordion-description\">\n<div class=\"ix-fq-underline\"><\/div>\n<div class=\"ix-fq-accordion-description-single-block\">A v\u00edzszintes \u00e1raml\u00e1s lehet\u0151v\u00e9 teszi, hogy a leveg\u0151 szinte t\u00f6k\u00e9letesen egyenletesen egyenletesen \u00e9rje az \u00e1llv\u00e1nyokat, \u00edgy azok maxim\u00e1lis kapacit\u00e1sukig felt\u00f6lthet\u0151k, nem hagyva szabadon egyetlen \u00e1llv\u00e1nyr\u00e9szt sem, \u00edgy nem keletkezik hullad\u00e9k. A v\u00edzszintes \u00e1raml\u00e1s tov\u00e1bb\u00e1 egyenletes sz\u00e1r\u00edt\u00e1st biztos\u00edt, \u00e9s elker\u00fclhet\u0151 a kosarak cser\u00e9j\u00e9nek bosszant\u00f3 feladata. \u00c9s ne feledkezz\u00fcnk meg a speci\u00e1lis k\u00e9sz\u00edtm\u00e9nyekr\u0151l sem, k\u00fcl\u00f6n\u00f6sen azokr\u00f3l, amelyek tapad\u00e1smentes pap\u00edr haszn\u00e1lat\u00e1t ig\u00e9nylik, mint p\u00e9ld\u00e1ul a p\u00fcr\u00e9k, amelyek egy f\u00fcgg\u0151leges \u00e1raml\u00e1s\u00fa sz\u00e1r\u00edt\u00f3ban elz\u00e1rn\u00e1k a leveg\u0151 \u00e1tjut\u00e1s\u00e1t.<\/div>\n<div class=\"ix-fq-grey-line\"><\/div>\n<\/p><\/div>\n<h3 class=\"uk-accordion-title ix-fq-accordion-title\" style=\"background-color: transparent\">Hogyan kell t\u00e1rolni a term\u00e9ket sz\u00e1r\u00edt\u00e1s ut\u00e1n? K\u00f6telez\u0151-e a v\u00e1kuumcsomagol\u00e1s?<\/h3>\n<div class=\"uk-accordion-content p1 ix-fq-accordion-description\">\n<div class=\"ix-fq-underline\"><\/div>\n<div class=\"ix-fq-accordion-description-single-block\">Nem, a v\u00e1kuumcsomagol\u00e1s nem az egyetlen megold\u00e1s a sz\u00e1r\u00edtott \u00e9lelmiszerek t\u00e1rol\u00e1s\u00e1ra, b\u00e1r k\u00e9ts\u00e9gtelen\u00fcl ez az, amely a legt\u00f6bb helyet takar\u00edtja meg. A csavaros vagy pattinthat\u00f3 kupakkal ell\u00e1tott \u00fcvegek is megfelelnek, ezek minden szupermarketben megtal\u00e1lhat\u00f3k, \u00e9s minden egyes alkalommal, amikor kinyitja \u0151ket, csak \u00f3vatosan kell lez\u00e1rni \u0151ket. A sz\u00e1r\u00edtott term\u00e9keket \u00e1ltal\u00e1ban nedvess\u00e9gt\u0151l, f\u00e9nyt\u0151l \u00e9s rovarokt\u00f3l v\u00e9dve, s\u00f6t\u00e9tben, szekr\u00e9nyben vagy kamr\u00e1ban kell t\u00e1rolni.<\/div>\n<div class=\"ix-fq-grey-line\"><\/div>\n<\/p><\/div>\n<h3 class=\"uk-accordion-title ix-fq-accordion-title\" style=\"background-color: transparent\">\nMennyi ideig t\u00e1rolhat\u00f3 a sz\u00e1r\u00edtott term\u00e9k?<\/h3>\n<div class=\"uk-accordion-content p1 ix-fq-accordion-description\">\n<div class=\"ix-fq-underline\"><\/div>\n<div class=\"ix-fq-accordion-description-single-block\">Sz\u00e1r\u00edt\u00e1ssal olyan term\u00e9ket kapunk, amely belt\u00e9rben, f\u00e9nyt\u0151l v\u00e9dve (pl. \u00fcveged\u00e9nyekben, szekr\u00e9nyben) t\u00e1rolva t\u00f6bb mint egy \u00e9vig is eltarthat\u00f3.<\/div>\n<div class=\"ix-fq-grey-line\"><\/div>\n<\/p><\/div>\n<h3 class=\"uk-accordion-title ix-fq-accordion-title\" style=\"background-color: transparent\">A kosarak mosogat\u00f3g\u00e9pben moshat\u00f3ak?<\/h3>\n<div class=\"uk-accordion-content p1 ix-fq-accordion-description\">\n<div class=\"ix-fq-underline\"><\/div>\n<div class=\"ix-fq-accordion-description-single-block\">Igen, minden Biosec kos\u00e1r, ak\u00e1r \u00e9lelmiszeripari m\u0171anyagb\u00f3l, ak\u00e1r rozsdamentes ac\u00e9lb\u00f3l k\u00e9sz\u00fclt, \u00e1ltal\u00e1ban mosogat\u00f3g\u00e9pben moshat\u00f3.<\/div>\n<div class=\"ix-fq-grey-line\"><\/div>\n<\/p><\/div>\n<h3 class=\"uk-accordion-title ix-fq-accordion-title\" style=\"background-color: transparent\">Szeretn\u00e9m b\u0151v\u00edteni a Biosec k\u00e9sz\u00fcl\u00e9kemet: sz\u00fcks\u00e9gem van speci\u00e1lis szersz\u00e1mokra ahhoz, hogy egy kieg\u00e9sz\u00edt\u0151 modult csatlakoztathassak a sz\u00e1r\u00edt\u00f3mhoz?<\/h3>\n<div class=\"uk-accordion-content p1 ix-fq-accordion-description\">\n<div class=\"ix-fq-underline\"><\/div>\n<div class=\"ix-fq-accordion-description-single-block\">Nem, a sz\u00e1r\u00edt\u00f3 \u00e9s a kieg\u00e9sz\u00edt\u0151 modul egyszer\u0171en egym\u00e1s mell\u00e9 ker\u00fcl.<\/div>\n<div class=\"ix-fq-grey-line\"><\/div>\n<\/p><\/div>\n<h3 class=\"uk-accordion-title ix-fq-accordion-title\" style=\"background-color: transparent\">Ha kieg\u00e9sz\u00edt\u0151 modult adok hozz\u00e1, a motort\u00f3l t\u00e1volabb elhelyezett term\u00e9kek hosszabb id\u0151 alatt sz\u00e1radnak meg?<\/h3>\n<div class=\"uk-accordion-content p1 ix-fq-accordion-description\">\n<div class=\"ix-fq-underline\"><\/div>\n<div class=\"ix-fq-accordion-description-single-block\">Motorjainkat kifejezetten \u00fagy tervezt\u00fck, hogy ak\u00e1r k\u00e9t hossz\u00fa alag\u00fat (10 vagy 12 kos\u00e1rral) egym\u00e1s ut\u00e1n t\u00f6rt\u00e9n\u0151 sz\u00e1r\u00edt\u00e1s\u00e1ra is gond n\u00e9lk\u00fcl alkalmasak legyenek. A sz\u00e1r\u00edt\u00e1si id\u0151k k\u00f6z\u00f6tti k\u00fcl\u00f6nbs\u00e9g rendk\u00edv\u00fcl vizes term\u00e9kek eset\u00e9ben kicsi lehet, de ha siet, m\u00e9g ezt a kis k\u00fcl\u00f6nbs\u00e9get is elker\u00fclheti, ha a sz\u00e1r\u00edt\u00e1si id\u0151 k\u00f6zepe fel\u00e9 a motort a k\u00e9t alag\u00fat m\u00e1sik v\u00e9g\u00e9re helyezi \u00e1t.<\/div>\n<div class=\"ix-fq-grey-line\"><\/div>\n<\/p><\/div>\n<h3 class=\"uk-accordion-title ix-fq-accordion-title\" style=\"background-color: transparent\">Haszn\u00e1lhatom a Biosec-et a szabadban? Haszn\u00e1lhatom belt\u00e9ren?<\/h3>\n<div class=\"uk-accordion-content p1 ix-fq-accordion-description\">\n<div class=\"ix-fq-underline\"><\/div>\n<div class=\"ix-fq-accordion-description-single-block\">A Biosec f\u00e9l az id\u0151j\u00e1r\u00e1st\u00f3l \u00e9s a k\u00f6zvetlen napf\u00e9nyt\u0151l. A sz\u00e1r\u00edt\u00f3g\u00e9p megfelel\u0151 haszn\u00e1lat\u00e1hoz a legjobb, ha olyan v\u00e9dett helyre helyezi, amely nem t\u00fal p\u00e1r\u00e1s (ne legyen t\u00fal nedves (ne f\u00fcrd\u0151szoba, pince vagy mos\u00f3konyha), \u00e9s nem t\u00fal sz\u0171k (ne z\u00e1rja be szekr\u00e9ny m\u00e9ret\u0171 helyekre), hogy lehet\u0151v\u00e9 tegye a megfelel\u0151 l\u00e9gcser\u00e9t \u00e9s a nedvess\u00e9g elvezet\u00e9s\u00e9t. Mint minden elektromos k\u00e9sz\u00fcl\u00e9ket, a Biosec-et is t\u00e1vol kell tartani a v\u00edzt\u0151l.<\/div>\n<div class=\"ix-fq-grey-line\"><\/div>\n<\/p><\/div>\n<h3 class=\"uk-accordion-title ix-fq-accordion-title\" style=\"background-color: transparent\">Sz\u00e1r\u00edthatok egyszerre k\u00fcl\u00f6nb\u00f6z\u0151 term\u00e9keket? Sz\u00fcks\u00e9ges-e az \u00f6sszes Biose-\u00e1llv\u00e1nyt bet\u00f6lteni ahhoz, hogy a folyamat megfelel\u0151en t\u00f6rt\u00e9njen?<\/h3>\n<div class=\"uk-accordion-content p1 ix-fq-accordion-description\">\n<div class=\"ix-fq-underline\"><\/div>\n<div class=\"ix-fq-accordion-description-single-block\">A Biosec t\u00f6k\u00e9letesen m\u0171k\u00f6dik \u00fagy is, hogy csak egy kos\u00e1rral van tele; annyit t\u00f6lthet, amennyit csak akar. Semmi sem akad\u00e1lyozza meg azonban, hogy optimaliz\u00e1lja a helyet, ha k\u00fcl\u00f6nb\u00f6z\u0151 term\u00e9keket k\u00fcl\u00f6nb\u00f6z\u0151 kosarakban sz\u00e1r\u00edt. Ebben az esetben \u00fcgyeljen arra, hogy a legvizesebb \u00e9lelmiszereket alulra helyezze, v\u00e1lasszon az \u00f6sszes feldolgozand\u00f3 fajt\u00e1nak megfelel\u0151 programot, \u00e9s ellen\u0151rizze a k\u00fcl\u00f6nb\u00f6z\u0151 id\u0151pontokban el\u00e9rt sz\u00e1rad\u00e1si fokot.<\/div>\n<div class=\"ix-fq-grey-line\"><\/div>\n<\/p><\/div>\n<h3 class=\"uk-accordion-title ix-fq-accordion-title\" style=\"background-color: transparent\">Hol v\u00e1s\u00e1rolhatok otthoni sz\u00e1r\u00edt\u00f3t?<\/h3>\n<div class=\"uk-accordion-content p1 ix-fq-accordion-description\">\n<div class=\"ix-fq-underline\"><\/div>\n<div class=\"ix-fq-accordion-description-single-block\">Weboldalunkon egy k\u00e9nyelmes \u00e9s egyszer\u0171 online \u00e1ruh\u00e1zi szolg\u00e1ltat\u00e1st k\u00edn\u00e1lunk \u00d6nnek, ahonnan k\u00f6zvetlen\u00fcl megv\u00e1s\u00e1rolhatja sz\u00e1r\u00edt\u00f3it, banki \u00e1tutal\u00e1ssal, hitelk\u00e1rty\u00e1val vagy ut\u00e1nv\u00e9ttel fizetve (ez ut\u00f3bbihoz kis \u00f6sszeg\u0171 d\u00edj sz\u00fcks\u00e9ges). A sz\u00e1ll\u00edt\u00e1s ingyenes! Ha viszont v\u00e1s\u00e1rl\u00e1s el\u0151tt ink\u00e1bb els\u0151 k\u00e9zb\u0151l szeretn\u00e9 megtapasztalni a Biosec-et, v\u00e1lassza ki a r\u00e9gi\u00f3j\u00e1t az \u00c9rt\u00e9kes\u00edt\u00e9si pontok men\u00fcpontban, \u00e9s ellen\u0151rizze, hogy van-e a k\u00f6zel\u00e9ben hivatalos keresked\u0151. Ez ut\u00f3bbi esetben a TauRo mindig azt javasolja, hogy gyorsan vegye fel a megel\u0151z\u0151 telefonos kapcsolatot az \u00fczlettel, hogy ellen\u0151rizze az \u00e1rakat \u00e9s az \u00d6nt \u00e9rdekl\u0151 modell el\u00e9rhet\u0151s\u00e9g\u00e9t.<\/div>\n<div class=\"ix-fq-grey-line\"><\/div>\n<\/p><\/div>\n<\/p><\/div>\n<\/div>\n<div class=\"ix-container-inner\">\n<div class=\"ix-fq-boxes\">\n<div class=\"uk-grid uk-grid-medium\">\n<div class=\"uk-width-large-1-3\">\n<div class=\"ix-fq-box\">\n<div class=\"\">\n<h3>\u00c9RT\u00c9KES\u00cdT\u00c9SI FELT\u00c9TELEK<\/h3>\n<p class=\"p2 ix-fq-description\">\u00c9rt\u00e9kes\u00edt\u00e9si inform\u00e1ci\u00f3k, rendel\u00e9skezel\u00e9s, ad\u00e1sv\u00e9teli szerz\u0151d\u00e9s<\/p>\n<div class=\"\"><b><a class=\"ix-category-link\" href=\"https:\/\/stor51.tauroessiccatori.com\/hu\/ugyfelszolgalat\/eladasi-feltetelek\/\">Tudjon meg t\u00f6bbet<\/a><\/b><\/div>\n<\/p><\/div>\n<\/p><\/div>\n<\/p><\/div>\n<div class=\"uk-width-large-1-3\">\n<div class=\"ix-fq-box\">\n<div class=\"\">\n<h3>SZ\u00c1LL\u00cdT\u00c1S \u00c9S VISSZAK\u00dcLD\u00c9S<\/h3>\n<p class=\"p2 ix-fq-description\">\u00c9rt\u00e9kes\u00edt\u00e9si inform\u00e1ci\u00f3k, rendel\u00e9skezel\u00e9s, ad\u00e1sv\u00e9teli szerz\u0151d\u00e9s<\/p>\n<div class=\"\"><b><a class=\"ix-category-link\" href=\"https:\/\/stor51.tauroessiccatori.com\/hu\/ugyfelszolgalat\/kiszallitas-es-visszaszallitas\/\">Tudjon meg t\u00f6bbet<\/a><\/b><\/div>\n<\/p><\/div>\n<\/p><\/div>\n<\/p><\/div>\n<div class=\"uk-width-large-1-3\">\n<div class=\"ix-fq-box\">\n<div class=\"\">\n<h3>GARANCIA KITERJESZT\u00c9SE<\/h3>\n<p class=\"p2 ix-fq-description\">\u00c9rt\u00e9kes\u00edt\u00e9si inform\u00e1ci\u00f3k, rendel\u00e9skezel\u00e9s, ad\u00e1sv\u00e9teli szerz\u0151d\u00e9s<\/p>\n<div class=\"\"><b><a class=\"ix-category-link\" href=\"https:\/\/stor51.tauroessiccatori.com\/hu\/ugyfelszolgalat\/segitsegnyujtas\/\">Tudjon meg t\u00f6bbet<\/a><\/b><\/div>\n<\/p><\/div>\n<\/p><\/div>\n<\/p><\/div>\n<\/p><\/div>\n<\/p><\/div>\n<\/div>\n<h2 class=\"ix-h2\">m\u00e9g mindig vannak k\u00e9ts\u00e9geid?<\/h2>\n<p><!--\n\n<div class=\"p1 ix-fq-p\">Scrivici qua sotto oppure contattaci a <a class=\"ix-category-link\" href=\"mailto:clienti@tauroessiccatori.com\">clienti@tauroessiccatori.com<\/a> o al <a class=\"ix-category-link\" href=\"tel:+390444719046\">0444 714096<\/a>.<\/div>\n\n\n\n\n\n\n<div class=\"ix-form-hai-bisogno-di-aiuto-content\">\n[contact-form-7 id=\"18470\" title=\"form hai bisogno di aiuto\"]\n<\/div>\n\n\n--><\/p>\n<p><!-- Elena ago 2023 >>> --><\/p>\n<div class=\"ix-form-medium-container ix-professional-form-2023\" style=\"margin-top:50px\">\n<div class=\"uk-grid uk-grid-medium ix-icon-social-contact-container\">\n<div class=\"uk-width-1-1 uk-width-large-1-3\">\n<a href=\"https:\/\/wa.me\/+390444719046\"><br \/>\n      <img decoding=\"async\" src=\"https:\/\/stor51.tauroessiccatori.com\/wp-assets\/uploads\/2022\/09\/essiccare-in-azienda-wa.png\"><\/p>\n<p class=\"text-center\">Kattintson \u00e9s <b>\u00edrja<\/b> whatsapp web<\/p>\n<p><\/a>\n    <\/div>\n<div class=\"uk-width-1-1 uk-width-large-1-3 ix-only-desktop\">\n      <img decoding=\"async\" src=\"https:\/\/stor51.tauroessiccatori.com\/wp-assets\/uploads\/2023\/06\/tauro-qr-code-whatsapp.png\"><\/p>\n<p class=\"text-center\">Haszn\u00e1lja a whatsappot a mobiltelefonj\u00e1n,<br \/>keretezi a <b>QR-k\u00f3d<\/b><\/p>\n<\/p><\/div>\n<div class=\"uk-width-1-1 uk-width-large-1-3\">\n<a href=\"tel: 390444719046\"><br \/>\n      <img decoding=\"async\" src=\"https:\/\/stor51.tauroessiccatori.com\/wp-assets\/uploads\/2022\/09\/essiccare-in-azienda-fb.png\"><\/p>\n<p class=\"text-center\">Kattintson \u00e9s <b>h\u00edvja a<\/b> a Tauro szak\u00e9rt\u0151i<\/p>\n<p><\/a>\n    <\/div>\n<\/p><\/div>\n<\/div>\n<div class=\"ix-form-richiedi-preventivo\">\n<p class=\"text-center\">Vagy <b>t\u00f6ltse ki <\/b>kapcsolatfelv\u00e9tel<\/p>\n\n<div class=\"wpcf7 no-js\" id=\"wpcf7-f168655-o1\" lang=\"it-IT\" dir=\"ltr\">\n<div class=\"screen-reader-response\"><p role=\"status\" aria-live=\"polite\" aria-atomic=\"true\"><\/p> <ul><\/ul><\/div>\n<form action=\"\/hu\/wp-json\/wp\/v2\/pages\/5380#wpcf7-f168655-o1\" method=\"post\" class=\"wpcf7-form init\" aria-label=\"Contact form\" novalidate=\"novalidate\" data-status=\"init\" data-trp-original-action=\"\/hu\/wp-json\/wp\/v2\/pages\/5380#wpcf7-f168655-o1\">\n<div style=\"display: none;\">\n<input type=\"hidden\" name=\"_wpcf7\" value=\"168655\" \/>\n<input type=\"hidden\" name=\"_wpcf7_version\" value=\"5.7.7\" \/>\n<input type=\"hidden\" name=\"_wpcf7_locale\" value=\"it_IT\" \/>\n<input type=\"hidden\" name=\"_wpcf7_unit_tag\" value=\"wpcf7-f168655-o1\" \/>\n<input type=\"hidden\" name=\"_wpcf7_container_post\" value=\"0\" \/>\n<input type=\"hidden\" name=\"_wpcf7_posted_data_hash\" value=\"\" \/>\n<\/div>\n<input type=\"hidden\" autocomplete=\"off\" autocorrect=\"off\" name=\"i-x-B-Ud-JuX-ga-x-g\" value=\"\" \/><p><span class=\"wpcf7-form-control-wrap\" data-name=\"email\"><input size=\"40\" class=\"wpcf7-form-control wpcf7-text wpcf7-email wpcf7-validates-as-required wpcf7-validates-as-email underlined\" aria-required=\"true\" aria-invalid=\"false\" placeholder=\"E-MAIL*\" value=\"\" type=\"email\" name=\"email\" \/><\/span>\n<\/p>\n<p><span class=\"wpcf7-form-control-wrap\" data-name=\"full_name\"><input size=\"40\" class=\"wpcf7-form-control wpcf7-text wpcf7-validates-as-required underlined\" aria-required=\"true\" aria-invalid=\"false\" placeholder=\"N\u00c9V\/ALF*\" value=\"\" type=\"text\" name=\"full_name\" \/><\/span>\n<\/p>\n<p><span class=\"wpcf7-form-control-wrap\" data-name=\"company_type\"><input size=\"40\" class=\"wpcf7-form-control wpcf7-text underlined\" aria-invalid=\"false\" placeholder=\"C\u00c9GT\u00cdPUS\" value=\"\" type=\"text\" name=\"company_type\" \/><\/span>\n<\/p>\n<p><span class=\"wpcf7-form-control-wrap\" data-name=\"telephone\"><input size=\"40\" class=\"wpcf7-form-control wpcf7-text wpcf7-tel wpcf7-validates-as-required wpcf7-validates-as-tel underlined\" aria-required=\"true\" aria-invalid=\"false\" placeholder=\"TELEFON*\" value=\"\" type=\"tel\" name=\"telephone\" \/><\/span>\n<\/p>\n<p><span id=\"wpcf7-69f0dc069cf55-wrapper\" class=\"wpcf7-form-control-wrap your-title-wrap\" ><input id=\"your-title\"  placeholder=\"TITLE\"  class=\"wpcf7-form-control wpcf7-text underlined\" type=\"text\" name=\"your-title\" value=\"\" size=\"40\" tabindex=\"-1\" autocomplete=\"new-password\" \/><\/span>\n<\/p>\n<p><span class=\"wpcf7-form-control-wrap\" data-name=\"message\"><textarea cols=\"20\" rows=\"3\" class=\"wpcf7-form-control wpcf7-textarea underlined\" aria-invalid=\"false\" placeholder=\"\u00dcZENET\" name=\"message\"><\/textarea><\/span>\n<\/p>\n<input class=\"wpcf7-form-control wpcf7-hidden\" value=\"\" type=\"hidden\" name=\"url\" \/>\n<div>\n\t<p style=\"color:#eb5803; font-weight:500;\">K\u00e9rj\u00fck, ne habozzon megadni a k\u00e9rt inform\u00e1ci\u00f3kat.<br \/>\nCsak egy szem\u00e9lyre szabott konzult\u00e1ci\u00f3 c\u00e9lj\u00e1b\u00f3l vessz\u00fck fel \u00d6nnel \u00fajra a kapcsolatot.\n\t<\/p>\n<\/div>\n<div style=\"margin-bottom:10px;\">\n\t<p>Hozz\u00e1j\u00e1rul\u00e1s az adatfeldolgoz\u00e1shoz *\n\t<\/p>\n\t<div style=\"text-align:center;margin-bottom:20px;\">\n\t\t<p><a style=\"\" target=\"_blank\" class=\"button light ix-home-dryer-button-privacy-policy\" href=\"https:\/\/www.tauroessiccatori.com\/privacy-policy\/\">Adatv\u00e9delmi ir\u00e1nyelvek <\/a>\n\t\t<\/p>\n\t<\/div>\n\t<p><span class=\"wpcf7-form-control-wrap\" data-name=\"privacy_policy\"><span class=\"wpcf7-form-control wpcf7-acceptance\"><span class=\"wpcf7-list-item\"><label><input type=\"checkbox\" name=\"privacy_policy\" value=\"1\" aria-invalid=\"false\" \/><span class=\"wpcf7-list-item-label\">Hozz\u00e1j\u00e1rulok az adataimnak a fenti Adatv\u00e9delmi szab\u00e1lyzatban megjel\u00f6lt m\u00f3don t\u00f6rt\u00e9n\u0151 kezel\u00e9s\u00e9hez (k\u00f6telez\u0151).<\/span><\/label><\/span><\/span><\/span>\n\t<\/p>\n<\/div>\n<div style=\"text-align:center;\">\n\t<p><input class=\"wpcf7-form-control has-spinner wpcf7-submit button shaped btn-square bordered\" type=\"submit\" value=\"K\u00c9R\u00c9S K\u00dcLD\u00c9SE\" \/>\n\t<\/p>\n\t<div style=\"text-align:center; opacity:0.7;\">\n\t\t<p>24 \u00f3r\u00e1n bel\u00fcl felvessz\u00fck \u00d6nnel a kapcsolatot\n\t\t<\/p>\n\t<\/div>\n<\/div>\n<style>\n.wpcf7-spinner{display:block;}\n<\/style><p style=\"display: none !important;\"><label>&#916;<textarea name=\"_wpcf7_ak_hp_textarea\" cols=\"45\" rows=\"8\" maxlength=\"100\"><\/textarea><\/label><input type=\"hidden\" id=\"ak_js_1\" name=\"_wpcf7_ak_js\" value=\"136\"\/><script>document.getElementById( \"ak_js_1\" ).setAttribute( \"value\", ( new Date() ).getTime() );<\/script><\/p><input type='hidden' class='wpcf7-pum' value='{\"closepopup\":false,\"closedelay\":0,\"openpopup\":false,\"openpopup_id\":0}' \/><div class=\"wpcf7-response-output\" aria-hidden=\"true\"><\/div>\n<input type=\"hidden\" name=\"trp-form-language\" value=\"hu\"\/><\/form>\n<\/div>\n<\/div>\n<style>\n.text-center{\ntext-align: center;\n}\n@media screen and (min-width: 960px) \n{\n  .ix-form-medium-container{\n    width: 48%;\n    margin-left: auto;\n    margin-right: auto;\n  }\n  .ix-professional-form-2023 .ix-icon-social-contact-container img{\n    width: 64%;\n    margin-left: auto;\n    margin-right: auto;\n  } \n  .ix-professional-form-2023 .ix-icon-social-contact-container div{\n    text-align: center;\n  } \n}\n@media screen and (max-width: 960px) \n{\n  .ix-professional-form-2023 .ix-icon-social-contact-container img{\n    width: 70px;\n    height: 70px;\n    margin-left: auto;\n    margin-right: auto;\n  } \n  .ix-professional-form-2023 .ix-icon-social-contact-container div{\n    text-align: left;\n    display: flex;\n    padding: 10px 20px;\n  } \n  .ix-professional-form-2023 .ix-icon-social-contact-container p{\n    text-align: left;\n    width: 64%;\n  } \n  .ix-form-richiedi-preventivo {\n    width: 80%;\n    margin-left: auto;\n    margin-right: auto;\n    margin-top: 30px;\n  }\n  .ix-professional-form-2023 .ix-only-desktop{\n    display:none!important;\n  }\n  .ix-icon-social-contact-container a{\n    display: flex;\n    width: 100%;\n  }\n}\n<\/style>\n<p><!-- Elena ago 2023 <<< --><\/p>","protected":false},"excerpt":{"rendered":"<p>Metti un BIOSEC sotto l&#8217;Albero. SCOPRI QUI le promozioni di Natale! Gli sconti Black Friday sono qui! \u00a0 Clicca\u00a0per\u00a0non perderli \u2192 domande frequenti Domande, curiosit\u00e0, consigli e spiegazioni per un uso ancora pi\u00f9 semplice, efficace e sicuro del tuo essiccatore In quanto tempo ricever\u00f2 il mio pacco? Il pacco viene di norma consegnato, in tutta [&hellip;]<\/p>","protected":false},"author":1,"featured_media":0,"parent":1088,"menu_order":0,"comment_status":"closed","ping_status":"closed","template":"","meta":{"footnotes":""},"class_list":["post-5380","page","type-page","status-publish","hentry"],"acf":[],"yoast_head":"<!-- This site is optimized with the Yoast SEO plugin v20.10 - https:\/\/yoast.com\/wordpress\/plugins\/seo\/ -->\n<title>domande frequenti - Tauro Essiccatori<\/title>\n<meta name=\"robots\" content=\"noindex, follow, max-snippet:-1, max-image-preview:large, max-video-preview:-1\" \/>\n<meta property=\"og:locale\" content=\"hu_HU\" \/>\n<meta property=\"og:type\" content=\"article\" \/>\n<meta property=\"og:title\" content=\"domande frequenti - Tauro Essiccatori\" \/>\n<meta property=\"og:description\" content=\"Metti un BIOSEC sotto l&#039;Albero. SCOPRI QUI le promozioni di Natale! Gli sconti Black Friday sono qui! \u00a0 Clicca\u00a0per\u00a0non perderli \u2192 domande frequenti Domande, curiosit\u00e0, consigli e spiegazioni per un uso ancora pi\u00f9 semplice, efficace e sicuro del tuo essiccatore In quanto tempo ricever\u00f2 il mio pacco? Il pacco viene di norma consegnato, in tutta [&hellip;]\" \/>\n<meta property=\"og:url\" content=\"https:\/\/stor51.tauroessiccatori.com\/hu\/ugyfelszolgalat\/kerdesek-gyakori-kerdesek\/\" \/>\n<meta property=\"og:site_name\" content=\"Tauro Essiccatori\" \/>\n<meta property=\"article:publisher\" content=\"https:\/\/www.facebook.com\/TauroEssiccatori\/\" \/>\n<meta property=\"article:modified_time\" content=\"2023-08-04T09:20:04+00:00\" \/>\n<meta property=\"og:image\" content=\"https:\/\/stor51.tauroessiccatori.com\/wp-assets\/uploads\/2019\/11\/Schermata-2019-11-26-alle-11.38.44.png\" \/>\n<meta name=\"twitter:card\" content=\"summary_large_image\" \/>\n<meta name=\"twitter:label1\" content=\"Est. reading time\" \/>\n\t<meta name=\"twitter:data1\" content=\"10 perc\" \/>\n<script type=\"application\/ld+json\" class=\"yoast-schema-graph\">{\"@context\":\"https:\/\/schema.org\",\"@graph\":[{\"@type\":\"WebPage\",\"@id\":\"https:\/\/stor51.tauroessiccatori.com\/servizio-clienti\/domande-frequenti\/\",\"url\":\"https:\/\/stor51.tauroessiccatori.com\/servizio-clienti\/domande-frequenti\/\",\"name\":\"domande frequenti - Tauro Essiccatori\",\"isPartOf\":{\"@id\":\"https:\/\/stor51.tauroessiccatori.com\/#website\"},\"datePublished\":\"2019-10-18T16:08:39+00:00\",\"dateModified\":\"2023-08-04T09:20:04+00:00\",\"breadcrumb\":{\"@id\":\"https:\/\/stor51.tauroessiccatori.com\/servizio-clienti\/domande-frequenti\/#breadcrumb\"},\"inLanguage\":\"hu\",\"potentialAction\":[{\"@type\":\"ReadAction\",\"target\":[\"https:\/\/stor51.tauroessiccatori.com\/servizio-clienti\/domande-frequenti\/\"]}]},{\"@type\":\"BreadcrumbList\",\"@id\":\"https:\/\/stor51.tauroessiccatori.com\/servizio-clienti\/domande-frequenti\/#breadcrumb\",\"itemListElement\":[{\"@type\":\"ListItem\",\"position\":1,\"name\":\"Home\",\"item\":\"https:\/\/stor51.tauroessiccatori.com\/\"},{\"@type\":\"ListItem\",\"position\":2,\"name\":\"Servizio clienti\",\"item\":\"https:\/\/stor51.tauroessiccatori.com\/servizio-clienti\/\"},{\"@type\":\"ListItem\",\"position\":3,\"name\":\"domande frequenti\"}]},{\"@type\":\"WebSite\",\"@id\":\"https:\/\/stor51.tauroessiccatori.com\/#website\",\"url\":\"https:\/\/stor51.tauroessiccatori.com\/\",\"name\":\"Tauro Essiccatori\",\"description\":\"Welcome to Tauro Essiccatori online shop\",\"publisher\":{\"@id\":\"https:\/\/stor51.tauroessiccatori.com\/#organization\"},\"potentialAction\":[{\"@type\":\"SearchAction\",\"target\":{\"@type\":\"EntryPoint\",\"urlTemplate\":\"https:\/\/stor51.tauroessiccatori.com\/?s={search_term_string}\"},\"query-input\":\"required name=search_term_string\"}],\"inLanguage\":\"hu\"},{\"@type\":\"Organization\",\"@id\":\"https:\/\/stor51.tauroessiccatori.com\/#organization\",\"name\":\"Tauro Essiccatori\",\"url\":\"https:\/\/stor51.tauroessiccatori.com\/\",\"logo\":{\"@type\":\"ImageObject\",\"inLanguage\":\"hu\",\"@id\":\"https:\/\/stor51.tauroessiccatori.com\/#\/schema\/logo\/image\/\",\"url\":\"https:\/\/www.tauroessiccatori.com\/wp-assets\/uploads\/2017\/07\/logo_tauro_500x109px.png\",\"contentUrl\":\"https:\/\/www.tauroessiccatori.com\/wp-assets\/uploads\/2017\/07\/logo_tauro_500x109px.png\",\"width\":500,\"height\":109,\"caption\":\"Tauro Essiccatori\"},\"image\":{\"@id\":\"https:\/\/stor51.tauroessiccatori.com\/#\/schema\/logo\/image\/\"},\"sameAs\":[\"https:\/\/www.facebook.com\/TauroEssiccatori\/\",\"https:\/\/www.instagram.com\/tauro_essiccatori\/\",\"https:\/\/it.linkedin.com\/company\/tauro-essiccatori\",\"https:\/\/www.youtube.com\/user\/tauroessiccatori\"]}]}<\/script>\n<!-- \/ Yoast SEO plugin. -->","yoast_head_json":{"title":"domande frequenti - Tauro Essiccatori","robots":{"index":"noindex","follow":"follow","max-snippet":"max-snippet:-1","max-image-preview":"max-image-preview:large","max-video-preview":"max-video-preview:-1"},"og_locale":"hu_HU","og_type":"article","og_title":"domande frequenti - Tauro Essiccatori","og_description":"Metti un BIOSEC sotto l'Albero. SCOPRI QUI le promozioni di Natale! Gli sconti Black Friday sono qui! \u00a0 Clicca\u00a0per\u00a0non perderli \u2192 domande frequenti Domande, curiosit\u00e0, consigli e spiegazioni per un uso ancora pi\u00f9 semplice, efficace e sicuro del tuo essiccatore In quanto tempo ricever\u00f2 il mio pacco? Il pacco viene di norma consegnato, in tutta [&hellip;]","og_url":"https:\/\/stor51.tauroessiccatori.com\/hu\/ugyfelszolgalat\/kerdesek-gyakori-kerdesek\/","og_site_name":"Tauro Essiccatori","article_publisher":"https:\/\/www.facebook.com\/TauroEssiccatori\/","article_modified_time":"2023-08-04T09:20:04+00:00","og_image":[{"url":"https:\/\/stor51.tauroessiccatori.com\/wp-assets\/uploads\/2019\/11\/Schermata-2019-11-26-alle-11.38.44.png"}],"twitter_card":"summary_large_image","twitter_misc":{"Est. reading time":"10 perc"},"schema":{"@context":"https:\/\/schema.org","@graph":[{"@type":"WebPage","@id":"https:\/\/stor51.tauroessiccatori.com\/servizio-clienti\/domande-frequenti\/","url":"https:\/\/stor51.tauroessiccatori.com\/servizio-clienti\/domande-frequenti\/","name":"domande frequenti - Tauro Essiccatori","isPartOf":{"@id":"https:\/\/stor51.tauroessiccatori.com\/#website"},"datePublished":"2019-10-18T16:08:39+00:00","dateModified":"2023-08-04T09:20:04+00:00","breadcrumb":{"@id":"https:\/\/stor51.tauroessiccatori.com\/servizio-clienti\/domande-frequenti\/#breadcrumb"},"inLanguage":"hu","potentialAction":[{"@type":"ReadAction","target":["https:\/\/stor51.tauroessiccatori.com\/servizio-clienti\/domande-frequenti\/"]}]},{"@type":"BreadcrumbList","@id":"https:\/\/stor51.tauroessiccatori.com\/servizio-clienti\/domande-frequenti\/#breadcrumb","itemListElement":[{"@type":"ListItem","position":1,"name":"Home","item":"https:\/\/stor51.tauroessiccatori.com\/"},{"@type":"ListItem","position":2,"name":"Servizio clienti","item":"https:\/\/stor51.tauroessiccatori.com\/servizio-clienti\/"},{"@type":"ListItem","position":3,"name":"domande frequenti"}]},{"@type":"WebSite","@id":"https:\/\/stor51.tauroessiccatori.com\/#website","url":"https:\/\/stor51.tauroessiccatori.com\/","name":"Tauro Essiccatori","description":"Welcome to Tauro Essiccatori online shop","publisher":{"@id":"https:\/\/stor51.tauroessiccatori.com\/#organization"},"potentialAction":[{"@type":"SearchAction","target":{"@type":"EntryPoint","urlTemplate":"https:\/\/stor51.tauroessiccatori.com\/?s={search_term_string}"},"query-input":"required name=search_term_string"}],"inLanguage":"hu"},{"@type":"Organization","@id":"https:\/\/stor51.tauroessiccatori.com\/#organization","name":"Tauro Essiccatori","url":"https:\/\/stor51.tauroessiccatori.com\/","logo":{"@type":"ImageObject","inLanguage":"hu","@id":"https:\/\/stor51.tauroessiccatori.com\/#\/schema\/logo\/image\/","url":"https:\/\/www.tauroessiccatori.com\/wp-assets\/uploads\/2017\/07\/logo_tauro_500x109px.png","contentUrl":"https:\/\/www.tauroessiccatori.com\/wp-assets\/uploads\/2017\/07\/logo_tauro_500x109px.png","width":500,"height":109,"caption":"Tauro Essiccatori"},"image":{"@id":"https:\/\/stor51.tauroessiccatori.com\/#\/schema\/logo\/image\/"},"sameAs":["https:\/\/www.facebook.com\/TauroEssiccatori\/","https:\/\/www.instagram.com\/tauro_essiccatori\/","https:\/\/it.linkedin.com\/company\/tauro-essiccatori","https:\/\/www.youtube.com\/user\/tauroessiccatori"]}]}},"_links":{"self":[{"href":"https:\/\/stor51.tauroessiccatori.com\/hu\/wp-json\/wp\/v2\/pages\/5380"}],"collection":[{"href":"https:\/\/stor51.tauroessiccatori.com\/hu\/wp-json\/wp\/v2\/pages"}],"about":[{"href":"https:\/\/stor51.tauroessiccatori.com\/hu\/wp-json\/wp\/v2\/types\/page"}],"author":[{"embeddable":true,"href":"https:\/\/stor51.tauroessiccatori.com\/hu\/wp-json\/wp\/v2\/users\/1"}],"replies":[{"embeddable":true,"href":"https:\/\/stor51.tauroessiccatori.com\/hu\/wp-json\/wp\/v2\/comments?post=5380"}],"version-history":[{"count":62,"href":"https:\/\/stor51.tauroessiccatori.com\/hu\/wp-json\/wp\/v2\/pages\/5380\/revisions"}],"predecessor-version":[{"id":168888,"href":"https:\/\/stor51.tauroessiccatori.com\/hu\/wp-json\/wp\/v2\/pages\/5380\/revisions\/168888"}],"up":[{"embeddable":true,"href":"https:\/\/stor51.tauroessiccatori.com\/hu\/wp-json\/wp\/v2\/pages\/1088"}],"wp:attachment":[{"href":"https:\/\/stor51.tauroessiccatori.com\/hu\/wp-json\/wp\/v2\/media?parent=5380"}],"curies":[{"name":"wp","href":"https:\/\/api.w.org\/{rel}","templated":true}]}}