


{"id":18742,"date":"2020-02-27T19:17:42","date_gmt":"2020-02-27T18:17:42","guid":{"rendered":"https:\/\/www.tauroessiccatori.com\/?page_id=18742\/"},"modified":"2023-08-22T20:58:22","modified_gmt":"2023-08-22T18:58:22","slug":"chi-siamo","status":"publish","type":"page","link":"https:\/\/stor51.tauroessiccatori.com\/hu\/ki-vagyunk-mi\/","title":{"rendered":"kik vagyunk"},"content":{"rendered":"<div class=\"tauro-banners\"><div class=\"banner-00\" style=\"background-color: #852035\">\r\n<div class=\"ix-xmas-box-other\" style=\"font-size: 18px;padding: 7px 0;margin: 0 auto 0px auto\" align=\"center\"><b style=\"color: #fff;font-size: 18px\">Helyezzen egy BIOSEC-et a fa al\u00e1. <a style=\"color: #f8cc89;font-weight: bold;text-decoration: none;font-size: 18px\" href=\"https:\/\/www.tauroessiccatori.com\/christmas-2024\/\">FEDEZZE MEG ITT<\/a> Kar\u00e1csonyi akci\u00f3k!<\/b><\/div>\r\n<\/div><div class=\"banner-00\" style=\"background-color: #000\">\r\n<div class=\"ix-xmas-box-other\" style=\"font-size: 18px;padding: 7px 0;margin: 0 auto 0px auto\" align=\"center\"><b style=\"color: #fff\"> Itt vannak a fekete p\u00e9nteki kedvezm\u00e9nyek! \u00a0 <a style=\"color: #f77209;font-weight: bold;text-decoration: none\" href=\"https:\/\/www.tauroessiccatori.com\/black-friday-2024\/\"> Kattints, hogy ne hagyd ki \u0151ket \u2192 <\/a>\r\n<\/b><\/div>\r\n<\/div><\/div><p><!--2022-08-02 italix: kevin: was:h2 add:ix-h1--><\/p>\n<h1 class=\"ix-h1\">kik vagyunk<\/h1>\n<div class=\"p1 ix-the-company-p\">A Tauro-n\u00e1l a saj\u00e1t arcunkat mutatjuk. A c\u00e9g\u00fcnk \u00f6sszetev\u0151i? Fiatal szakemberek, ragad\u00f3s mosoly, szaktud\u00e1s, szak\u00e9rtelem. \u00c9s a mindig jelenl\u00e9v\u0151 csoportos k\u00e1v\u00e9sz\u00fcnet. Ismerjen meg minket!<\/div>\n<div><a class=\"ix-hover-image-group\" href=\"#\"><br \/>\n   <img decoding=\"async\" src=\"https:\/\/stor51.tauroessiccatori.com\/wp-assets\/uploads\/2020\/02\/tauro-chi-siamo-gruppo.okkkokkk-min.jpg\" \/><br \/>\n   <img decoding=\"async\" class=\"ix-hover-hide\" src=\"https:\/\/stor51.tauroessiccatori.com\/wp-assets\/uploads\/2020\/02\/tauro-chi-siamo-gruppo-ooookooooook-min.jpg\" \/><br \/>\n   <\/a>\n<\/div>\n<h2 class=\"ix-h2\">szenved\u00e9ly \u00e9s szakmais\u00e1g<\/h2>\n<div class=\"p1 ix-the-company-p\">Mert az egyik mindig k\u00e9z a k\u00e9zben j\u00e1r a m\u00e1sikkal. T\u00f6bb mint harminc \u00e9ve k\u00e9sz\u00edtj\u00fck a legjobb sz\u00e1r\u00edt\u00f3kat, \u00e9s ny\u00fajtunk \u00fcgyfeleinknek minden t\u00e1mogat\u00e1st \u00e9s figyelmet, amit meg\u00e9rdemelnek. \u00cdrjon nek\u00fcnk!<\/div>\n<div class=\"ix-container-inner ix-container-inner-who\">\n<div class=\"ix-container-the-company-team\">\n<div class=\"ix-container-prova\">\n<div class=\"ix-items-prova\">\n        \n   \n        \n            <a href=\"#test-cora\" data-uk-modal=\"{target:'#test-cora'}\" class=\"ix-who-a-container\">\n               <div class=\"ix-profile-container\">\n                  <div class=\"ix-the-company-profile\">\n                      <img decoding=\"async\" class=\"ix-who-img\" style=\"width: 100%\" src=\"https:\/\/stor51.tauroessiccatori.com\/wp-assets\/uploads\/2020\/03\/Cora-Servizio-Clienti-min.jpg\" \/>\n                      <img decoding=\"async\" class=\"ix-who-img-hover\" style=\"width: 100%\" src=\"https:\/\/stor51.tauroessiccatori.com\/wp-assets\/uploads\/2020\/03\/Cora-Servizio-Clienti_over-min.jpg\" \/>\n                   <\/div>\n                  <div class=\"ix-profile-name\">\n                     <h3>Cora<\/h3>\n                     <div class=\"ix-profile-underline\"><\/div>\n                     <p class=\"p2 ix-profile-description\">\u00dcgyf\u00e9lszolg\u00e1lat<\/p>\n                  <\/div>\n               <\/div>\n            <\/a>\n            <div id=\"test-cora\" class=\"uk-modal\">\n               <div class=\"uk-modal-dialog ix-popup-container-who\">\n                  <a class=\"uk-modal-close uk-close\"><\/a>\n                  <div class=\"ix-who-popup-container\">\n                     <div class=\"uk-grid uk-grid-small\">\n                        <div class=\"uk-width-1-1 uk-width-large-1-2\">\n                           <div class=\"ix-who-popup-img\">\n                              <img decoding=\"async\" style=\"width: 100%\" src=\"https:\/\/stor51.tauroessiccatori.com\/wp-assets\/uploads\/2020\/03\/Cora-Servizio-Clienti-min.jpg\">\n                           <\/div>\n                        <\/div>\n                        <div class=\"uk-width-1-1 uk-width-large-1-2\">\n                           <div class=\"ix-home-popup-descr\">\n                              <div class=\"ix-etichetta-2 ix-home-popup-task\">\u00dcgyf\u00e9lszolg\u00e1lat<\/div>\n                              <div class=\"ix-home-popup-name-inner\">Cora<\/div>\n                              <div class=\"ix-home-popup-descr-inner\">Csillog\u00f3 \u00e9s mosolyg\u00f3s, jelszava a napl\u00f3: soha nem n\u00e9lk\u00fcl\u00f6zheti! Mindent feljegyez: napirendet, tal\u00e1lkoz\u00f3kat, kapott telefonh\u00edv\u00e1sokat. \u00cdgy van, \u0151 a \"c\u00e9g hangja\", a Tauro \u00fcdv\u00f6zl\u0151je. Az \u00fcgyfelek szolg\u00e1lat\u00e1ban seg\u00edt \u00e9s megnyugtat, n\u00e1la nem l\u00e9teznek probl\u00e9m\u00e1k, csak megold\u00e1sok. Szereti a zen\u00e9t \u00e9s sokat \u00e9nekel. \u00c9s itt van \u00fajra, a hangja mindig \u00e1tj\u00f6n, otthon \u00e9s a munkahely\u00e9n egyar\u00e1nt. Gyere \u00e9s hallgasd meg \u0151t is!<\/div>\n                           <\/div>\n                        <\/div>\n                     <\/div>\n                  <\/div>\n               <\/div>\n            <\/div>\n        \n        \n        \n        <\/div>\n<div class=\"ix-items-prova\">\n        \n   \n        \n            <a href=\"#popup-stefania\" data-uk-modal=\"{target:'#popup-stefania'}\" class=\"ix-who-a-container\">\n               <div class=\"ix-profile-container\">\n                  <div class=\"ix-the-company-profile\">\n                      <img decoding=\"async\" class=\"ix-who-img\" style=\"width: 100%\" src=\"https:\/\/stor51.tauroessiccatori.com\/wp-assets\/uploads\/2020\/03\/Stefania-Amministrazione-min.jpg\" \/>\n                      <img decoding=\"async\" class=\"ix-who-img-hover\" style=\"width: 100%\" src=\"https:\/\/stor51.tauroessiccatori.com\/wp-assets\/uploads\/2020\/03\/Stefania-Amministrazione_over-min.jpg\" \/>\n                   <\/div>\n                  <div class=\"ix-profile-name\">\n                     <h3>Stefania<\/h3>\n                     <div class=\"ix-profile-underline\"><\/div>\n                     <p class=\"p2 ix-profile-description\">K\u00f6nyvel\u00e9s \u00e9s adminisztr\u00e1ci\u00f3<\/p>\n                  <\/div>\n               <\/div>\n            <\/a>\n            <div id=\"popup-stefania\" class=\"uk-modal\">\n               <div class=\"uk-modal-dialog ix-popup-container-who\">\n                  <a class=\"uk-modal-close uk-close\"><\/a>\n                  <div class=\"ix-who-popup-container\">\n                     <div class=\"uk-grid uk-grid-small\">\n                        <div class=\"uk-width-1-1 uk-width-large-1-2\">\n                           <div class=\"ix-who-popup-img\">\n                              <img decoding=\"async\" style=\"width: 100%\" src=\"https:\/\/stor51.tauroessiccatori.com\/wp-assets\/uploads\/2020\/03\/Stefania-Amministrazione-min.jpg\">\n                           <\/div>\n                        <\/div>\n                        <div class=\"uk-width-1-1 uk-width-large-1-2\">\n                           <div class=\"ix-home-popup-descr\">\n                              <div class=\"ix-etichetta-2 ix-home-popup-task\">K\u00f6nyvel\u00e9s \u00e9s adminisztr\u00e1ci\u00f3<\/div>\n                              <div class=\"ix-home-popup-name-inner\">Stefania<\/div>\n                              <div class=\"ix-home-popup-descr-inner\">Stefania, aki hossz\u00fa \u00e9vek \u00f3ta a v\u00e1llalat oszlopos tagja, a t\u00f6rt\u00e9nelmi eml\u00e9kezet, a Tauro falain bel\u00fcl t\u00f6rt\u00e9nt esem\u00e9nyek \u00e9l\u0151 arch\u00edvuma. Mindig k\u00e9sz seg\u00edteni a koll\u00e9g\u00e1knak \u00e9s az \u00fcgyfeleknek, gy\u00f6ny\u00f6r\u0171 mosollyal \u00e9s nagy szenved\u00e9llyel v\u00e9gzi a munk\u00e1j\u00e1t. N\u00e1la mindig v\u00e1laszt fogsz tal\u00e1lni, a k\u00e9rd\u00e9sed soha nem fog s\u00fcket f\u00fclekre tal\u00e1lni. Pontos \u00e9s rendezett, de meglep\u0151en szipork\u00e1z\u00f3 \u00e9s k\u00edv\u00e1ncsi lelket rejt: \u0151 lesz a megfelel\u0151 szem\u00e9ly, akihez fordulhatsz, ha egy fizet\u00e9s lebonyol\u00edt\u00e1s\u00e1r\u00f3l van sz\u00f3, de m\u00e9g t\u00f6k\u00e9letesebb lesz s\u00edel\u00e9shez vagy egy kerti s\u00fct\u00f6get\u00e9s megszervez\u00e9s\u00e9hez!<\/div>\n                           <\/div>\n                        <\/div>\n                     <\/div>\n                  <\/div>\n               <\/div>\n            <\/div>\n        \n        \n        \n        <\/div>\n<div class=\"ix-items-prova\">\n        \n   \n        \n            <a href=\"#popup-monica\" data-uk-modal=\"{target:'#popup-monica'}\" class=\"ix-who-a-container\">\n               <div class=\"ix-profile-container\">\n                  <div class=\"ix-the-company-profile\">\n                      <img decoding=\"async\" class=\"ix-who-img\" style=\"width: 100%\" src=\"https:\/\/stor51.tauroessiccatori.com\/wp-assets\/uploads\/2020\/02\/MONICA_tauro_feb20-321_web-2.jpg\" \/>\n                      <img decoding=\"async\" class=\"ix-who-img-hover\" style=\"width: 100%\" src=\"https:\/\/stor51.tauroessiccatori.com\/wp-assets\/uploads\/2020\/02\/MONICA_tauro_feb20-483_web-2.jpg\" \/>\n                   <\/div>\n                  <div class=\"ix-profile-name\">\n                     <h3>Monica<\/h3>\n                     <div class=\"ix-profile-underline\"><\/div>\n                     <p class=\"p2 ix-profile-description\">\u00dcgyf\u00e9lszolg\u00e1lat<\/p>\n                  <\/div>\n               <\/div>\n            <\/a>\n            <div id=\"popup-monica\" class=\"uk-modal\">\n               <div class=\"uk-modal-dialog ix-popup-container-who\">\n                  <a class=\"uk-modal-close uk-close\"><\/a>\n                  <div class=\"ix-who-popup-container\">\n                     <div class=\"uk-grid uk-grid-small\">\n                        <div class=\"uk-width-1-1 uk-width-large-1-2\">\n                           <div class=\"ix-who-popup-img\">\n                              <img decoding=\"async\" style=\"width: 100%\" src=\"https:\/\/stor51.tauroessiccatori.com\/wp-assets\/uploads\/2020\/02\/MONICA_tauro_feb20-321_web-2.jpg\">\n                           <\/div>\n                        <\/div>\n                        <div class=\"uk-width-1-1 uk-width-large-1-2\">\n                           <div class=\"ix-home-popup-descr\">\n                              <div class=\"ix-etichetta-2 ix-home-popup-task\">\u00dcgyf\u00e9lszolg\u00e1lat<\/div>\n                              <div class=\"ix-home-popup-name-inner\">Monica<\/div>\n                              <div class=\"ix-home-popup-descr-inner\">\u00dcgyf\u00e9lszolg\u00e1lati irod\u00e1nk fiatal \u00e9s t\u00fcrelmes arca, \u0151 Monica! Mindig lelkesen \u00e9s gyorsan veszi fel a telefont, \u00e9s minden k\u00e9r\u00e9s\u00e9t sz\u00edv\u00e9n viseli. N\u00e1la j\u00f3 kezekben leszel, \u00e9s nyugodtan alszol... am\u00edg a sz\u00e1r\u00edt\u00f3id meg\u00e1ll\u00e1s n\u00e9lk\u00fcl m\u0171k\u00f6dnek!<\/div>\n                           <\/div>\n                        <\/div>\n                     <\/div>\n                  <\/div>\n               <\/div>\n            <\/div>\n        \n        \n        \n        <\/div>\n<div class=\"ix-items-prova\">\n        \n   \n        \n            <a href=\"#popup-michele\" data-uk-modal=\"{target:'#popup-michele'}\" class=\"ix-who-a-container\">\n               <div class=\"ix-profile-container\">\n                  <div class=\"ix-the-company-profile\">\n                      <img decoding=\"async\" class=\"ix-who-img\" style=\"width: 100%\" src=\"https:\/\/stor51.tauroessiccatori.com\/wp-assets\/uploads\/2020\/03\/Michele-Ufficio-Tecnico-min.jpg\" \/>\n                      <img decoding=\"async\" class=\"ix-who-img-hover\" style=\"width: 100%\" src=\"https:\/\/stor51.tauroessiccatori.com\/wp-assets\/uploads\/2020\/03\/Michele-Ufficio-Tecnico_over-min.jpg\" \/>\n                   <\/div>\n                  <div class=\"ix-profile-name\">\n                     <h3>Michael<\/h3>\n                     <div class=\"ix-profile-underline\"><\/div>\n                     <p class=\"p2 ix-profile-description\">M\u0171szaki \u00e9s beszerz\u00e9s<\/p>\n                  <\/div>\n               <\/div>\n            <\/a>\n            <div id=\"popup-michele\" class=\"uk-modal\">\n               <div class=\"uk-modal-dialog ix-popup-container-who\">\n                  <a class=\"uk-modal-close uk-close\"><\/a>\n                  <div class=\"ix-who-popup-container\">\n                     <div class=\"uk-grid uk-grid-small\">\n                        <div class=\"uk-width-1-1 uk-width-large-1-2\">\n                           <div class=\"ix-who-popup-img\">\n                              <img decoding=\"async\" style=\"width: 100%\" src=\"https:\/\/stor51.tauroessiccatori.com\/wp-assets\/uploads\/2020\/03\/Michele-Ufficio-Tecnico-min.jpg\">\n                           <\/div>\n                        <\/div>\n                        <div class=\"uk-width-1-1 uk-width-large-1-2\">\n                           <div class=\"ix-home-popup-descr\">\n                              <div class=\"ix-etichetta-2 ix-home-popup-task\">M\u0171szaki \u00e9s beszerz\u00e9s<\/div>\n                              <div class=\"ix-home-popup-name-inner\">Michael<\/div>\n                              <div class=\"ix-home-popup-descr-inner\">A koll\u00e9ga, akit mindenki szeretne, t\u00fcrelmes, gondoskod\u00f3 \u00e9s t\u00edzig sz\u00e1mol, miel\u0151tt v\u00e1laszol (ami mindig nagyon b\u00f6lcs dolog, \u00e1ltal\u00e1ban v\u00e9ve az \u00e9letben). K\u00e9pzett probl\u00e9mamegold\u00f3, aki seg\u00edt \u00d6nnek, ha a sz\u00e1r\u00edt\u00f3ja meghib\u00e1sodik. Sz\u00e1m\u00e1ra nincs \"technikai\" korl\u00e1t, minden megoldhat\u00f3 gondos elemz\u00e9ssel \u00e9s a lehet\u0151s\u00e9gek sz\u0171k\u00edtett list\u00e1j\u00e1val, \u00d6nnek is megvan a v\u00e1laszt\u00e1si lehet\u0151s\u00e9ge (ami nek\u00fcnk, koll\u00e9g\u00e1knak azonnali seg\u00edts\u00e9get jelent b\u00e1rmilyen probl\u00e9m\u00e1val kapcsolatban!). Szerencs\u00e9sek vagyunk, \u00e9s szerencs\u00e9s vagy, hogy sz\u00e1m\u00edthatsz Michele-re. Tegye pr\u00f3b\u00e1ra, nem fog cserben hagyni.<\/div>\n                           <\/div>\n                        <\/div>\n                     <\/div>\n                  <\/div>\n               <\/div>\n            <\/div>\n        \n        \n        \n        <\/div>\n<div class=\"ix-items-prova\">\n        \n   \n        \n            <a href=\"#popup-elena\" data-uk-modal=\"{target:'#popup-elena'}\" class=\"ix-who-a-container\">\n               <div class=\"ix-profile-container\">\n                  <div class=\"ix-the-company-profile\">\n                      <img decoding=\"async\" class=\"ix-who-img\" style=\"width: 100%\" src=\"https:\/\/stor51.tauroessiccatori.com\/wp-assets\/uploads\/2020\/03\/Elena-Ufficio-Commerciale-min.jpg\" \/>\n                      <img decoding=\"async\" class=\"ix-who-img-hover\" style=\"width: 100%\" src=\"https:\/\/stor51.tauroessiccatori.com\/wp-assets\/uploads\/2020\/03\/Elena-Ufficio-Commerciale_over.-min.jpg\" \/>\n                   <\/div>\n                  <div class=\"ix-profile-name\">\n                     <h3>Elena<\/h3>\n                     <div class=\"ix-profile-underline\"><\/div>\n                     <p class=\"p2 ix-profile-description\">Kereskedelmi<\/p>\n                  <\/div>\n               <\/div>\n            <\/a>\n            <div id=\"popup-elena\" class=\"uk-modal\">\n               <div class=\"uk-modal-dialog ix-popup-container-who\">\n                  <a class=\"uk-modal-close uk-close\"><\/a>\n                  <div class=\"ix-who-popup-container\">\n                     <div class=\"uk-grid uk-grid-small\">\n                        <div class=\"uk-width-1-1 uk-width-large-1-2\">\n                           <div class=\"ix-who-popup-img\">\n                              <img decoding=\"async\" style=\"width: 100%\" src=\"https:\/\/stor51.tauroessiccatori.com\/wp-assets\/uploads\/2020\/03\/Elena-Ufficio-Commerciale-min.jpg\">\n                           <\/div>\n                        <\/div>\n                        <div class=\"uk-width-1-1 uk-width-large-1-2\">\n                           <div class=\"ix-home-popup-descr\">\n                              <div class=\"ix-etichetta-2 ix-home-popup-task\">Kereskedelmi<\/div>\n                              <div class=\"ix-home-popup-name-inner\">Elena<\/div>\n                              <div class=\"ix-home-popup-descr-inner\">Ha v\u00e9letlen\u00fcl elhalad a v\u00e1llalat el\u0151tt, l\u00e1thatja, hogy telefonj\u00e1val, f\u00fclhallgat\u00f3val \u00e9s katal\u00f3gusokkal felfegyverkezve j\u00e1rja a folyos\u00f3kat, gesztikul\u00e1lva, \u00e9s felsorolva az \u00e1rakat, kedvezm\u00e9nyeket \u00e9s \u00fczleti felt\u00e9teleket. Ha igaz, hogy egy telefonh\u00edv\u00e1s meghosszabb\u00edtja az \u00e9letet... Elena sz\u00e1z \u00e9vig fog \u00e9lni! Napf\u00e9nyes, kem\u00e9ny \u00e9s optimista, az \u00edr\u00f3asztala mindig a forr\u00e1sok robban\u00e1sszer\u0171 t\u00e1rh\u00e1za, ott mindent megtal\u00e1lsz, amire sz\u00fcks\u00e9ged van! Mesterien vezeti a Tauro \u00e9l\u00e9nk \u00e9rt\u00e9kes\u00edt\u00e9si csapat\u00e1t, a ter\u00fcleti \u00fcgyn\u00f6k\u00f6k zenekar\u00e1t \u00e9s valamennyi keresked\u0151nket. Ak\u00e1r m\u00e1r \u00fcgyf\u00e9l vagy, ak\u00e1r azz\u00e1 szeretn\u00e9l v\u00e1lni, \u0151 tud seg\u00edteni neked... csak h\u00edvd fel!<\/div>\n                           <\/div>\n                        <\/div>\n                     <\/div>\n                  <\/div>\n               <\/div>\n            <\/div>\n        \n        \n        \n        <\/div>\n<div class=\"ix-items-prova\">\n        \n   \n        \n            <a href=\"#popup-tommaso\" data-uk-modal=\"{target:'#popup-tommaso'}\" class=\"ix-who-a-container\">\n               <div class=\"ix-profile-container\">\n                  <div class=\"ix-the-company-profile\">\n                      <img decoding=\"async\" class=\"ix-who-img\" style=\"width: 100%\" src=\"https:\/\/stor51.tauroessiccatori.com\/wp-assets\/uploads\/2020\/03\/Tommaso-Ricerca-e-Sviluppo-min.jpg\" \/>\n                      <img decoding=\"async\" class=\"ix-who-img-hover\" style=\"width: 100%\" src=\"https:\/\/stor51.tauroessiccatori.com\/wp-assets\/uploads\/2020\/03\/Tommaso-Ricerca-e-Sviluppo_over-min.jpg\" \/>\n                   <\/div>\n                  <div class=\"ix-profile-name\">\n                     <h3>Tommaso<\/h3>\n                     <div class=\"ix-profile-underline\"><\/div>\n                     <p class=\"p2 ix-profile-description\">Kutat\u00e1s \u00e9s fejleszt\u00e9s<\/p>\n                  <\/div>\n               <\/div>\n            <\/a>\n            <div id=\"popup-tommaso\" class=\"uk-modal\">\n               <div class=\"uk-modal-dialog ix-popup-container-who\">\n                  <a class=\"uk-modal-close uk-close\"><\/a>\n                  <div class=\"ix-who-popup-container\">\n                     <div class=\"uk-grid uk-grid-small\">\n                        <div class=\"uk-width-1-1 uk-width-large-1-2\">\n                           <div class=\"ix-who-popup-img\">\n                              <img decoding=\"async\" style=\"width: 100%\" src=\"https:\/\/stor51.tauroessiccatori.com\/wp-assets\/uploads\/2020\/03\/Tommaso-Ricerca-e-Sviluppo-min.jpg\">\n                           <\/div>\n                        <\/div>\n                        <div class=\"uk-width-1-1 uk-width-large-1-2\">\n                           <div class=\"ix-home-popup-descr\">\n                              <div class=\"ix-etichetta-2 ix-home-popup-task\">Kutat\u00e1s \u00e9s fejleszt\u00e9s<\/div>\n                              <div class=\"ix-home-popup-name-inner\">Tommaso<\/div>\n                              <div class=\"ix-home-popup-descr-inner\">Ki lenne alkalmasabb a tesztek, pr\u00f3b\u00e1k \u00e9s ellen\u0151rz\u00e9sek elv\u00e9gz\u00e9s\u00e9re, mint egy Tommaso nev\u0171 szem\u00e9ly? Pontos \u00e9s megb\u00edzhat\u00f3, sz\u00edvesebben dolgozik sz\u00e1mokkal, mint szavakkal, de mindig emberekkel. Az \u0151 napi kih\u00edv\u00e1sa, hogy jav\u00edtsa term\u00e9keinket, \u00e9s form\u00e1t \u00e9s m\u00e9rt\u00e9ket adjon Livio (a tulajdonos) intu\u00edci\u00f3inak. Ha k\u00e9rd\u00e9se van, vagy technikai k\u00e9rd\u00e9sekben van sz\u00fcks\u00e9ge felvil\u00e1gos\u00edt\u00e1sra, \u0151 az \u00d6n embere. Ha rossz a nap, vagy ha nincs kedve a hegyekbe menni... nagyban megn\u0151 a val\u00f3sz\u00edn\u0171s\u00e9ge annak, hogy v\u00e1laszt kapsz!<\/div>\n                           <\/div>\n                        <\/div>\n                     <\/div>\n                  <\/div>\n               <\/div>\n            <\/div>\n        \n        \n        \n        <\/div>\n<p><!--\n         \n\n<div class=\"ix-items-prova\">[ix_chi_siamo_shortcode name=\"Marco\" img=\"https:\/\/stor51.tauroessiccatori.com\/wp-assets\/uploads\/2020\/02\/MARCO_tauro_feb20-530_web-2.jpg\" img_hover=\"https:\/\/stor51.tauroessiccatori.com\/wp-assets\/uploads\/2020\/02\/MARCO_tauro_feb20-690_web-2.jpg\" task=\"Commerciale\" id=\"popup-marco\" description=\"Carattere ed energia si concentrano tutte qui, nella voce rassicurante di Marco, che ama tenere tutto sotto controllo e non lascia mai niente al caso. Unico rappresentante maschile dell\u2019ufficio vendite, sar\u00e0 per questo che se la gode beato?! L\u2019avete gi\u00e0 conosciuto? No? Beh, non potrete confonderlo con nessun altro.\"]<\/div>\n\n\n         \n\n<div class=\"ix-items-prova\">[ix_chi_siamo_shortcode name=\"Elisa\" img=\"https:\/\/stor51.tauroessiccatori.com\/wp-assets\/uploads\/2020\/03\/Elisa-Media-Marketing-min.jpg\" img_hover=\"https:\/\/stor51.tauroessiccatori.com\/wp-assets\/uploads\/2020\/03\/Elisa-Media-Marketing_over-min.jpg\" task=\"Comunicazione e Marketing\" id=\"popup-elisa\" description=\"Sulle orme di un essiccatore. Una storia vera. \u00c8 proprio il caso di dirlo: dapprima se l'\u00e8 comprato e poi \u00e8 venuta a lavorare qui! Non c'\u00e8 trucco, non c'\u00e8 inganno: Elisa all'essiccazione ci crede davvero. Tanto che ve ne parla tutti i giorni tramite i social, il blog, il sito... Ormai ne sa una pi\u00f9 del diavolo perch\u00e9 se c'\u00e8 da sperimentare qualche nuovo prodotto, lei ci prova! Ma non crediate che si nutra solo di cibo essiccato, anzi: se qualcuno in azienda ha fame, nella sua borsa da Mary Poppins trover\u00e0 di sicuro pane per i suoi denti! Voi potete incontrarla ogni giorno nella community Facebook 'Gente che Essicca'.\"]<\/div>\n\n\n--><\/p>\n<div class=\"ix-items-prova\">\n        \n   \n        \n            <a href=\"#popup-livio\" data-uk-modal=\"{target:'#popup-livio'}\" class=\"ix-who-a-container\">\n               <div class=\"ix-profile-container\">\n                  <div class=\"ix-the-company-profile\">\n                      <img decoding=\"async\" class=\"ix-who-img\" style=\"width: 100%\" src=\"https:\/\/stor51.tauroessiccatori.com\/wp-assets\/uploads\/2020\/02\/tauro_feb20-751-2_web.jpg\" \/>\n                      <img decoding=\"async\" class=\"ix-who-img-hover\" style=\"width: 100%\" src=\"https:\/\/stor51.tauroessiccatori.com\/wp-assets\/uploads\/2020\/02\/tauro_feb20-831_web-2.jpg\" \/>\n                   <\/div>\n                  <div class=\"ix-profile-name\">\n                     <h3>Livio<\/h3>\n                     <div class=\"ix-profile-underline\"><\/div>\n                     <p class=\"p2 ix-profile-description\">Menedzsment - Strat\u00e9gia \u00e9s tervez\u00e9s<\/p>\n                  <\/div>\n               <\/div>\n            <\/a>\n            <div id=\"popup-livio\" class=\"uk-modal\">\n               <div class=\"uk-modal-dialog ix-popup-container-who\">\n                  <a class=\"uk-modal-close uk-close\"><\/a>\n                  <div class=\"ix-who-popup-container\">\n                     <div class=\"uk-grid uk-grid-small\">\n                        <div class=\"uk-width-1-1 uk-width-large-1-2\">\n                           <div class=\"ix-who-popup-img\">\n                              <img decoding=\"async\" style=\"width: 100%\" src=\"https:\/\/stor51.tauroessiccatori.com\/wp-assets\/uploads\/2020\/02\/tauro_feb20-751-2_web.jpg\">\n                           <\/div>\n                        <\/div>\n                        <div class=\"uk-width-1-1 uk-width-large-1-2\">\n                           <div class=\"ix-home-popup-descr\">\n                              <div class=\"ix-etichetta-2 ix-home-popup-task\">Menedzsment - Strat\u00e9gia \u00e9s tervez\u00e9s<\/div>\n                              <div class=\"ix-home-popup-name-inner\">Livio<\/div>\n                              <div class=\"ix-home-popup-descr-inner\">A finom meg\u00e9rz\u00e9sekkel rendelkez\u0151 v\u00e1llalkoz\u00f3 m\u00e1r nagyon fiatalon felvette apja gy\u00fcm\u00f6lcseit, \u00e9s tov\u00e1bb sz\u00e1r\u00edtotta \u0151ket! A t\u00e9nyek gondos \u00e9s lelkiismeretes megfigyel\u00e9se miatt mindig a f\u00f6ld\u00f6n j\u00e1r, \u00e9s biztos l\u00e9ptekkel, lelkesen vezeti csapat\u00e1t. Fut\u00e1s \u00e9s utaz\u00e1s k\u00f6z\u00f6tt felt\u00f6lt\u0151dik, a j\u00f3 reggelt mindig egy sz\u00e9les mosollyal k\u00f6sz\u00f6nti, \u00e9s amikor kigyullad a villanyk\u00f6rte, az \u00f6tlet zseni\u00e1lis. <\/div>\n                           <\/div>\n                        <\/div>\n                     <\/div>\n                  <\/div>\n               <\/div>\n            <\/div>\n        \n        \n        \n        <\/div>\n<div style=\"margin-top: 70px;margin-bottom: 90px\">\n<h2 class=\"ix-h2\">vigy\u00e1zzatok azzal a hatossal<\/h2>\n<div class=\"p1 ix-the-company-p\">Claudio, Daniele, Isabella, Fiorella, Skledi e Mauro.<br \/>\n               Senza di loro non saremmo nulla. Ecco gli eroi dell&#8217;area produzione, la squadra di intrepidi che creano ogni nostro essiccatore!\n            <\/div>\n<p>            <a class=\"ix-hover-image-group\" href=\"#\"><br \/>\n            <img decoding=\"async\" src=\"https:\/\/stor51.tauroessiccatori.com\/wp-assets\/uploads\/2020\/02\/tauro-chi-siamo-gruppo-lavoro-min.jpg\" \/><br \/>\n            <img decoding=\"async\" class=\"ix-hover-hide\" src=\"https:\/\/stor51.tauroessiccatori.com\/wp-assets\/uploads\/2020\/02\/tauro-chi-siamo-gruppo-back-min.jpg\" \/><br \/>\n            <\/a>\n         <\/div>\n<div class=\"ix-container-inner\">\n<div class=\"ix-container-the-company-team\">\n<div class=\"uk-grid uk-grid-medium\">\n                  \n        \n   \n         <div class=\"uk-width-large-1-3\">\n            <a href=\"https:\/\/stor51.tauroessiccatori.com\/hu\/a-mi-tortenelmunk\/\" class=\"ix-chi-siamo-last-boxes\">\n               <div class=\"ix-the-company-last-container\">\n                  <div class=\"ix-the-company-last-element\">\n                     <h3>T\u00d6RT\u00c9NET\u00dcNK<\/h3>\n                     <p class=\"p2 ix-the-company-last-description\">K\u00f6z\u00f6sek a gy\u00f6kereink. Veneto vid\u00e9k\u00e9n sz\u00fcletett, itt k\u00e9sz\u00edtj\u00fck a j\u00f6v\u0151 sz\u00e1r\u00edt\u00f3it.<\/p>\n                     <div class=\"\">\n                        <b>\n                           <p class=\"ix-category-link\"><span>Tudjon meg t\u00f6bbet<\/span><\/p>\n                        <\/b>\n                     <\/div>\n                  <\/div>\n               <\/div>\n            <\/a>\n         <\/div>\n        \n        \n        \n        <br \/>\n                  \n        \n   \n         <div class=\"uk-width-large-1-3\">\n            <a href=\"https:\/\/stor51.tauroessiccatori.com\/hu\/inspiraciok\/miert-szaritas\/cegen-beluli\/\" class=\"ix-chi-siamo-last-boxes\">\n               <div class=\"ix-the-company-last-container\">\n                  <div class=\"ix-the-company-last-element\">\n                     <h3>\u00dcGYFELEINK<\/h3>\n                     <p class=\"p2 ix-the-company-last-description\">Olvassa el azoknak a t\u00f6rt\u00e9neteit, akik nap mint nap minket v\u00e1lasztanak, hogy otthon \u00e9s a v\u00e1llalatn\u00e1l v\u00e1ltoz\u00e1st hozzanak.<\/p>\n                     <div class=\"\">\n                        <b>\n                           <p class=\"ix-category-link\"><span>Tudjon meg t\u00f6bbet<\/span><\/p>\n                        <\/b>\n                     <\/div>\n                  <\/div>\n               <\/div>\n            <\/a>\n         <\/div>\n        \n        \n        \n        <br \/>\n                  \n        \n   \n         <div class=\"uk-width-large-1-3\">\n            <a href=\"https:\/\/stor51.tauroessiccatori.com\/hu\/news\/\" class=\"ix-chi-siamo-last-boxes\">\n               <div class=\"ix-the-company-last-container\">\n                  <div class=\"ix-the-company-last-element\">\n                     <h3>H\u00cdREK<\/h3>\n                     <p class=\"p2 ix-the-company-last-description\">Tanfolyamok, esem\u00e9nyek, akci\u00f3k \u00e9s minden, amit a sz\u00e1r\u00edt\u00e1s vil\u00e1g\u00e1r\u00f3l tudni kell.<\/p>\n                     <div class=\"\">\n                        <b>\n                           <p class=\"ix-category-link\"><span>Tudjon meg t\u00f6bbet<\/span><\/p>\n                        <\/b>\n                     <\/div>\n                  <\/div>\n               <\/div>\n            <\/a>\n         <\/div>\n        \n        \n        \n        \n               <\/div>\n<\/p><\/div>\n<\/p><\/div>\n<\/p><\/div>\n<\/p><\/div>\n<\/div>","protected":false},"excerpt":{"rendered":"<p>Metti un BIOSEC sotto l&#8217;Albero. SCOPRI QUI le promozioni di Natale! Gli sconti Black Friday sono qui! \u00a0 Clicca\u00a0per\u00a0non perderli \u2192 chi siamo In Tauro ci mettiamo la faccia. Gli ingredienti della nostra azienda? Giovani professionisti, sorrisi contagiosi, know-how, competenza. E l&#8217;immancabile pausa caff\u00e8 di gruppo. Vieni a conoscerci! passione e professionalit\u00e0 Perch\u00e9 l&#8217;una va [&hellip;]<\/p>","protected":false},"author":1,"featured_media":0,"parent":0,"menu_order":0,"comment_status":"closed","ping_status":"closed","template":"","meta":{"footnotes":""},"tags":[],"class_list":["post-18742","page","type-page","status-publish","hentry"],"acf":[],"yoast_head":"<!-- This site is optimized with the Yoast SEO plugin v20.10 - https:\/\/yoast.com\/wordpress\/plugins\/seo\/ -->\n<title>Chi siamo - Tauro Essiccatori ci mette la faccia: ecco la squadra<\/title>\n<meta name=\"description\" content=\"Chi siamo: la squadra di Tauro Essiccatori. Vieni a conoscere il team, entra in azienda e conosci di persona lo staff che si cela dietro al tuo essiccatore.\" \/>\n<meta name=\"robots\" content=\"noindex, follow, max-snippet:-1, max-image-preview:large, max-video-preview:-1\" \/>\n<meta property=\"og:locale\" content=\"hu_HU\" \/>\n<meta property=\"og:type\" content=\"article\" \/>\n<meta property=\"og:title\" content=\"Chi siamo - Tauro Essiccatori ci mette la faccia: ecco la squadra\" \/>\n<meta property=\"og:description\" content=\"Chi siamo: la squadra di Tauro Essiccatori. Vieni a conoscere il team, entra in azienda e conosci di persona lo staff che si cela dietro al tuo essiccatore.\" \/>\n<meta property=\"og:url\" content=\"https:\/\/stor51.tauroessiccatori.com\/hu\/ki-vagyunk-mi\/\" \/>\n<meta property=\"og:site_name\" content=\"Tauro Essiccatori\" \/>\n<meta property=\"article:publisher\" content=\"https:\/\/www.facebook.com\/TauroEssiccatori\/\" \/>\n<meta property=\"article:modified_time\" content=\"2023-08-22T18:58:22+00:00\" \/>\n<meta property=\"og:image\" content=\"https:\/\/stor51.tauroessiccatori.com\/wp-assets\/uploads\/2020\/02\/tauro-chi-siamo-gruppo.okkkokkk-min.jpg\" \/>\n<meta name=\"twitter:card\" content=\"summary_large_image\" \/>\n<meta name=\"twitter:label1\" content=\"Est. reading time\" \/>\n\t<meta name=\"twitter:data1\" content=\"6 perc\" \/>\n<script type=\"application\/ld+json\" class=\"yoast-schema-graph\">{\"@context\":\"https:\/\/schema.org\",\"@graph\":[{\"@type\":\"WebPage\",\"@id\":\"https:\/\/stor51.tauroessiccatori.com\/chi-siamo\/\",\"url\":\"https:\/\/stor51.tauroessiccatori.com\/chi-siamo\/\",\"name\":\"Chi siamo - Tauro Essiccatori ci mette la faccia: ecco la squadra\",\"isPartOf\":{\"@id\":\"https:\/\/stor51.tauroessiccatori.com\/#website\"},\"datePublished\":\"2020-02-27T18:17:42+00:00\",\"dateModified\":\"2023-08-22T18:58:22+00:00\",\"description\":\"Chi siamo: la squadra di Tauro Essiccatori. Vieni a conoscere il team, entra in azienda e conosci di persona lo staff che si cela dietro al tuo essiccatore.\",\"breadcrumb\":{\"@id\":\"https:\/\/stor51.tauroessiccatori.com\/chi-siamo\/#breadcrumb\"},\"inLanguage\":\"hu\",\"potentialAction\":[{\"@type\":\"ReadAction\",\"target\":[\"https:\/\/stor51.tauroessiccatori.com\/chi-siamo\/\"]}]},{\"@type\":\"BreadcrumbList\",\"@id\":\"https:\/\/stor51.tauroessiccatori.com\/chi-siamo\/#breadcrumb\",\"itemListElement\":[{\"@type\":\"ListItem\",\"position\":1,\"name\":\"Home\",\"item\":\"https:\/\/stor51.tauroessiccatori.com\/\"},{\"@type\":\"ListItem\",\"position\":2,\"name\":\"chi siamo\"}]},{\"@type\":\"WebSite\",\"@id\":\"https:\/\/stor51.tauroessiccatori.com\/#website\",\"url\":\"https:\/\/stor51.tauroessiccatori.com\/\",\"name\":\"Tauro Essiccatori\",\"description\":\"Welcome to Tauro Essiccatori online shop\",\"publisher\":{\"@id\":\"https:\/\/stor51.tauroessiccatori.com\/#organization\"},\"potentialAction\":[{\"@type\":\"SearchAction\",\"target\":{\"@type\":\"EntryPoint\",\"urlTemplate\":\"https:\/\/stor51.tauroessiccatori.com\/?s={search_term_string}\"},\"query-input\":\"required name=search_term_string\"}],\"inLanguage\":\"hu\"},{\"@type\":\"Organization\",\"@id\":\"https:\/\/stor51.tauroessiccatori.com\/#organization\",\"name\":\"Tauro Essiccatori\",\"url\":\"https:\/\/stor51.tauroessiccatori.com\/\",\"logo\":{\"@type\":\"ImageObject\",\"inLanguage\":\"hu\",\"@id\":\"https:\/\/stor51.tauroessiccatori.com\/#\/schema\/logo\/image\/\",\"url\":\"https:\/\/www.tauroessiccatori.com\/wp-assets\/uploads\/2017\/07\/logo_tauro_500x109px.png\",\"contentUrl\":\"https:\/\/www.tauroessiccatori.com\/wp-assets\/uploads\/2017\/07\/logo_tauro_500x109px.png\",\"width\":500,\"height\":109,\"caption\":\"Tauro Essiccatori\"},\"image\":{\"@id\":\"https:\/\/stor51.tauroessiccatori.com\/#\/schema\/logo\/image\/\"},\"sameAs\":[\"https:\/\/www.facebook.com\/TauroEssiccatori\/\",\"https:\/\/www.instagram.com\/tauro_essiccatori\/\",\"https:\/\/it.linkedin.com\/company\/tauro-essiccatori\",\"https:\/\/www.youtube.com\/user\/tauroessiccatori\"]}]}<\/script>\n<!-- \/ Yoast SEO plugin. -->","yoast_head_json":{"title":"Chi siamo - Tauro Essiccatori ci mette la faccia: ecco la squadra","description":"Chi siamo: la squadra di Tauro Essiccatori. Vieni a conoscere il team, entra in azienda e conosci di persona lo staff che si cela dietro al tuo essiccatore.","robots":{"index":"noindex","follow":"follow","max-snippet":"max-snippet:-1","max-image-preview":"max-image-preview:large","max-video-preview":"max-video-preview:-1"},"og_locale":"hu_HU","og_type":"article","og_title":"Chi siamo - Tauro Essiccatori ci mette la faccia: ecco la squadra","og_description":"Chi siamo: la squadra di Tauro Essiccatori. Vieni a conoscere il team, entra in azienda e conosci di persona lo staff che si cela dietro al tuo essiccatore.","og_url":"https:\/\/stor51.tauroessiccatori.com\/hu\/ki-vagyunk-mi\/","og_site_name":"Tauro Essiccatori","article_publisher":"https:\/\/www.facebook.com\/TauroEssiccatori\/","article_modified_time":"2023-08-22T18:58:22+00:00","og_image":[{"url":"https:\/\/stor51.tauroessiccatori.com\/wp-assets\/uploads\/2020\/02\/tauro-chi-siamo-gruppo.okkkokkk-min.jpg"}],"twitter_card":"summary_large_image","twitter_misc":{"Est. reading time":"6 perc"},"schema":{"@context":"https:\/\/schema.org","@graph":[{"@type":"WebPage","@id":"https:\/\/stor51.tauroessiccatori.com\/chi-siamo\/","url":"https:\/\/stor51.tauroessiccatori.com\/chi-siamo\/","name":"Chi siamo - Tauro Essiccatori ci mette la faccia: ecco la squadra","isPartOf":{"@id":"https:\/\/stor51.tauroessiccatori.com\/#website"},"datePublished":"2020-02-27T18:17:42+00:00","dateModified":"2023-08-22T18:58:22+00:00","description":"Chi siamo: la squadra di Tauro Essiccatori. Vieni a conoscere il team, entra in azienda e conosci di persona lo staff che si cela dietro al tuo essiccatore.","breadcrumb":{"@id":"https:\/\/stor51.tauroessiccatori.com\/chi-siamo\/#breadcrumb"},"inLanguage":"hu","potentialAction":[{"@type":"ReadAction","target":["https:\/\/stor51.tauroessiccatori.com\/chi-siamo\/"]}]},{"@type":"BreadcrumbList","@id":"https:\/\/stor51.tauroessiccatori.com\/chi-siamo\/#breadcrumb","itemListElement":[{"@type":"ListItem","position":1,"name":"Home","item":"https:\/\/stor51.tauroessiccatori.com\/"},{"@type":"ListItem","position":2,"name":"chi siamo"}]},{"@type":"WebSite","@id":"https:\/\/stor51.tauroessiccatori.com\/#website","url":"https:\/\/stor51.tauroessiccatori.com\/","name":"Tauro Essiccatori","description":"Welcome to Tauro Essiccatori online shop","publisher":{"@id":"https:\/\/stor51.tauroessiccatori.com\/#organization"},"potentialAction":[{"@type":"SearchAction","target":{"@type":"EntryPoint","urlTemplate":"https:\/\/stor51.tauroessiccatori.com\/?s={search_term_string}"},"query-input":"required name=search_term_string"}],"inLanguage":"hu"},{"@type":"Organization","@id":"https:\/\/stor51.tauroessiccatori.com\/#organization","name":"Tauro Essiccatori","url":"https:\/\/stor51.tauroessiccatori.com\/","logo":{"@type":"ImageObject","inLanguage":"hu","@id":"https:\/\/stor51.tauroessiccatori.com\/#\/schema\/logo\/image\/","url":"https:\/\/www.tauroessiccatori.com\/wp-assets\/uploads\/2017\/07\/logo_tauro_500x109px.png","contentUrl":"https:\/\/www.tauroessiccatori.com\/wp-assets\/uploads\/2017\/07\/logo_tauro_500x109px.png","width":500,"height":109,"caption":"Tauro Essiccatori"},"image":{"@id":"https:\/\/stor51.tauroessiccatori.com\/#\/schema\/logo\/image\/"},"sameAs":["https:\/\/www.facebook.com\/TauroEssiccatori\/","https:\/\/www.instagram.com\/tauro_essiccatori\/","https:\/\/it.linkedin.com\/company\/tauro-essiccatori","https:\/\/www.youtube.com\/user\/tauroessiccatori"]}]}},"_links":{"self":[{"href":"https:\/\/stor51.tauroessiccatori.com\/hu\/wp-json\/wp\/v2\/pages\/18742"}],"collection":[{"href":"https:\/\/stor51.tauroessiccatori.com\/hu\/wp-json\/wp\/v2\/pages"}],"about":[{"href":"https:\/\/stor51.tauroessiccatori.com\/hu\/wp-json\/wp\/v2\/types\/page"}],"author":[{"embeddable":true,"href":"https:\/\/stor51.tauroessiccatori.com\/hu\/wp-json\/wp\/v2\/users\/1"}],"replies":[{"embeddable":true,"href":"https:\/\/stor51.tauroessiccatori.com\/hu\/wp-json\/wp\/v2\/comments?post=18742"}],"version-history":[{"count":81,"href":"https:\/\/stor51.tauroessiccatori.com\/hu\/wp-json\/wp\/v2\/pages\/18742\/revisions"}],"predecessor-version":[{"id":168978,"href":"https:\/\/stor51.tauroessiccatori.com\/hu\/wp-json\/wp\/v2\/pages\/18742\/revisions\/168978"}],"wp:attachment":[{"href":"https:\/\/stor51.tauroessiccatori.com\/hu\/wp-json\/wp\/v2\/media?parent=18742"}],"wp:term":[{"taxonomy":"post_tag","embeddable":true,"href":"https:\/\/stor51.tauroessiccatori.com\/hu\/wp-json\/wp\/v2\/tags?post=18742"}],"curies":[{"name":"wp","href":"https:\/\/api.w.org\/{rel}","templated":true}]}}