


{"id":5895,"date":"2019-11-06T18:44:45","date_gmt":"2019-11-06T17:44:45","guid":{"rendered":"https:\/\/www.tauroessiccatori.com\/?page_id=5895\/"},"modified":"2022-08-06T17:34:28","modified_gmt":"2022-08-06T15:34:28","slug":"privacy-policy","status":"publish","type":"page","link":"https:\/\/stor51.tauroessiccatori.com\/fr\/politique-de-confidentialite\/","title":{"rendered":"politique de confidentialit\u00e9"},"content":{"rendered":"<div class=\"tauro-banners\"><div class=\"banner-00\" style=\"background-color: #852035\">\r\n<div class=\"ix-xmas-box-other\" style=\"font-size: 18px;padding: 7px 0;margin: 0 auto 0px auto\" align=\"center\"><b style=\"color: #fff;font-size: 18px\">Placez un BIOSEC sous l'arbre. <a style=\"color: #f8cc89;font-weight: bold;text-decoration: none;font-size: 18px\" href=\"https:\/\/www.tauroessiccatori.com\/christmas-2024\/\">D\u00c9COUVRIR ICI<\/a> Promotions de No\u00ebl !<\/b><\/div>\r\n<\/div><div class=\"banner-00\" style=\"background-color: #000\">\r\n<div class=\"ix-xmas-box-other\" style=\"font-size: 18px;padding: 7px 0;margin: 0 auto 0px auto\" align=\"center\"><b style=\"color: #fff\"> Les r\u00e9ductions du vendredi noir sont l\u00e0 ! \u00a0 <a style=\"color: #f77209;font-weight: bold;text-decoration: none\" href=\"https:\/\/www.tauroessiccatori.com\/black-friday-2024\/\"> Cliquez pour ne pas les manquer \u2192 <\/a>\r\n<\/b><\/div>\r\n<\/div><\/div><div class=\"ix-container-inner\">\n<div class=\"uk-grid uk-grid-medium\">\n<div class=\"uk-width-large-1-3\">\n           \n    <div class=\"ix-help-menu\">\n\n     <ul>\n       <li class=\"ix-help-menu-title\">service \u00e0 la client\u00e8le<\/li>\n       <li class=\"ix-link-help-li\"><a class=\"ix-link-help ix-help-link-active\" href=\"https:\/\/www.tauroessiccatori.com\/servizio-clienti\/condizioni-di-vendita\">conditions de vente<\/a><\/li>\n       <li class=\"ix-link-help-li\"><a class=\"ix-link-help\" href=\"https:\/\/www.tauroessiccatori.com\/servizio-clienti\/consegna-e-reso\/\">livraison et retour<\/a><\/li>\n       <li class=\"ix-link-help-li\"><a class=\"ix-link-help\" href=\"https:\/\/www.tauroessiccatori.com\/servizio-clienti\/estensione-di-garanzia\/\">extension de garantie<\/a><\/li>\n       <li class=\"ix-link-help-li\"><a class=\"ix-link-help\" href=\"https:\/\/www.tauroessiccatori.com\/servizio-clienti\/pagamento\/\">paiements<\/a><\/li>\n<!--       <li class=\"ix-link-help-li\"><a class=\"ix-link-help \" href=\"https:\/\/www.tauroessiccatori.com\/servizio-clienti\/mio-account\/#\">il mio account<\/a><\/li>-->\n     <\/ul>\n\n     <ul>\n       <li class=\"ix-help-menu-title\">liens utiles<\/li>\n       <li class=\"ix-link-useful-li\"><a class=\"ix-link-help-link-useful\" href=\"https:\/\/www.tauroessiccatori.com\/i-nostri-tutorial\/\">Tutoriel<\/a><\/li>\n       <li class=\"ix-link-useful-li\"><a class=\"ix-link-help-link-useful\" href=\"https:\/\/www.tauroessiccatori.com\/servizio-clienti\/domande-frequenti\/\">Questions fr\u00e9quemment pos\u00e9es<\/a><\/li>\n     <\/ul>\n\n     <div class=\"ix-help-button-contact-us\">\n       <a class=\"ix-button-grey\" style=\"width:180px; line-height:40px;\" href=\"https:\/\/www.tauroessiccatori.com\/contatti\/\">contactez-nous<\/a>\n     <\/div>\n\n      <\/div>   \n    <\/div>\n<div class=\"uk-width-large-2-3\">\n<div class=\"ix-help-right-box\">\n<p><!-- 2022-08-03 italix: kevin: was:h2 add:ix-h1--><\/p>\n<h1 class=\"ix-help-h2 ix-h1\" style=\"text-align: left !important;\">politique de confidentialit\u00e9<\/h1>\n<div class=\"ix-help-p\">\n<h3>NOTICE D'INFORMATION CONFORM\u00c9MENT AUX ARTICLES 13-14 DU GDPR (R\u00c8GLEMENT G\u00c9N\u00c9RAL SUR LA PROTECTION DES DONN\u00c9ES) 2016\/679.<\/h3>\n<p>Conform\u00e9ment \u00e0 la l\u00e9gislation indiqu\u00e9e, ce traitement sera fond\u00e9 sur les principes d'exactitude, de lic\u00e9it\u00e9, de transparence et de protection de votre vie priv\u00e9e et de vos droits.<\/p>\n<p>Conform\u00e9ment \u00e0 l'article 13 du RGPD 2016\/679, nous vous communiquons donc les informations suivantes :<\/p>\n<p>&nbsp;<\/p>\n<p>A - Les donn\u00e9es personnelles (nom, pr\u00e9nom, coordonn\u00e9es des documents d'identit\u00e9 et leur copie, num\u00e9ro de t\u00e9l\u00e9phone, adresse \u00e9lectronique, etc.), seront fournies au moment de l'adh\u00e9sion en fonction du type d'association demand\u00e9<\/p>\n<p>TAURO ESSICCATORI SRL, en tant que responsable du traitement de vos donn\u00e9es personnelles, vous informe de leur utilisation et de vos droits, afin que vous puissiez exprimer en connaissance de cause votre consentement, lorsque cela est requis, et exercer les droits pr\u00e9vus par le R\u00e8glement g\u00e9n\u00e9ral sur la protection des donn\u00e9es (R\u00e8glement europ\u00e9en 679\/2016, ci-apr\u00e8s : Le R\u00e8glement). Vos donn\u00e9es personnelles (qui nous sont fournies par vous, par des tiers ou qui proviennent, dans les limites de la loi, de listes publiques) peuvent \u00eatre trait\u00e9es aux fins express\u00e9ment indiqu\u00e9es ci-apr\u00e8s : 1) L'ex\u00e9cution d'une obligation contractuelle (vente de biens et de services) ; 2) L'ex\u00e9cution d'obligations l\u00e9gales et r\u00e9glementaires, y compris celles de nature fiscale (factures, d\u00e9clarations fiscales, paiement des imp\u00f4ts), de s\u00e9curit\u00e9 sociale (protection de la sant\u00e9 des employ\u00e9s, assurances et obligations fiscales) ; 3) La proposition de services ou de biens \u00e0 la personne concern\u00e9e (c'est-\u00e0-dire les activit\u00e9s pr\u00e9alables \u00e0 la conclusion d'un contrat avec un tiers) ; 4) La r\u00e9alisation d'un profilage afin de proposer un marketing direct ou indirect ; 5) L'envoi p\u00e9riodique de communications commerciales, informatives, \u00e9ducatives, de newsletters.<\/p>\n<p>La base juridique du traitement est repr\u00e9sent\u00e9e par : A obligation l\u00e9gale ou r\u00e9glementation, B contrat avec la personne concern\u00e9e ou ex\u00e9cution du contrat, C int\u00e9r\u00eat l\u00e9gitime du responsable du traitement ou d'un tiers, E consentement explicite de la personne concern\u00e9e.<\/p>\n<p>Nous pr\u00e9cisons ci-dessous la signification de ces types de finalit\u00e9s :<\/p>\n<ol>\n<li>par la loi : c'est-\u00e0-dire pour respecter les obligations pr\u00e9vues par la loi, par un r\u00e8glement, par les r\u00e8gles de l'Union europ\u00e9enne ainsi que par les dispositions \u00e9mises par les Autorit\u00e9s habilit\u00e9es \u00e0 le faire par la loi ou par les organes de surveillance ou de contr\u00f4le comp\u00e9tents (dans ce cas, votre consentement n'est pas n\u00e9cessaire car le traitement des donn\u00e9es est li\u00e9 au respect de ces obligations\/pr\u00e9visions). Parmi les donn\u00e9es trait\u00e9es par la loi, il y a celles relatives \u00e0 la r\u00e9glementation fiscale ou aux registres de lutte contre le blanchiment d'argent.<\/li>\n<li>contractuelle et, plus g\u00e9n\u00e9ralement, administrativo-comptable, c'est-\u00e0-dire pour ex\u00e9cuter les obligations d\u00e9coulant des contrats auxquels vous \u00eates partie ou pour satisfaire, avant la conclusion du contrat, vos demandes sp\u00e9cifiques, \u00e9galement au moyen de techniques de communication \u00e0 distance, y compris un centre d'appels t\u00e9l\u00e9phoniques d\u00e9di\u00e9 (dans ce cas, votre consentement n'est pas requis, puisque le traitement des donn\u00e9es est fonctionnel \u00e0 la gestion de la relation ou \u00e0 l'ex\u00e9cution des demandes) Ce traitement comprend \u00e9galement la finalit\u00e9 d\u00e9coulant de la protection des int\u00e9r\u00eats mutuels en justice et \u00e0 des fins fiscales ou pour d'autres obligations l\u00e9gales telles que, par exemple, la tenue de registres de lutte contre le blanchiment d'argent, le cas \u00e9ch\u00e9ant.<\/li>\n<li>commercial direct : activit\u00e9s de traitement des donn\u00e9es visant \u00e0 vous fournir des informations et \u00e0 vous envoyer du mat\u00e9riel informatif, commercial et publicitaire (y compris par le biais de techniques de communication \u00e0 distance telles que, mais sans s'y limiter, le courrier postal, les appels t\u00e9l\u00e9phoniques, y compris par le biais de syst\u00e8mes d'appel automatis\u00e9s, les t\u00e9l\u00e9copies, le courrier \u00e9lectronique, les messages SMS ou MMS ou autres) sur les produits, les services ou les initiatives de l'entreprise, afin de promouvoir ces derniers, d'effectuer des actions de vente directe, de r\u00e9aliser des \u00e9tudes de march\u00e9, de v\u00e9rifier la qualit\u00e9 des produits ou des services qui vous sont offerts (y compris par des appels t\u00e9l\u00e9phoniques ou l'envoi de questionnaires). Le traitement de ces donn\u00e9es peut \u00eatre effectu\u00e9 avec votre consentement facultatif ou sur la base de l'int\u00e9r\u00eat l\u00e9gitime de la soci\u00e9t\u00e9 lorsqu'il est jug\u00e9 et \u00e9valu\u00e9 comme n'\u00e9tant pas en conflit avec vos droits.<\/li>\n<li>Profilage : activit\u00e9s de traitement des donn\u00e9es visant \u00e0 optimiser l'offre commerciale (\u00e9galement au moyen d'analyses cibl\u00e9es et s\u00e9lectionn\u00e9es), \u00e0 r\u00e9aliser des communications commerciales cibl\u00e9es, \u00e0 effectuer des recherches statistiques, \u00e0 vous appliquer un ou plusieurs profils (afin de prendre des d\u00e9cisions commerciales appropri\u00e9es ou d'analyser ou de pr\u00e9dire, toujours \u00e0 des fins commerciales, vos pr\u00e9f\u00e9rences, comportements et attitudes personnels). (Dans ce cas, votre consentement est facultatif et n'affecte pas le maintien des relations avec l'entreprise).<\/li>\n<li>commerciale indirecte : c'est-\u00e0-dire en communiquant vos donn\u00e9es \u00e0 des tiers pour qu'ils exercent leurs propres activit\u00e9s commerciales autonomes comme indiqu\u00e9 au point 3 ci-dessus (dans ce cas, votre consentement est facultatif et ne porte pas pr\u00e9judice au maintien des relations avec l'entreprise)<\/li>\n<li>post-commercial : c'est-\u00e0-dire afin d'enqu\u00eater, apr\u00e8s la r\u00e9siliation ou le retrait de la relation avec la soci\u00e9t\u00e9, sur les raisons de l'interruption de la relation. (Dans ce cas, votre consentement est facultatif et ne porte pas pr\u00e9judice au maintien des relations avec l'entreprise)<\/li>\n<\/ol>\n<p>Cas particuliers de donn\u00e9es :<\/p>\n<ol>\n<li>Les donn\u00e9es \"particuli\u00e8res\" ou \"sensibles\", c'est-\u00e0-dire les donn\u00e9es \u00e0 caract\u00e8re personnel qui r\u00e9v\u00e8lent l'origine raciale ou ethnique, les opinions politiques, les convictions religieuses ou philosophiques, l'appartenance syndicale, les donn\u00e9es g\u00e9n\u00e9tiques, les donn\u00e9es biom\u00e9triques destin\u00e9es \u00e0 identifier de mani\u00e8re unique une personne physique, les donn\u00e9es relatives \u00e0 la sant\u00e9 ou \u00e0 la vie sexuelle ou \u00e0 l'orientation sexuelle de la personne (art. 9 du r\u00e8glement) ou celles relatives aux condamnations p\u00e9nales et aux infractions ou aux mesures de s\u00fbret\u00e9 connexes (art. 10 du r\u00e8glement). Ces donn\u00e9es ne peuvent \u00eatre trait\u00e9es qu'avec votre consentement expr\u00e8s et \u00e9crit si l'une des raisons mentionn\u00e9es \u00e0 l'article 9, paragraphe 2, et \u00e0 l'article 10 du r\u00e8glement s'applique. Le consentement est libre et facultatif, mais le refus de consentir pourrait compromettre l'ex\u00e9cution d'une ou plusieurs activit\u00e9s demand\u00e9es par vous \u00e0 l'entreprise et qui concernent sp\u00e9cifiquement des faits pour lesquels il est indispensable de traiter ce type de donn\u00e9es.<\/li>\n<li>Le consentement au traitement de vos donn\u00e9es peut \u00eatre contraignant aux fins de la conclusion de contrats avec le contr\u00f4leur ou des tiers. Seules les donn\u00e9es dont le traitement est indispensable \u00e0 la conclusion d'un contrat peuvent \u00eatre contraignantes pour la conclusion du contrat, tandis que vous pouvez librement donner ou refuser votre consentement pour les donn\u00e9es qui ne sont pas indispensables, et notamment \u00e0 des fins de profilage, de communications commerciales, de marketing.<\/li>\n<li>vos donn\u00e9es peuvent faire l'objet d'un transfert \u00e0 des tiers aux fins indiqu\u00e9es par le responsable du traitement. En particulier, elles peuvent \u00eatre transf\u00e9r\u00e9es vers des pays tiers sous r\u00e9serve d'une d\u00e9cision d'ad\u00e9quation ou, \u00e0 d\u00e9faut, sous r\u00e9serve de votre consentement expr\u00e8s.<\/li>\n<\/ol>\n<p>&nbsp;<\/p>\n<p>B - LES M\u00c9THODES DE TRAITEMENT DES DONN\u00c9ES.<\/p>\n<p>Le traitement de vos donn\u00e9es est effectu\u00e9 au moyen d'instruments de classement manuels\/papier et au moyen d'instruments \u00e9lectroniques et automatis\u00e9s, de mani\u00e8re strictement li\u00e9e aux finalit\u00e9s susmentionn\u00e9es. Lorsque vous avez donn\u00e9 votre consentement, le traitement peut \u00e9galement se faire par le biais du profilage ou de la comparaison des donn\u00e9es. La Soci\u00e9t\u00e9 a adopt\u00e9 des mesures techniques et organisationnelles visant \u00e0 pr\u00e9venir et \u00e0 limiter le risque de perte, de d\u00e9t\u00e9rioration ou de d\u00e9tournement de vos donn\u00e9es, et \u00e0 garantir leur restauration dans un d\u00e9lai raisonnable en cas de violation des donn\u00e9es.<\/p>\n<p>Le traitement est effectu\u00e9 de mani\u00e8re \u00e0 garantir la s\u00e9curit\u00e9, la protection et la confidentialit\u00e9 de vos donn\u00e9es.<\/p>\n<p>Au sein de l'entreprise, vos donn\u00e9es personnelles peuvent \u00eatre port\u00e9es \u00e0 la connaissance du responsable du traitement ou du sous-traitant :<\/p>\n<ul>\n<li>les employ\u00e9s, les gestionnaires et les directeurs ou associ\u00e9s de l'entreprise qui ont ou d\u00e9tiennent, en vertu de la loi ou des statuts de l'entreprise, des r\u00f4les administratifs, de collaboration ou commerciaux soumis \u00e0 des contrats de travail ind\u00e9pendant op\u00e9rant dans la structure de l'entreprise. Ce personnel a re\u00e7u une formation et des instructions ad\u00e9quates de la part de la soci\u00e9t\u00e9 pour prot\u00e9ger le stockage, la maintenance, la mise \u00e0 jour, la s\u00e9curit\u00e9 et la confidentialit\u00e9 de vos donn\u00e9es. Le consentement au traitement par ce personnel n'est pas requis car il est inh\u00e9rent aux modalit\u00e9s n\u00e9cessaires pr\u00e9vues par la loi.<\/li>\n<li>En dehors de l'entreprise, vos donn\u00e9es peuvent \u00eatre trait\u00e9es par :<\/li>\n<li>les collaborateurs sous contrat de travail non salari\u00e9 op\u00e9rant en dehors des installations de la soci\u00e9t\u00e9<\/li>\n<li>les employ\u00e9s commerciaux sous contrat de travail non-salari\u00e9 op\u00e9rant en dehors des installations de l'entreprise<\/li>\n<li>les consultants de toute nature (avocats, experts-comptables, ing\u00e9nieurs, architectes, consultants en mati\u00e8re de travail ou autres professionnels inscrits ou non dans des registres professionnels), qui effectuent des t\u00e2ches techniques, d'assistance (en particulier : services juridiques, services informatiques, exp\u00e9dition) et de contr\u00f4le des affaires pour le compte de la soci\u00e9t\u00e9.<\/li>\n<li>Dans le cadre des objectifs susmentionn\u00e9s, la soci\u00e9t\u00e9 peut communiquer ou transmettre de toute autre mani\u00e8re<\/li>\n<li>Vos donn\u00e9es \u00e0 certains sujets, y compris \u00e9trangers, qui utiliseront les donn\u00e9es re\u00e7ues en tant que co-contr\u00f4leurs autonomes, \u00e0 moins qu'ils n'aient \u00e9t\u00e9 d\u00e9sign\u00e9s par la soci\u00e9t\u00e9 comme \"responsables\" du traitement pour leur comp\u00e9tence sp\u00e9cifique. Vous avez le droit de demander et d'obtenir la liste des tiers \u00e0 qui ces donn\u00e9es sont transmises.<\/li>\n<li>Organismes publics ou administrations pour remplir des obligations l\u00e9gales<\/li>\n<\/ul>\n<p>Il est possible que le responsable du traitement d\u00e9l\u00e8gue le traitement de vos donn\u00e9es \u00e0 d'autres sous-traitants, qui re\u00e7oivent \u00e0 leur tour des instructions sur la mani\u00e8re de traiter correctement les donn\u00e9es.<\/p>\n<p>Les donn\u00e9es que vous fournissez pouvant \u00eatre constitu\u00e9es de donn\u00e9es dites \"particuli\u00e8res\", \u00e9galement appel\u00e9es \"sensibles\" en vertu de l'article 9 du r\u00e8glement europ\u00e9en, \u00e0 savoir des donn\u00e9es relatives \u00e0 l'origine raciale, \u00e0 la sant\u00e9, \u00e0 l'orientation ou aux m\u0153urs sexuelles, aux convictions politiques, syndicales, religieuses ou philosophiques, ou aux condamnations p\u00e9nales (article 10 du r\u00e8glement), le traitement peut avoir lieu avec votre consentement \u00e9crit pr\u00e9alable et pour les finalit\u00e9s indiqu\u00e9es dans le pr\u00e9sent formulaire de traitement, \u00e0 l'exception des cas de traitement d\u00e9finis comme licites par le r\u00e8glement.<\/p>\n<p>Vos donn\u00e9es peuvent faire l'objet d'un profilage, c'est-\u00e0-dire la collecte et l'agr\u00e9gation de donn\u00e9es vous concernant afin de prendre des d\u00e9cisions commerciales appropri\u00e9es ou d'analyser ou de pr\u00e9voir vos pr\u00e9f\u00e9rences, comportements et attitudes personnels. Le profilage peut avoir lieu a) avec votre consentement b) sur la base de l'int\u00e9r\u00eat l\u00e9gitime de notre soci\u00e9t\u00e9. Le d\u00e9faut de consentement \u00e0 des fins de profilage n'affecte normalement pas le bon d\u00e9roulement de la relation dans le cadre de laquelle vos donn\u00e9es sont trait\u00e9es. L'ex\u00e9cution d'activit\u00e9s de profilage pourrait compromettre vos droits et vos possibilit\u00e9s en ce qui concerne les offres de notre entreprise.<\/p>\n<p>Vos donn\u00e9es peuvent \u00eatre transf\u00e9r\u00e9es vers un pays \u00e9tranger. Si cela se produit au sein de l'Union europ\u00e9enne, vos donn\u00e9es seront trait\u00e9es de la m\u00eame mani\u00e8re qu'en Italie. Si elles sont transf\u00e9r\u00e9es vers des pays hors de l'Union europ\u00e9enne, elles seront trait\u00e9es conform\u00e9ment \u00e0 vos droits en vertu du r\u00e8glement europ\u00e9en. Si vos donn\u00e9es sont transf\u00e9r\u00e9es vers un pays hors de l'UE, elles peuvent \u00eatre trait\u00e9es par des entit\u00e9s qui garantissent le respect des droits pr\u00e9vus par le r\u00e8glement europ\u00e9en par le biais d'un respect volontaire par ces m\u00eames entit\u00e9s de mesures g\u00e9n\u00e9rales.<\/p>\n<p>Les donn\u00e9es seront en tout cas transf\u00e9r\u00e9es par des moyens garantissant la protection de ces donn\u00e9es contre l'intrusion de tiers.<\/p>\n<p>Vos donn\u00e9es ont \u00e9t\u00e9 collect\u00e9es directement aupr\u00e8s de vous et nous vous fournissons donc les informations suivantes dans ce formulaire, le cas \u00e9ch\u00e9ant :<\/p>\n<ul>\n<li>donn\u00e9es du titulaire et du repr\u00e9sentant<\/li>\n<li>donn\u00e9es du d\u00e9l\u00e9gu\u00e9 \u00e0 la protection des donn\u00e9es<\/li>\n<li>finalit\u00e9 et base juridique du traitement<\/li>\n<li>les destinataires des donn\u00e9es<\/li>\n<li>intention de transf\u00e9rer des donn\u00e9es \u00e0 l'\u00e9tranger<\/li>\n<li>la dur\u00e9e de la p\u00e9riode de conservation ou les crit\u00e8res permettant de d\u00e9terminer cette dur\u00e9e<\/li>\n<li>droit d'acc\u00e8s, rectification, annulation, opposition au traitement, portabilit\u00e9<\/li>\n<li>droit de retrait du traitement si possible, sauf si la loi l'exige<\/li>\n<li>possibilit\u00e9 de d\u00e9poser des plaintes aupr\u00e8s de l'autorit\u00e9 (Garante)<\/li>\n<li>si les donn\u00e9es sont obligatoires pour l'ex\u00e9cution d'un contrat, ou en vertu de la loi, et les cons\u00e9quences si le consentement n'est pas donn\u00e9<\/li>\n<li>si les donn\u00e9es font ou feront l'objet d'un profilage et, dans l'affirmative, la logique du profilage<\/li>\n<li>l'existence de processus d\u00e9cisionnels automatis\u00e9s et le droit de la personne concern\u00e9e \u00e0 ce que les d\u00e9cisions soient prises apr\u00e8s une intervention humaine.<\/li>\n<\/ul>\n<p>Notre soci\u00e9t\u00e9 a obtenu des donn\u00e9es vous concernant aupr\u00e8s de tiers. Nous vous fournissons donc dans ce formulaire les informations suivantes, lorsqu'elles vous concernent :<\/p>\n<ul>\n<li>donn\u00e9es du propri\u00e9taire et du repr\u00e9sentant<\/li>\n<li>Donn\u00e9es du d\u00e9l\u00e9gu\u00e9 \u00e0 la protection des donn\u00e9es (DPD), le cas \u00e9ch\u00e9ant.<\/li>\n<li>finalit\u00e9 et base juridique du traitement<\/li>\n<li>cat\u00e9gories de donn\u00e9es collect\u00e9es<\/li>\n<li>les destinataires des donn\u00e9es<\/li>\n<li>intention de transf\u00e9rer des donn\u00e9es \u00e0 l'\u00e9tranger<\/li>\n<li>p\u00e9riode de conservation ou crit\u00e8res de d\u00e9termination de la p\u00e9riode<\/li>\n<li>droits d'acc\u00e8s, r\u00e9vocation, rectification, effacement, portabilit\u00e9, retrait du consentement au traitement, restriction<\/li>\n<li>possibilit\u00e9 de plainte aupr\u00e8s du garant<\/li>\n<li>la source de vos donn\u00e9es, qui est la suivante :<\/li>\n<li>_________________________________________________________<\/li>\n<li>_________________________________________________________<\/li>\n<li>l'existence de processus d\u00e9cisionnels automatis\u00e9s et le droit de la personne concern\u00e9e \u00e0 ce que les d\u00e9cisions soient prises apr\u00e8s une intervention humaine<\/li>\n<\/ul>\n<p>Vos donn\u00e9es seront conserv\u00e9es par le Responsable du traitement, au regard des finalit\u00e9s pr\u00e9vues, aussi longtemps que n\u00e9cessaire pour l'ex\u00e9cution de la relation existante avec vous et afin d'assurer la protection mutuelle de vos droits en justice ainsi que pour respecter les obligations l\u00e9gales, y compris les obligations fiscales. Les donn\u00e9es qui ne sont pas n\u00e9cessaires \u00e0 ces derni\u00e8res fins seront supprim\u00e9es dans le d\u00e9lai maximal pr\u00e9vu par le droit \u00e0 l'oubli, comme indiqu\u00e9 plus loin dans la pr\u00e9sente note d'information, ou, \u00e0 votre demande, m\u00eame dans un d\u00e9lai plus court si cela n'entre pas en conflit avec les droits du Titulaire du traitement.<\/p>\n<p>Les donn\u00e9es de la personne concern\u00e9e qui ne doivent pas \u00eatre conserv\u00e9es en raison d'une obligation l\u00e9gale sp\u00e9cifique seront supprim\u00e9es dans un d\u00e9lai de 10 ans.<\/p>\n<p>En ce qui concerne les logiques de profilage, la soci\u00e9t\u00e9 d\u00e9clare ce qui suit : le profilage est effectu\u00e9 pour am\u00e9liorer l'exp\u00e9rience de navigation, \u00e0 des fins d'analyse statistique anonyme, \u00e0 des fins commerciales, ou pour personnaliser tout contenu publicitaire propos\u00e9 en ligne ou envoy\u00e9.<\/p>\n<p>&nbsp;<\/p>\n<p>C - DROITS DE LA PERSONNE CONCERN\u00c9E<\/p>\n<p>Vous pouvez, \u00e0 tout moment, exercer les droits suivants, express\u00e9ment reconnus par le r\u00e8glement :<\/p>\n<ul>\n<li>Vous avez le droit d'introduire \u00e0 tout moment une plainte aupr\u00e8s de l'autorit\u00e9 nationale (Garante per la protezione dei dati personali) si vous estimez que votre droit a \u00e9t\u00e9 viol\u00e9.<\/li>\n<li>Vous avez le droit de vous assurer que vos donn\u00e9es sont toujours exactes et \u00e0 jour et vous pouvez donc signaler ou demander leur mise \u00e0 jour \u00e0 tout moment.<\/li>\n<li>Vous avez le droit de r\u00e9voquer votre consentement au traitement de vos donn\u00e9es si des dispositions l\u00e9gales ou la n\u00e9cessit\u00e9 de prot\u00e9ger les droits du titulaire ne s'y opposent pas, y compris en justice. Dans tous les cas, la demande de r\u00e9vocation donne lieu au droit \u00e0 la limitation du traitement.<\/li>\n<li>Vous avez le droit d'acc\u00e9der \u00e0 vos donn\u00e9es trait\u00e9es par le contr\u00f4leur au moyen d'une demande \u00e9crite, \u00e9galement sous forme \u00e9lectronique. Il est indispensable que vous puissiez nous fournir la preuve de votre identit\u00e9, \u00e9ventuellement aussi par l'acc\u00e8s \u00e0 nos bases de donn\u00e9es au moyen d'identifiants qui peuvent vous \u00eatre attribu\u00e9s de mani\u00e8re unique. Vous avez droit \u00e0 un acc\u00e8s gratuit pour une seule fois, tandis que des frais peuvent vous \u00eatre factur\u00e9s pour les demandes ult\u00e9rieures. Vous avez le droit de recevoir une r\u00e9ponse dans les 30 jours suivant votre demande. Vous avez le droit de disposer de vos donn\u00e9es dans un format imprimable.<\/li>\n<li>Vous avez le droit de faire corriger et mettre \u00e0 jour vos donn\u00e9es, et vous pouvez \u00e0 tout moment demander leur mise \u00e0 jour et leur correction si vous constatez que les donn\u00e9es en notre possession sont obsol\u00e8tes ou incorrectes. Afin d'assurer la mise \u00e0 jour des donn\u00e9es, nous vous demandons de nous informer de tout changement utile.<\/li>\n<li>Vous avez le droit \u00e0 l'effacement des donn\u00e9es vous concernant, \u00e0 condition qu'il ne s'agisse pas de donn\u00e9es que le Responsable du traitement doit conserver pour des obligations l\u00e9gales sp\u00e9cifiques telles que, par exemple, les obligations d\u00e9coulant de la r\u00e9glementation fiscale, la lutte contre le blanchiment d'argent ou la protection des droits du Responsable du traitement en cas de litige.<\/li>\n<li>Si vous contestez l'exactitude de vos donn\u00e9es, ou la l\u00e9galit\u00e9 du traitement, ou le droit du Contr\u00f4leur d'effacer vos donn\u00e9es, ou si vous vous opposez au traitement de vos donn\u00e9es et que le Contr\u00f4leur conteste votre objection, vous avez le droit d'obtenir que vos donn\u00e9es soient conserv\u00e9es mais ne soient pas trait\u00e9es, sauf dans la mesure n\u00e9cessaire pour r\u00e9soudre le litige sur les donn\u00e9es.<\/li>\n<li>Si le responsable du traitement modifie ou supprime tout ou partie de vos donn\u00e9es, vous avez le droit d'\u00eatre inform\u00e9 et de vous opposer \u00e0 la modification et \u00e0 la suppression.<\/li>\n<li>Vous avez le droit de transf\u00e9rer vos donn\u00e9es - stock\u00e9es et trait\u00e9es \u00e9lectroniquement - \u00e0 un autre op\u00e9rateur, dans les limites indiqu\u00e9es par le r\u00e8glement, et \u00e0 condition que cela soit techniquement faisable, de mani\u00e8re \u00e0 ce qu'elles puissent \u00eatre facilement lues et acquises par des tiers. Les donn\u00e9es que vous avez le droit de transf\u00e9rer (portabilit\u00e9) comprennent \u00e9galement les donn\u00e9es d\u00e9coulant de l'observation automatique de votre activit\u00e9 par les services informatiques du responsable du traitement, telles que les recherches et l'historique des activit\u00e9s effectu\u00e9es.<\/li>\n<li>Vous avez le droit de vous opposer au traitement de vos donn\u00e9es, au profilage, \u00e0 l'utilisation de vos donn\u00e9es \u00e0 des fins de marketing direct, au profilage dans l'int\u00e9r\u00eat public ou \u00e0 des fins de recherche scientifique ou historique ou \u00e0 des fins statistiques.<\/li>\n<li>La soci\u00e9t\u00e9 peut, dans certaines circonstances, adopter des proc\u00e9dures automatis\u00e9es afin de prendre des d\u00e9cisions vous concernant et notamment afin de d\u00e9cider si et dans quelles conditions conclure des contrats directement ou par l'interm\u00e9diaire de tiers avec vous. Dans ce cas, vous avez le droit de demander que, avant qu'une d\u00e9cision contraignante ne soit prise, votre position soit en tout cas examin\u00e9e par un op\u00e9rateur humain qui proc\u00e8de \u00e0 une \u00e9valuation substantielle. L'utilisation de proc\u00e9dures automatis\u00e9es de prise de d\u00e9cision peut entra\u00eener votre exclusion de certaines propositions, offres ou du droit de conclure des contrats ou de b\u00e9n\u00e9ficier de promotions particuli\u00e8res.<\/li>\n<li>\u00c9tant donn\u00e9 que vos donn\u00e9es peuvent \u00eatre trait\u00e9es dans le but de mener des activit\u00e9s de commerce \u00e9lectronique, vous avez le droit de faire traiter vos donn\u00e9es selon les meilleures proc\u00e9dures informatiques de pointe. \u00c0 cette fin, vos donn\u00e9es peuvent \u00eatre transf\u00e9r\u00e9es \u00e0 des tiers afin d'effectuer, en tout ou en partie, les proc\u00e9dures techniques et informatiques pour la conclusion du contrat et l'ex\u00e9cution du contrat, comme, par exemple, des serveurs tiers, des prestataires de services logistiques et de transport. Votre consentement \u00e0 cette fin est toujours n\u00e9cessaire et, dans le cas o\u00f9 vous ne consentiriez pas au traitement des donn\u00e9es n\u00e9cessaires \u00e0 la conclusion des transactions, la Soci\u00e9t\u00e9 pourrait ne pas \u00eatre en mesure de vous fournir les services demand\u00e9s. Le consentement au traitement des donn\u00e9es indispensables doit \u00eatre distinct du consentement \u00e0 l'acquisition de donn\u00e9es qui ne sont pas indispensables ou \u00e0 des fins autres que celles li\u00e9es \u00e0 la conclusion de contrats de commerce \u00e9lectronique.<\/li>\n<li>La soci\u00e9t\u00e9 peut, dans certaines circonstances, traiter vos donn\u00e9es afin de communiquer avec vous au sujet d'initiatives commerciales ou informatives ou \u00e9ducatives (appel\u00e9es newsletters). Dans ce cas, votre consentement, si n\u00e9cessaire, doit \u00eatre explicite et distinct des autres formes de consentement et vous pouvez r\u00e9voquer votre consentement \u00e0 cette fin \u00e0 tout moment.<\/li>\n<li>Vous avez le droit d'\u00eatre consult\u00e9 lors de l'\u00e9valuation des proc\u00e9dures de s\u00e9curit\u00e9 pour le traitement et la protection de vos donn\u00e9es.<\/li>\n<\/ul>\n<p>&nbsp;<\/p>\n<p>D - INDICATION DES PERSONNES IMPLIQU\u00c9ES DANS LE TRAITEMENT Vos donn\u00e9es peuvent \u00eatre trait\u00e9es par les personnes suivantes :<\/p>\n<ol>\n<li>[propri\u00e9taire] Tauro Essiccatori srl - Via del Lavoro, 6 36043 - Camisano Vicentino (VI) - C.F. et P.IVA 03977800246<\/li>\n<li>[cotitulaires] Aucun<\/li>\n<li>[repr\u00e9sentant] Non applicable<\/li>\n<li>[responsable]. <a href=\"https:\/\/stor51.tauroessiccatori.com\/fr\/traitement-politique-responsable-des-donnees-personnelles-externes\/\">Suivez ce lien pour obtenir la liste des responsables externes du traitement des donn\u00e9es.<\/a><\/li>\n<li>[RDP\/DPO] Pas besoin de rendez-vous.<\/li>\n<\/ol>\n<p>&nbsp;<\/p>\n<p>E - COMMENT EXERCER VOS DROITS<\/p>\n<p>Vos demandes peuvent \u00eatre exerc\u00e9es par communication \u00e9crite \u00e0 l'adresse de la soci\u00e9t\u00e9 VIA DEL LAVORO 6, CAMISANO VICENTINO(VI) ou \u00e0 l'adresse e-mail <a href=\"mailto:info@tauroessiccatori.com\">info@tauroessiccatori.com<\/a>ou, le cas \u00e9ch\u00e9ant, de mani\u00e8re autonome dans l'espace personnel mis \u00e0 votre disposition par voie \u00e9lectronique au moyen d'un identifiant unique.<\/p>\n<\/div>\n<\/div>\n<\/div>\n<\/div>\n<\/div>","protected":false},"excerpt":{"rendered":"<p>Metti un BIOSEC sotto l&#8217;Albero. SCOPRI QUI le promozioni di Natale! Gli sconti Black Friday sono qui! \u00a0 Clicca\u00a0per\u00a0non perderli \u2192 privacy policy INFORMATIVA RESA AI SENSI DEGLI ART. 13-14 DEL GDPR (GENERAL DATA PROTECTION REGULATION) 2016\/679 Secondo la normativa indicata, tale trattamento sar\u00e0 improntato ai principi di correttezza, liceit\u00e0, trasparenza e di tutela della [&hellip;]<\/p>","protected":false},"author":1,"featured_media":0,"parent":0,"menu_order":0,"comment_status":"closed","ping_status":"closed","template":"","meta":{"footnotes":""},"tags":[],"class_list":["post-5895","page","type-page","status-publish","hentry"],"acf":[],"yoast_head":"<!-- This site is optimized with the Yoast SEO plugin v20.10 - https:\/\/yoast.com\/wordpress\/plugins\/seo\/ -->\n<title>privacy policy - Tauro Essiccatori<\/title>\n<meta name=\"robots\" content=\"noindex, follow, max-snippet:-1, max-image-preview:large, max-video-preview:-1\" \/>\n<meta property=\"og:locale\" content=\"fr_FR\" \/>\n<meta property=\"og:type\" content=\"article\" \/>\n<meta property=\"og:title\" content=\"privacy policy - Tauro Essiccatori\" \/>\n<meta property=\"og:description\" content=\"Metti un BIOSEC sotto l&#039;Albero. SCOPRI QUI le promozioni di Natale! Gli sconti Black Friday sono qui! \u00a0 Clicca\u00a0per\u00a0non perderli \u2192 privacy policy INFORMATIVA RESA AI SENSI DEGLI ART. 13-14 DEL GDPR (GENERAL DATA PROTECTION REGULATION) 2016\/679 Secondo la normativa indicata, tale trattamento sar\u00e0 improntato ai principi di correttezza, liceit\u00e0, trasparenza e di tutela della [&hellip;]\" \/>\n<meta property=\"og:url\" content=\"https:\/\/stor51.tauroessiccatori.com\/fr\/politique-de-confidentialite\/\" \/>\n<meta property=\"og:site_name\" content=\"Tauro Essiccatori\" \/>\n<meta property=\"article:publisher\" content=\"https:\/\/www.facebook.com\/TauroEssiccatori\/\" \/>\n<meta property=\"article:modified_time\" content=\"2022-08-06T15:34:28+00:00\" \/>\n<meta name=\"twitter:card\" content=\"summary_large_image\" \/>\n<meta name=\"twitter:label1\" content=\"Est. reading time\" \/>\n\t<meta name=\"twitter:data1\" content=\"15 minutes\" \/>\n<script type=\"application\/ld+json\" class=\"yoast-schema-graph\">{\"@context\":\"https:\/\/schema.org\",\"@graph\":[{\"@type\":\"WebPage\",\"@id\":\"https:\/\/stor51.tauroessiccatori.com\/privacy-policy\/\",\"url\":\"https:\/\/stor51.tauroessiccatori.com\/privacy-policy\/\",\"name\":\"privacy policy - Tauro Essiccatori\",\"isPartOf\":{\"@id\":\"https:\/\/stor51.tauroessiccatori.com\/#website\"},\"datePublished\":\"2019-11-06T17:44:45+00:00\",\"dateModified\":\"2022-08-06T15:34:28+00:00\",\"breadcrumb\":{\"@id\":\"https:\/\/stor51.tauroessiccatori.com\/privacy-policy\/#breadcrumb\"},\"inLanguage\":\"fr-FR\",\"potentialAction\":[{\"@type\":\"ReadAction\",\"target\":[\"https:\/\/stor51.tauroessiccatori.com\/privacy-policy\/\"]}]},{\"@type\":\"BreadcrumbList\",\"@id\":\"https:\/\/stor51.tauroessiccatori.com\/privacy-policy\/#breadcrumb\",\"itemListElement\":[{\"@type\":\"ListItem\",\"position\":1,\"name\":\"Home\",\"item\":\"https:\/\/stor51.tauroessiccatori.com\/\"},{\"@type\":\"ListItem\",\"position\":2,\"name\":\"privacy policy\"}]},{\"@type\":\"WebSite\",\"@id\":\"https:\/\/stor51.tauroessiccatori.com\/#website\",\"url\":\"https:\/\/stor51.tauroessiccatori.com\/\",\"name\":\"Tauro Essiccatori\",\"description\":\"Welcome to Tauro Essiccatori online shop\",\"publisher\":{\"@id\":\"https:\/\/stor51.tauroessiccatori.com\/#organization\"},\"potentialAction\":[{\"@type\":\"SearchAction\",\"target\":{\"@type\":\"EntryPoint\",\"urlTemplate\":\"https:\/\/stor51.tauroessiccatori.com\/?s={search_term_string}\"},\"query-input\":\"required name=search_term_string\"}],\"inLanguage\":\"fr-FR\"},{\"@type\":\"Organization\",\"@id\":\"https:\/\/stor51.tauroessiccatori.com\/#organization\",\"name\":\"Tauro Essiccatori\",\"url\":\"https:\/\/stor51.tauroessiccatori.com\/\",\"logo\":{\"@type\":\"ImageObject\",\"inLanguage\":\"fr-FR\",\"@id\":\"https:\/\/stor51.tauroessiccatori.com\/#\/schema\/logo\/image\/\",\"url\":\"https:\/\/www.tauroessiccatori.com\/wp-assets\/uploads\/2017\/07\/logo_tauro_500x109px.png\",\"contentUrl\":\"https:\/\/www.tauroessiccatori.com\/wp-assets\/uploads\/2017\/07\/logo_tauro_500x109px.png\",\"width\":500,\"height\":109,\"caption\":\"Tauro Essiccatori\"},\"image\":{\"@id\":\"https:\/\/stor51.tauroessiccatori.com\/#\/schema\/logo\/image\/\"},\"sameAs\":[\"https:\/\/www.facebook.com\/TauroEssiccatori\/\",\"https:\/\/www.instagram.com\/tauro_essiccatori\/\",\"https:\/\/it.linkedin.com\/company\/tauro-essiccatori\",\"https:\/\/www.youtube.com\/user\/tauroessiccatori\"]}]}<\/script>\n<!-- \/ Yoast SEO plugin. -->","yoast_head_json":{"title":"privacy policy - Tauro Essiccatori","robots":{"index":"noindex","follow":"follow","max-snippet":"max-snippet:-1","max-image-preview":"max-image-preview:large","max-video-preview":"max-video-preview:-1"},"og_locale":"fr_FR","og_type":"article","og_title":"privacy policy - Tauro Essiccatori","og_description":"Metti un BIOSEC sotto l'Albero. SCOPRI QUI le promozioni di Natale! Gli sconti Black Friday sono qui! \u00a0 Clicca\u00a0per\u00a0non perderli \u2192 privacy policy INFORMATIVA RESA AI SENSI DEGLI ART. 13-14 DEL GDPR (GENERAL DATA PROTECTION REGULATION) 2016\/679 Secondo la normativa indicata, tale trattamento sar\u00e0 improntato ai principi di correttezza, liceit\u00e0, trasparenza e di tutela della [&hellip;]","og_url":"https:\/\/stor51.tauroessiccatori.com\/fr\/politique-de-confidentialite\/","og_site_name":"Tauro Essiccatori","article_publisher":"https:\/\/www.facebook.com\/TauroEssiccatori\/","article_modified_time":"2022-08-06T15:34:28+00:00","twitter_card":"summary_large_image","twitter_misc":{"Est. reading time":"15 minutes"},"schema":{"@context":"https:\/\/schema.org","@graph":[{"@type":"WebPage","@id":"https:\/\/stor51.tauroessiccatori.com\/privacy-policy\/","url":"https:\/\/stor51.tauroessiccatori.com\/privacy-policy\/","name":"privacy policy - Tauro Essiccatori","isPartOf":{"@id":"https:\/\/stor51.tauroessiccatori.com\/#website"},"datePublished":"2019-11-06T17:44:45+00:00","dateModified":"2022-08-06T15:34:28+00:00","breadcrumb":{"@id":"https:\/\/stor51.tauroessiccatori.com\/privacy-policy\/#breadcrumb"},"inLanguage":"fr-FR","potentialAction":[{"@type":"ReadAction","target":["https:\/\/stor51.tauroessiccatori.com\/privacy-policy\/"]}]},{"@type":"BreadcrumbList","@id":"https:\/\/stor51.tauroessiccatori.com\/privacy-policy\/#breadcrumb","itemListElement":[{"@type":"ListItem","position":1,"name":"Home","item":"https:\/\/stor51.tauroessiccatori.com\/"},{"@type":"ListItem","position":2,"name":"privacy policy"}]},{"@type":"WebSite","@id":"https:\/\/stor51.tauroessiccatori.com\/#website","url":"https:\/\/stor51.tauroessiccatori.com\/","name":"Tauro Essiccatori","description":"Welcome to Tauro Essiccatori online shop","publisher":{"@id":"https:\/\/stor51.tauroessiccatori.com\/#organization"},"potentialAction":[{"@type":"SearchAction","target":{"@type":"EntryPoint","urlTemplate":"https:\/\/stor51.tauroessiccatori.com\/?s={search_term_string}"},"query-input":"required name=search_term_string"}],"inLanguage":"fr-FR"},{"@type":"Organization","@id":"https:\/\/stor51.tauroessiccatori.com\/#organization","name":"Tauro Essiccatori","url":"https:\/\/stor51.tauroessiccatori.com\/","logo":{"@type":"ImageObject","inLanguage":"fr-FR","@id":"https:\/\/stor51.tauroessiccatori.com\/#\/schema\/logo\/image\/","url":"https:\/\/www.tauroessiccatori.com\/wp-assets\/uploads\/2017\/07\/logo_tauro_500x109px.png","contentUrl":"https:\/\/www.tauroessiccatori.com\/wp-assets\/uploads\/2017\/07\/logo_tauro_500x109px.png","width":500,"height":109,"caption":"Tauro Essiccatori"},"image":{"@id":"https:\/\/stor51.tauroessiccatori.com\/#\/schema\/logo\/image\/"},"sameAs":["https:\/\/www.facebook.com\/TauroEssiccatori\/","https:\/\/www.instagram.com\/tauro_essiccatori\/","https:\/\/it.linkedin.com\/company\/tauro-essiccatori","https:\/\/www.youtube.com\/user\/tauroessiccatori"]}]}},"_links":{"self":[{"href":"https:\/\/stor51.tauroessiccatori.com\/fr\/wp-json\/wp\/v2\/pages\/5895"}],"collection":[{"href":"https:\/\/stor51.tauroessiccatori.com\/fr\/wp-json\/wp\/v2\/pages"}],"about":[{"href":"https:\/\/stor51.tauroessiccatori.com\/fr\/wp-json\/wp\/v2\/types\/page"}],"author":[{"embeddable":true,"href":"https:\/\/stor51.tauroessiccatori.com\/fr\/wp-json\/wp\/v2\/users\/1"}],"replies":[{"embeddable":true,"href":"https:\/\/stor51.tauroessiccatori.com\/fr\/wp-json\/wp\/v2\/comments?post=5895"}],"version-history":[{"count":7,"href":"https:\/\/stor51.tauroessiccatori.com\/fr\/wp-json\/wp\/v2\/pages\/5895\/revisions"}],"predecessor-version":[{"id":165070,"href":"https:\/\/stor51.tauroessiccatori.com\/fr\/wp-json\/wp\/v2\/pages\/5895\/revisions\/165070"}],"wp:attachment":[{"href":"https:\/\/stor51.tauroessiccatori.com\/fr\/wp-json\/wp\/v2\/media?parent=5895"}],"wp:term":[{"taxonomy":"post_tag","embeddable":true,"href":"https:\/\/stor51.tauroessiccatori.com\/fr\/wp-json\/wp\/v2\/tags?post=5895"}],"curies":[{"name":"wp","href":"https:\/\/api.w.org\/{rel}","templated":true}]}}