


{"id":5895,"date":"2019-11-06T18:44:45","date_gmt":"2019-11-06T17:44:45","guid":{"rendered":"https:\/\/www.tauroessiccatori.com\/?page_id=5895\/"},"modified":"2022-08-06T17:34:28","modified_gmt":"2022-08-06T15:34:28","slug":"privacy-policy","status":"publish","type":"page","link":"https:\/\/stor51.tauroessiccatori.com\/es\/politica-de-privacidad\/","title":{"rendered":"pol\u00edtica de privacidad"},"content":{"rendered":"<div class=\"tauro-banners\"><div class=\"banner-00\" style=\"background-color: #852035\">\r\n<div class=\"ix-xmas-box-other\" style=\"font-size: 18px;padding: 7px 0;margin: 0 auto 0px auto\" align=\"center\"><b style=\"color: #fff;font-size: 18px\">Pon un BIOSEC debajo del \u00c1rbol. <a style=\"color: #f8cc89;font-weight: bold;text-decoration: none;font-size: 18px\" href=\"https:\/\/www.tauroessiccatori.com\/christmas-2024\/\">DESC\u00daBRALO AQU\u00cd<\/a> Promociones navide\u00f1as<\/b><\/div>\r\n<\/div><div class=\"banner-00\" style=\"background-color: #000\">\r\n<div class=\"ix-xmas-box-other\" style=\"font-size: 18px;padding: 7px 0;margin: 0 auto 0px auto\" align=\"center\"><b style=\"color: #fff\"> Ya est\u00e1n aqu\u00ed los descuentos del Black Friday \u00a0 <a style=\"color: #f77209;font-weight: bold;text-decoration: none\" href=\"https:\/\/www.tauroessiccatori.com\/black-friday-2024\/\"> Haz clic para no perd\u00e9rtelos \u2192 <\/a>\r\n<\/b><\/div>\r\n<\/div><\/div><div class=\"ix-container-inner\">\n<div class=\"uk-grid uk-grid-medium\">\n<div class=\"uk-width-large-1-3\">\n           \n    <div class=\"ix-help-menu\">\n\n     <ul>\n       <li class=\"ix-help-menu-title\">servicio al cliente<\/li>\n       <li class=\"ix-link-help-li\"><a class=\"ix-link-help ix-help-link-active\" href=\"https:\/\/www.tauroessiccatori.com\/servizio-clienti\/condizioni-di-vendita\">condiciones de venta<\/a><\/li>\n       <li class=\"ix-link-help-li\"><a class=\"ix-link-help\" href=\"https:\/\/www.tauroessiccatori.com\/servizio-clienti\/consegna-e-reso\/\">entrega y devoluci\u00f3n<\/a><\/li>\n       <li class=\"ix-link-help-li\"><a class=\"ix-link-help\" href=\"https:\/\/www.tauroessiccatori.com\/servizio-clienti\/estensione-di-garanzia\/\">ampliaci\u00f3n de la garant\u00eda<\/a><\/li>\n       <li class=\"ix-link-help-li\"><a class=\"ix-link-help\" href=\"https:\/\/www.tauroessiccatori.com\/servizio-clienti\/pagamento\/\">pagos<\/a><\/li>\n<!--       <li class=\"ix-link-help-li\"><a class=\"ix-link-help \" href=\"https:\/\/www.tauroessiccatori.com\/servizio-clienti\/mio-account\/#\">il mio account<\/a><\/li>-->\n     <\/ul>\n\n     <ul>\n       <li class=\"ix-help-menu-title\">enlaces \u00fatiles<\/li>\n       <li class=\"ix-link-useful-li\"><a class=\"ix-link-help-link-useful\" href=\"https:\/\/www.tauroessiccatori.com\/i-nostri-tutorial\/\">Tutorial<\/a><\/li>\n       <li class=\"ix-link-useful-li\"><a class=\"ix-link-help-link-useful\" href=\"https:\/\/www.tauroessiccatori.com\/servizio-clienti\/domande-frequenti\/\">Preguntas frecuentes<\/a><\/li>\n     <\/ul>\n\n     <div class=\"ix-help-button-contact-us\">\n       <a class=\"ix-button-grey\" style=\"width:180px; line-height:40px;\" href=\"https:\/\/www.tauroessiccatori.com\/contatti\/\">contacto con nosotros<\/a>\n     <\/div>\n\n      <\/div>   \n    <\/div>\n<div class=\"uk-width-large-2-3\">\n<div class=\"ix-help-right-box\">\n<p><!-- 2022-08-03 italix: kevin: was:h2 add:ix-h1--><\/p>\n<h1 class=\"ix-help-h2 ix-h1\" style=\"text-align: left !important;\">pol\u00edtica de privacidad<\/h1>\n<div class=\"ix-help-p\">\n<h3>AVISO DE INFORMACI\u00d3N CON ARREGLO A LOS ART\u00cdCULOS 13 Y 14 DEL REGLAMENTO GENERAL DE PROTECCI\u00d3N DE DATOS (RGPD) 2016\/679<\/h3>\n<p>De acuerdo con la legislaci\u00f3n indicada, este tratamiento se basar\u00e1 en los principios de correcci\u00f3n, legalidad, transparencia y protecci\u00f3n de su privacidad y derechos.<\/p>\n<p>Por lo tanto, de conformidad con el art\u00edculo 13 del GDPR 2016\/679, le proporcionamos la siguiente informaci\u00f3n:<\/p>\n<p>&nbsp;<\/p>\n<p>A - Los datos personales (nombre, apellidos, datos del documento de identidad y copia del mismo, n\u00famero de tel\u00e9fono, direcci\u00f3n de correo electr\u00f3nico, etc.), se facilitar\u00e1n en el momento de la afiliaci\u00f3n en funci\u00f3n del tipo de asociaci\u00f3n solicitada<\/p>\n<p>TAURO ESSICCATORI SRL, como responsable del tratamiento de sus datos personales, le informa sobre el uso de los mismos y de sus derechos, para que pueda expresar conscientemente su consentimiento, cuando as\u00ed lo requiera, y ejercer los derechos previstos en el Reglamento General de Protecci\u00f3n de Datos (Reglamento Europeo 679\/2016, en adelante: El Reglamento). Sus datos personales (facilitados por usted, por terceros o procedentes, dentro de los l\u00edmites de la ley, de listas p\u00fablicas) pueden ser tratados para los siguientes fines expresamente indicados: 1) Cumplimiento de una obligaci\u00f3n contractual (venta de bienes y servicios); 2) Cumplimiento de obligaciones legales y reglamentarias, incluidas las de car\u00e1cter fiscal (facturas, declaraciones de impuestos, pagos de impuestos), de seguridad social (protecci\u00f3n de la salud de los empleados, seguros y obligaciones fiscales); 3) Propuesta de servicios o bienes al interesado (es decir, actividades previas a la celebraci\u00f3n de un contrato con un tercero); 4) Realizaci\u00f3n de perfiles para proponer marketing directo o indirecto; 5) Para enviar comunicaciones peri\u00f3dicas comerciales, informativas, educativas, boletines de noticias.<\/p>\n<p>La base legal para el tratamiento est\u00e1 representada por: A Obligaci\u00f3n legal o reglamentaria, B Contrato con el interesado o ejecuci\u00f3n del contrato, C Inter\u00e9s leg\u00edtimo del responsable del tratamiento o de un tercero, E Consentimiento expl\u00edcito del interesado<\/p>\n<p>A continuaci\u00f3n especificamos el significado de los tipos de prop\u00f3sitos:<\/p>\n<ol>\n<li>por ley: es decir, para cumplir con las obligaciones establecidas por la ley, por un reglamento, por la legislaci\u00f3n de la Uni\u00f3n Europea, as\u00ed como por las disposiciones dictadas por las Autoridades facultadas para ello por la ley o por los organismos de supervisi\u00f3n o control competentes (en este caso, su consentimiento no es necesario ya que el tratamiento de los datos est\u00e1 relacionado con el cumplimiento de dichas obligaciones\/disposiciones). Entre los datos que se tratan por ley est\u00e1n los relativos a la normativa fiscal o a los registros contra el blanqueo de capitales.<\/li>\n<li>fines contractuales y, en general, administrativos-contables, es decir, para cumplir con las obligaciones derivadas de los contratos en los que usted es parte o para satisfacer, antes de la celebraci\u00f3n del contrato, sus solicitudes espec\u00edficas, tambi\u00e9n mediante t\u00e9cnicas de comunicaci\u00f3n a distancia, incluido un centro de llamadas telef\u00f3nicas dedicado (en cuyo caso no se requiere su consentimiento, ya que el tratamiento de los datos es funcional a la gesti\u00f3n de la relaci\u00f3n o la ejecuci\u00f3n de las solicitudes) Este tratamiento tambi\u00e9n incluye los fines derivados de la protecci\u00f3n de los intereses mutuos en los tribunales y con fines fiscales o para otras obligaciones legales como, por ejemplo, el mantenimiento de registros contra el blanqueo de capitales, si procede.<\/li>\n<li>comercial directo: actividades de tratamiento de datos destinadas a proporcionarle informaci\u00f3n y enviarle material informativo, comercial y publicitario (incluso mediante t\u00e9cnicas de comunicaci\u00f3n a distancia como, por ejemplo, el correo postal, las llamadas telef\u00f3nicas, incluso a trav\u00e9s de sistemas de llamadas automatizadas, los telefaxes, el correo electr\u00f3nico, los mensajes SMS o MMS u otros) sobre productos, servicios o iniciativas de la empresa, para promocionar los mismos, para realizar acciones de venta directa, para realizar estudios de mercado, para verificar la calidad de los productos o servicios que se le ofrecen (incluso mediante llamadas telef\u00f3nicas o el env\u00edo de cuestionarios). El tratamiento de estos datos puede llevarse a cabo con su consentimiento facultativo o sobre la base del inter\u00e9s leg\u00edtimo de la empresa cuando se considere y eval\u00fae que no entra en conflicto con sus derechos.<\/li>\n<li>Elaboraci\u00f3n de perfiles: actividades de tratamiento de datos destinadas a optimizar la oferta comercial (tambi\u00e9n mediante an\u00e1lisis focalizados y seleccionados), a realizar comunicaciones comerciales dirigidas, a realizar investigaciones estad\u00edsticas, a aplicarle uno o varios perfiles (para tomar decisiones comerciales adecuadas o para analizar o predecir, tambi\u00e9n con fines comerciales, sus preferencias personales, comportamientos y actitudes). (En este caso, su consentimiento es opcional y no afecta al mantenimiento de las relaciones con la empresa).<\/li>\n<li>comercial indirecta: es decir, comunicando sus datos a terceros para que realicen sus propias actividades comerciales aut\u00f3nomas como se indica en el n\u00famero 3 anterior (en este caso, su consentimiento es opcional y no perjudica el mantenimiento de las relaciones con la empresa)<\/li>\n<li>postcomercial: es decir, para investigar, tras la finalizaci\u00f3n o retirada de la relaci\u00f3n con la empresa, los motivos de la interrupci\u00f3n de la relaci\u00f3n. (En este caso su consentimiento es opcional y no perjudica el mantenimiento de las relaciones con la empresa)<\/li>\n<\/ol>\n<p>Casos especiales de datos:<\/p>\n<ol>\n<li>Datos \"particulares\" o \"sensibles\", es decir, datos personales que revelen el origen racial o \u00e9tnico, las opiniones pol\u00edticas, las convicciones religiosas o filos\u00f3ficas, o la pertenencia a un sindicato, datos gen\u00e9ticos, datos biom\u00e9tricos destinados a identificar de forma inequ\u00edvoca a una persona f\u00edsica, datos relativos a la salud o a la vida sexual o a la orientaci\u00f3n sexual de la persona (art. 9 del reglamento) o relativos a condenas e infracciones penales o a medidas de seguridad conexas (art. 10 del reglamento). Dichos datos s\u00f3lo podr\u00e1n ser tratados con su consentimiento expreso y por escrito si se aplica uno de los motivos indicados en el apartado 2 del art\u00edculo 9 y en el art\u00edculo 10 del reglamento. El consentimiento es libre y facultativo, pero la denegaci\u00f3n del mismo podr\u00eda poner en peligro la realizaci\u00f3n de una o varias actividades solicitadas por usted a la empresa que se refieran espec\u00edficamente a hechos para los que sea imprescindible el tratamiento de este tipo de datos.<\/li>\n<li>El consentimiento para el tratamiento de sus datos puede ser vinculante a efectos de la celebraci\u00f3n de contratos con el responsable del tratamiento o con terceros. S\u00f3lo los datos cuyo tratamiento es indispensable para la celebraci\u00f3n de un contrato pueden ser vinculantes para la celebraci\u00f3n del mismo, mientras que usted puede dar o negar libremente su consentimiento para los datos que no son indispensables, y en particular para los fines de la elaboraci\u00f3n de perfiles, las comunicaciones comerciales, el marketing.<\/li>\n<li>sus datos pueden ser objeto de transferencia a terceros para los fines indicados por el responsable del tratamiento. En particular, podr\u00e1n ser transferidos a terceros pa\u00edses previa comprobaci\u00f3n de su adecuaci\u00f3n o, en su defecto, con su consentimiento expreso.<\/li>\n<\/ol>\n<p>&nbsp;<\/p>\n<p>B - M\u00c9TODOS DE PROCESAMIENTO DE DATOS.<\/p>\n<p>El tratamiento de sus datos se lleva a cabo mediante instrumentos de archivo manuales\/en papel y mediante instrumentos electr\u00f3nicos y automatizados, de forma estrictamente relacionada con los fines mencionados. Cuando haya dado su consentimiento, el tratamiento tambi\u00e9n podr\u00e1 realizarse mediante la elaboraci\u00f3n de perfiles o la comparaci\u00f3n de datos. La empresa ha adoptado medidas t\u00e9cnicas y organizativas destinadas a prevenir y limitar el riesgo de p\u00e9rdida, deterioro o apropiaci\u00f3n indebida de sus datos, y a garantizar su restablecimiento en un plazo razonable en caso de violaci\u00f3n de los datos.<\/p>\n<p>El tratamiento se realiza de forma que se garantice la seguridad, la protecci\u00f3n y la confidencialidad de sus datos.<\/p>\n<p>Dentro de la empresa, sus datos personales pueden llegar a conocimiento del responsable del tratamiento o del encargado del mismo:<\/p>\n<ul>\n<li>los empleados, gerentes y directores o socios de la empresa que tengan o desempe\u00f1en por ley o por los estatutos sociales funciones administrativas, de colaboraci\u00f3n o comerciales sujetas a contratos de trabajo por cuenta propia que operen dentro de la estructura de la empresa. Dicho personal ha recibido la formaci\u00f3n y las instrucciones adecuadas por parte de la empresa para proteger el almacenamiento, el mantenimiento, la actualizaci\u00f3n y la seguridad y confidencialidad de sus datos. El consentimiento para el tratamiento por parte de dicho personal no es necesario, ya que es inherente a las modalidades necesarias previstas por la ley.<\/li>\n<li>Fuera de la empresa, sus datos pueden ser tratados por:<\/li>\n<li>los colaboradores con contratos de trabajo no laborales que operan fuera de las instalaciones de la empresa<\/li>\n<li>empleados comerciales con un contrato de trabajo no laboral que operan fuera de las instalaciones de la empresa<\/li>\n<li>consultores de cualquier tipo (abogados, contables p\u00fablicos, ingenieros, arquitectos, asesores laborales u otros profesionales inscritos o no en los registros profesionales), que realicen tareas t\u00e9cnicas, de apoyo (en particular: servicios jur\u00eddicos, servicios inform\u00e1ticos, env\u00edos) y de control empresarial por cuenta de la empresa.<\/li>\n<li>En la consecuci\u00f3n de los objetivos anteriores, la empresa puede comunicar o transmitir de otra manera<\/li>\n<li>Sus datos a determinados sujetos, incluso extranjeros, que utilizar\u00e1n los datos recibidos como corresponsables aut\u00f3nomos, salvo que hayan sido designados por la empresa como \"responsables\" del tratamiento para su competencia espec\u00edfica. Tiene derecho a solicitar y obtener la lista de terceros a los que se transmiten dichos datos.<\/li>\n<li>Organismos p\u00fablicos o administraciones para cumplir con las obligaciones legales<\/li>\n<\/ul>\n<p>Es posible que el responsable del tratamiento delegue el tratamiento de sus datos a otros subencargados, que a su vez reciben instrucciones sobre c\u00f3mo tratar los datos correctamente<\/p>\n<p>Dado que los datos que usted proporciona pueden consistir en los denominados datos \"especiales\", tambi\u00e9n conocidos como datos \"sensibles\" en virtud del art\u00edculo 9 del Reglamento europeo, es decir, datos relativos al origen racial, la salud, la orientaci\u00f3n o los h\u00e1bitos sexuales, las convicciones pol\u00edticas, sindicales, religiosas o filos\u00f3ficas, o las condenas penales (art\u00edculo 10 del Reglamento), el tratamiento podr\u00e1 realizarse con su consentimiento previo por escrito y para los fines indicados en este formulario de tratamiento, salvo en los casos de tratamiento definidos como legales por el Reglamento<\/p>\n<p>Sus datos pueden estar sujetos a la elaboraci\u00f3n de perfiles, es decir, a la recopilaci\u00f3n y agregaci\u00f3n de datos sobre usted para tomar decisiones comerciales adecuadas o para analizar o predecir sus preferencias, comportamientos y actitudes personales. La elaboraci\u00f3n de perfiles puede tener lugar a) con su consentimiento b) sobre la base del inter\u00e9s leg\u00edtimo de nuestra empresa. La falta de consentimiento para la elaboraci\u00f3n de perfiles no suele afectar al buen desarrollo de la relaci\u00f3n en virtud de la cual se tratan sus datos. La realizaci\u00f3n de actividades de elaboraci\u00f3n de perfiles podr\u00eda poner en peligro sus derechos y oportunidades con respecto a las ofertas de nuestra empresa.<\/p>\n<p>Sus datos pueden ser transferidos a un pa\u00eds extranjero. Si esto ocurre dentro de la Uni\u00f3n Europea, sus datos ser\u00e1n tratados de la misma manera que en Italia. Si se transfiere a pa\u00edses fuera de la Uni\u00f3n Europea, se tratar\u00e1 de acuerdo con sus derechos en virtud del Reglamento europeo. Si sus datos se transfieren a un pa\u00eds fuera de la UE, podr\u00e1n ser tratados por entidades que garanticen el respeto de los derechos previstos en el Reglamento europeo mediante el cumplimiento voluntario por parte de las mismas de las medidas generales.<\/p>\n<p>Los datos ser\u00e1n transferidos en todo caso por medios que garanticen la protecci\u00f3n de dichos datos frente a la intrusi\u00f3n de terceros.<\/p>\n<p>Sus datos han sido recogidos directamente de usted, por lo que le proporcionamos la siguiente informaci\u00f3n en este formulario cuando corresponda:<\/p>\n<ul>\n<li>datos del titular y del representante<\/li>\n<li>datos del responsable de la protecci\u00f3n de datos<\/li>\n<li>finalidad y base jur\u00eddica del tratamiento<\/li>\n<li>destinatarios de los datos<\/li>\n<li>intenci\u00f3n de transferir datos al extranjero<\/li>\n<li>la duraci\u00f3n del per\u00edodo de conservaci\u00f3n o los criterios para determinar la duraci\u00f3n<\/li>\n<li>derecho de acceso, rectificaci\u00f3n, cancelaci\u00f3n, oposici\u00f3n al tratamiento, portabilidad<\/li>\n<li>derecho a la retirada del tratamiento, si es posible, excepto cuando lo exija la ley<\/li>\n<li>posibilidad de presentar reclamaciones ante la autoridad (Garante)<\/li>\n<li>si los datos son obligatorios para la ejecuci\u00f3n de un contrato, o por ley, y las consecuencias si no se da el consentimiento<\/li>\n<li>si los datos son o ser\u00e1n objeto de elaboraci\u00f3n de perfiles y, en caso afirmativo, la l\u00f3gica de la elaboraci\u00f3n de perfiles<\/li>\n<li>la existencia de procesos de toma de decisiones automatizados y el derecho del interesado a que las decisiones se tomen tras la intervenci\u00f3n humana.<\/li>\n<\/ul>\n<p>Nuestra empresa ha obtenido datos sobre usted de terceros. Por lo tanto, le proporcionamos la siguiente informaci\u00f3n en este formulario, cuando sea aplicable a usted:<\/p>\n<ul>\n<li>propietario y datos representativos<\/li>\n<li>Datos del responsable de la protecci\u00f3n de datos (RPD), si procede<\/li>\n<li>finalidad y base jur\u00eddica del tratamiento<\/li>\n<li>categor\u00edas de datos recogidos<\/li>\n<li>destinatarios de los datos<\/li>\n<li>intenci\u00f3n de transferir datos al extranjero<\/li>\n<li>per\u00edodo de conservaci\u00f3n o criterios para determinar el per\u00edodo<\/li>\n<li>derechos de acceso, revocaci\u00f3n, rectificaci\u00f3n, supresi\u00f3n, portabilidad, retirada del consentimiento al tratamiento, restricci\u00f3n<\/li>\n<li>posibilidad de reclamar al garante<\/li>\n<li>la fuente de sus datos, que es la siguiente:<\/li>\n<li>_________________________________________________________<\/li>\n<li>_________________________________________________________<\/li>\n<li>la existencia de procesos de toma de decisiones automatizados y el derecho del interesado a que las decisiones se tomen tras la intervenci\u00f3n humana<\/li>\n<\/ul>\n<p>Sus datos ser\u00e1n conservados por el Responsable del Tratamiento, con respecto a los fines previstos, durante el tiempo que sea necesario para la ejecuci\u00f3n de la relaci\u00f3n existente con usted y para garantizar la protecci\u00f3n mutua de sus derechos ante los tribunales, as\u00ed como para cumplir con las obligaciones legales, incluidas las obligaciones fiscales. Los datos que no sean necesarios para estos \u00faltimos fines se eliminar\u00e1n en el plazo m\u00e1ximo previsto por el derecho al olvido, tal y como se indica m\u00e1s adelante en esta nota informativa, o, a petici\u00f3n suya, incluso en un plazo m\u00e1s breve si ello no entra en conflicto con los derechos del responsable del tratamiento.<\/p>\n<p>Los datos del interesado que no deban conservarse por una obligaci\u00f3n legal espec\u00edfica se eliminar\u00e1n en un plazo de 10 a\u00f1os<\/p>\n<p>En cuanto a las l\u00f3gicas de elaboraci\u00f3n de perfiles, la empresa declara lo siguiente: la elaboraci\u00f3n de perfiles se lleva a cabo para mejorar la experiencia de navegaci\u00f3n, con fines de an\u00e1lisis estad\u00edstico an\u00f3nimo, con fines comerciales o para personalizar cualquier contenido publicitario propuesto en l\u00ednea o enviado.<\/p>\n<p>&nbsp;<\/p>\n<p>C - DERECHOS DEL INTERESADO<\/p>\n<p>Usted puede, en cualquier momento, ejercer los siguientes derechos expresamente reconocidos por el Reglamento:<\/p>\n<ul>\n<li>Tiene derecho a presentar una reclamaci\u00f3n en cualquier momento ante la autoridad nacional (Garante per la protezione dei dati personali) si considera que se ha vulnerado su derecho<\/li>\n<li>Usted tiene derecho a que sus datos sean siempre exactos y est\u00e9n actualizados, por lo que puede informar o solicitar su actualizaci\u00f3n en cualquier momento<\/li>\n<li>Tiene derecho a revocar su consentimiento para el tratamiento de sus datos si no lo impiden las disposiciones legales o la necesidad de proteger los derechos del titular, incluso ante los tribunales. En cualquier caso, la solicitud de revocaci\u00f3n da lugar al derecho de restricci\u00f3n del tratamiento.<\/li>\n<li>Tiene derecho a acceder a sus datos tratados por el responsable del tratamiento mediante una solicitud por escrito, tambi\u00e9n en formato electr\u00f3nico. Es indispensable que usted pueda proporcionarnos una prueba de su identidad, posiblemente tambi\u00e9n mediante el acceso a nuestras bases de datos a trav\u00e9s de credenciales que puedan referirse exclusivamente a usted. Tiene derecho a un acceso gratuito por una sola vez, mientras que es posible que se le cobre una tasa por las solicitudes posteriores. Tiene derecho a recibir una respuesta en los 30 d\u00edas siguientes a su solicitud. Tiene derecho a disponer de sus datos en un formato imprimible.<\/li>\n<li>Usted tiene derecho a que se corrijan y actualicen sus datos, y puede solicitar en cualquier momento que se actualicen y corrijan si considera que los datos que obran en nuestro poder est\u00e1n desfasados o son incorrectos. Con el fin de garantizar la actualizaci\u00f3n de los datos, le rogamos que nos comunique cualquier cambio \u00fatil.<\/li>\n<li>Usted tiene derecho a la supresi\u00f3n de los datos que le conciernen, siempre que no se trate de datos que el responsable del tratamiento deba conservar para cumplir obligaciones legales espec\u00edficas como, por ejemplo, las derivadas de la normativa fiscal, la lucha contra el blanqueo de capitales o la protecci\u00f3n de los derechos del responsable del tratamiento en los litigios.<\/li>\n<li>Si usted impugna la exactitud de sus datos, o la legalidad del tratamiento, o el derecho del responsable del tratamiento a suprimir sus datos, o si se opone al tratamiento de sus datos y el responsable del tratamiento impugna su objeci\u00f3n, tiene derecho a que sus datos se conserven pero no se traten, salvo en la medida necesaria para resolver el litigio sobre los datos.<\/li>\n<li>Si el responsable del tratamiento modifica o suprime total o parcialmente sus datos, usted tiene derecho a ser informado y a oponerse a la modificaci\u00f3n y supresi\u00f3n<\/li>\n<li>Usted tiene derecho a transferir sus datos -almacenados y procesados electr\u00f3nicamente- a otro operador, dentro de los l\u00edmites indicados por el Reglamento, y siempre que sea t\u00e9cnicamente factible, de forma que puedan ser f\u00e1cilmente le\u00eddos y adquiridos por terceros. Los datos que usted tiene derecho a transferir (portabilidad) incluyen tambi\u00e9n los datos derivados de la observaci\u00f3n autom\u00e1tica de su actividad a trav\u00e9s de los servicios inform\u00e1ticos del responsable del tratamiento, como las b\u00fasquedas y el historial de actividades realizadas<\/li>\n<li>Tiene derecho a oponerse al tratamiento de sus datos, a la elaboraci\u00f3n de perfiles, a la utilizaci\u00f3n de sus datos para la comercializaci\u00f3n directa, a la elaboraci\u00f3n de perfiles de inter\u00e9s p\u00fablico o con fines cient\u00edficos o hist\u00f3ricos o estad\u00edsticos.<\/li>\n<li>La empresa puede, en determinadas circunstancias, adoptar procedimientos automatizados para tomar decisiones que le conciernen y, en particular, para decidir si celebrar contratos directamente o a trav\u00e9s de terceros con usted y en qu\u00e9 condiciones. En este caso, usted tiene derecho a solicitar que, antes de que se adopte una decisi\u00f3n vinculante, su posici\u00f3n sea examinada en todo caso por un operador humano que realice una evaluaci\u00f3n de fondo. El uso de procedimientos automatizados de toma de decisiones puede dar lugar a su exclusi\u00f3n de determinadas propuestas, ofertas o del derecho a celebrar contratos o a beneficiarse de determinadas promociones.<\/li>\n<li>Dado que sus datos pueden ser procesados con el fin de llevar a cabo actividades de comercio electr\u00f3nico, usted tiene derecho a que sus datos sean procesados de acuerdo con los mejores procedimientos inform\u00e1ticos del momento. A tal efecto, sus datos podr\u00e1n ser cedidos a terceros para que lleven a cabo, total o parcialmente, los procedimientos t\u00e9cnicos e inform\u00e1ticos para la celebraci\u00f3n del contrato y la ejecuci\u00f3n del mismo, como, por ejemplo, a terceros servidores, proveedores de servicios log\u00edsticos y de transporte. Su consentimiento para esta finalidad es siempre necesario y, en el caso de que no consienta el tratamiento de los datos necesarios para la conclusi\u00f3n de las transacciones, la Compa\u00f1\u00eda podr\u00eda no estar en condiciones de prestarle los servicios solicitados. El consentimiento para el tratamiento de datos indispensables debe ser independiente del consentimiento para la obtenci\u00f3n de datos no indispensables o para fines distintos de los relacionados con la celebraci\u00f3n de contratos de comercio electr\u00f3nico.<\/li>\n<li>La empresa puede, en determinadas circunstancias, procesar sus datos para comunicarse con usted sobre iniciativas comerciales o informativas o educativas (los llamados boletines informativos). En este caso, su consentimiento, si es necesario, debe ser expl\u00edcito y estar separado de otras formas de consentimiento y usted puede revocar su consentimiento para este fin en cualquier momento.<\/li>\n<li>Tiene derecho a ser consultado cuando se eval\u00faen los procedimientos de seguridad para el tratamiento y la protecci\u00f3n de sus datos<\/li>\n<\/ul>\n<p>&nbsp;<\/p>\n<p>D - INDICACI\u00d3N DE LAS PERSONAS QUE PARTICIPAN EN EL TRATAMIENTO Sus datos pueden ser tratados por las siguientes personas:<\/p>\n<ol>\n<li>[propietario] Tauro Essiccatori srl - Via del Lavoro, 6 36043 - Camisano Vicentino (VI) - C.F. y P.IVA 03977800246<\/li>\n<li>[copropietarios] Ninguno<\/li>\n<li>[representante] No aplicable<\/li>\n<li>[responsable]. <a href=\"https:\/\/stor51.tauroessiccatori.com\/es\/tratamiento-de-datos-personales-externo-responsable-de-la-privacidad\/\">Siga este enlace para ver la lista de procesadores de datos externos<\/a><\/li>\n<li>[RDP\/DPO] No hay necesidad de cita previa<\/li>\n<\/ol>\n<p>&nbsp;<\/p>\n<p>E - C\u00d3MO EJERCER SUS DERECHOS<\/p>\n<p>Sus solicitudes podr\u00e1n ser ejercidas mediante comunicaci\u00f3n escrita a la direcci\u00f3n de la empresa VIA DEL LAVORO 6, CAMISANO VICENTINO(VI) o a la direcci\u00f3n de correo electr\u00f3nico <a href=\"mailto:info@tauroessiccatori.com\">info@tauroessiccatori.com<\/a>o, en su caso, de forma aut\u00f3noma dentro del \u00e1rea personal puesta a su disposici\u00f3n electr\u00f3nicamente mediante un identificador \u00fanico.<\/p>\n<\/div>\n<\/div>\n<\/div>\n<\/div>\n<\/div>","protected":false},"excerpt":{"rendered":"<p>Metti un BIOSEC sotto l&#8217;Albero. SCOPRI QUI le promozioni di Natale! Gli sconti Black Friday sono qui! \u00a0 Clicca\u00a0per\u00a0non perderli \u2192 privacy policy INFORMATIVA RESA AI SENSI DEGLI ART. 13-14 DEL GDPR (GENERAL DATA PROTECTION REGULATION) 2016\/679 Secondo la normativa indicata, tale trattamento sar\u00e0 improntato ai principi di correttezza, liceit\u00e0, trasparenza e di tutela della [&hellip;]<\/p>","protected":false},"author":1,"featured_media":0,"parent":0,"menu_order":0,"comment_status":"closed","ping_status":"closed","template":"","meta":{"footnotes":""},"tags":[],"class_list":["post-5895","page","type-page","status-publish","hentry"],"acf":[],"yoast_head":"<!-- This site is optimized with the Yoast SEO plugin v20.10 - https:\/\/yoast.com\/wordpress\/plugins\/seo\/ -->\n<title>privacy policy - Tauro Essiccatori<\/title>\n<meta name=\"robots\" content=\"noindex, follow, max-snippet:-1, max-image-preview:large, max-video-preview:-1\" \/>\n<meta property=\"og:locale\" content=\"es_ES\" \/>\n<meta property=\"og:type\" content=\"article\" \/>\n<meta property=\"og:title\" content=\"privacy policy - Tauro Essiccatori\" \/>\n<meta property=\"og:description\" content=\"Metti un BIOSEC sotto l&#039;Albero. SCOPRI QUI le promozioni di Natale! Gli sconti Black Friday sono qui! \u00a0 Clicca\u00a0per\u00a0non perderli \u2192 privacy policy INFORMATIVA RESA AI SENSI DEGLI ART. 13-14 DEL GDPR (GENERAL DATA PROTECTION REGULATION) 2016\/679 Secondo la normativa indicata, tale trattamento sar\u00e0 improntato ai principi di correttezza, liceit\u00e0, trasparenza e di tutela della [&hellip;]\" \/>\n<meta property=\"og:url\" content=\"https:\/\/stor51.tauroessiccatori.com\/es\/politica-de-privacidad\/\" \/>\n<meta property=\"og:site_name\" content=\"Tauro Essiccatori\" \/>\n<meta property=\"article:publisher\" content=\"https:\/\/www.facebook.com\/TauroEssiccatori\/\" \/>\n<meta property=\"article:modified_time\" content=\"2022-08-06T15:34:28+00:00\" \/>\n<meta name=\"twitter:card\" content=\"summary_large_image\" \/>\n<meta name=\"twitter:label1\" content=\"Est. reading time\" \/>\n\t<meta name=\"twitter:data1\" content=\"15 minutos\" \/>\n<script type=\"application\/ld+json\" class=\"yoast-schema-graph\">{\"@context\":\"https:\/\/schema.org\",\"@graph\":[{\"@type\":\"WebPage\",\"@id\":\"https:\/\/stor51.tauroessiccatori.com\/privacy-policy\/\",\"url\":\"https:\/\/stor51.tauroessiccatori.com\/privacy-policy\/\",\"name\":\"privacy policy - Tauro Essiccatori\",\"isPartOf\":{\"@id\":\"https:\/\/stor51.tauroessiccatori.com\/#website\"},\"datePublished\":\"2019-11-06T17:44:45+00:00\",\"dateModified\":\"2022-08-06T15:34:28+00:00\",\"breadcrumb\":{\"@id\":\"https:\/\/stor51.tauroessiccatori.com\/privacy-policy\/#breadcrumb\"},\"inLanguage\":\"es\",\"potentialAction\":[{\"@type\":\"ReadAction\",\"target\":[\"https:\/\/stor51.tauroessiccatori.com\/privacy-policy\/\"]}]},{\"@type\":\"BreadcrumbList\",\"@id\":\"https:\/\/stor51.tauroessiccatori.com\/privacy-policy\/#breadcrumb\",\"itemListElement\":[{\"@type\":\"ListItem\",\"position\":1,\"name\":\"Home\",\"item\":\"https:\/\/stor51.tauroessiccatori.com\/\"},{\"@type\":\"ListItem\",\"position\":2,\"name\":\"privacy policy\"}]},{\"@type\":\"WebSite\",\"@id\":\"https:\/\/stor51.tauroessiccatori.com\/#website\",\"url\":\"https:\/\/stor51.tauroessiccatori.com\/\",\"name\":\"Tauro Essiccatori\",\"description\":\"Welcome to Tauro Essiccatori online shop\",\"publisher\":{\"@id\":\"https:\/\/stor51.tauroessiccatori.com\/#organization\"},\"potentialAction\":[{\"@type\":\"SearchAction\",\"target\":{\"@type\":\"EntryPoint\",\"urlTemplate\":\"https:\/\/stor51.tauroessiccatori.com\/?s={search_term_string}\"},\"query-input\":\"required name=search_term_string\"}],\"inLanguage\":\"es\"},{\"@type\":\"Organization\",\"@id\":\"https:\/\/stor51.tauroessiccatori.com\/#organization\",\"name\":\"Tauro Essiccatori\",\"url\":\"https:\/\/stor51.tauroessiccatori.com\/\",\"logo\":{\"@type\":\"ImageObject\",\"inLanguage\":\"es\",\"@id\":\"https:\/\/stor51.tauroessiccatori.com\/#\/schema\/logo\/image\/\",\"url\":\"https:\/\/www.tauroessiccatori.com\/wp-assets\/uploads\/2017\/07\/logo_tauro_500x109px.png\",\"contentUrl\":\"https:\/\/www.tauroessiccatori.com\/wp-assets\/uploads\/2017\/07\/logo_tauro_500x109px.png\",\"width\":500,\"height\":109,\"caption\":\"Tauro Essiccatori\"},\"image\":{\"@id\":\"https:\/\/stor51.tauroessiccatori.com\/#\/schema\/logo\/image\/\"},\"sameAs\":[\"https:\/\/www.facebook.com\/TauroEssiccatori\/\",\"https:\/\/www.instagram.com\/tauro_essiccatori\/\",\"https:\/\/it.linkedin.com\/company\/tauro-essiccatori\",\"https:\/\/www.youtube.com\/user\/tauroessiccatori\"]}]}<\/script>\n<!-- \/ Yoast SEO plugin. -->","yoast_head_json":{"title":"privacy policy - Tauro Essiccatori","robots":{"index":"noindex","follow":"follow","max-snippet":"max-snippet:-1","max-image-preview":"max-image-preview:large","max-video-preview":"max-video-preview:-1"},"og_locale":"es_ES","og_type":"article","og_title":"privacy policy - Tauro Essiccatori","og_description":"Metti un BIOSEC sotto l'Albero. SCOPRI QUI le promozioni di Natale! Gli sconti Black Friday sono qui! \u00a0 Clicca\u00a0per\u00a0non perderli \u2192 privacy policy INFORMATIVA RESA AI SENSI DEGLI ART. 13-14 DEL GDPR (GENERAL DATA PROTECTION REGULATION) 2016\/679 Secondo la normativa indicata, tale trattamento sar\u00e0 improntato ai principi di correttezza, liceit\u00e0, trasparenza e di tutela della [&hellip;]","og_url":"https:\/\/stor51.tauroessiccatori.com\/es\/politica-de-privacidad\/","og_site_name":"Tauro Essiccatori","article_publisher":"https:\/\/www.facebook.com\/TauroEssiccatori\/","article_modified_time":"2022-08-06T15:34:28+00:00","twitter_card":"summary_large_image","twitter_misc":{"Est. reading time":"15 minutos"},"schema":{"@context":"https:\/\/schema.org","@graph":[{"@type":"WebPage","@id":"https:\/\/stor51.tauroessiccatori.com\/privacy-policy\/","url":"https:\/\/stor51.tauroessiccatori.com\/privacy-policy\/","name":"privacy policy - Tauro Essiccatori","isPartOf":{"@id":"https:\/\/stor51.tauroessiccatori.com\/#website"},"datePublished":"2019-11-06T17:44:45+00:00","dateModified":"2022-08-06T15:34:28+00:00","breadcrumb":{"@id":"https:\/\/stor51.tauroessiccatori.com\/privacy-policy\/#breadcrumb"},"inLanguage":"es","potentialAction":[{"@type":"ReadAction","target":["https:\/\/stor51.tauroessiccatori.com\/privacy-policy\/"]}]},{"@type":"BreadcrumbList","@id":"https:\/\/stor51.tauroessiccatori.com\/privacy-policy\/#breadcrumb","itemListElement":[{"@type":"ListItem","position":1,"name":"Home","item":"https:\/\/stor51.tauroessiccatori.com\/"},{"@type":"ListItem","position":2,"name":"privacy policy"}]},{"@type":"WebSite","@id":"https:\/\/stor51.tauroessiccatori.com\/#website","url":"https:\/\/stor51.tauroessiccatori.com\/","name":"Tauro Essiccatori","description":"Welcome to Tauro Essiccatori online shop","publisher":{"@id":"https:\/\/stor51.tauroessiccatori.com\/#organization"},"potentialAction":[{"@type":"SearchAction","target":{"@type":"EntryPoint","urlTemplate":"https:\/\/stor51.tauroessiccatori.com\/?s={search_term_string}"},"query-input":"required name=search_term_string"}],"inLanguage":"es"},{"@type":"Organization","@id":"https:\/\/stor51.tauroessiccatori.com\/#organization","name":"Tauro Essiccatori","url":"https:\/\/stor51.tauroessiccatori.com\/","logo":{"@type":"ImageObject","inLanguage":"es","@id":"https:\/\/stor51.tauroessiccatori.com\/#\/schema\/logo\/image\/","url":"https:\/\/www.tauroessiccatori.com\/wp-assets\/uploads\/2017\/07\/logo_tauro_500x109px.png","contentUrl":"https:\/\/www.tauroessiccatori.com\/wp-assets\/uploads\/2017\/07\/logo_tauro_500x109px.png","width":500,"height":109,"caption":"Tauro Essiccatori"},"image":{"@id":"https:\/\/stor51.tauroessiccatori.com\/#\/schema\/logo\/image\/"},"sameAs":["https:\/\/www.facebook.com\/TauroEssiccatori\/","https:\/\/www.instagram.com\/tauro_essiccatori\/","https:\/\/it.linkedin.com\/company\/tauro-essiccatori","https:\/\/www.youtube.com\/user\/tauroessiccatori"]}]}},"_links":{"self":[{"href":"https:\/\/stor51.tauroessiccatori.com\/es\/wp-json\/wp\/v2\/pages\/5895"}],"collection":[{"href":"https:\/\/stor51.tauroessiccatori.com\/es\/wp-json\/wp\/v2\/pages"}],"about":[{"href":"https:\/\/stor51.tauroessiccatori.com\/es\/wp-json\/wp\/v2\/types\/page"}],"author":[{"embeddable":true,"href":"https:\/\/stor51.tauroessiccatori.com\/es\/wp-json\/wp\/v2\/users\/1"}],"replies":[{"embeddable":true,"href":"https:\/\/stor51.tauroessiccatori.com\/es\/wp-json\/wp\/v2\/comments?post=5895"}],"version-history":[{"count":7,"href":"https:\/\/stor51.tauroessiccatori.com\/es\/wp-json\/wp\/v2\/pages\/5895\/revisions"}],"predecessor-version":[{"id":165070,"href":"https:\/\/stor51.tauroessiccatori.com\/es\/wp-json\/wp\/v2\/pages\/5895\/revisions\/165070"}],"wp:attachment":[{"href":"https:\/\/stor51.tauroessiccatori.com\/es\/wp-json\/wp\/v2\/media?parent=5895"}],"wp:term":[{"taxonomy":"post_tag","embeddable":true,"href":"https:\/\/stor51.tauroessiccatori.com\/es\/wp-json\/wp\/v2\/tags?post=5895"}],"curies":[{"name":"wp","href":"https:\/\/api.w.org\/{rel}","templated":true}]}}